{"id":1139,"date":"2021-03-24T17:52:31","date_gmt":"2021-03-24T16:52:31","guid":{"rendered":"http:\/\/dev.jonathan-sanjose.fr\/?page_id=1139"},"modified":"2024-04-17T10:23:21","modified_gmt":"2024-04-17T08:23:21","slug":"ressources-pedagogiques","status":"publish","type":"page","link":"https:\/\/courtmetrange.eu\/en\/ressources-pedagogiques\/","title":{"rendered":"Ressources p\u00e9dagogiques 2021"},"content":{"rendered":"[et_pb_section fb_built=\u00a0\u00bb1&Prime; _builder_version=\u00a0\u00bb4.15&Prime; _module_preset=\u00a0\u00bbdefault\u00a0\u00bb background_color=\u00a0\u00bbrgba(0,0,0,0)\u00a0\u00bb global_colors_info=\u00a0\u00bb{}\u00a0\u00bb][et_pb_row _builder_version=\u00a0\u00bb4.15&Prime; _module_preset=\u00a0\u00bbdefault\u00a0\u00bb min_height=\u00a0\u00bb45px\u00a0\u00bb custom_margin=\u00a0\u00bb|auto|-55px|auto||\u00a0\u00bb custom_padding=\u00a0\u00bb||0px|||\u00a0\u00bb global_colors_info=\u00a0\u00bb{}\u00a0\u00bb][et_pb_column type=\u00a0\u00bb4_4&Prime; _builder_version=\u00a0\u00bb4.15&Prime; _module_preset=\u00a0\u00bbdefault\u00a0\u00bb global_colors_info=\u00a0\u00bb{}\u00a0\u00bb][et_pb_text _builder_version=\u00a0\u00bb4.15&Prime; _module_preset=\u00a0\u00bbdefault\u00a0\u00bb text_font=\u00a0\u00bbClinica Black||||||||\u00a0\u00bb min_height=\u00a0\u00bb70px\u00a0\u00bb custom_margin=\u00a0\u00bb-66px|||||\u00a0\u00bb custom_padding=\u00a0\u00bb32px|||||\u00a0\u00bb inline_fonts=\u00a0\u00bbClinica-Black\u00a0\u00bb global_colors_info=\u00a0\u00bb{}\u00a0\u00bb]<h1 style=\"text-align: center;\"><span style=\"font-family: Clinica-Black;\">Ressources p\u00e9dagogiques 2021<\/span><\/h1>[\/et_pb_text][et_pb_text _builder_version=\u00a0\u00bb4.15&Prime; _module_preset=\u00a0\u00bbdefault\u00a0\u00bb min_height=\u00a0\u00bb74px\u00a0\u00bb custom_margin=\u00a0\u00bb-27px|||||\u00a0\u00bb custom_padding=\u00a0\u00bb28px|||||\u00a0\u00bb global_colors_info=\u00a0\u00bb{}\u00a0\u00bb]<h4 style=\"text-align: center;\"><em><strong>\u00ab An itinerary in line with school programs,\u00a0<\/strong><strong>and enriching for the youth structures \u00bb<\/strong><\/em><\/h4>[\/et_pb_text][\/et_pb_column][\/et_pb_row][et_pb_row column_structure=\u00a0\u00bb1_3,1_3,1_3&Prime; _builder_version=\u00a0\u00bb4.15&Prime; _module_preset=\u00a0\u00bbdefault\u00a0\u00bb min_height=\u00a0\u00bb368px\u00a0\u00bb custom_margin=\u00a0\u00bb|auto|-55px|auto||\u00a0\u00bb custom_padding=\u00a0\u00bb57px|||||\u00a0\u00bb global_colors_info=\u00a0\u00bb{}\u00a0\u00bb][et_pb_column type=\u00a0\u00bb1_3&Prime; _builder_version=\u00a0\u00bb4.15&Prime; _module_preset=\u00a0\u00bbdefault\u00a0\u00bb global_colors_info=\u00a0\u00bb{}\u00a0\u00bb][et_pb_text _builder_version=\u00a0\u00bb4.15&Prime; _module_preset=\u00a0\u00bbdefault\u00a0\u00bb custom_padding=\u00a0\u00bb|0px|0px|||\u00a0\u00bb global_colors_info=\u00a0\u00bb{}\u00a0\u00bb]<h2><strong>Goals :<\/strong><\/h2>\n<p><strong><\/strong><\/p>\n<ul>\n<li>To allow the cultural opening to the young people<\/li>\n<li>To discover genre cinema<\/li>\n<li>To discover short format<\/li>\n<li><span style=\"font-size: 14px;\">To encourage critical thinking among youth<\/span><\/li>\n<li>To discover the cinema professions<\/li>\n<li><span style=\"font-size: 14px;\">To express, exchange, share<\/span><\/li>\n<li>To be sensitive to art issues<\/li>\n<li>Storytelling and testimony through pictures<\/li>\n<li>To listen, compare, explore and imaginate<\/li>\n<\/ul>[\/et_pb_text][\/et_pb_column][et_pb_column type=\u00a0\u00bb1_3&Prime; _builder_version=\u00a0\u00bb4.15&Prime; _module_preset=\u00a0\u00bbdefault\u00a0\u00bb global_colors_info=\u00a0\u00bb{}\u00a0\u00bb][et_pb_image src=\u00a0\u00bbhttps:\/\/courtmetrange.eu\/wp-content\/uploads\/2021\/02\/Visuel-Jeune-Public-3.png\u00a0\u00bb title_text=\u00a0\u00bbVisuel-Jeune-Public-3&Prime; _builder_version=\u00a0\u00bb4.15&Prime; _module_preset=\u00a0\u00bbdefault\u00a0\u00bb global_colors_info=\u00a0\u00bb{}\u00a0\u00bb][\/et_pb_image][\/et_pb_column][et_pb_column type=\u00a0\u00bb1_3&Prime; _builder_version=\u00a0\u00bb4.15&Prime; _module_preset=\u00a0\u00bbdefault\u00a0\u00bb global_colors_info=\u00a0\u00bb{}\u00a0\u00bb][et_pb_text _builder_version=\u00a0\u00bb4.15&Prime; _module_preset=\u00a0\u00bbdefault\u00a0\u00bb global_colors_info=\u00a0\u00bb{}\u00a0\u00bb]<h2><strong>Educational tracks :<\/strong><\/h2>\n<p>Teachers, your participation can be part of a workshop or school program in the artistic and cultural education of the student in the following subjects :<\/p>\n<ul>\n<li>Audiovisual option<\/li>\n<li>Plastic arts<\/li>\n<li>French<\/li>\n<li>Literature<\/li>\n<li>Foreign languages<\/li>\n<li>Music<\/li>\n<\/ul>[\/et_pb_text][\/et_pb_column][\/et_pb_row][et_pb_row _builder_version=\u00a0\u00bb4.15&Prime; _module_preset=\u00a0\u00bbdefault\u00a0\u00bb min_height=\u00a0\u00bb151px\u00a0\u00bb custom_margin=\u00a0\u00bb|auto|-92px|auto||\u00a0\u00bb custom_padding=\u00a0\u00bb57px|||||\u00a0\u00bb global_colors_info=\u00a0\u00bb{}\u00a0\u00bb][et_pb_column type=\u00a0\u00bb4_4&Prime; _builder_version=\u00a0\u00bb4.15&Prime; _module_preset=\u00a0\u00bbdefault\u00a0\u00bb global_colors_info=\u00a0\u00bb{}\u00a0\u00bb][et_pb_text _builder_version=\u00a0\u00bb4.15&Prime; _module_preset=\u00a0\u00bbdefault\u00a0\u00bb min_height=\u00a0\u00bb14px\u00a0\u00bb custom_margin=\u00a0\u00bb-25px||18px|||\u00a0\u00bb custom_padding=\u00a0\u00bb31px||6px|||\u00a0\u00bb global_colors_info=\u00a0\u00bb{}\u00a0\u00bb]<h2><strong>General tracks :<\/strong><\/h2>[\/et_pb_text][\/et_pb_column][\/et_pb_row][et_pb_row column_structure=\u00a0\u00bb1_5,1_5,1_5,1_5,1_5&Prime; _builder_version=\u00a0\u00bb4.15&Prime; _module_preset=\u00a0\u00bbdefault\u00a0\u00bb min_height=\u00a0\u00bb45px\u00a0\u00bb custom_margin=\u00a0\u00bb|auto|-55px|auto||\u00a0\u00bb custom_padding=\u00a0\u00bb57px|||||\u00a0\u00bb global_colors_info=\u00a0\u00bb{}\u00a0\u00bb][et_pb_column type=\u00a0\u00bb1_5&Prime; _builder_version=\u00a0\u00bb4.15&Prime; _module_preset=\u00a0\u00bbdefault\u00a0\u00bb global_colors_info=\u00a0\u00bb{}\u00a0\u00bb][et_pb_button button_url=\u00a0\u00bbhttps:\/\/courtmetrange.eu\/wp-content\/uploads\/2021\/07\/Communique-Parcours-Jeune-Public-\u00b02021.pdf\u00a0\u00bb button_text=\u00a0\u00bbt\u00e9l\u00e9chargez le programme Jeune Public 2021&Prime; button_alignment=\u00a0\u00bbcenter\u00a0\u00bb admin_label=\u00a0\u00bbT\u00e9l\u00e9charg\u00e9 le r\u00e9glement\u00a0\u00bb module_id=\u00a0\u00bbT\u00e9l\u00e9charg\u00e9 le r\u00e9glement\u00a0\u00bb module_class=\u00a0\u00bbbtn-cm\u00a0\u00bb _builder_version=\u00a0\u00bb4.15.1&Prime; _module_preset=\u00a0\u00bbdefault\u00a0\u00bb hover_enabled=\u00a0\u00bb0&Prime; global_colors_info=\u00a0\u00bb{}\u00a0\u00bb sticky_enabled=\u00a0\u00bb0&Prime;][\/et_pb_button][\/et_pb_column][et_pb_column type=\u00a0\u00bb1_5&Prime; _builder_version=\u00a0\u00bb4.15&Prime; _module_preset=\u00a0\u00bbdefault\u00a0\u00bb global_colors_info=\u00a0\u00bb{}\u00a0\u00bb][et_pb_button button_url=\u00a0\u00bbhttps:\/\/courtmetrange.eu\/wp-content\/uploads\/2021\/07\/Fiche-seance-Court-decole-2021-1.pdf\u00a0\u00bb button_text=\u00a0\u00bb@ET-DC@eyJkeW5hbWljIjp0cnVlLCJjb250ZW50IjoicG9zdF9saW5rIiwic2V0dGluZ3MiOnsiYmVmb3JlIjoiIiwiYWZ0ZXIiOiIiLCJ0ZXh0IjoiY3VzdG9tIiwiY3VzdG9tX3RleHQiOiJUw6lsw6ljaGFyZ2V6IGxlIHByb2dyYW1tZSBDb3VydCBkJ8OpY29sZSAyMDIxIn19@\u00a0\u00bb button_alignment=\u00a0\u00bbcenter\u00a0\u00bb admin_label=\u00a0\u00bbT\u00e9l\u00e9charg\u00e9 le r\u00e9glement\u00a0\u00bb module_id=\u00a0\u00bbT\u00e9l\u00e9charg\u00e9 le r\u00e9glement\u00a0\u00bb module_class=\u00a0\u00bbbtn-cm\u00a0\u00bb _builder_version=\u00a0\u00bb4.15.1&Prime; _dynamic_attributes=\u00a0\u00bbbutton_text\u00a0\u00bb _module_preset=\u00a0\u00bbdefault\u00a0\u00bb hover_enabled=\u00a0\u00bb0&Prime; global_colors_info=\u00a0\u00bb{}\u00a0\u00bb sticky_enabled=\u00a0\u00bb0&Prime;][\/et_pb_button][\/et_pb_column][et_pb_column type=\u00a0\u00bb1_5&Prime; _builder_version=\u00a0\u00bb4.15&Prime; _module_preset=\u00a0\u00bbdefault\u00a0\u00bb global_colors_info=\u00a0\u00bb{}\u00a0\u00bb][et_pb_button button_url=\u00a0\u00bbhttps:\/\/courtmetrange.eu\/wp-content\/uploads\/2021\/07\/Fiche-seance-InterCourt-2021.pdf\u00a0\u00bb button_text=\u00a0\u00bb@ET-DC@eyJkeW5hbWljIjp0cnVlLCJjb250ZW50IjoicG9zdF9saW5rIiwic2V0dGluZ3MiOnsiYmVmb3JlIjoiIiwiYWZ0ZXIiOiIiLCJ0ZXh0IjoiY3VzdG9tIiwiY3VzdG9tX3RleHQiOiJUw6lsw6ljaGFyZ2V6IGxlIFByb2dyYW1tZSBJbnRlckNvdXJ0IDIwMjEifX0=@\u00a0\u00bb button_alignment=\u00a0\u00bbcenter\u00a0\u00bb admin_label=\u00a0\u00bbT\u00e9l\u00e9charg\u00e9 le r\u00e9glement\u00a0\u00bb module_id=\u00a0\u00bbT\u00e9l\u00e9charg\u00e9 le r\u00e9glement\u00a0\u00bb module_class=\u00a0\u00bbbtn-cm\u00a0\u00bb _builder_version=\u00a0\u00bb4.15.1&Prime; _dynamic_attributes=\u00a0\u00bbbutton_text\u00a0\u00bb _module_preset=\u00a0\u00bbdefault\u00a0\u00bb hover_enabled=\u00a0\u00bb0&Prime; global_colors_info=\u00a0\u00bb{}\u00a0\u00bb sticky_enabled=\u00a0\u00bb0&Prime;][\/et_pb_button][\/et_pb_column][et_pb_column type=\u00a0\u00bb1_5&Prime; _builder_version=\u00a0\u00bb4.15&Prime; _module_preset=\u00a0\u00bbdefault\u00a0\u00bb global_colors_info=\u00a0\u00bb{}\u00a0\u00bb][et_pb_button button_url=\u00a0\u00bbhttps:\/\/courtmetrange.eu\/wp-content\/uploads\/2021\/07\/Fiche-seance-Basse-Court-2021.pdf\u00a0\u00bb button_text=\u00a0\u00bb@ET-DC@eyJkeW5hbWljIjp0cnVlLCJjb250ZW50IjoicG9zdF9saW5rIiwic2V0dGluZ3MiOnsiYmVmb3JlIjoiIiwiYWZ0ZXIiOiIiLCJ0ZXh0IjoiY3VzdG9tIiwiY3VzdG9tX3RleHQiOiJUw6lsw6ljaGFyZ2V6IGxlIFByb2dyYW1tZSBCYXNzZUNvdXJ0IDIwMjEifX0=@\u00a0\u00bb button_alignment=\u00a0\u00bbcenter\u00a0\u00bb admin_label=\u00a0\u00bbT\u00e9l\u00e9charg\u00e9 le r\u00e9glement\u00a0\u00bb module_id=\u00a0\u00bbT\u00e9l\u00e9charg\u00e9 le r\u00e9glement\u00a0\u00bb module_class=\u00a0\u00bbbtn-cm\u00a0\u00bb _builder_version=\u00a0\u00bb4.15.1&Prime; _dynamic_attributes=\u00a0\u00bbbutton_text\u00a0\u00bb _module_preset=\u00a0\u00bbdefault\u00a0\u00bb hover_enabled=\u00a0\u00bb0&Prime; global_colors_info=\u00a0\u00bb{}\u00a0\u00bb sticky_enabled=\u00a0\u00bb0&Prime;][\/et_pb_button][\/et_pb_column][et_pb_column type=\u00a0\u00bb1_5&Prime; _builder_version=\u00a0\u00bb4.15&Prime; _module_preset=\u00a0\u00bbdefault\u00a0\u00bb global_colors_info=\u00a0\u00bb{}\u00a0\u00bb][et_pb_button button_url=\u00a0\u00bbhttps:\/\/courtmetrange.eu\/wp-content\/uploads\/2021\/07\/Dossier-daccompagnement-Court-Metrange-20-21\u00b0.pdf\u00a0\u00bb button_text=\u00a0\u00bb@ET-DC@eyJkeW5hbWljIjp0cnVlLCJjb250ZW50IjoicG9zdF9saW5rIiwic2V0dGluZ3MiOnsiYmVmb3JlIjoiIiwiYWZ0ZXIiOiIiLCJ0ZXh0IjoiY3VzdG9tIiwiY3VzdG9tX3RleHQiOiJUXHUwMGU5bFx1MDBlOWNoYXJnZXogbGUgZG9zc2llciBwXHUwMGU5ZGFnb2dpcXVlIn19@\u00a0\u00bb button_alignment=\u00a0\u00bbcenter\u00a0\u00bb admin_label=\u00a0\u00bbT\u00e9l\u00e9charg\u00e9 le r\u00e9glement\u00a0\u00bb module_id=\u00a0\u00bbT\u00e9l\u00e9charg\u00e9 le r\u00e9glement\u00a0\u00bb module_class=\u00a0\u00bbbtn-cm\u00a0\u00bb _builder_version=\u00a0\u00bb4.9.4&Prime; _dynamic_attributes=\u00a0\u00bbbutton_text\u00a0\u00bb _module_preset=\u00a0\u00bbdefault\u00a0\u00bb global_colors_info=\u00a0\u00bb{}\u00a0\u00bb][\/et_pb_button][\/et_pb_column][\/et_pb_row][et_pb_row _builder_version=\u00a0\u00bb4.15&Prime; _module_preset=\u00a0\u00bbdefault\u00a0\u00bb min_height=\u00a0\u00bb45px\u00a0\u00bb custom_margin=\u00a0\u00bb|auto|-55px|auto||\u00a0\u00bb custom_padding=\u00a0\u00bb57px|||||\u00a0\u00bb global_colors_info=\u00a0\u00bb{}\u00a0\u00bb][et_pb_column type=\u00a0\u00bb4_4&Prime; _builder_version=\u00a0\u00bb4.15&Prime; _module_preset=\u00a0\u00bbdefault\u00a0\u00bb global_colors_info=\u00a0\u00bb{}\u00a0\u00bb][et_pb_text _builder_version=\u00a0\u00bb4.15&Prime; _module_preset=\u00a0\u00bbdefault\u00a0\u00bb custom_padding=\u00a0\u00bb22px|||||\u00a0\u00bb global_colors_info=\u00a0\u00bb{}\u00a0\u00bb]<h2><strong>Ressources et pistes p\u00e9dagogiques par film 2021<\/strong><\/h2>[\/et_pb_text][\/et_pb_column][\/et_pb_row][et_pb_row column_structure=\u00a0\u00bb1_3,1_3,1_3&Prime; _builder_version=\u00a0\u00bb4.15&Prime; _module_preset=\u00a0\u00bbdefault\u00a0\u00bb min_height=\u00a0\u00bb45px\u00a0\u00bb custom_margin=\u00a0\u00bb|auto|-55px|auto||\u00a0\u00bb custom_padding=\u00a0\u00bb57px|||||\u00a0\u00bb global_colors_info=\u00a0\u00bb{}\u00a0\u00bb][et_pb_column type=\u00a0\u00bb1_3&Prime; _builder_version=\u00a0\u00bb4.15&Prime; _module_preset=\u00a0\u00bbdefault\u00a0\u00bb global_colors_info=\u00a0\u00bb{}\u00a0\u00bb][et_pb_text _builder_version=\u00a0\u00bb4.15&Prime; _module_preset=\u00a0\u00bbdefault\u00a0\u00bb link_option_url=\u00a0\u00bbhttps:\/\/courtmetrange.eu\/wp-content\/uploads\/2021\/07\/Fiche-du-film-Avant-Card.pdf\u00a0\u00bb inline_fonts=\u00a0\u00bbHelvetica Neue Medium\u00a0\u00bb global_colors_info=\u00a0\u00bb{}\u00a0\u00bb]<h4><strong><span style=\"color: #000000;\">Short school yards screening<\/span><\/strong><\/h4>\n<ul>\n<li><span style=\"color: #000000;\"><a href=\"https:\/\/courtmetrange.eu\/wp-content\/uploads\/2021\/07\/Fiche-du-film-Sarkan.pdf\" style=\"color: #000000;\"><em><span style=\"font-family: inherit; font-weight: normal;\">Sarkan<\/span><\/em><span style=\"font-family: inherit; font-weight: normal;\"> de\u00a0 Martin Smatana<\/span><\/a><\/span><\/li>\n<li style=\"text-align: left;\"><span style=\"color: #000000;\"><a href=\"https:\/\/courtmetrange.eu\/wp-content\/uploads\/2021\/07\/Fiche-du-film-Maestro.pdf\" style=\"color: #000000;\"><span style=\"font-family: inherit; font-weight: normal;\"><em>Maestro<\/em> de Illogic<\/span><\/a><\/span><\/li>\n<li style=\"text-align: left;\"><span style=\"color: #000000;\"><a href=\"https:\/\/courtmetrange.eu\/wp-content\/uploads\/2021\/07\/Fiche-du-film-Le-plafond-de-verre.pdf\" style=\"color: #000000;\"><span style=\"font-family: inherit; font-weight: normal;\"><em>Le pl<span style=\"color: #000000;\">afond de verre<\/span><\/em><span style=\"color: #000000;\"> de Fran\u00e7ois Revouy et Mathilde F\u00e9n\u00e9trier<\/span><\/span><\/a><\/span><\/li>\n<li style=\"text-align: left;\"><span style=\"font-family: inherit; font-weight: normal; color: #000000;\"><em>B<a href=\"https:\/\/courtmetrange.eu\/wp-content\/uploads\/2021\/07\/Fiche-du-film-Bade-Docharkhe-Savar.pdf\" style=\"color: #000000;\">ade docharkhe savar<\/a><\/em><a href=\"https:\/\/courtmetrange.eu\/wp-content\/uploads\/2021\/07\/Fiche-du-film-Bade-Docharkhe-Savar.pdf\" style=\"color: #000000;\"> de Nazanin Sobhansarbandi<\/a><\/span><\/li>\n<li style=\"text-align: left;\"><span style=\"font-family: inherit; font-weight: normal; color: #000000;\"><em>Avant card<\/em> de Stella Reith<\/span><\/li>\n<li style=\"text-align: left;\"><span style=\"color: #000000;\"><a href=\"https:\/\/courtmetrange.eu\/wp-content\/uploads\/2021\/07\/Fiche-du-film-Un-caillou-dans-la-chaussure.pdf\" style=\"color: #000000;\"><span style=\"font-family: inherit; font-weight: normal;\"><em>Un caillou dans la chaussure<\/em> de Eric Montchaud<\/span><\/a><\/span><\/li>\n<li style=\"text-align: left;\"><span style=\"color: #000000;\"><a href=\"https:\/\/courtmetrange.eu\/wp-content\/uploads\/2021\/07\/Fiche-du-film-Just-for-the-record.pdf\" style=\"color: #000000;\"><span style=\"font-family: inherit; font-weight: normal;\"><em>Just for the record<\/em> de Vojin Vasovic<\/span><\/a><\/span><\/li>\n<li style=\"text-align: left;\"><span style=\"font-family: inherit; font-weight: normal; color: #000000;\"><em>J<a href=\"https:\/\/courtmetrange.eu\/wp-content\/uploads\/2021\/07\/Fiche-du-film-Journey-to-the-other-side-of-dream.pdf\" style=\"color: #000000;\">ourney to the other side of dream<\/a><\/em><a href=\"https:\/\/courtmetrange.eu\/wp-content\/uploads\/2021\/07\/Fiche-du-film-Journey-to-the-other-side-of-dream.pdf\" style=\"color: #000000;\"> de Lera Nibiru<\/a><\/span><\/li>\n<\/ul>[\/et_pb_text][\/et_pb_column][et_pb_column type=\u00a0\u00bb1_3&Prime; _builder_version=\u00a0\u00bb4.15&Prime; _module_preset=\u00a0\u00bbdefault\u00a0\u00bb global_colors_info=\u00a0\u00bb{}\u00a0\u00bb][et_pb_text _builder_version=\u00a0\u00bb4.15&Prime; _module_preset=\u00a0\u00bbdefault\u00a0\u00bb global_colors_info=\u00a0\u00bb{}\u00a0\u00bb]<h4><strong><span style=\"color: #000000;\">Short intermediate screening\u00a0<\/span><\/strong><\/h4>\n<ul>\n<li><span style=\"color: #000000;\"><\/span><span style=\"color: #000000; font-family: inherit;\"><em>Koekoek!<\/em> de J\u00f6rgen Scholtens\u00a0 <\/span><\/li>\n<li><span style=\"font-family: inherit;\"><em>The side effect<\/em> de Sandrine Cassidy<span style=\"color: #000000;\"><\/span><\/span><\/li>\n<li><span style=\"font-family: inherit;\"><em>Artifice<\/em> de Judica\u00ebl Ceva et Adrien Douay<\/span><\/li>\n<li><span style=\"font-family: inherit;\"><em>Un c\u0153ur d&rsquo;or<\/em> de Simon Filliot<\/span><\/li>\n<li><span style=\"font-family: inherit;\"><em>Pinki<\/em> de Spike Hyunsuk Kim<\/span><\/li>\n<li><span style=\"font-family: inherit;\"><em>Rebooted<\/em> de Michael Shanks<\/span><\/li>\n<li><span style=\"font-family: inherit;\"><em>The beauty<\/em> de Pascal Shelbli<\/span><\/li>\n<li><span style=\"font-family: inherit;\"><em>Hand in hand<\/em> de Ennio Ruschetti<\/span><\/li>\n<\/ul>[\/et_pb_text][\/et_pb_column][et_pb_column type=\u00a0\u00bb1_3&Prime; _builder_version=\u00a0\u00bb4.15&Prime; _module_preset=\u00a0\u00bbdefault\u00a0\u00bb global_colors_info=\u00a0\u00bb{}\u00a0\u00bb][et_pb_text _builder_version=\u00a0\u00bb4.15&Prime; _module_preset=\u00a0\u00bbdefault\u00a0\u00bb global_colors_info=\u00a0\u00bb{}\u00a0\u00bb]<h4><strong><span style=\"color: #000000;\">Short barnyard screening<\/span><\/strong><\/h4>\n<ul>\n<li><span style=\"color: #000000; font-family: inherit;\"> <a href=\"https:\/\/dev.jonathan-sanjose.fr\/wp-content\/uploads\/2021\/05\/Fiche-du-film-Sarkan.pdf\" style=\"color: #000000;\"><em>Girl in the hallway <\/em>de Val\u00e9rie Barnhart<\/a> <\/span><\/li>\n<li><span style=\"color: #000000; font-family: inherit;\"> <em>Chicken of the dead <\/em>de Julien David <\/span><\/li>\n<li><span style=\"font-family: inherit;\"><em>Bodyman<\/em> de Ryan R. Browne et Nick Ciffone<span style=\"color: #000000;\"><\/span><\/span><\/li>\n<li><span style=\"font-family: inherit;\"><em>A la mode<\/em> de Jean Lecointre<\/span><\/li>\n<li><span style=\"font-family: inherit;\"><em>Bainne<\/em> de Jack Reynor<\/span><\/li>\n<li><span style=\"font-family: inherit;\"><em>Uzi<\/em> de Dina Velikovskaya<\/span><\/li>\n<\/ul>[\/et_pb_text][\/et_pb_column][\/et_pb_row][et_pb_row _builder_version=\u00a0\u00bb4.15&Prime; _module_preset=\u00a0\u00bbdefault\u00a0\u00bb min_height=\u00a0\u00bb45px\u00a0\u00bb custom_margin=\u00a0\u00bb|auto|-55px|auto||\u00a0\u00bb custom_padding=\u00a0\u00bb57px|||||\u00a0\u00bb global_colors_info=\u00a0\u00bb{}\u00a0\u00bb][et_pb_column type=\u00a0\u00bb4_4&Prime; _builder_version=\u00a0\u00bb4.15&Prime; _module_preset=\u00a0\u00bbdefault\u00a0\u00bb global_colors_info=\u00a0\u00bb{}\u00a0\u00bb][et_pb_text _builder_version=\u00a0\u00bb4.15&Prime; _module_preset=\u00a0\u00bbdefault\u00a0\u00bb custom_padding=\u00a0\u00bb0px|||||\u00a0\u00bb link_option_url=\u00a0\u00bbhttps:\/\/www.reseau-canope.fr\/cndpfileadmin\/pour-memoire\/larmistice-du-11-novembre-1918\/la-grande-guerre-sur-les-ecrans-de-cinema\/le-vocabulaire-a-connaitre-pour-lanalyse-dextraits-de-films-et-dimages-photographies-affiches\/\u00a0\u00bb global_colors_info=\u00a0\u00bb{}\u00a0\u00bb]<h2><strong>Complementary tracks :<\/strong><\/h2>\n<ul>\n<li>\n<h5>The vocabulary to know for the analysis of films and pictures (R\u00e9seaux Canop\u00e9)<\/h5>\n<\/li>\n<li>\n<h5><a href=\"https:\/\/www.cnc.fr\/cinema\/education-a-l-image\"><span>\u00c9<\/span>Image education (CNC)<\/a><\/h5>\n<\/li>\n<\/ul>[\/et_pb_text][\/et_pb_column][\/et_pb_row][\/et_pb_section]","protected":false},"excerpt":{"rendered":"<p>Ressources p\u00e9dagogiques 2021\u00ab\u00a0Un parcours en lien avec les programmes scolaires,\u00a0et enrichissant pour les structures jeunesses\u00a0\u00bbObjectifs : Permette l\u2019ouverture culturelle aux jeunes Faire d\u00e9couvrir le cin\u00e9ma de genre Faire d\u00e9couvrir le [&hellip;]<\/p>","protected":false},"author":1,"featured_media":0,"parent":0,"menu_order":0,"comment_status":"closed","ping_status":"closed","template":"","meta":{"_acf_changed":false,"_et_pb_use_builder":"on","_et_pb_old_content":"","_et_gb_content_width":"","footnotes":""},"class_list":["post-1139","page","type-page","status-publish","hentry"],"acf":[],"yoast_head":"<!-- This site is optimized with the Yoast SEO plugin v24.5 - https:\/\/yoast.com\/wordpress\/plugins\/seo\/ -->\n<title>Ressources p\u00e9dagogiques 2021 - Court M\u00e9trange<\/title>\n<meta name=\"robots\" content=\"noindex, nofollow\" \/>\n<meta property=\"og:locale\" content=\"en_GB\" \/>\n<meta property=\"og:type\" content=\"article\" \/>\n<meta property=\"og:title\" content=\"Ressources p\u00e9dagogiques 2021 - Court M\u00e9trange\" \/>\n<meta property=\"og:description\" content=\"Ressources p\u00e9dagogiques 2021\u00ab\u00a0Un parcours en lien avec les programmes scolaires,\u00a0et enrichissant pour les structures jeunesses\u00a0\u00bbObjectifs : Permette l\u2019ouverture culturelle aux jeunes Faire d\u00e9couvrir le cin\u00e9ma de genre Faire d\u00e9couvrir le [&hellip;]\" \/>\n<meta property=\"og:url\" content=\"https:\/\/courtmetrange.eu\/en\/ressources-pedagogiques\/\" \/>\n<meta property=\"og:site_name\" content=\"Court M\u00e9trange\" \/>\n<meta property=\"article:publisher\" content=\"https:\/\/www.facebook.com\/CourtMetrange\/\" \/>\n<meta property=\"article:modified_time\" content=\"2024-04-17T08:23:21+00:00\" \/>\n<meta name=\"twitter:card\" content=\"summary_large_image\" \/>\n<meta name=\"twitter:site\" content=\"@courtmetrange\" \/>\n<meta name=\"twitter:label1\" content=\"Estimated reading time\" \/>\n\t<meta name=\"twitter:data1\" content=\"2 minutes\" \/>\n<script type=\"application\/ld+json\" class=\"yoast-schema-graph\">{\"@context\":\"https:\/\/schema.org\",\"@graph\":[{\"@type\":\"WebPage\",\"@id\":\"https:\/\/courtmetrange.eu\/ressources-pedagogiques\/\",\"url\":\"https:\/\/courtmetrange.eu\/ressources-pedagogiques\/\",\"name\":\"Ressources p\u00e9dagogiques 2021 - Court M\u00e9trange\",\"isPartOf\":{\"@id\":\"https:\/\/courtmetrange.eu\/en\/#website\"},\"datePublished\":\"2021-03-24T16:52:31+00:00\",\"dateModified\":\"2024-04-17T08:23:21+00:00\",\"breadcrumb\":{\"@id\":\"https:\/\/courtmetrange.eu\/ressources-pedagogiques\/#breadcrumb\"},\"inLanguage\":\"en-GB\",\"potentialAction\":[{\"@type\":\"ReadAction\",\"target\":[\"https:\/\/courtmetrange.eu\/ressources-pedagogiques\/\"]}]},{\"@type\":\"BreadcrumbList\",\"@id\":\"https:\/\/courtmetrange.eu\/ressources-pedagogiques\/#breadcrumb\",\"itemListElement\":[{\"@type\":\"ListItem\",\"position\":1,\"name\":\"Accueil\",\"item\":\"https:\/\/courtmetrange.eu\/\"},{\"@type\":\"ListItem\",\"position\":2,\"name\":\"Ressources p\u00e9dagogiques 2021\"}]},{\"@type\":\"WebSite\",\"@id\":\"https:\/\/courtmetrange.eu\/en\/#website\",\"url\":\"https:\/\/courtmetrange.eu\/en\/\",\"name\":\"Court M\u00e9trange\",\"description\":\"Festival International du court m\u00e9trage insolite et fantastique de Rennes\",\"publisher\":{\"@id\":\"https:\/\/courtmetrange.eu\/en\/#organization\"},\"potentialAction\":[{\"@type\":\"SearchAction\",\"target\":{\"@type\":\"EntryPoint\",\"urlTemplate\":\"https:\/\/courtmetrange.eu\/en\/?s={search_term_string}\"},\"query-input\":{\"@type\":\"PropertyValueSpecification\",\"valueRequired\":true,\"valueName\":\"search_term_string\"}}],\"inLanguage\":\"en-GB\"},{\"@type\":\"Organization\",\"@id\":\"https:\/\/courtmetrange.eu\/en\/#organization\",\"name\":\"Court M\u00e9trange\",\"url\":\"https:\/\/courtmetrange.eu\/en\/\",\"logo\":{\"@type\":\"ImageObject\",\"inLanguage\":\"en-GB\",\"@id\":\"https:\/\/courtmetrange.eu\/en\/#\/schema\/logo\/image\/\",\"url\":\"https:\/\/courtmetrange.eu\/wp-content\/uploads\/2020\/11\/Logo_CourtMetrange.svg\",\"contentUrl\":\"https:\/\/courtmetrange.eu\/wp-content\/uploads\/2020\/11\/Logo_CourtMetrange.svg\",\"width\":251,\"height\":127,\"caption\":\"Court M\u00e9trange\"},\"image\":{\"@id\":\"https:\/\/courtmetrange.eu\/en\/#\/schema\/logo\/image\/\"},\"sameAs\":[\"https:\/\/www.facebook.com\/CourtMetrange\/\",\"https:\/\/x.com\/courtmetrange\",\"https:\/\/www.instagram.com\/courtmetrange.rennes\/\",\"https:\/\/www.youtube.com\/channel\/UCbS9jcW3uiDQeGgZAT29Emw\/videos\"]}]}<\/script>\n<!-- \/ Yoast SEO plugin. -->","yoast_head_json":{"title":"Ressources p\u00e9dagogiques 2021 - Court M\u00e9trange","robots":{"index":"noindex","follow":"nofollow"},"og_locale":"en_GB","og_type":"article","og_title":"Ressources p\u00e9dagogiques 2021 - Court M\u00e9trange","og_description":"Ressources p\u00e9dagogiques 2021\u00ab\u00a0Un parcours en lien avec les programmes scolaires,\u00a0et enrichissant pour les structures jeunesses\u00a0\u00bbObjectifs : Permette l\u2019ouverture culturelle aux jeunes Faire d\u00e9couvrir le cin\u00e9ma de genre Faire d\u00e9couvrir le [&hellip;]","og_url":"https:\/\/courtmetrange.eu\/en\/ressources-pedagogiques\/","og_site_name":"Court M\u00e9trange","article_publisher":"https:\/\/www.facebook.com\/CourtMetrange\/","article_modified_time":"2024-04-17T08:23:21+00:00","twitter_card":"summary_large_image","twitter_site":"@courtmetrange","twitter_misc":{"Estimated reading time":"2 minutes"},"schema":{"@context":"https:\/\/schema.org","@graph":[{"@type":"WebPage","@id":"https:\/\/courtmetrange.eu\/ressources-pedagogiques\/","url":"https:\/\/courtmetrange.eu\/ressources-pedagogiques\/","name":"Ressources p\u00e9dagogiques 2021 - Court M\u00e9trange","isPartOf":{"@id":"https:\/\/courtmetrange.eu\/en\/#website"},"datePublished":"2021-03-24T16:52:31+00:00","dateModified":"2024-04-17T08:23:21+00:00","breadcrumb":{"@id":"https:\/\/courtmetrange.eu\/ressources-pedagogiques\/#breadcrumb"},"inLanguage":"en-GB","potentialAction":[{"@type":"ReadAction","target":["https:\/\/courtmetrange.eu\/ressources-pedagogiques\/"]}]},{"@type":"BreadcrumbList","@id":"https:\/\/courtmetrange.eu\/ressources-pedagogiques\/#breadcrumb","itemListElement":[{"@type":"ListItem","position":1,"name":"Accueil","item":"https:\/\/courtmetrange.eu\/"},{"@type":"ListItem","position":2,"name":"Ressources p\u00e9dagogiques 2021"}]},{"@type":"WebSite","@id":"https:\/\/courtmetrange.eu\/en\/#website","url":"https:\/\/courtmetrange.eu\/en\/","name":"Court M\u00e9trange","description":"Festival International du court m\u00e9trage insolite et fantastique de Rennes","publisher":{"@id":"https:\/\/courtmetrange.eu\/en\/#organization"},"potentialAction":[{"@type":"SearchAction","target":{"@type":"EntryPoint","urlTemplate":"https:\/\/courtmetrange.eu\/en\/?s={search_term_string}"},"query-input":{"@type":"PropertyValueSpecification","valueRequired":true,"valueName":"search_term_string"}}],"inLanguage":"en-GB"},{"@type":"Organization","@id":"https:\/\/courtmetrange.eu\/en\/#organization","name":"Court M\u00e9trange","url":"https:\/\/courtmetrange.eu\/en\/","logo":{"@type":"ImageObject","inLanguage":"en-GB","@id":"https:\/\/courtmetrange.eu\/en\/#\/schema\/logo\/image\/","url":"https:\/\/courtmetrange.eu\/wp-content\/uploads\/2020\/11\/Logo_CourtMetrange.svg","contentUrl":"https:\/\/courtmetrange.eu\/wp-content\/uploads\/2020\/11\/Logo_CourtMetrange.svg","width":251,"height":127,"caption":"Court M\u00e9trange"},"image":{"@id":"https:\/\/courtmetrange.eu\/en\/#\/schema\/logo\/image\/"},"sameAs":["https:\/\/www.facebook.com\/CourtMetrange\/","https:\/\/x.com\/courtmetrange","https:\/\/www.instagram.com\/courtmetrange.rennes\/","https:\/\/www.youtube.com\/channel\/UCbS9jcW3uiDQeGgZAT29Emw\/videos"]}]}},"_links":{"self":[{"href":"https:\/\/courtmetrange.eu\/en\/wp-json\/wp\/v2\/pages\/1139","targetHints":{"allow":["GET"]}}],"collection":[{"href":"https:\/\/courtmetrange.eu\/en\/wp-json\/wp\/v2\/pages"}],"about":[{"href":"https:\/\/courtmetrange.eu\/en\/wp-json\/wp\/v2\/types\/page"}],"author":[{"embeddable":true,"href":"https:\/\/courtmetrange.eu\/en\/wp-json\/wp\/v2\/users\/1"}],"replies":[{"embeddable":true,"href":"https:\/\/courtmetrange.eu\/en\/wp-json\/wp\/v2\/comments?post=1139"}],"version-history":[{"count":43,"href":"https:\/\/courtmetrange.eu\/en\/wp-json\/wp\/v2\/pages\/1139\/revisions"}],"predecessor-version":[{"id":11614,"href":"https:\/\/courtmetrange.eu\/en\/wp-json\/wp\/v2\/pages\/1139\/revisions\/11614"}],"wp:attachment":[{"href":"https:\/\/courtmetrange.eu\/en\/wp-json\/wp\/v2\/media?parent=1139"}],"curies":[{"name":"wp","href":"https:\/\/api.w.org\/{rel}","templated":true}]}}