{"id":11751,"date":"2024-05-27T11:18:56","date_gmt":"2024-05-27T09:18:56","guid":{"rendered":"https:\/\/courtmetrange.eu\/?page_id=11751"},"modified":"2025-03-25T14:11:20","modified_gmt":"2025-03-25T13:11:20","slug":"archives-festival-court-metrange-2023","status":"publish","type":"page","link":"https:\/\/courtmetrange.eu\/en\/archives-festival-court-metrange-2023\/","title":{"rendered":"Archives Festival Court M\u00e9trange 2023"},"content":{"rendered":"<p>[et_pb_section fb_built=\u00a0\u00bb1&Prime; _builder_version=\u00a0\u00bb4.20.1&Prime; _module_preset=\u00a0\u00bbdefault\u00a0\u00bb background_color=\u00a0\u00bbrgba(0,0,0,0)\u00a0\u00bb background_image=\u00a0\u00bbhttps:\/\/courtmetrange.eu\/wp-content\/uploads\/2023\/04\/Fond-site-1-1.jpg\u00a0\u00bb parallax=\u00a0\u00bbon\u00a0\u00bb custom_margin=\u00a0\u00bb-25px||0px||false|false\u00a0\u00bb custom_padding=\u00a0\u00bb30px||6px||false|false\u00a0\u00bb locked=\u00a0\u00bboff\u00a0\u00bb global_colors_info=\u00a0\u00bb{}\u00a0\u00bb][et_pb_row _builder_version=\u00a0\u00bb4.22.1&Prime; _module_preset=\u00a0\u00bbdefault\u00a0\u00bb background_color=\u00a0\u00bbrgba(255,255,255,0.31)\u00a0\u00bb custom_margin=\u00a0\u00bb||||false|false\u00a0\u00bb custom_padding=\u00a0\u00bb10px||5px||false|false\u00a0\u00bb animation_style=\u00a0\u00bbslide\u00a0\u00bb border_radii=\u00a0\u00bbon|20px|20px|20px|20px\u00a0\u00bb global_colors_info=\u00a0\u00bb{}\u00a0\u00bb][et_pb_column type=\u00a0\u00bb4_4&Prime; _builder_version=\u00a0\u00bb4.16&Prime; _module_preset=\u00a0\u00bbdefault\u00a0\u00bb global_colors_info=\u00a0\u00bb{}\u00a0\u00bb][et_pb_text _builder_version=\u00a0\u00bb4.25.1&Prime; _module_preset=\u00a0\u00bbdefault\u00a0\u00bb text_font=\u00a0\u00bbUbuntu|900|||||||\u00a0\u00bb text_font_size=\u00a0\u00bb48px\u00a0\u00bb custom_margin=\u00a0\u00bb0px|0px|0px|0px|false|false\u00a0\u00bb custom_padding=\u00a0\u00bb0px|0px|0px|0px|false|false\u00a0\u00bb inline_fonts=\u00a0\u00bbHelvetica Neue Medium\u00a0\u00bb global_colors_info=\u00a0\u00bb{}\u00a0\u00bb]<\/p>\n<h1 class=\"title-cm\" style=\"text-align: center;\"><strong><span style=\"color: #ffffff; font-family: 'Helvetica Neue Medium';\">ARCHIVE <\/span><\/strong><\/h1>\n<h1 class=\"title-cm\" style=\"text-align: center;\"><strong><span style=\"color: #ffffff; font-family: 'Helvetica Neue Medium';\">Court M\u00e9trange Festival<\/span><\/strong><\/h1>\n<p>[\/et_pb_text][et_pb_text _builder_version=\u00a0\u00bb4.20.1&Prime; _module_preset=\u00a0\u00bbdefault\u00a0\u00bb text_font=\u00a0\u00bb||||||||\u00a0\u00bb text_font_size=\u00a0\u00bb26px\u00a0\u00bb custom_padding=\u00a0\u00bb20px||0px|||\u00a0\u00bb inline_fonts=\u00a0\u00bbHelvetica Neue Medium\u00a0\u00bb global_colors_info=\u00a0\u00bb{}\u00a0\u00bb]<\/p>\n<h2 style=\"text-align: center;\"><span style=\"color: #ffffff;\"><strong>Du 21 septembre au 1er octobre 2023 \u00e0 Rennes<\/strong><\/span><\/h2>\n<p>[\/et_pb_text][\/et_pb_column][\/et_pb_row][et_pb_row _builder_version=\u00a0\u00bb4.21.0&Prime; _module_preset=\u00a0\u00bbdefault\u00a0\u00bb background_enable_color=\u00a0\u00bboff\u00a0\u00bb custom_margin=\u00a0\u00bb24px||20px||false|false\u00a0\u00bb custom_padding=\u00a0\u00bb0px||0px||false|false\u00a0\u00bb global_colors_info=\u00a0\u00bb{}\u00a0\u00bb][et_pb_column type=\u00a0\u00bb4_4&Prime; _builder_version=\u00a0\u00bb4.16&Prime; _module_preset=\u00a0\u00bbdefault\u00a0\u00bb global_colors_info=\u00a0\u00bb{}\u00a0\u00bb][et_pb_slider use_text_overlay=\u00a0\u00bboff\u00a0\u00bb arrows_custom_color=\u00a0\u00bb#ffffff\u00a0\u00bb dot_nav_custom_color=\u00a0\u00bb#FFFFFF\u00a0\u00bb module_id=\u00a0\u00bbhome-slider-custom-cm\u00a0\u00bb _builder_version=\u00a0\u00bb4.22.1&Prime; _module_preset=\u00a0\u00bbdefault\u00a0\u00bb background_color=\u00a0\u00bbrgba(0,0,0,0)\u00a0\u00bb background_image=\u00a0\u00bbhttps:\/\/courtmetrange.eu\/wp-content\/uploads\/2022\/05\/Visuel_Slider_Home_Top.png\u00a0\u00bb custom_button=\u00a0\u00bbon\u00a0\u00bb button_border_width=\u00a0\u00bb1px\u00a0\u00bb button_border_radius=\u00a0\u00bb10px\u00a0\u00bb button_alignment=\u00a0\u00bbleft\u00a0\u00bb custom_margin=\u00a0\u00bb||||false|false\u00a0\u00bb custom_padding=\u00a0\u00bb||||false|false\u00a0\u00bb auto=\u00a0\u00bbon\u00a0\u00bb auto_ignore_hover=\u00a0\u00bbon\u00a0\u00bb hover_transition_duration=\u00a0\u00bb350ms\u00a0\u00bb hover_transition_delay=\u00a0\u00bb100ms\u00a0\u00bb link_option_url=\u00a0\u00bbhttps:\/\/courtmetrange.eu\/the-review-2&Prime; link_option_url_new_window=\u00a0\u00bbon\u00a0\u00bb box_shadow_style_image=\u00a0\u00bbpreset1&Prime; box_shadow_style_button=\u00a0\u00bbpreset1&Prime; locked=\u00a0\u00bboff\u00a0\u00bb global_colors_info=\u00a0\u00bb{}\u00a0\u00bb][et_pb_slide button_link=\u00a0\u00bbhttps:\/\/www.shadowz.fr\/\u00a0\u00bb url_new_window=\u00a0\u00bbon\u00a0\u00bb use_text_overlay=\u00a0\u00bboff\u00a0\u00bb _builder_version=\u00a0\u00bb4.22.1&Prime; _module_preset=\u00a0\u00bbdefault\u00a0\u00bb background_image=\u00a0\u00bbhttps:\/\/courtmetrange.eu\/wp-content\/uploads\/2021\/02\/Slide5.png\u00a0\u00bb background_enable_image=\u00a0\u00bbon\u00a0\u00bb background_size=\u00a0\u00bbcontain\u00a0\u00bb link_option_url=\u00a0\u00bbhttps:\/\/www.shadowz.fr\/\u00a0\u00bb link_option_url_new_window=\u00a0\u00bbon\u00a0\u00bb locked=\u00a0\u00bboff\u00a0\u00bb global_colors_info=\u00a0\u00bb{}\u00a0\u00bb sticky_transition=\u00a0\u00bbon\u00a0\u00bb]<\/p>\n<p>La cha\u00eene<strong> Court Metrange Festival <\/strong>sur<strong> Shadowz<\/strong>\u00a0!<\/p>\n<p>[\/et_pb_slide][\/et_pb_slider][\/et_pb_column][\/et_pb_row][et_pb_row column_structure=\u00a0\u00bb1_2,1_2&Prime; _builder_version=\u00a0\u00bb4.20.1&Prime; _module_preset=\u00a0\u00bbdefault\u00a0\u00bb background_color=\u00a0\u00bbrgba(8,160,155,0.23)\u00a0\u00bb width=\u00a0\u00bb100%\u00a0\u00bb max_width=\u00a0\u00bb1886px\u00a0\u00bb module_alignment=\u00a0\u00bbcenter\u00a0\u00bb custom_margin=\u00a0\u00bb0px|auto|35px|auto|false|false\u00a0\u00bb custom_padding=\u00a0\u00bb26px|20px||20px|false|false\u00a0\u00bb border_radii=\u00a0\u00bbon|20px|20px|20px|20px\u00a0\u00bb global_colors_info=\u00a0\u00bb{}\u00a0\u00bb][et_pb_column type=\u00a0\u00bb1_2&Prime; _builder_version=\u00a0\u00bb4.16&Prime; _module_preset=\u00a0\u00bbdefault\u00a0\u00bb global_colors_info=\u00a0\u00bb{}\u00a0\u00bb][et_pb_image src=\u00a0\u00bbhttps:\/\/courtmetrange.eu\/wp-content\/uploads\/2023\/05\/AffCM2023.jpg\u00a0\u00bb title_text=\u00a0\u00bbAffCM2023&Prime; _builder_version=\u00a0\u00bb4.20.1&Prime; _module_preset=\u00a0\u00bbdefault\u00a0\u00bb background_image=\u00a0\u00bbhttps:\/\/courtmetrange.eu\/wp-content\/uploads\/2023\/04\/Meduse_1-2.jpg\u00a0\u00bb animation_style=\u00a0\u00bbfade\u00a0\u00bb global_colors_info=\u00a0\u00bb{}\u00a0\u00bb][\/et_pb_image][\/et_pb_column][et_pb_column type=\u00a0\u00bb1_2&Prime; _builder_version=\u00a0\u00bb4.16&Prime; _module_preset=\u00a0\u00bbdefault\u00a0\u00bb global_colors_info=\u00a0\u00bb{}\u00a0\u00bb][et_pb_text _builder_version=\u00a0\u00bb4.21.0&Prime; _module_preset=\u00a0\u00bbdefault\u00a0\u00bb global_colors_info=\u00a0\u00bb{}\u00a0\u00bb]<\/p>\n<h1 style=\"text-align: center;\"><span style=\"color: #ffffff;\"><strong>\"Carpe departed\"<\/strong><\/span><\/h1>\n<p><span style=\"color: #ffffff;\"><strong><\/strong><\/span><\/p>\n<p><span style=\"color: #ffffff;\"><strong><\/strong><\/span><\/p>\n<p><span style=\"color: #ffffff;\"><strong><\/strong><\/span><\/p>\n<h2 style=\"text-align: center;\"><span style=\"color: #ffffff;\"><strong>Blue Gold, reeling between the li(n)es<\/strong><\/span><\/h2>\n<p>[\/et_pb_text][et_pb_text _builder_version=\u00a0\u00bb4.21.0&Prime; _module_preset=\u00a0\u00bbdefault\u00a0\u00bb animation_style=\u00a0\u00bbzoom\u00a0\u00bb global_colors_info=\u00a0\u00bb{}\u00a0\u00bb]<\/p>\n<p><span style=\"color: #ffffff;\"><strong> O waves, what mournful tragedies ye know!<\/strong><\/span><\/p>\n<p><span style=\"color: #ffffff;\"><strong>Guy de Maupassant was already navigating troubled waters back in 1881 when he wrote On the River teeming with Fantastic elements. Its supernatural character, floating gradually to the surface, emerges in the form of a river, enswathed in life-like attributes and appearing as \"\u2026a mysterious thing, profound, unknown, a land of mirages and phantasmagoria, where one sees by night things that do not exist\u2026\"<\/strong><\/span><\/p>\n<p><span style=\"color: #ffffff;\"><strong>\u00a0<\/strong><\/span><\/p>\n<p><span style=\"color: #ffffff;\"><strong>If Maupassant\u2019s vision of it conjured up \"\u2026the most sinister of cemeteries, one in which one has no tomb\u2026\", others have opted \u2013 and rightly so \u2013 for one depicting qualities full of promise and panacea\u2026and, at the very least, of spellbinding proportions.<\/strong><\/span><\/p>\n<p><span style=\"color: #ffffff;\"><strong>\u00a0<\/strong><\/span><\/p>\n<p><span style=\"color: #ffffff;\"><strong>Whether from a tranquil river\u2019s course or an unbridled sea, treacherous or uplifting, throwing caution to the wind, and sometimes Mankind, too, water is an element whose transparency ripples out into both the mythological imaginary and Fantastic narrative.<\/strong><\/span><\/p>\n<p><span style=\"color: #ffffff;\"><strong>\u00a0<\/strong><\/span><\/p>\n<p><span style=\"color: #ffffff;\"><strong>A vivarium for storytellers and artists alike from all backgrounds, it\u2019s really no wonder that the titanic grip on the fate of Mankind by what has been coined \"blue gold\" decided to dock among their words and imagery doubling as mirrors for humanity\u2019s angst and awe.<\/strong><\/span><\/p>\n<p><span style=\"color: #ffffff;\"><strong>When it comes to charting the stakes, we\u2019re anything but wet behind the ears. This resource trickles down into strategic, economic, environmental, political and military pockets. Global challenges that address water conservation are everyone\u2019s business. In the years to come, our planet\u2019s population and economic growth will end up sandbagging, if not suffocating, water\u2019s capacity to sustain human need whereas we should \u2013 at the same time \u2013 be doing all that is humanly possible to protect natural habitats for our own survival.<\/strong><\/span><\/p>\n<p><span style=\"color: #ffffff;\"><strong>\u00a0<\/strong><\/span><\/p>\n<p><span style=\"color: #ffffff;\"><strong>More than just a region, Brittany is an area where water, from the tiniest brook to the most monumental of seascapes, is the principal resource.<\/strong><\/span><\/p>\n<p style=\"text-align: center;\" class=\"translation-block\"><span style=\"color: #ffffff\"><strong>For this 19th edition, the Court M\u00e9trange Festival (propulsed by an ever-quenchless thirst for all things cultural) will be luring itself down into the deep, dark depths of Fantasy\u2019s Blue Gold!<\/p>\n<p style=\"text-align: center;\"><span style=\"color: #ffffff;\"><strong><\/strong><\/span><\/p>\n<p><span style=\"color: #ffffff;\">Steven Pravong \u2013 Co-fondateur et Pr\u00e9sident<\/span><\/p>\n<p>[\/et_pb_text][et_pb_text _builder_version=\u00a0\u00bb4.20.1&Prime; _module_preset=\u00a0\u00bbdefault\u00a0\u00bb min_height=\u00a0\u00bb45.4px\u00a0\u00bb custom_margin=\u00a0\u00bb||-18px||false|false\u00a0\u00bb custom_padding=\u00a0\u00bb||0px||false|false\u00a0\u00bb global_colors_info=\u00a0\u00bb{}\u00a0\u00bb]<\/p>\n<p>&nbsp;<\/p>\n<p>&nbsp;<\/p>\n<p>&nbsp;<\/p>\n<p>[\/et_pb_text][\/et_pb_column][\/et_pb_row][et_pb_row _builder_version=\u00a0\u00bb4.20.1&Prime; _module_preset=\u00a0\u00bbdefault\u00a0\u00bb background_color=\u00a0\u00bbrgba(8,160,155,0.23)\u00a0\u00bb width=\u00a0\u00bb100%\u00a0\u00bb max_width=\u00a0\u00bb1886px\u00a0\u00bb module_alignment=\u00a0\u00bbcenter\u00a0\u00bb custom_margin=\u00a0\u00bb0px|auto|35px|auto|false|false\u00a0\u00bb custom_padding=\u00a0\u00bb26px|20px||20px|false|false\u00a0\u00bb border_radii=\u00a0\u00bbon|20px|20px|20px|20px\u00a0\u00bb global_colors_info=\u00a0\u00bb{}\u00a0\u00bb][et_pb_column type=\u00a0\u00bb4_4&Prime; _builder_version=\u00a0\u00bb4.16&Prime; _module_preset=\u00a0\u00bbdefault\u00a0\u00bb global_colors_info=\u00a0\u00bb{}\u00a0\u00bb][et_pb_text _builder_version=\u00a0\u00bb4.21.0&Prime; _module_preset=\u00a0\u00bbdefault\u00a0\u00bb global_colors_info=\u00a0\u00bb{}\u00a0\u00bb]<\/p>\n<h1 style=\"text-align: center;\"><span style=\"color: #ffffff;\"><b>&#8211; PALMAR\u00c8S 2023 &#8211;<\/b><\/span><\/h1>\n<p>[\/et_pb_text][et_pb_text _builder_version=\u00a0\u00bb4.22.1&Prime; _module_preset=\u00a0\u00bbdefault\u00a0\u00bb animation_style=\u00a0\u00bbzoom\u00a0\u00bb global_colors_info=\u00a0\u00bb{}\u00a0\u00bb]<\/p>\n<div class=\"xdj266r x11i5rnm xat24cr x1mh8g0r x1vvkbs x126k92a\">\n<h2 dir=\"auto\" style=\"text-align: center;\"><strong><span style=\"color: #ffffff;\">Apr\u00e8s d\u00e9lib\u00e9ration, le jury pr\u00e9sid\u00e9 par ESTELLE FAYE a d\u00e9cern\u00e9 les prix :<\/span><\/strong><\/h2>\n<div dir=\"auto\" style=\"text-align: center;\"><\/div>\n<div dir=\"auto\" style=\"text-align: center;\"><\/div>\n<\/div>\n<div class=\"x11i5rnm xat24cr x1mh8g0r x1vvkbs xtlvy1s x126k92a\" style=\"text-align: center;\">\n<div dir=\"auto\"><span style=\"color: #ffffff;\">LE GRAND PRIX COURT M\u00c9TRANGE : <span style=\"color: #00ffff;\"><strong>ELECTRA<\/strong><\/span>, de Daria Kashcheeva \u2022 26\u201933 \u2022 2023 \u2022 R\u00e9publique Tch\u00e8que, France, Slov\u00e9nie<\/span><\/div>\n<div dir=\"auto\"><span style=\"color: #ffffff;\"><\/span><\/div>\n<div dir=\"auto\"><span style=\"color: #ffffff;\"><\/span><\/div>\n<div dir=\"auto\"><span style=\"color: #ffffff;\"><\/span><\/div>\n<div dir=\"auto\"><\/div>\n<\/div>\n<div class=\"x11i5rnm xat24cr x1mh8g0r x1vvkbs xtlvy1s x126k92a\" style=\"text-align: center;\">\n<div dir=\"auto\"><span style=\"color: #ffffff;\">LE M\u00c9LI\u00c8S D&rsquo;ARGENT : <span style=\"color: #00ffff;\"><strong>AMOK<\/strong><\/span>, de Bal\u00e1zs Turai \u2022 14\u201921 \u2022 2022 \u2022 Hongrie, Roumanie<\/span><\/div>\n<div dir=\"auto\"><\/div>\n<div dir=\"auto\"><span style=\"color: #ffffff;\">PRIX FRANCE T\u00c9L\u00c9VISION : <span style=\"color: #00ffff;\"><strong>MOSHARI<\/strong><\/span>, de Nuhash Humayun, 22\u201900, 2022, Bangladesh<\/span><\/div>\n<div dir=\"auto\"><\/div>\n<div dir=\"auto\"><span style=\"color: #ffffff;\">PRIX SHADOWZ :<span style=\"color: #00ffff;\"> <strong>BIRDS WHOSE LEGS BREAK OFF<\/strong><\/span>, deDirk Verschure \u2022 7\u201917 \u2022 2022 \u2022 Allemagne<\/span><\/div>\n<div dir=\"auto\"><\/div>\n<div dir=\"auto\"><span style=\"color: #ffffff;\">MENTION SPECIALE TRASH : <span style=\"color: #00ffff;\"><strong>HAIRSUCKER<\/strong><\/span>, de Michael Jones \u2022 Paddy Jay \u2022 4\u201917 \u2022 2022 \u2022 Australie<\/span><\/div>\n<div dir=\"auto\"><\/div>\n<div dir=\"auto\"><span style=\"color: #ffffff;\">PRIX SOFILM : <span style=\"color: #00ffff;\"><strong>AIRHOSTESS-737<\/strong><\/span>, de Thanasis Neofotistos \u2022 16\u201900 \u2022 2022 \u2022 Gr\u00e8ce<\/span><\/div>\n<div dir=\"auto\"><span style=\"color: #ffffff;\">PRIX HURLEQUIN : <span style=\"color: #00ffff;\"><strong>GNOMES<\/strong><\/span>, de Ruwan Heggelman \u2022 5\u201956 \u2022 2022 \u2022 Pays-Bas<\/span><\/div>\n<div dir=\"auto\"><span style=\"color: #ffffff;\">PRIX DU PUBLIC : <strong><span style=\"color: #00ffff;\">SWEET JUICES<\/span><\/strong> Will Suen, Sejon Im \u2022 15\u201906 \u2022 2022 \u2022 Australie<\/span><\/div>\n<div dir=\"auto\"><span style=\"color: #ffffff;\"><\/span><\/div>\n<div dir=\"auto\"><span style=\"color: #ffffff;\">PRIX DU PUBLIC QUEER <span style=\"color: #000000;\"><span style=\"color: #ffffff;\">M\u00c9TRANGE :<\/span> <span style=\"color: #00ffff;\"><strong>TANK FAIRY<\/strong><\/span><span style=\"color: #ffffff;\">, de Erich Rettstadt \u2022 9&rsquo;31 \u2022 \u00c9tats-unis, Ta\u00efwan\u00b7 2021<\/span><\/span><\/span><\/div>\n<div dir=\"auto\"><\/div>\n<\/div>\n<div class=\"x11i5rnm xat24cr x1mh8g0r x1vvkbs xtlvy1s x126k92a\" style=\"text-align: center;\">\n<h2 dir=\"auto\"><span style=\"color: #ffffff;\">&#8211; Prix Parcours Jeune Public &#8211;<\/span><\/h2>\n<\/div>\n<div class=\"x11i5rnm xat24cr x1mh8g0r x1vvkbs xtlvy1s x126k92a\" style=\"text-align: center;\">\n<div dir=\"auto\"><span style=\"color: #ffffff;\">PRIX COUP DE COEUR BENSHI :<span style=\"color: #00ffff;\"> <strong>ICE MERCHANTS<\/strong><\/span>, de Jo\u00e3o Gonzalez \u2022 14&rsquo;33 \u2022 2022 \u2022 Portugal<\/span><\/div>\n<div dir=\"auto\"><\/div>\n<div dir=\"auto\"><span style=\"color: #ffffff;\">PRIX BASSE COURT :<strong><span style=\"color: #00ffff;\"> SWING TO THE MOON<\/span><\/strong>, de Marie Bordessoule, Adriana Bouissie, Nadine De Boer,<\/span><\/div>\n<div dir=\"auto\"><\/div>\n<div dir=\"auto\"><span style=\"color: #ffffff;\">\u00c9lisa Drique, Chlo\u00e9 Lauzu, Vincent Levrero,<\/span><\/div>\n<div dir=\"auto\"><\/div>\n<div dir=\"auto\"><span style=\"color: #ffffff;\">Solenne Moreau \u2022 06&rsquo;40 \u2022 2022 \u2022 France<\/span><\/div>\n<div dir=\"auto\"><\/div>\n<div dir=\"auto\"><span style=\"color: #ffffff;\">PRIX COURS D&rsquo;\u00c9COLE : <span style=\"color: #00ffff;\"><strong>CANARY<\/strong><\/span>, de Pierre-Hugues Dallaire, Benoit Therriault<\/span><\/div>\n<div dir=\"auto\"><span style=\"color: #ffffff;\">12\u201903 \u2022 2022 \u2022 Canada<\/span><\/div>\n<div dir=\"auto\"><span style=\"color: #ffffff;\"><span>PRIX COURTE \u00c9CHELLE : <strong><span style=\"color: #00ffff;\">BOUDIN<\/span><\/strong>, de Chlara Vassaliere \u2022 4&rsquo;52 \u2022 2022 \u2022 France<\/span><\/span><\/div>\n<div dir=\"auto\"><span style=\"color: #ffffff;\">INTERCOURT AWARD : <span style=\"color: #00ffff;\"><strong>NIAN<\/strong><\/span>, de Michelle Krusiec \u2022 06&rsquo;00 \u2022 2022 \u2022 \u00c9tats-Unis<\/span><\/div>\n<div dir=\"auto\"><span style=\"color: #ffffff;\">COURT CIRCUIT AWARD : <span style=\"color: #00ffff;\"><strong>TAUMANU<\/strong><\/span>, de Taratoa Stappard \u2022 22&rsquo;23 \u2022 2022 \u2022 Nouvelle-Z\u00e9lande<\/span><\/div>\n<div dir=\"auto\"><\/div>\n<div dir=\"auto\"><\/div>\n<\/div>\n<div class=\"x11i5rnm xat24cr x1mh8g0r x1vvkbs xtlvy1s x126k92a\" style=\"text-align: center;\">\n<h3 dir=\"auto\"><span style=\"color: #ffffff;\">&#8211; THE REVIEW &#8211;\u00a0<\/span><\/h3>\n<div dir=\"auto\"><\/div>\n<div dir=\"auto\"><span style=\"color: #ffffff;\">&#8211; PRIX HOMEMADE : <span style=\"color: #00ffff;\"><strong>K.1<\/strong><\/span>, de Patrick J Mitchell<\/span><\/div>\n<div dir=\"auto\"><span style=\"color: #ffffff;\">&#8211; PRIX VOCATION : <strong>L&rsquo;ESCALIER<\/strong>, de Rapha\u00ebl Dagnet \/ <strong>NATURE VIVANTE<\/strong>, de Chiara Conticini, Marina Dard et Alice Le Scouarnec<\/span><\/div>\n<div dir=\"auto\"><span style=\"color: #ffffff;\">&#8211; PRIX MICROM\u00c9TRANGE :<span style=\"color: #00ffff;\"><strong> LE DESSERT<\/strong><\/span>, de Nathan et Simon Zytka<\/span><\/div>\n<div dir=\"auto\"><\/div>\n<\/div>\n<div class=\"x11i5rnm xat24cr x1mh8g0r x1vvkbs xtlvy1s x126k92a\">\n<h3 dir=\"auto\" style=\"text-align: center;\"><span style=\"color: #ffffff;\">&#8211; FANTACTING &#8211;<\/span><\/h3>\n<div dir=\"auto\" style=\"text-align: center;\"><span style=\"color: #ffffff;\">&#8211; ACTING : <span style=\"color: #00ffff;\">Louise Blaize<\/span><\/span><\/div>\n<div dir=\"auto\" style=\"text-align: center;\"><span style=\"color: #ffffff;\">&#8211; DOUBLAGE : <span style=\"color: #00ffff;\">anaizawakening<\/span><\/span><\/div>\n<\/div>\n<p>[\/et_pb_text][et_pb_text _builder_version=\u00a0\u00bb4.20.1&Prime; _module_preset=\u00a0\u00bbdefault\u00a0\u00bb min_height=\u00a0\u00bb45.4px\u00a0\u00bb custom_margin=\u00a0\u00bb||-18px||false|false\u00a0\u00bb custom_padding=\u00a0\u00bb||0px||false|false\u00a0\u00bb global_colors_info=\u00a0\u00bb{}\u00a0\u00bb]<\/p>\n<p>&nbsp;<\/p>\n<p>&nbsp;<\/p>\n<p>&nbsp;<\/p>\n<p>[\/et_pb_text][\/et_pb_column][\/et_pb_row][et_pb_row column_structure=\u00a0\u00bb1_2,1_2&Prime; make_equal=\u00a0\u00bbon\u00a0\u00bb _builder_version=\u00a0\u00bb4.21.0&Prime; _module_preset=\u00a0\u00bbdefault\u00a0\u00bb background_color=\u00a0\u00bbRGBA(255,255,255,0)\u00a0\u00bb width=\u00a0\u00bb96%\u00a0\u00bb max_width=\u00a0\u00bb1053px\u00a0\u00bb animation_style=\u00a0\u00bbslide\u00a0\u00bb global_colors_info=\u00a0\u00bb{}\u00a0\u00bb][et_pb_column type=\u00a0\u00bb1_2&Prime; _builder_version=\u00a0\u00bb4.16&Prime; _module_preset=\u00a0\u00bbdefault\u00a0\u00bb global_colors_info=\u00a0\u00bb{}\u00a0\u00bb][et_pb_button button_url=\u00a0\u00bbhttps:\/\/courtmetrange.eu\/wp-content\/uploads\/2023\/08\/Catalogue_CM2023-160&#215;230-BD.pdf\u00a0\u00bb button_text=\u00a0\u00bbT\u00c9L\u00c9CHARGER LE CATALOGUE 2023&Prime; button_alignment=\u00a0\u00bbcenter\u00a0\u00bb _builder_version=\u00a0\u00bb4.22.1&Prime; _module_preset=\u00a0\u00bbdefault\u00a0\u00bb custom_button=\u00a0\u00bbon\u00a0\u00bb button_text_size=\u00a0\u00bb26px\u00a0\u00bb button_text_color=\u00a0\u00bb#20dbe5&Prime; button_bg_color=\u00a0\u00bbrgba(8,160,155,0.23)\u00a0\u00bb button_border_width=\u00a0\u00bb0px\u00a0\u00bb button_letter_spacing=\u00a0\u00bb5px\u00a0\u00bb button_font=\u00a0\u00bb|600|||||||\u00a0\u00bb animation_style=\u00a0\u00bbfold\u00a0\u00bb global_colors_info=\u00a0\u00bb{}\u00a0\u00bb][\/et_pb_button][et_pb_button button_url=\u00a0\u00bbhttps:\/\/courtmetrange.eu\/wp-content\/uploads\/2023\/09\/Agenda-CM2022-Depliant-4-volets-150&#215;210-BD.pdf\u00a0\u00bb button_text=\u00a0\u00bbT\u00c9L\u00c9CHARGER L&rsquo;AGENDA 2023&Prime; button_alignment=\u00a0\u00bbcenter\u00a0\u00bb _builder_version=\u00a0\u00bb4.22.1&Prime; _module_preset=\u00a0\u00bbdefault\u00a0\u00bb custom_button=\u00a0\u00bbon\u00a0\u00bb button_text_size=\u00a0\u00bb26px\u00a0\u00bb button_text_color=\u00a0\u00bb#20dbe5&Prime; button_bg_color=\u00a0\u00bbrgba(8,160,155,0.23)\u00a0\u00bb button_border_width=\u00a0\u00bb0px\u00a0\u00bb button_letter_spacing=\u00a0\u00bb5px\u00a0\u00bb button_font=\u00a0\u00bb|600|||||||\u00a0\u00bb animation_style=\u00a0\u00bbfold\u00a0\u00bb global_colors_info=\u00a0\u00bb{}\u00a0\u00bb][\/et_pb_button][\/et_pb_column][et_pb_column type=\u00a0\u00bb1_2&Prime; _builder_version=\u00a0\u00bb4.16&Prime; _module_preset=\u00a0\u00bbdefault\u00a0\u00bb global_colors_info=\u00a0\u00bb{}\u00a0\u00bb][et_pb_button button_url=\u00a0\u00bbhttps:\/\/courtmetrange.eu\/wp-content\/uploads\/2023\/09\/FALC_2023_DEF_BD.pdf\u00a0\u00bb button_text=\u00a0\u00bbFALC (Facile \u00e0 lire et \u00e0 comprendre)\u00a0\u00bb button_alignment=\u00a0\u00bbcenter\u00a0\u00bb _builder_version=\u00a0\u00bb4.22.1&Prime; _module_preset=\u00a0\u00bbdefault\u00a0\u00bb custom_button=\u00a0\u00bbon\u00a0\u00bb button_text_size=\u00a0\u00bb25px\u00a0\u00bb button_text_color=\u00a0\u00bb#20dbe5&Prime; button_bg_color=\u00a0\u00bbrgba(8,160,155,0.23)\u00a0\u00bb button_border_width=\u00a0\u00bb0px\u00a0\u00bb button_border_radius=\u00a0\u00bb3px\u00a0\u00bb button_letter_spacing=\u00a0\u00bb5px\u00a0\u00bb button_font=\u00a0\u00bb|600|||||||\u00a0\u00bb animation_style=\u00a0\u00bbfold\u00a0\u00bb global_colors_info=\u00a0\u00bb{}\u00a0\u00bb][\/et_pb_button][\/et_pb_column][\/et_pb_row][et_pb_row _builder_version=\u00a0\u00bb4.20.1&Prime; _module_preset=\u00a0\u00bbdefault\u00a0\u00bb background_color=\u00a0\u00bbRGBA(255,255,255,0)\u00a0\u00bb animation_style=\u00a0\u00bbslide\u00a0\u00bb global_colors_info=\u00a0\u00bb{}\u00a0\u00bb][et_pb_column type=\u00a0\u00bb4_4&Prime; _builder_version=\u00a0\u00bb4.16&Prime; _module_preset=\u00a0\u00bbdefault\u00a0\u00bb global_colors_info=\u00a0\u00bb{}\u00a0\u00bb][et_pb_text _builder_version=\u00a0\u00bb4.20.1&Prime; _module_preset=\u00a0\u00bbdefault\u00a0\u00bb background_color=\u00a0\u00bbrgba(8,160,155,0.23)\u00a0\u00bb width=\u00a0\u00bb100%\u00a0\u00bb module_alignment=\u00a0\u00bbcenter\u00a0\u00bb custom_padding=\u00a0\u00bb10px||5px||false|false\u00a0\u00bb border_radii=\u00a0\u00bbon|20px|20px|20px|20px\u00a0\u00bb global_colors_info=\u00a0\u00bb{}\u00a0\u00bb]<\/p>\n<h1 style=\"text-align: center;\"><strong><span style=\"color: #ffffff;\">Programmation du Festival<\/span><\/strong><\/h1>\n<p>[\/et_pb_text][\/et_pb_column][\/et_pb_row][et_pb_row column_structure=\u00a0\u00bb1_4,1_4,1_4,1_4&Prime; admin_label=\u00a0\u00bbProgrammation 1&Prime; _builder_version=\u00a0\u00bb4.21.0&Prime; _module_preset=\u00a0\u00bbdefault\u00a0\u00bb background_color=\u00a0\u00bbrgba(8,160,155,0.23)\u00a0\u00bb custom_margin=\u00a0\u00bb||0px||false|false\u00a0\u00bb custom_padding=\u00a0\u00bb||0px||false|false\u00a0\u00bb border_radii=\u00a0\u00bboff|20px|20px||\u00a0\u00bb global_colors_info=\u00a0\u00bb{}\u00a0\u00bb][et_pb_column type=\u00a0\u00bb1_4&Prime; _builder_version=\u00a0\u00bb4.16&Prime; _module_preset=\u00a0\u00bbdefault\u00a0\u00bb global_colors_info=\u00a0\u00bb{}\u00a0\u00bb][et_pb_image src=\u00a0\u00bbhttps:\/\/courtmetrange.eu\/wp-content\/uploads\/2023\/05\/Seances-competition.png\u00a0\u00bb title_text=\u00a0\u00bbS\u00e9ances comp\u00e9tition\u00a0\u00bb url=\u00a0\u00bbhttps:\/\/courtmetrange.eu\/les-projections-en-competition-2023&Prime; show_bottom_space=\u00a0\u00bboff\u00a0\u00bb align=\u00a0\u00bbcenter\u00a0\u00bb _builder_version=\u00a0\u00bb4.21.0&Prime; _module_preset=\u00a0\u00bbdefault\u00a0\u00bb width=\u00a0\u00bb80%\u00a0\u00bb custom_margin=\u00a0\u00bb||5px||false|false\u00a0\u00bb animation_style=\u00a0\u00bbflip\u00a0\u00bb global_colors_info=\u00a0\u00bb{}\u00a0\u00bb][\/et_pb_image][et_pb_text _builder_version=\u00a0\u00bb4.21.0&Prime; _module_preset=\u00a0\u00bbdefault\u00a0\u00bb custom_margin=\u00a0\u00bb0px|0px|0px|0px|false|true\u00a0\u00bb custom_padding=\u00a0\u00bb0px|0px|0px|0px|false|true\u00a0\u00bb animation_style=\u00a0\u00bbslide\u00a0\u00bb link_option_url=\u00a0\u00bbhttps:\/\/courtmetrange.eu\/les-projections-en-competition-2023&Prime; global_colors_info=\u00a0\u00bb{}\u00a0\u00bb]<\/p>\n<h2 style=\"text-align: center;\"><span style=\"color: #ffffff;\">Les s\u00e9ances en comp\u00e9tition<\/span><\/h2>\n<p>[\/et_pb_text][\/et_pb_column][et_pb_column type=\u00a0\u00bb1_4&Prime; _builder_version=\u00a0\u00bb4.16&Prime; _module_preset=\u00a0\u00bbdefault\u00a0\u00bb global_colors_info=\u00a0\u00bb{}\u00a0\u00bb][et_pb_image src=\u00a0\u00bbhttps:\/\/courtmetrange.eu\/wp-content\/uploads\/2023\/05\/Agenda.png\u00a0\u00bb title_text=\u00a0\u00bbAgenda\u00a0\u00bb url=\u00a0\u00bbhttps:\/\/courtmetrange.eu\/jour-par-jour-2023&Prime; align=\u00a0\u00bbcenter\u00a0\u00bb _builder_version=\u00a0\u00bb4.21.0&Prime; _module_preset=\u00a0\u00bbdefault\u00a0\u00bb width=\u00a0\u00bb80%\u00a0\u00bb custom_margin=\u00a0\u00bb||5px||false|false\u00a0\u00bb animation_style=\u00a0\u00bbflip\u00a0\u00bb global_colors_info=\u00a0\u00bb{}\u00a0\u00bb][\/et_pb_image][et_pb_text _builder_version=\u00a0\u00bb4.21.0&Prime; _module_preset=\u00a0\u00bbdefault\u00a0\u00bb custom_margin=\u00a0\u00bb0px|0px|0px|0px|true|true\u00a0\u00bb custom_padding=\u00a0\u00bb0px|0px|0px|0px|true|true\u00a0\u00bb animation_style=\u00a0\u00bbslide\u00a0\u00bb link_option_url=\u00a0\u00bbhttps:\/\/courtmetrange.eu\/jour-par-jour-2023&Prime; global_colors_info=\u00a0\u00bb{}\u00a0\u00bb]<\/p>\n<h2 style=\"text-align: center;\"><span style=\"color: #ffffff;\">Jour par jour<\/span><\/h2>\n<p>[\/et_pb_text][\/et_pb_column][et_pb_column type=\u00a0\u00bb1_4&Prime; _builder_version=\u00a0\u00bb4.20.1&Prime; _module_preset=\u00a0\u00bbdefault\u00a0\u00bb global_colors_info=\u00a0\u00bb{}\u00a0\u00bb][et_pb_image src=\u00a0\u00bbhttps:\/\/courtmetrange.eu\/wp-content\/uploads\/2023\/04\/Jury-et-prix.png\u00a0\u00bb title_text=\u00a0\u00bbJury et prix\u00a0\u00bb url=\u00a0\u00bbhttps:\/\/courtmetrange.eu\/jury-et-prix-2023&Prime; align=\u00a0\u00bbcenter\u00a0\u00bb _builder_version=\u00a0\u00bb4.21.0&Prime; _module_preset=\u00a0\u00bbdefault\u00a0\u00bb width=\u00a0\u00bb80%\u00a0\u00bb custom_margin=\u00a0\u00bb||5px||false|false\u00a0\u00bb animation_style=\u00a0\u00bbflip\u00a0\u00bb global_colors_info=\u00a0\u00bb{}\u00a0\u00bb][\/et_pb_image][et_pb_text _builder_version=\u00a0\u00bb4.21.0&Prime; _module_preset=\u00a0\u00bbdefault\u00a0\u00bb custom_margin=\u00a0\u00bb||0px||false|false\u00a0\u00bb animation_style=\u00a0\u00bbslide\u00a0\u00bb link_option_url=\u00a0\u00bbhttps:\/\/courtmetrange.eu\/jury-et-prix-2023&Prime; global_colors_info=\u00a0\u00bb{}\u00a0\u00bb]<\/p>\n<h2 style=\"text-align: center;\"><span style=\"color: #ffffff;\">Jury et Prix<\/p>\n<p><\/span><\/h2>\n<p><span style=\"color: #ffffff;\"><\/span><\/p>\n<p>[\/et_pb_text][\/et_pb_column][et_pb_column type=\u00a0\u00bb1_4&Prime; _builder_version=\u00a0\u00bb4.20.1&Prime; _module_preset=\u00a0\u00bbdefault\u00a0\u00bb global_colors_info=\u00a0\u00bb{}\u00a0\u00bb][et_pb_image src=\u00a0\u00bbhttps:\/\/courtmetrange.eu\/wp-content\/uploads\/2023\/07\/Seances-hors-competition.png\u00a0\u00bb title_text=\u00a0\u00bbS\u00e9ances hors comp\u00e9tition\u00a0\u00bb url=\u00a0\u00bbhttps:\/\/courtmetrange.eu\/les-projections-hors-competition-2023&Prime; align=\u00a0\u00bbcenter\u00a0\u00bb _builder_version=\u00a0\u00bb4.21.0&Prime; _module_preset=\u00a0\u00bbdefault\u00a0\u00bb width=\u00a0\u00bb80%\u00a0\u00bb custom_margin=\u00a0\u00bb||5px||false|false\u00a0\u00bb animation_style=\u00a0\u00bbflip\u00a0\u00bb global_colors_info=\u00a0\u00bb{}\u00a0\u00bb][\/et_pb_image][et_pb_text _builder_version=\u00a0\u00bb4.21.0&Prime; _module_preset=\u00a0\u00bbdefault\u00a0\u00bb custom_margin=\u00a0\u00bb0px|0px|0px|0px|true|true\u00a0\u00bb custom_padding=\u00a0\u00bb0px|0px|0px|0px|true|true\u00a0\u00bb animation_style=\u00a0\u00bbslide\u00a0\u00bb link_option_url=\u00a0\u00bbhttps:\/\/courtmetrange.eu\/les-projections-hors-competition-2023&Prime; global_colors_info=\u00a0\u00bb{}\u00a0\u00bb]<\/p>\n<h2 style=\"text-align: center;\"><span style=\"color: #ffffff;\">Les s\u00e9ances hors comp\u00e9tition<\/span><\/h2>\n<p>[\/et_pb_text][\/et_pb_column][\/et_pb_row][et_pb_row column_structure=\u00a0\u00bb1_4,1_4,1_4,1_4&Prime; admin_label=\u00a0\u00bbProgrammation 2&Prime; _builder_version=\u00a0\u00bb4.21.0&Prime; _module_preset=\u00a0\u00bbdefault\u00a0\u00bb background_color=\u00a0\u00bbrgba(8,160,155,0.23)\u00a0\u00bb custom_margin=\u00a0\u00bb0px||0px||true|false\u00a0\u00bb custom_padding=\u00a0\u00bb5px||5px||true|false\u00a0\u00bb global_colors_info=\u00a0\u00bb{}\u00a0\u00bb][et_pb_column type=\u00a0\u00bb1_4&Prime; _builder_version=\u00a0\u00bb4.16&Prime; _module_preset=\u00a0\u00bbdefault\u00a0\u00bb global_colors_info=\u00a0\u00bb{}\u00a0\u00bb][et_pb_image src=\u00a0\u00bbhttps:\/\/courtmetrange.eu\/wp-content\/uploads\/2023\/05\/Picto-chapiteau.png\u00a0\u00bb title_text=\u00a0\u00bbPicto chapiteau\u00a0\u00bb url=\u00a0\u00bbhttps:\/\/courtmetrange.eu\/village-metrange-2023&Prime; align=\u00a0\u00bbcenter\u00a0\u00bb _builder_version=\u00a0\u00bb4.21.0&Prime; _module_preset=\u00a0\u00bbdefault\u00a0\u00bb width=\u00a0\u00bb80%\u00a0\u00bb custom_margin=\u00a0\u00bb||5px||false|false\u00a0\u00bb animation_style=\u00a0\u00bbflip\u00a0\u00bb global_colors_info=\u00a0\u00bb{}\u00a0\u00bb][\/et_pb_image][et_pb_text _builder_version=\u00a0\u00bb4.21.0&Prime; _module_preset=\u00a0\u00bbdefault\u00a0\u00bb custom_margin=\u00a0\u00bb0px|0px|0px|0px|true|true\u00a0\u00bb custom_padding=\u00a0\u00bb0px|0px|0px|0px|true|true\u00a0\u00bb animation_style=\u00a0\u00bbslide\u00a0\u00bb link_option_url=\u00a0\u00bbhttps:\/\/courtmetrange.eu\/village-metrange-2023&Prime; global_colors_info=\u00a0\u00bb{}\u00a0\u00bb]<\/p>\n<h2 style=\"text-align: center;\"><span style=\"color: #ffffff;\">Village M\u00e9trange<\/span><\/h2>\n<p>[\/et_pb_text][\/et_pb_column][et_pb_column type=\u00a0\u00bb1_4&Prime; _builder_version=\u00a0\u00bb4.16&Prime; _module_preset=\u00a0\u00bbdefault\u00a0\u00bb global_colors_info=\u00a0\u00bb{}\u00a0\u00bb][et_pb_image src=\u00a0\u00bbhttps:\/\/courtmetrange.eu\/wp-content\/uploads\/2023\/04\/Parcours-2023.png\u00a0\u00bb title_text=\u00a0\u00bbParcours 2023&Prime; url=\u00a0\u00bbhttps:\/\/courtmetrange.eu\/parcours-metrange-2023&Prime; align=\u00a0\u00bbcenter\u00a0\u00bb _builder_version=\u00a0\u00bb4.21.0&Prime; _module_preset=\u00a0\u00bbdefault\u00a0\u00bb width=\u00a0\u00bb80%\u00a0\u00bb custom_margin=\u00a0\u00bb||5px||false|false\u00a0\u00bb animation_style=\u00a0\u00bbflip\u00a0\u00bb global_colors_info=\u00a0\u00bb{}\u00a0\u00bb][\/et_pb_image][et_pb_text _builder_version=\u00a0\u00bb4.21.0&Prime; _module_preset=\u00a0\u00bbdefault\u00a0\u00bb custom_margin=\u00a0\u00bb||||false|false\u00a0\u00bb custom_padding=\u00a0\u00bb||||false|false\u00a0\u00bb animation_style=\u00a0\u00bbslide\u00a0\u00bb link_option_url=\u00a0\u00bbhttps:\/\/courtmetrange.eu\/parcours-metrange-2023&Prime; global_colors_info=\u00a0\u00bb{}\u00a0\u00bb]<\/p>\n<h2 style=\"text-align: center;\"><span style=\"color: #ffffff;\">M\u00e9trange \nEye-Tinerary<\/span><\/h2>\n<p>[\/et_pb_text][\/et_pb_column][et_pb_column type=\u00a0\u00bb1_4&Prime; _builder_version=\u00a0\u00bb4.20.1&Prime; _module_preset=\u00a0\u00bbdefault\u00a0\u00bb global_colors_info=\u00a0\u00bb{}\u00a0\u00bb][et_pb_image src=\u00a0\u00bbhttps:\/\/courtmetrange.eu\/wp-content\/uploads\/2023\/05\/PJP.png\u00a0\u00bb title_text=\u00a0\u00bbPJP\u00a0\u00bb url=\u00a0\u00bbhttps:\/\/courtmetrange.eu\/?page_id=11777&#038;et_fb=1&#038;PageSpeed=off\u00a0\u00bb align=\u00a0\u00bbcenter\u00a0\u00bb _builder_version=\u00a0\u00bb4.25.1&Prime; _module_preset=\u00a0\u00bbdefault\u00a0\u00bb width=\u00a0\u00bb80%\u00a0\u00bb custom_margin=\u00a0\u00bb||5px||false|false\u00a0\u00bb custom_padding=\u00a0\u00bb||||false|false\u00a0\u00bb animation_style=\u00a0\u00bbflip\u00a0\u00bb hover_enabled=\u00a0\u00bb0&Prime; global_colors_info=\u00a0\u00bb{}\u00a0\u00bb sticky_enabled=\u00a0\u00bb0&Prime;][\/et_pb_image][et_pb_text _builder_version=\u00a0\u00bb4.21.0&Prime; _module_preset=\u00a0\u00bbdefault\u00a0\u00bb custom_margin=\u00a0\u00bb||||false|false\u00a0\u00bb custom_padding=\u00a0\u00bb||||false|false\u00a0\u00bb animation_style=\u00a0\u00bbslide\u00a0\u00bb link_option_url=\u00a0\u00bbhttps:\/\/courtmetrange.eu\/8534-2&Prime; global_colors_info=\u00a0\u00bb{}\u00a0\u00bb]<\/p>\n<h2 style=\"text-align: center;\"><span style=\"color: #ffffff;\">Young audiences Eye-Tinerary<\/span><\/h2>\n<p>[\/et_pb_text][\/et_pb_column][et_pb_column type=\u00a0\u00bb1_4&Prime; _builder_version=\u00a0\u00bb4.20.1&Prime; _module_preset=\u00a0\u00bbdefault\u00a0\u00bb global_colors_info=\u00a0\u00bb{}\u00a0\u00bb][et_pb_image src=\u00a0\u00bbhttps:\/\/courtmetrange.eu\/wp-content\/uploads\/2023\/04\/Pro-Presse-2023.png\u00a0\u00bb title_text=\u00a0\u00bbPro Presse 2023&Prime; url=\u00a0\u00bbhttps:\/\/courtmetrange.eu\/7526-2&Prime; align=\u00a0\u00bbcenter\u00a0\u00bb _builder_version=\u00a0\u00bb4.21.0&Prime; _module_preset=\u00a0\u00bbdefault\u00a0\u00bb width=\u00a0\u00bb80%\u00a0\u00bb custom_margin=\u00a0\u00bb||5px||false|false\u00a0\u00bb animation_style=\u00a0\u00bbflip\u00a0\u00bb global_colors_info=\u00a0\u00bb{}\u00a0\u00bb][\/et_pb_image][et_pb_text _builder_version=\u00a0\u00bb4.21.0&Prime; _module_preset=\u00a0\u00bbdefault\u00a0\u00bb background_enable_image=\u00a0\u00bboff\u00a0\u00bb custom_margin=\u00a0\u00bb0px|0px|0px|0px|true|true\u00a0\u00bb custom_padding=\u00a0\u00bb0px|0px|0px|0px|true|true\u00a0\u00bb animation_style=\u00a0\u00bbslide\u00a0\u00bb link_option_url=\u00a0\u00bbhttps:\/\/courtmetrange.eu\/7526-2&Prime; global_colors_info=\u00a0\u00bb{}\u00a0\u00bb]<\/p>\n<h2 style=\"text-align: center;\"><span style=\"color: #ffffff;\">Espace Pro\/ Presse<\/span><\/h2>\n<p>[\/et_pb_text][\/et_pb_column][\/et_pb_row][et_pb_row column_structure=\u00a0\u00bb1_4,1_4,1_4,1_4&Prime; admin_label=\u00a0\u00bbProgrammation 3&Prime; _builder_version=\u00a0\u00bb4.21.0&Prime; _module_preset=\u00a0\u00bbdefault\u00a0\u00bb background_color=\u00a0\u00bbrgba(8,160,155,0.23)\u00a0\u00bb custom_margin=\u00a0\u00bb0px||||false|false\u00a0\u00bb custom_padding=\u00a0\u00bb0px||||false|false\u00a0\u00bb border_radii=\u00a0\u00bboff|||20px|20px\u00a0\u00bb global_colors_info=\u00a0\u00bb{}\u00a0\u00bb][et_pb_column type=\u00a0\u00bb1_4&Prime; _builder_version=\u00a0\u00bb4.16&Prime; _module_preset=\u00a0\u00bbdefault\u00a0\u00bb global_colors_info=\u00a0\u00bb{}\u00a0\u00bb][et_pb_image src=\u00a0\u00bbhttps:\/\/courtmetrange.eu\/wp-content\/uploads\/2023\/05\/Moteur-2023.png\u00a0\u00bb title_text=\u00a0\u00bbMoteur 2023&Prime; url=\u00a0\u00bbhttps:\/\/courtmetrange.eu\/village-metrange-2023&Prime; align=\u00a0\u00bbcenter\u00a0\u00bb _builder_version=\u00a0\u00bb4.21.0&Prime; _module_preset=\u00a0\u00bbdefault\u00a0\u00bb width=\u00a0\u00bb80%\u00a0\u00bb custom_margin=\u00a0\u00bb||5px||false|false\u00a0\u00bb animation_style=\u00a0\u00bbflip\u00a0\u00bb global_colors_info=\u00a0\u00bb{}\u00a0\u00bb][\/et_pb_image][et_pb_text _builder_version=\u00a0\u00bb4.21.0&Prime; _module_preset=\u00a0\u00bbdefault\u00a0\u00bb custom_margin=\u00a0\u00bb0px|0px|0px|0px|true|true\u00a0\u00bb custom_padding=\u00a0\u00bb0px|0px|0px|0px|true|true\u00a0\u00bb animation_style=\u00a0\u00bbslide\u00a0\u00bb link_option_url=\u00a0\u00bbhttps:\/\/courtmetrange.eu\/village-metrange-2023&Prime; global_colors_info=\u00a0\u00bb{}\u00a0\u00bb]<\/p>\n<h2 style=\"text-align: center;\"><span style=\"color: #ffffff;\">Accessibility<\/span><\/h2>\n<p>[\/et_pb_text][\/et_pb_column][et_pb_column type=\u00a0\u00bb1_4&Prime; _builder_version=\u00a0\u00bb4.16&Prime; _module_preset=\u00a0\u00bbdefault\u00a0\u00bb global_colors_info=\u00a0\u00bb{}\u00a0\u00bb][et_pb_image src=\u00a0\u00bbhttps:\/\/courtmetrange.eu\/wp-content\/uploads\/2023\/09\/Competition-en-ligne.png\u00a0\u00bb title_text=\u00a0\u00bbComp\u00e9tition en ligne\u00a0\u00bb url=\u00a0\u00bbhttps:\/\/courtmetrange.eu\/court-metrange-en-ligne-2023&Prime; align=\u00a0\u00bbcenter\u00a0\u00bb disabled_on=\u00a0\u00bboff|off|off\u00a0\u00bb _builder_version=\u00a0\u00bb4.22.1&Prime; _module_preset=\u00a0\u00bbdefault\u00a0\u00bb width=\u00a0\u00bb80%\u00a0\u00bb custom_margin=\u00a0\u00bb||5px||false|false\u00a0\u00bb animation_style=\u00a0\u00bbflip\u00a0\u00bb global_colors_info=\u00a0\u00bb{}\u00a0\u00bb][\/et_pb_image][et_pb_text disabled_on=\u00a0\u00bboff|off|off\u00a0\u00bb _builder_version=\u00a0\u00bb4.22.1&Prime; _module_preset=\u00a0\u00bbdefault\u00a0\u00bb custom_margin=\u00a0\u00bb0px|0px|0px|0px|true|true\u00a0\u00bb custom_padding=\u00a0\u00bb0px|0px|0px|0px|true|true\u00a0\u00bb animation_style=\u00a0\u00bbslide\u00a0\u00bb link_option_url=\u00a0\u00bbhttps:\/\/courtmetrange.eu\/court-metrange-en-ligne-2023&Prime; global_colors_info=\u00a0\u00bb{}\u00a0\u00bb]<\/p>\n<h2 style=\"text-align: center;\"><span style=\"color: #ffffff;\">M\u00e9trange en ligne<\/span><\/h2>\n<p>[\/et_pb_text][\/et_pb_column][et_pb_column type=\u00a0\u00bb1_4&Prime; _builder_version=\u00a0\u00bb4.20.1&Prime; _module_preset=\u00a0\u00bbdefault\u00a0\u00bb global_colors_info=\u00a0\u00bb{}\u00a0\u00bb][\/et_pb_column][et_pb_column type=\u00a0\u00bb1_4&Prime; _builder_version=\u00a0\u00bb4.20.1&Prime; _module_preset=\u00a0\u00bbdefault\u00a0\u00bb global_colors_info=\u00a0\u00bb{}\u00a0\u00bb][\/et_pb_column][\/et_pb_row][et_pb_row _builder_version=\u00a0\u00bb4.21.0&Prime; _module_preset=\u00a0\u00bbdefault\u00a0\u00bb custom_margin=\u00a0\u00bb15px||15px||true|false\u00a0\u00bb global_colors_info=\u00a0\u00bb{}\u00a0\u00bb][et_pb_column type=\u00a0\u00bb4_4&Prime; _builder_version=\u00a0\u00bb4.21.0&Prime; _module_preset=\u00a0\u00bbdefault\u00a0\u00bb global_colors_info=\u00a0\u00bb{}\u00a0\u00bb][et_pb_video src=\u00a0\u00bbhttps:\/\/youtu.be\/QQO6tR2CQBA\u00a0\u00bb _builder_version=\u00a0\u00bb4.21.0&Prime; _module_preset=\u00a0\u00bbdefault\u00a0\u00bb global_colors_info=\u00a0\u00bb{}\u00a0\u00bb][\/et_pb_video][\/et_pb_column][\/et_pb_row][\/et_pb_section][et_pb_section fb_built=\u00a0\u00bb1&Prime; _builder_version=\u00a0\u00bb4.16&Prime; _module_preset=\u00a0\u00bbdefault\u00a0\u00bb background_color=\u00a0\u00bbrgba(0,0,0,0)\u00a0\u00bb custom_margin=\u00a0\u00bb||-121px||false|false\u00a0\u00bb custom_padding=\u00a0\u00bb||0px||false|false\u00a0\u00bb global_colors_info=\u00a0\u00bb{}\u00a0\u00bb][\/et_pb_section]<\/p>","protected":false},"excerpt":{"rendered":"<p>ARCHIVE Festival Court M\u00e9trangeDu 21 septembre au 1er octobre 2023 \u00e0 RennesLa cha\u00eene Court M\u00e9trange sur Shadowz\u00a0!\u00ab Comme un poison dans l&rsquo;eau \u00bb L&rsquo;Or bleu, immensit\u00e9 de fiction et ressource [&hellip;]<\/p>","protected":false},"author":8,"featured_media":0,"parent":0,"menu_order":0,"comment_status":"closed","ping_status":"closed","template":"","meta":{"_acf_changed":false,"_et_pb_use_builder":"on","_et_pb_old_content":"","_et_gb_content_width":"","footnotes":""},"class_list":["post-11751","page","type-page","status-publish","hentry"],"acf":[],"yoast_head":"<!-- This site is optimized with the Yoast SEO plugin v24.5 - https:\/\/yoast.com\/wordpress\/plugins\/seo\/ -->\n<title>Archives Festival Court M\u00e9trange 2023 - Court M\u00e9trange<\/title>\n<meta name=\"robots\" content=\"index, follow, max-snippet:-1, max-image-preview:large, max-video-preview:-1\" \/>\n<link rel=\"canonical\" href=\"https:\/\/courtmetrange.eu\/en\/archives-festival-court-metrange-2023\/\" \/>\n<meta property=\"og:locale\" content=\"en_GB\" \/>\n<meta property=\"og:type\" content=\"article\" \/>\n<meta property=\"og:title\" content=\"Archives Festival Court M\u00e9trange 2023 - Court M\u00e9trange\" \/>\n<meta property=\"og:description\" content=\"ARCHIVE Festival Court M\u00e9trangeDu 21 septembre au 1er octobre 2023 \u00e0 RennesLa cha\u00eene Court M\u00e9trange sur Shadowz\u00a0!\u00ab Comme un poison dans l&#039;eau \u00bb L&#039;Or bleu, immensit\u00e9 de fiction et ressource [&hellip;]\" \/>\n<meta property=\"og:url\" content=\"https:\/\/courtmetrange.eu\/en\/archives-festival-court-metrange-2023\/\" \/>\n<meta property=\"og:site_name\" content=\"Court M\u00e9trange\" \/>\n<meta property=\"article:publisher\" content=\"https:\/\/www.facebook.com\/CourtMetrange\/\" \/>\n<meta property=\"article:modified_time\" content=\"2025-03-25T13:11:20+00:00\" \/>\n<meta name=\"twitter:card\" content=\"summary_large_image\" \/>\n<meta name=\"twitter:site\" content=\"@courtmetrange\" \/>\n<script type=\"application\/ld+json\" class=\"yoast-schema-graph\">{\"@context\":\"https:\/\/schema.org\",\"@graph\":[{\"@type\":\"WebPage\",\"@id\":\"https:\/\/courtmetrange.eu\/archives-festival-court-metrange-2023\/\",\"url\":\"https:\/\/courtmetrange.eu\/archives-festival-court-metrange-2023\/\",\"name\":\"Archives Festival Court M\u00e9trange 2023 - Court M\u00e9trange\",\"isPartOf\":{\"@id\":\"https:\/\/courtmetrange.eu\/en\/#website\"},\"datePublished\":\"2024-05-27T09:18:56+00:00\",\"dateModified\":\"2025-03-25T13:11:20+00:00\",\"breadcrumb\":{\"@id\":\"https:\/\/courtmetrange.eu\/archives-festival-court-metrange-2023\/#breadcrumb\"},\"inLanguage\":\"en-GB\",\"potentialAction\":[{\"@type\":\"ReadAction\",\"target\":[\"https:\/\/courtmetrange.eu\/archives-festival-court-metrange-2023\/\"]}]},{\"@type\":\"BreadcrumbList\",\"@id\":\"https:\/\/courtmetrange.eu\/archives-festival-court-metrange-2023\/#breadcrumb\",\"itemListElement\":[{\"@type\":\"ListItem\",\"position\":1,\"name\":\"Accueil\",\"item\":\"https:\/\/courtmetrange.eu\/\"},{\"@type\":\"ListItem\",\"position\":2,\"name\":\"Archives Festival Court M\u00e9trange 2023\"}]},{\"@type\":\"WebSite\",\"@id\":\"https:\/\/courtmetrange.eu\/en\/#website\",\"url\":\"https:\/\/courtmetrange.eu\/en\/\",\"name\":\"Court M\u00e9trange\",\"description\":\"Festival International du court m\u00e9trage insolite et fantastique de Rennes\",\"publisher\":{\"@id\":\"https:\/\/courtmetrange.eu\/en\/#organization\"},\"potentialAction\":[{\"@type\":\"SearchAction\",\"target\":{\"@type\":\"EntryPoint\",\"urlTemplate\":\"https:\/\/courtmetrange.eu\/en\/?s={search_term_string}\"},\"query-input\":{\"@type\":\"PropertyValueSpecification\",\"valueRequired\":true,\"valueName\":\"search_term_string\"}}],\"inLanguage\":\"en-GB\"},{\"@type\":\"Organization\",\"@id\":\"https:\/\/courtmetrange.eu\/en\/#organization\",\"name\":\"Court M\u00e9trange\",\"url\":\"https:\/\/courtmetrange.eu\/en\/\",\"logo\":{\"@type\":\"ImageObject\",\"inLanguage\":\"en-GB\",\"@id\":\"https:\/\/courtmetrange.eu\/en\/#\/schema\/logo\/image\/\",\"url\":\"https:\/\/courtmetrange.eu\/wp-content\/uploads\/2020\/11\/Logo_CourtMetrange.svg\",\"contentUrl\":\"https:\/\/courtmetrange.eu\/wp-content\/uploads\/2020\/11\/Logo_CourtMetrange.svg\",\"width\":251,\"height\":127,\"caption\":\"Court M\u00e9trange\"},\"image\":{\"@id\":\"https:\/\/courtmetrange.eu\/en\/#\/schema\/logo\/image\/\"},\"sameAs\":[\"https:\/\/www.facebook.com\/CourtMetrange\/\",\"https:\/\/x.com\/courtmetrange\",\"https:\/\/www.instagram.com\/courtmetrange.rennes\/\",\"https:\/\/www.youtube.com\/channel\/UCbS9jcW3uiDQeGgZAT29Emw\/videos\"]}]}<\/script>\n<!-- \/ Yoast SEO plugin. -->","yoast_head_json":{"title":"Archives Festival Court M\u00e9trange 2023 - Court M\u00e9trange","robots":{"index":"index","follow":"follow","max-snippet":"max-snippet:-1","max-image-preview":"max-image-preview:large","max-video-preview":"max-video-preview:-1"},"canonical":"https:\/\/courtmetrange.eu\/en\/archives-festival-court-metrange-2023\/","og_locale":"en_GB","og_type":"article","og_title":"Archives Festival Court M\u00e9trange 2023 - Court M\u00e9trange","og_description":"ARCHIVE Festival Court M\u00e9trangeDu 21 septembre au 1er octobre 2023 \u00e0 RennesLa cha\u00eene Court M\u00e9trange sur Shadowz\u00a0!\u00ab Comme un poison dans l'eau \u00bb L'Or bleu, immensit\u00e9 de fiction et ressource [&hellip;]","og_url":"https:\/\/courtmetrange.eu\/en\/archives-festival-court-metrange-2023\/","og_site_name":"Court M\u00e9trange","article_publisher":"https:\/\/www.facebook.com\/CourtMetrange\/","article_modified_time":"2025-03-25T13:11:20+00:00","twitter_card":"summary_large_image","twitter_site":"@courtmetrange","schema":{"@context":"https:\/\/schema.org","@graph":[{"@type":"WebPage","@id":"https:\/\/courtmetrange.eu\/archives-festival-court-metrange-2023\/","url":"https:\/\/courtmetrange.eu\/archives-festival-court-metrange-2023\/","name":"Archives Festival Court M\u00e9trange 2023 - Court M\u00e9trange","isPartOf":{"@id":"https:\/\/courtmetrange.eu\/en\/#website"},"datePublished":"2024-05-27T09:18:56+00:00","dateModified":"2025-03-25T13:11:20+00:00","breadcrumb":{"@id":"https:\/\/courtmetrange.eu\/archives-festival-court-metrange-2023\/#breadcrumb"},"inLanguage":"en-GB","potentialAction":[{"@type":"ReadAction","target":["https:\/\/courtmetrange.eu\/archives-festival-court-metrange-2023\/"]}]},{"@type":"BreadcrumbList","@id":"https:\/\/courtmetrange.eu\/archives-festival-court-metrange-2023\/#breadcrumb","itemListElement":[{"@type":"ListItem","position":1,"name":"Accueil","item":"https:\/\/courtmetrange.eu\/"},{"@type":"ListItem","position":2,"name":"Archives Festival Court M\u00e9trange 2023"}]},{"@type":"WebSite","@id":"https:\/\/courtmetrange.eu\/en\/#website","url":"https:\/\/courtmetrange.eu\/en\/","name":"Court M\u00e9trange","description":"Festival International du court m\u00e9trage insolite et fantastique de Rennes","publisher":{"@id":"https:\/\/courtmetrange.eu\/en\/#organization"},"potentialAction":[{"@type":"SearchAction","target":{"@type":"EntryPoint","urlTemplate":"https:\/\/courtmetrange.eu\/en\/?s={search_term_string}"},"query-input":{"@type":"PropertyValueSpecification","valueRequired":true,"valueName":"search_term_string"}}],"inLanguage":"en-GB"},{"@type":"Organization","@id":"https:\/\/courtmetrange.eu\/en\/#organization","name":"Court M\u00e9trange","url":"https:\/\/courtmetrange.eu\/en\/","logo":{"@type":"ImageObject","inLanguage":"en-GB","@id":"https:\/\/courtmetrange.eu\/en\/#\/schema\/logo\/image\/","url":"https:\/\/courtmetrange.eu\/wp-content\/uploads\/2020\/11\/Logo_CourtMetrange.svg","contentUrl":"https:\/\/courtmetrange.eu\/wp-content\/uploads\/2020\/11\/Logo_CourtMetrange.svg","width":251,"height":127,"caption":"Court M\u00e9trange"},"image":{"@id":"https:\/\/courtmetrange.eu\/en\/#\/schema\/logo\/image\/"},"sameAs":["https:\/\/www.facebook.com\/CourtMetrange\/","https:\/\/x.com\/courtmetrange","https:\/\/www.instagram.com\/courtmetrange.rennes\/","https:\/\/www.youtube.com\/channel\/UCbS9jcW3uiDQeGgZAT29Emw\/videos"]}]}},"_links":{"self":[{"href":"https:\/\/courtmetrange.eu\/en\/wp-json\/wp\/v2\/pages\/11751","targetHints":{"allow":["GET"]}}],"collection":[{"href":"https:\/\/courtmetrange.eu\/en\/wp-json\/wp\/v2\/pages"}],"about":[{"href":"https:\/\/courtmetrange.eu\/en\/wp-json\/wp\/v2\/types\/page"}],"author":[{"embeddable":true,"href":"https:\/\/courtmetrange.eu\/en\/wp-json\/wp\/v2\/users\/8"}],"replies":[{"embeddable":true,"href":"https:\/\/courtmetrange.eu\/en\/wp-json\/wp\/v2\/comments?post=11751"}],"version-history":[{"count":8,"href":"https:\/\/courtmetrange.eu\/en\/wp-json\/wp\/v2\/pages\/11751\/revisions"}],"predecessor-version":[{"id":13173,"href":"https:\/\/courtmetrange.eu\/en\/wp-json\/wp\/v2\/pages\/11751\/revisions\/13173"}],"wp:attachment":[{"href":"https:\/\/courtmetrange.eu\/en\/wp-json\/wp\/v2\/media?parent=11751"}],"curies":[{"name":"wp","href":"https:\/\/api.w.org\/{rel}","templated":true}]}}