{"id":11777,"date":"2024-06-06T09:43:14","date_gmt":"2024-06-06T07:43:14","guid":{"rendered":"https:\/\/courtmetrange.eu\/?page_id=11777"},"modified":"2024-08-01T15:50:41","modified_gmt":"2024-08-01T13:50:41","slug":"parcours-jeune-public-23","status":"publish","type":"page","link":"https:\/\/courtmetrange.eu\/en\/parcours-jeune-public-23\/","title":{"rendered":"PARCOURS JEUNE PUBLIC 2023"},"content":{"rendered":"[et_pb_section fb_built=\u00a0\u00bb1&Prime; _builder_version=\u00a0\u00bb4.20.1&Prime; _module_preset=\u00a0\u00bbdefault\u00a0\u00bb background_color=\u00a0\u00bbrgba(0,0,0,0)\u00a0\u00bb background_image=\u00a0\u00bbhttps:\/\/courtmetrange.eu\/wp-content\/uploads\/2023\/04\/Fond-site-1-1.jpg\u00a0\u00bb parallax=\u00a0\u00bbon\u00a0\u00bb min_height=\u00a0\u00bb268px\u00a0\u00bb custom_margin=\u00a0\u00bb-26px||20px||false|false\u00a0\u00bb custom_padding=\u00a0\u00bb55px||0px||false|false\u00a0\u00bb global_colors_info=\u00a0\u00bb{}\u00a0\u00bb][et_pb_row _builder_version=\u00a0\u00bb4.21.0&Prime; _module_preset=\u00a0\u00bbdefault\u00a0\u00bb background_color=\u00a0\u00bbrgba(8,160,155,0.23)\u00a0\u00bb background_video_mp4=\u00a0\u00bbhttps:\/\/courtmetrange.eu\/wp-content\/uploads\/2023\/05\/istockphoto-641983292-640_adpp_is.mp4&Prime; max_width=\u00a0\u00bb1920px\u00a0\u00bb custom_margin=\u00a0\u00bb-30px|auto|32px|auto|false|false\u00a0\u00bb custom_padding=\u00a0\u00bb35px|20px|0px|20px|false|false\u00a0\u00bb border_radii=\u00a0\u00bbon|20px|20px|20px|20px\u00a0\u00bb global_colors_info=\u00a0\u00bb{}\u00a0\u00bb][et_pb_column type=\u00a0\u00bb4_4&Prime; _builder_version=\u00a0\u00bb4.16&Prime; _module_preset=\u00a0\u00bbdefault\u00a0\u00bb global_colors_info=\u00a0\u00bb{}\u00a0\u00bb][et_pb_text _builder_version=\u00a0\u00bb4.21.0&Prime; _module_preset=\u00a0\u00bbdefault\u00a0\u00bb custom_margin=\u00a0\u00bb-25px|||||\u00a0\u00bb custom_padding=\u00a0\u00bb0px|||||\u00a0\u00bb global_colors_info=\u00a0\u00bb{}\u00a0\u00bb]<h1 style=\"text-align: center;\"><span style=\"color: #ffffff;\">Young audiences Eye-Tinerary<\/span><\/h1>\n<h2 class=\"title-cm\" style=\"text-align: center;\"><span class=\"date-title\" style=\"color: #ffffff;\">Du 25 au 29 septembre 2023 \u2013 Rennes<\/span><\/h2>[\/et_pb_text][\/et_pb_column][\/et_pb_row][et_pb_row _builder_version=\u00a0\u00bb4.20.1&Prime; _module_preset=\u00a0\u00bbdefault\u00a0\u00bb custom_margin=\u00a0\u00bb-28px|auto||auto||\u00a0\u00bb global_colors_info=\u00a0\u00bb{}\u00a0\u00bb][et_pb_column type=\u00a0\u00bb4_4&Prime; _builder_version=\u00a0\u00bb4.20.1&Prime; _module_preset=\u00a0\u00bbdefault\u00a0\u00bb global_colors_info=\u00a0\u00bb{}\u00a0\u00bb][et_pb_image src=\u00a0\u00bbhttps:\/\/courtmetrange.eu\/wp-content\/uploads\/2023\/05\/them.png\u00a0\u00bb title_text=\u00a0\u00bbthem\u00a0\u00bb align=\u00a0\u00bbcenter\u00a0\u00bb _builder_version=\u00a0\u00bb4.20.1&Prime; _module_preset=\u00a0\u00bbdefault\u00a0\u00bb custom_margin=\u00a0\u00bb-23px|-43px||||\u00a0\u00bb custom_padding=\u00a0\u00bb5px|34px|0px|||\u00a0\u00bb global_colors_info=\u00a0\u00bb{}\u00a0\u00bb][\/et_pb_image][\/et_pb_column][\/et_pb_row][et_pb_row column_structure=\u00a0\u00bb1_2,1_2&Prime; _builder_version=\u00a0\u00bb4.20.1&Prime; _module_preset=\u00a0\u00bbdefault\u00a0\u00bb background_color=\u00a0\u00bbrgba(8,160,155,0.23)\u00a0\u00bb max_width=\u00a0\u00bb1920px\u00a0\u00bb min_height=\u00a0\u00bb1291.8px\u00a0\u00bb custom_margin=\u00a0\u00bb-30px|auto|32px|auto|false|false\u00a0\u00bb custom_padding=\u00a0\u00bb35px|20px|0px|20px|false|false\u00a0\u00bb border_radii=\u00a0\u00bbon|20px|20px|20px|20px\u00a0\u00bb global_colors_info=\u00a0\u00bb{}\u00a0\u00bb][et_pb_column type=\u00a0\u00bb1_2&Prime; _builder_version=\u00a0\u00bb4.16&Prime; _module_preset=\u00a0\u00bbdefault\u00a0\u00bb global_colors_info=\u00a0\u00bb{}\u00a0\u00bb][et_pb_image src=\u00a0\u00bbhttps:\/\/courtmetrange.eu\/wp-content\/uploads\/2023\/05\/Affiche-PJP-2023-min-min-scaled.jpg\u00a0\u00bb title_text=\u00a0\u00bbAffiche-PJP-2023-min-min\u00a0\u00bb _builder_version=\u00a0\u00bb4.21.0&Prime; _module_preset=\u00a0\u00bbdefault\u00a0\u00bb global_colors_info=\u00a0\u00bb{}\u00a0\u00bb][\/et_pb_image][et_pb_button button_url=\u00a0\u00bbhttps:\/\/courtmetrange.eu\/wp-content\/uploads\/2023\/06\/Catalogue-PJ_23_compressed.pdf\u00a0\u00bb url_new_window=\u00a0\u00bbon\u00a0\u00bb button_text=\u00a0\u00bbProgramme parcours jeune public\u00a0\u00bb button_alignment=\u00a0\u00bbcenter\u00a0\u00bb module_class=\u00a0\u00bbbtn-cm\u00a0\u00bb _builder_version=\u00a0\u00bb4.21.0&Prime; _module_preset=\u00a0\u00bbdefault\u00a0\u00bb custom_button=\u00a0\u00bbon\u00a0\u00bb button_text_color=\u00a0\u00bb#042e87&Prime; button_bg_color=\u00a0\u00bb#b47cc7&Prime; button_border_radius=\u00a0\u00bb20px\u00a0\u00bb custom_margin=\u00a0\u00bb30px||30px||true|false\u00a0\u00bb custom_css_main_element=\u00a0\u00bbtext-transform: uppercase;\u00a0\u00bb global_colors_info=\u00a0\u00bb{}\u00a0\u00bb][\/et_pb_button][et_pb_button button_url=\u00a0\u00bbhttps:\/\/docs.google.com\/forms\/d\/1_UTz495aJy8WhbqoWJVxu9bwnZ2YUPXCjFLHkDRGE8M\/edit\u00a0\u00bb url_new_window=\u00a0\u00bbon\u00a0\u00bb button_text=\u00a0\u00bbINSCRIPTION EN LIGNE\u00a0\u00bb button_alignment=\u00a0\u00bbcenter\u00a0\u00bb module_class=\u00a0\u00bbbtn-cm\u00a0\u00bb _builder_version=\u00a0\u00bb4.20.1&Prime; _module_preset=\u00a0\u00bbdefault\u00a0\u00bb custom_button=\u00a0\u00bbon\u00a0\u00bb button_text_color=\u00a0\u00bb#042e87&Prime; button_bg_color=\u00a0\u00bb#b47cc7&Prime; button_border_radius=\u00a0\u00bb20px\u00a0\u00bb custom_margin=\u00a0\u00bb50px||50px||true|false\u00a0\u00bb custom_css_main_element=\u00a0\u00bbtext-transform: uppercase;\u00a0\u00bb global_colors_info=\u00a0\u00bb{}\u00a0\u00bb][\/et_pb_button][\/et_pb_column][et_pb_column type=\u00a0\u00bb1_2&Prime; _builder_version=\u00a0\u00bb4.16&Prime; _module_preset=\u00a0\u00bbdefault\u00a0\u00bb global_colors_info=\u00a0\u00bb{}\u00a0\u00bb][et_pb_text _builder_version=\u00a0\u00bb4.20.1&Prime; _module_preset=\u00a0\u00bbdefault\u00a0\u00bb text_font=\u00a0\u00bbClinica-Black||||||||\u00a0\u00bb text_text_color=\u00a0\u00bb#b47cc7&Prime; custom_margin=\u00a0\u00bb||32px||false|false\u00a0\u00bb custom_padding=\u00a0\u00bb38px||||false|false\u00a0\u00bb global_colors_info=\u00a0\u00bb{}\u00a0\u00bb]<h2 style=\"text-align: center;\"><span style=\"color: #b47cc7;\">\u00c9DITO 2023<\/span><\/h2>\n<h3 style=\"text-align: center;\"><span class=\"WdYUQQ\" style=\"color: #00c9cd;\">L\u2019ouverture culturelle<\/span><\/h3>[\/et_pb_text][et_pb_text _builder_version=\u00a0\u00bb4.21.0&Prime; _module_preset=\u00a0\u00bbdefault\u00a0\u00bb text_font=\u00a0\u00bbHelvetica Neue||||||||\u00a0\u00bb custom_margin=\u00a0\u00bb||0px||false|false\u00a0\u00bb custom_padding=\u00a0\u00bb0px||48px||false|false\u00a0\u00bb global_colors_info=\u00a0\u00bb{}\u00a0\u00bb]<p class=\"_04xlpA direction-ltr align-justify para-style-body\" style=\"text-align: justify;\"><span style=\"color: #ffffff;\"><span class=\"WdYUQQ\">Larguons les amarres pour cette nouvelle \u00e9dition. Le Parcours Jeune Public se tiendra \u00e0 Rennes du lundi 25 septembre au vendredi 29 septembre 2023. Cette ann\u00e9e, ce Parcours se propose de centrer ses actions sur la th\u00e9matique officielle du Festival Court M\u00e9trange :<\/span><span class=\"WdYUQQ\"> <\/span><span style=\"color: #00c9cd;\"><strong><span class=\"WdYUQQ\">L&rsquo;EAU<\/span><\/strong><span class=\"WdYUQQ\"><strong>.<\/strong> <\/span><\/span><span class=\"WdYUQQ\">Ce fil rouge permet de relier entre elles toutes les propositions d\u2019\u00e9ducation artistique et culturelle en s\u2019immergeant dans les profondeurs fantastiques de <\/span><span class=\"WdYUQQ\">l<span style=\"color: #00c9cd;\"><strong>\u2019<\/strong><\/span><\/span><span style=\"color: #00c9cd;\"><strong><span class=\"WdYUQQ\">or bleu<\/span><span class=\"WdYUQQ\">.<\/span><\/strong><\/span><span class=\"WdYUQQ white-space-prewrap\"> <\/span><\/span><\/p>\n<p class=\"_04xlpA direction-ltr align-justify para-style-body\" style=\"text-align: justify;\"><span style=\"color: #ffffff;\"><span class=\"WdYUQQ\">Le Parcours Jeune Public est une mise en symbiose de<\/span><span class=\"WdYUQQ white-space-prewrap\"> <\/span><span class=\"WdYUQQ\">la programmation artistique et culturelle du Festival Court M\u00e9trange et des disciplines scolaires. Il traverse les fronti\u00e8res entre les arts, les sciences et la litt\u00e9rature.<\/span><span class=\"WdYUQQ white-space-prewrap\"> <\/span><\/span><\/p>\n<p class=\"_04xlpA direction-ltr align-justify para-style-body\" style=\"text-align: justify;\"><span class=\"WdYUQQ\" style=\"color: #ffffff;\">Construit pour les enseignant\u00b7es, le Parcours est con\u00e7u pour \u00eatre un outil proposant des pistes ludiques et p\u00e9dagogiques en lien avec les programmes scolaires.<\/span><\/p>\n<p class=\"_04xlpA direction-ltr align-center para-style-body\" style=\"text-align: center;\"><span style=\"color: #ffffff;\"><span class=\"WdYUQQ\">[Physique chimie, sciences de la vie et de la Terre, litt\u00e9rature,<\/span><span class=\"WdYUQQ white-space-prewrap\"> <\/span><span class=\"WdYUQQ\">langues \u00e9trang\u00e8res, arts plastiques, musique, histoire de l\u2019art, philosophie, etc.]<\/span><\/span><\/p>\n<p class=\"_04xlpA direction-ltr align-justify para-style-body\" style=\"text-align: justify;\"><span class=\"WdYUQQ\" style=\"color: #ffffff;\">Notre parcours \u00e9ducatif et culturel in\u00e9dit propose \u00e0 chaque jeune, quelle que soit la structure \u00e0 laquelle il\u00b7elle appartient, qu&rsquo;elle soit scolaire ou non, de participer activement aux propositions artistiques du Festival et de d\u00e9couvrir des lieux institutionnels et culturels rennais tels que le mus\u00e9e des beaux-arts, le cin\u00e9ma du TNB, l\u2019Espace des sciences, le mus\u00e9e de Bretagne, etc.<\/span><\/p>\n<p class=\"_04xlpA direction-ltr align-justify para-style-body\" style=\"text-align: justify;\"><span class=\"WdYUQQ\" style=\"color: #ffffff;\">Alors, surfez sur la vague du cin\u00e9ma de genre et embarquez \u00e0 bord du Parcours Jeune Public 2023 !<\/span><\/p>\n<p class=\"_04xlpA direction-ltr align-end para-style-body\" style=\"text-align: right;\"><span style=\"color: #00c9cd;\"><strong><span class=\"WdYUQQ\">L\u2019\u00e9quipage du<\/span><span class=\"WdYUQQ white-space-prewrap\"> <\/span><span class=\"WdYUQQ\">Young audiences Eye-Tinerary<\/span><\/strong><\/span><\/p>[\/et_pb_text][et_pb_code _builder_version=\u00a0\u00bb4.21.0&Prime; _module_preset=\u00a0\u00bbdefault\u00a0\u00bb global_colors_info=\u00a0\u00bb{}\u00a0\u00bb]<div class=\"_df_book df-lite\" id=\"df_9362\"  _slug=\"programme-parcours-jeune-public-2023\" data-title=\"programme-parcours-jeune-public-2023\" wpoptions=\"true\" thumbtype=\"\" ><\/div><script class=\"df-shortcode-script\" nowprocket type=\"application\/javascript\">window.option_df_9362 = {\"outline\":[],\"backgroundColor\":\"rgba(255,255,255,0)\",\"autoEnableOutline\":\"false\",\"autoEnableThumbnail\":\"false\",\"overwritePDFOutline\":\"false\",\"direction\":\"1\",\"pageSize\":\"0\",\"source\":\"https:\\\/\\\/courtmetrange.eu\\\/wp-content\\\/uploads\\\/2023\\\/06\\\/Catalogue-PJ_23_compressed.pdf\",\"wpOptions\":\"true\"}; if(window.DFLIP && window.DFLIP.parseBooks){window.DFLIP.parseBooks();}<\/script><!-- [et_pb_line_break_holder] -->[\/et_pb_code][\/et_pb_column][\/et_pb_row][et_pb_row column_structure=\u00a0\u00bb1_4,1_4,1_4,1_4&Prime; _builder_version=\u00a0\u00bb4.20.1&Prime; _module_preset=\u00a0\u00bbdefault\u00a0\u00bb background_color=\u00a0\u00bbRGBA(255,255,255,0)\u00a0\u00bb max_width=\u00a0\u00bb1920px\u00a0\u00bb min_height=\u00a0\u00bb519px\u00a0\u00bb custom_margin=\u00a0\u00bb9px|auto|-136px|auto|false|false\u00a0\u00bb custom_padding=\u00a0\u00bb24px|20px|0px|20px|false|false\u00a0\u00bb border_radii=\u00a0\u00bbon|20px|20px|20px|20px\u00a0\u00bb global_colors_info=\u00a0\u00bb{}\u00a0\u00bb][et_pb_column type=\u00a0\u00bb1_4&Prime; _builder_version=\u00a0\u00bb4.16&Prime; _module_preset=\u00a0\u00bbdefault\u00a0\u00bb global_colors_info=\u00a0\u00bb{}\u00a0\u00bb][et_pb_image src=\u00a0\u00bbhttps:\/\/courtmetrange.eu\/wp-content\/uploads\/2023\/05\/seance-min.png\u00a0\u00bb title_text=\u00a0\u00bbs\u00e9ance-min\u00a0\u00bb url=\u00a0\u00bbhttps:\/\/courtmetrange.eu\/les-seancespjp?et_fb=1&#038;PageSpeed=off\u00a0\u00bb use_overlay=\u00a0\u00bbon\u00a0\u00bb overlay_icon_color=\u00a0\u00bb#000000&Prime; hover_overlay_color=\u00a0\u00bbrgba(144,197,250,0.66)\u00a0\u00bb align=\u00a0\u00bbcenter\u00a0\u00bb _builder_version=\u00a0\u00bb4.20.1&Prime; _module_preset=\u00a0\u00bbdefault\u00a0\u00bb width=\u00a0\u00bb85%\u00a0\u00bb max_width=\u00a0\u00bb85%\u00a0\u00bb custom_margin=\u00a0\u00bb1px|||||\u00a0\u00bb custom_padding=\u00a0\u00bb||3px|||\u00a0\u00bb border_radii=\u00a0\u00bbon|45px|45px|45px|45px\u00a0\u00bb global_colors_info=\u00a0\u00bb{}\u00a0\u00bb][\/et_pb_image][et_pb_text _builder_version=\u00a0\u00bb4.20.1&Prime; _module_preset=\u00a0\u00bbdefault\u00a0\u00bb text_font=\u00a0\u00bbHelvetica Neue||||||||\u00a0\u00bb min_height=\u00a0\u00bb100px\u00a0\u00bb custom_margin=\u00a0\u00bb-34px||-121px|||\u00a0\u00bb custom_padding=\u00a0\u00bb0px||0px|||\u00a0\u00bb link_option_url=\u00a0\u00bbhttps:\/\/courtmetrange.eu\/les-seancespjp?et_fb=1&#038;PageSpeed=off\u00a0\u00bb global_colors_info=\u00a0\u00bb{}\u00a0\u00bb]<h4 style=\"text-align: center;\"><span style=\"color: #ffffff;\">LES S\u00c9ANCES EN COMP<\/span><span style=\"color: #ffffff;\">\u00c9TITION<\/span><\/h4>\n<p style=\"text-align: center;\">[\/et_pb_text][\/et_pb_column][et_pb_column type=\u00a0\u00bb1_4&Prime; _builder_version=\u00a0\u00bb4.16&Prime; _module_preset=\u00a0\u00bbdefault\u00a0\u00bb global_colors_info=\u00a0\u00bb{}\u00a0\u00bb][et_pb_image src=\u00a0\u00bbhttps:\/\/courtmetrange.eu\/wp-content\/uploads\/2023\/05\/ateliers-min.png\u00a0\u00bb title_text=\u00a0\u00bbateliers-min\u00a0\u00bb url=\u00a0\u00bbhttps:\/\/courtmetrange.eu\/les-seances-speciales?et_fb=1&#038;PageSpeed=off\u00a0\u00bb use_overlay=\u00a0\u00bbon\u00a0\u00bb overlay_icon_color=\u00a0\u00bb#000000&Prime; hover_overlay_color=\u00a0\u00bbrgba(144,197,250,0.66)\u00a0\u00bb hover_icon=\u00a0\u00bb&#xe050;||divi||400&Prime; align=\u00a0\u00bbcenter\u00a0\u00bb _builder_version=\u00a0\u00bb4.21.0&Prime; _module_preset=\u00a0\u00bbdefault\u00a0\u00bb width=\u00a0\u00bb85%\u00a0\u00bb max_width=\u00a0\u00bb85%\u00a0\u00bb custom_margin=\u00a0\u00bb||41px|||\u00a0\u00bb custom_padding=\u00a0\u00bb0px|||||\u00a0\u00bb border_radii=\u00a0\u00bbon|45px|45px|45px|45px\u00a0\u00bb global_colors_info=\u00a0\u00bb{}\u00a0\u00bb][\/et_pb_image][et_pb_text _builder_version=\u00a0\u00bb4.20.1&Prime; _module_preset=\u00a0\u00bbdefault\u00a0\u00bb text_font=\u00a0\u00bbHelvetica Neue||||||||\u00a0\u00bb min_height=\u00a0\u00bb100px\u00a0\u00bb custom_margin=\u00a0\u00bb-34px||-70px|||\u00a0\u00bb custom_padding=\u00a0\u00bb0px||0px|||\u00a0\u00bb link_option_url=\u00a0\u00bbhttps:\/\/courtmetrange.eu\/?page_id=8956&#038;et_fb=1&#038;PageSpeed=off\u00a0\u00bb global_colors_info=\u00a0\u00bb{}\u00a0\u00bb]<h4 style=\"text-align: center;\"><span style=\"color: #ffffff;\">LES S\u00c9ANCES SP<\/span><span style=\"color: #ffffff;\">\u00c9<\/span><span style=\"color: #ffffff;\">CIALES<\/span><\/h4>\n<p style=\"text-align: center;\">[\/et_pb_text][\/et_pb_column][et_pb_column type=\u00a0\u00bb1_4&Prime; _builder_version=\u00a0\u00bb4.20.1&Prime; _module_preset=\u00a0\u00bbdefault\u00a0\u00bb global_colors_info=\u00a0\u00bb{}\u00a0\u00bb][et_pb_image src=\u00a0\u00bbhttps:\/\/courtmetrange.eu\/wp-content\/uploads\/2023\/05\/masterclass-et-rencontres.png\u00a0\u00bb title_text=\u00a0\u00bbmasterclass et rencontres\u00a0\u00bb url=\u00a0\u00bbhttps:\/\/courtmetrange.eu\/?page_id=8945&#038;et_fb=1&#038;PageSpeed=off\u00a0\u00bb use_overlay=\u00a0\u00bbon\u00a0\u00bb overlay_icon_color=\u00a0\u00bb#000000&Prime; hover_overlay_color=\u00a0\u00bbrgba(144,197,250,0.66)\u00a0\u00bb hover_icon=\u00a0\u00bb&#xe050;||divi||400&Prime; align=\u00a0\u00bbcenter\u00a0\u00bb _builder_version=\u00a0\u00bb4.20.1&Prime; _module_preset=\u00a0\u00bbdefault\u00a0\u00bb width=\u00a0\u00bb85%\u00a0\u00bb max_width=\u00a0\u00bb85%\u00a0\u00bb custom_margin=\u00a0\u00bb||41px|||\u00a0\u00bb custom_padding=\u00a0\u00bb0px|||||\u00a0\u00bb border_radii=\u00a0\u00bbon|45px|45px|45px|45px\u00a0\u00bb global_colors_info=\u00a0\u00bb{}\u00a0\u00bb][\/et_pb_image][et_pb_text _builder_version=\u00a0\u00bb4.20.1&Prime; _module_preset=\u00a0\u00bbdefault\u00a0\u00bb text_font=\u00a0\u00bbHelvetica Neue||||||||\u00a0\u00bb min_height=\u00a0\u00bb100px\u00a0\u00bb custom_margin=\u00a0\u00bb-34px||-33px|||\u00a0\u00bb custom_padding=\u00a0\u00bb0px||5px|||\u00a0\u00bb link_option_url=\u00a0\u00bbhttps:\/\/courtmetrange.eu\/?page_id=8945&#038;et_fb=1&#038;PageSpeed=off\u00a0\u00bb global_colors_info=\u00a0\u00bb{}\u00a0\u00bb]<h4 style=\"text-align: center;\"><span style=\"color: #ffffff;\">LES MASTERCLASS ET RENCONTRES<\/span><\/h4>[\/et_pb_text][\/et_pb_column][et_pb_column type=\u00a0\u00bb1_4&Prime; _builder_version=\u00a0\u00bb4.16&Prime; _module_preset=\u00a0\u00bbdefault\u00a0\u00bb global_colors_info=\u00a0\u00bb{}\u00a0\u00bb][et_pb_image src=\u00a0\u00bbhttps:\/\/courtmetrange.eu\/wp-content\/uploads\/2023\/05\/expo-min.png\u00a0\u00bb title_text=\u00a0\u00bbexpo-min\u00a0\u00bb url=\u00a0\u00bbhttps:\/\/courtmetrange.eu\/?page_id=8961&#038;et_fb=1&#038;PageSpeed=off\u00a0\u00bb use_overlay=\u00a0\u00bbon\u00a0\u00bb overlay_icon_color=\u00a0\u00bb#000000&Prime; hover_overlay_color=\u00a0\u00bbrgba(144,197,250,0.66)\u00a0\u00bb align=\u00a0\u00bbcenter\u00a0\u00bb _builder_version=\u00a0\u00bb4.20.1&Prime; _module_preset=\u00a0\u00bbdefault\u00a0\u00bb width=\u00a0\u00bb85%\u00a0\u00bb max_width=\u00a0\u00bb85%\u00a0\u00bb border_radii=\u00a0\u00bbon|45px|45px|45px|45px\u00a0\u00bb global_colors_info=\u00a0\u00bb{}\u00a0\u00bb][\/et_pb_image][et_pb_text _builder_version=\u00a0\u00bb4.20.1&Prime; _module_preset=\u00a0\u00bbdefault\u00a0\u00bb text_font=\u00a0\u00bbHelvetica Neue||||||||\u00a0\u00bb min_height=\u00a0\u00bb100px\u00a0\u00bb custom_margin=\u00a0\u00bb-34px||-33px|||\u00a0\u00bb custom_padding=\u00a0\u00bb0px||0px|||\u00a0\u00bb link_option_url=\u00a0\u00bbhttps:\/\/courtmetrange.eu\/?page_id=8961&#038;et_fb=1&#038;PageSpeed=off\u00a0\u00bb global_colors_info=\u00a0\u00bb{}\u00a0\u00bb]<h4 style=\"text-align: center;\"><span style=\"color: #ffffff;\">LES VISITES GUID\u00c9ES ET ANIMATION SCIENTIFIQUES<\/span><\/h4>[\/et_pb_text][\/et_pb_column][\/et_pb_row][et_pb_row column_structure=\u00a0\u00bb1_4,1_4,1_4,1_4&Prime; _builder_version=\u00a0\u00bb4.20.1&Prime; _module_preset=\u00a0\u00bbdefault\u00a0\u00bb background_color=\u00a0\u00bbRGBA(255,255,255,0)\u00a0\u00bb max_width=\u00a0\u00bb1920px\u00a0\u00bb min_height=\u00a0\u00bb519px\u00a0\u00bb custom_margin=\u00a0\u00bb9px|auto|-136px|auto|false|false\u00a0\u00bb custom_padding=\u00a0\u00bb24px|20px|0px|20px|false|false\u00a0\u00bb border_radii=\u00a0\u00bbon|20px|20px|20px|20px\u00a0\u00bb global_colors_info=\u00a0\u00bb{}\u00a0\u00bb][et_pb_column type=\u00a0\u00bb1_4&Prime; _builder_version=\u00a0\u00bb4.16&Prime; _module_preset=\u00a0\u00bbdefault\u00a0\u00bb global_colors_info=\u00a0\u00bb{}\u00a0\u00bb][et_pb_image src=\u00a0\u00bbhttps:\/\/courtmetrange.eu\/wp-content\/uploads\/2023\/05\/ateliers.png\u00a0\u00bb title_text=\u00a0\u00bbateliers\u00a0\u00bb url=\u00a0\u00bbhttps:\/\/courtmetrange.eu\/les-ateliers?et_fb=1&#038;PageSpeed=off\u00a0\u00bb use_overlay=\u00a0\u00bbon\u00a0\u00bb overlay_icon_color=\u00a0\u00bb#000000&Prime; hover_overlay_color=\u00a0\u00bbrgba(144,197,250,0.66)\u00a0\u00bb hover_icon=\u00a0\u00bb&#xe050;||divi||400&Prime; align=\u00a0\u00bbcenter\u00a0\u00bb _builder_version=\u00a0\u00bb4.20.1&Prime; _module_preset=\u00a0\u00bbdefault\u00a0\u00bb width=\u00a0\u00bb85%\u00a0\u00bb max_width=\u00a0\u00bb85%\u00a0\u00bb custom_margin=\u00a0\u00bb||27px|||\u00a0\u00bb custom_padding=\u00a0\u00bb0px||18px|||\u00a0\u00bb border_radii=\u00a0\u00bbon|45px|45px|45px|45px\u00a0\u00bb global_colors_info=\u00a0\u00bb{}\u00a0\u00bb][\/et_pb_image][et_pb_text _builder_version=\u00a0\u00bb4.21.0&Prime; _module_preset=\u00a0\u00bbdefault\u00a0\u00bb text_font=\u00a0\u00bbHelvetica Neue||||||||\u00a0\u00bb min_height=\u00a0\u00bb100px\u00a0\u00bb custom_margin=\u00a0\u00bb-34px||-121px|||\u00a0\u00bb custom_padding=\u00a0\u00bb0px||0px|||\u00a0\u00bb link_option_url=\u00a0\u00bbhttps:\/\/courtmetrange.eu\/les-seancespjp?et_fb=1&#038;PageSpeed=off\u00a0\u00bb global_colors_info=\u00a0\u00bb{}\u00a0\u00bb]<h4 style=\"text-align: center;\"><span style=\"color: #ffffff;\">\u00a0CONCOURS M<\/span><span style=\"color: #ffffff;\">\u00c9<\/span><span style=\"color: #ffffff;\">TRANGE<\/span><\/h4>[\/et_pb_text][\/et_pb_column][et_pb_column type=\u00a0\u00bb1_4&Prime; _builder_version=\u00a0\u00bb4.16&Prime; _module_preset=\u00a0\u00bbdefault\u00a0\u00bb global_colors_info=\u00a0\u00bb{}\u00a0\u00bb][et_pb_image src=\u00a0\u00bbhttps:\/\/courtmetrange.eu\/wp-content\/uploads\/2023\/05\/Concours-metrange.png\u00a0\u00bb title_text=\u00a0\u00bbConcours m\u00e9trange\u00a0\u00bb url=\u00a0\u00bbhttps:\/\/courtmetrange.eu\/les-seancespjp?et_fb=1&#038;PageSpeed=off\u00a0\u00bb use_overlay=\u00a0\u00bbon\u00a0\u00bb overlay_icon_color=\u00a0\u00bb#000000&Prime; hover_overlay_color=\u00a0\u00bbrgba(144,197,250,0.66)\u00a0\u00bb align=\u00a0\u00bbcenter\u00a0\u00bb _builder_version=\u00a0\u00bb4.21.0&Prime; _module_preset=\u00a0\u00bbdefault\u00a0\u00bb width=\u00a0\u00bb85%\u00a0\u00bb max_width=\u00a0\u00bb85%\u00a0\u00bb custom_margin=\u00a0\u00bb1px|||||\u00a0\u00bb custom_padding=\u00a0\u00bb||3px|||\u00a0\u00bb border_radii=\u00a0\u00bbon|45px|45px|45px|45px\u00a0\u00bb global_colors_info=\u00a0\u00bb{}\u00a0\u00bb][\/et_pb_image][et_pb_text _builder_version=\u00a0\u00bb4.20.1&Prime; _module_preset=\u00a0\u00bbdefault\u00a0\u00bb text_font=\u00a0\u00bbHelvetica Neue||||||||\u00a0\u00bb min_height=\u00a0\u00bb100px\u00a0\u00bb custom_margin=\u00a0\u00bb-34px||-33px|||\u00a0\u00bb custom_padding=\u00a0\u00bb0px||0px|||\u00a0\u00bb link_option_url=\u00a0\u00bbhttps:\/\/courtmetrange.eu\/les-ateliers?et_fb=1&#038;PageSpeed=off\u00a0\u00bb global_colors_info=\u00a0\u00bb{}\u00a0\u00bb]<h4 style=\"text-align: center;\"><span style=\"color: #ffffff;\">LES ATELIERS<\/span><\/h4>[\/et_pb_text][\/et_pb_column][et_pb_column type=\u00a0\u00bb1_4&Prime; _builder_version=\u00a0\u00bb4.20.1&Prime; _module_preset=\u00a0\u00bbdefault\u00a0\u00bb global_colors_info=\u00a0\u00bb{}\u00a0\u00bb][et_pb_image src=\u00a0\u00bbhttps:\/\/courtmetrange.eu\/wp-content\/uploads\/2023\/05\/Picto-ressources.png\u00a0\u00bb title_text=\u00a0\u00bbPicto ressources\u00a0\u00bb url=\u00a0\u00bbhttps:\/\/courtmetrange.eu\/?page_id=11808&#038;et_fb=1&#038;PageSpeed=off\u00a0\u00bb use_overlay=\u00a0\u00bbon\u00a0\u00bb overlay_icon_color=\u00a0\u00bb#000000&Prime; hover_overlay_color=\u00a0\u00bbrgba(144,197,250,0.66)\u00a0\u00bb align=\u00a0\u00bbcenter\u00a0\u00bb _builder_version=\u00a0\u00bb4.25.1&Prime; _module_preset=\u00a0\u00bbdefault\u00a0\u00bb width=\u00a0\u00bb85%\u00a0\u00bb max_width=\u00a0\u00bb85%\u00a0\u00bb min_height=\u00a0\u00bb118.7px\u00a0\u00bb custom_margin=\u00a0\u00bb-2px||-2px||true|\u00a0\u00bb custom_padding=\u00a0\u00bb0px|||||\u00a0\u00bb hover_enabled=\u00a0\u00bb0&Prime; border_radii=\u00a0\u00bbon|45px|45px|45px|45px\u00a0\u00bb global_colors_info=\u00a0\u00bb{}\u00a0\u00bb sticky_enabled=\u00a0\u00bb0&Prime;][\/et_pb_image][et_pb_text _builder_version=\u00a0\u00bb4.20.1&Prime; _module_preset=\u00a0\u00bbdefault\u00a0\u00bb text_font=\u00a0\u00bbHelvetica Neue||||||||\u00a0\u00bb min_height=\u00a0\u00bb105px\u00a0\u00bb custom_margin=\u00a0\u00bb9px||3px|||\u00a0\u00bb custom_padding=\u00a0\u00bb0px||0px|||\u00a0\u00bb link_option_url=\u00a0\u00bbhttps:\/\/courtmetrange.eu\/?page_id=8964&#038;et_fb=1&#038;PageSpeed=off\u00a0\u00bb global_colors_info=\u00a0\u00bb{}\u00a0\u00bb]<h4 style=\"text-align: center;\"><span style=\"color: #ffffff;\">LES RESSOURCES P\u00c9DAGOGIQUES<\/span><\/h4>[\/et_pb_text][\/et_pb_column][et_pb_column type=\u00a0\u00bb1_4&Prime; _builder_version=\u00a0\u00bb4.20.1&Prime; _module_preset=\u00a0\u00bbdefault\u00a0\u00bb global_colors_info=\u00a0\u00bb{}\u00a0\u00bb][et_pb_image src=\u00a0\u00bbhttps:\/\/courtmetrange.eu\/wp-content\/uploads\/2023\/05\/Concours-metrange-1.png\u00a0\u00bb title_text=\u00a0\u00bbConcours m\u00e9trange\u00a0\u00bb url=\u00a0\u00bbhttps:\/\/docs.google.com\/forms\/d\/e\/1FAIpQLSeHqHxOeSztMVhmgZSoyxiHT05jUBRLuhd2x8HfYgR9xKc6hg\/viewform?usp=sf_link\u00a0\u00bb use_overlay=\u00a0\u00bbon\u00a0\u00bb overlay_icon_color=\u00a0\u00bb#000000&Prime; hover_overlay_color=\u00a0\u00bbrgba(144,197,250,0.66)\u00a0\u00bb align=\u00a0\u00bbcenter\u00a0\u00bb _builder_version=\u00a0\u00bb4.21.0&Prime; _module_preset=\u00a0\u00bbdefault\u00a0\u00bb width=\u00a0\u00bb85%\u00a0\u00bb max_width=\u00a0\u00bb85%\u00a0\u00bb min_height=\u00a0\u00bb118.7px\u00a0\u00bb custom_margin=\u00a0\u00bb-2px||-2px||true|\u00a0\u00bb custom_padding=\u00a0\u00bb0px|||||\u00a0\u00bb border_radii=\u00a0\u00bbon|45px|45px|45px|45px\u00a0\u00bb global_colors_info=\u00a0\u00bb{}\u00a0\u00bb][\/et_pb_image][et_pb_text _builder_version=\u00a0\u00bb4.20.1&Prime; _module_preset=\u00a0\u00bbdefault\u00a0\u00bb text_font=\u00a0\u00bbHelvetica Neue||||||||\u00a0\u00bb min_height=\u00a0\u00bb100px\u00a0\u00bb custom_margin=\u00a0\u00bb-34px||-70px|||\u00a0\u00bb custom_padding=\u00a0\u00bb42px||0px|||\u00a0\u00bb link_option_url=\u00a0\u00bbhttps:\/\/courtmetrange.eu\/?page_id=8956&#038;et_fb=1&#038;PageSpeed=off\u00a0\u00bb global_colors_info=\u00a0\u00bb{}\u00a0\u00bb]<h4 style=\"text-align: center;\"><span style=\"color: #ffffff;\">INSCRIPTION<\/span><\/h4>\n<p style=\"text-align: center;\"><\/p>[\/et_pb_text][\/et_pb_column][\/et_pb_row][\/et_pb_section]","protected":false},"excerpt":{"rendered":"<p>Parcours Jeune Public Du 25 au 29 septembre 2023 \u2013 Rennes\u00c9DITO 2023 L\u2019ouverture culturelleLarguons les amarres pour cette nouvelle \u00e9dition. Le Parcours Jeune Public se tiendra \u00e0 Rennes du lundi [&hellip;]<\/p>","protected":false},"author":8,"featured_media":0,"parent":0,"menu_order":0,"comment_status":"closed","ping_status":"closed","template":"","meta":{"_acf_changed":false,"_et_pb_use_builder":"on","_et_pb_old_content":"","_et_gb_content_width":"","footnotes":""},"class_list":["post-11777","page","type-page","status-publish","hentry"],"acf":[],"yoast_head":"<!-- This site is optimized with the Yoast SEO plugin v24.5 - https:\/\/yoast.com\/wordpress\/plugins\/seo\/ -->\n<title>PARCOURS JEUNE PUBLIC 2023 - Court M\u00e9trange<\/title>\n<meta name=\"robots\" content=\"index, follow, max-snippet:-1, max-image-preview:large, max-video-preview:-1\" \/>\n<link rel=\"canonical\" href=\"https:\/\/courtmetrange.eu\/en\/parcours-jeune-public-23\/\" \/>\n<meta property=\"og:locale\" content=\"en_GB\" \/>\n<meta property=\"og:type\" content=\"article\" \/>\n<meta property=\"og:title\" content=\"PARCOURS JEUNE PUBLIC 2023 - Court M\u00e9trange\" \/>\n<meta property=\"og:description\" content=\"Parcours Jeune Public Du 25 au 29 septembre 2023 \u2013 Rennes\u00c9DITO 2023 L\u2019ouverture culturelleLarguons les amarres pour cette nouvelle \u00e9dition. Le Parcours Jeune Public se tiendra \u00e0 Rennes du lundi [&hellip;]\" \/>\n<meta property=\"og:url\" content=\"https:\/\/courtmetrange.eu\/en\/parcours-jeune-public-23\/\" \/>\n<meta property=\"og:site_name\" content=\"Court M\u00e9trange\" \/>\n<meta property=\"article:publisher\" content=\"https:\/\/www.facebook.com\/CourtMetrange\/\" \/>\n<meta property=\"article:modified_time\" content=\"2024-08-01T13:50:41+00:00\" \/>\n<meta name=\"twitter:card\" content=\"summary_large_image\" \/>\n<meta name=\"twitter:site\" content=\"@courtmetrange\" \/>\n<meta name=\"twitter:label1\" content=\"Estimated reading time\" \/>\n\t<meta name=\"twitter:data1\" content=\"4 minutes\" \/>\n<script type=\"application\/ld+json\" class=\"yoast-schema-graph\">{\"@context\":\"https:\/\/schema.org\",\"@graph\":[{\"@type\":\"WebPage\",\"@id\":\"https:\/\/courtmetrange.eu\/parcours-jeune-public-23\/\",\"url\":\"https:\/\/courtmetrange.eu\/parcours-jeune-public-23\/\",\"name\":\"PARCOURS JEUNE PUBLIC 2023 - Court M\u00e9trange\",\"isPartOf\":{\"@id\":\"https:\/\/courtmetrange.eu\/en\/#website\"},\"datePublished\":\"2024-06-06T07:43:14+00:00\",\"dateModified\":\"2024-08-01T13:50:41+00:00\",\"breadcrumb\":{\"@id\":\"https:\/\/courtmetrange.eu\/parcours-jeune-public-23\/#breadcrumb\"},\"inLanguage\":\"en-GB\",\"potentialAction\":[{\"@type\":\"ReadAction\",\"target\":[\"https:\/\/courtmetrange.eu\/parcours-jeune-public-23\/\"]}]},{\"@type\":\"BreadcrumbList\",\"@id\":\"https:\/\/courtmetrange.eu\/parcours-jeune-public-23\/#breadcrumb\",\"itemListElement\":[{\"@type\":\"ListItem\",\"position\":1,\"name\":\"Accueil\",\"item\":\"https:\/\/courtmetrange.eu\/\"},{\"@type\":\"ListItem\",\"position\":2,\"name\":\"PARCOURS JEUNE PUBLIC 2023\"}]},{\"@type\":\"WebSite\",\"@id\":\"https:\/\/courtmetrange.eu\/en\/#website\",\"url\":\"https:\/\/courtmetrange.eu\/en\/\",\"name\":\"Court M\u00e9trange\",\"description\":\"Festival International du court m\u00e9trage insolite et fantastique de Rennes\",\"publisher\":{\"@id\":\"https:\/\/courtmetrange.eu\/en\/#organization\"},\"potentialAction\":[{\"@type\":\"SearchAction\",\"target\":{\"@type\":\"EntryPoint\",\"urlTemplate\":\"https:\/\/courtmetrange.eu\/en\/?s={search_term_string}\"},\"query-input\":{\"@type\":\"PropertyValueSpecification\",\"valueRequired\":true,\"valueName\":\"search_term_string\"}}],\"inLanguage\":\"en-GB\"},{\"@type\":\"Organization\",\"@id\":\"https:\/\/courtmetrange.eu\/en\/#organization\",\"name\":\"Court M\u00e9trange\",\"url\":\"https:\/\/courtmetrange.eu\/en\/\",\"logo\":{\"@type\":\"ImageObject\",\"inLanguage\":\"en-GB\",\"@id\":\"https:\/\/courtmetrange.eu\/en\/#\/schema\/logo\/image\/\",\"url\":\"https:\/\/courtmetrange.eu\/wp-content\/uploads\/2020\/11\/Logo_CourtMetrange.svg\",\"contentUrl\":\"https:\/\/courtmetrange.eu\/wp-content\/uploads\/2020\/11\/Logo_CourtMetrange.svg\",\"width\":251,\"height\":127,\"caption\":\"Court M\u00e9trange\"},\"image\":{\"@id\":\"https:\/\/courtmetrange.eu\/en\/#\/schema\/logo\/image\/\"},\"sameAs\":[\"https:\/\/www.facebook.com\/CourtMetrange\/\",\"https:\/\/x.com\/courtmetrange\",\"https:\/\/www.instagram.com\/courtmetrange.rennes\/\",\"https:\/\/www.youtube.com\/channel\/UCbS9jcW3uiDQeGgZAT29Emw\/videos\"]}]}<\/script>\n<!-- \/ Yoast SEO plugin. -->","yoast_head_json":{"title":"PARCOURS JEUNE PUBLIC 2023 - Court M\u00e9trange","robots":{"index":"index","follow":"follow","max-snippet":"max-snippet:-1","max-image-preview":"max-image-preview:large","max-video-preview":"max-video-preview:-1"},"canonical":"https:\/\/courtmetrange.eu\/en\/parcours-jeune-public-23\/","og_locale":"en_GB","og_type":"article","og_title":"PARCOURS JEUNE PUBLIC 2023 - Court M\u00e9trange","og_description":"Parcours Jeune Public Du 25 au 29 septembre 2023 \u2013 Rennes\u00c9DITO 2023 L\u2019ouverture culturelleLarguons les amarres pour cette nouvelle \u00e9dition. Le Parcours Jeune Public se tiendra \u00e0 Rennes du lundi [&hellip;]","og_url":"https:\/\/courtmetrange.eu\/en\/parcours-jeune-public-23\/","og_site_name":"Court M\u00e9trange","article_publisher":"https:\/\/www.facebook.com\/CourtMetrange\/","article_modified_time":"2024-08-01T13:50:41+00:00","twitter_card":"summary_large_image","twitter_site":"@courtmetrange","twitter_misc":{"Estimated reading time":"4 minutes"},"schema":{"@context":"https:\/\/schema.org","@graph":[{"@type":"WebPage","@id":"https:\/\/courtmetrange.eu\/parcours-jeune-public-23\/","url":"https:\/\/courtmetrange.eu\/parcours-jeune-public-23\/","name":"PARCOURS JEUNE PUBLIC 2023 - Court M\u00e9trange","isPartOf":{"@id":"https:\/\/courtmetrange.eu\/en\/#website"},"datePublished":"2024-06-06T07:43:14+00:00","dateModified":"2024-08-01T13:50:41+00:00","breadcrumb":{"@id":"https:\/\/courtmetrange.eu\/parcours-jeune-public-23\/#breadcrumb"},"inLanguage":"en-GB","potentialAction":[{"@type":"ReadAction","target":["https:\/\/courtmetrange.eu\/parcours-jeune-public-23\/"]}]},{"@type":"BreadcrumbList","@id":"https:\/\/courtmetrange.eu\/parcours-jeune-public-23\/#breadcrumb","itemListElement":[{"@type":"ListItem","position":1,"name":"Accueil","item":"https:\/\/courtmetrange.eu\/"},{"@type":"ListItem","position":2,"name":"PARCOURS JEUNE PUBLIC 2023"}]},{"@type":"WebSite","@id":"https:\/\/courtmetrange.eu\/en\/#website","url":"https:\/\/courtmetrange.eu\/en\/","name":"Court M\u00e9trange","description":"Festival International du court m\u00e9trage insolite et fantastique de Rennes","publisher":{"@id":"https:\/\/courtmetrange.eu\/en\/#organization"},"potentialAction":[{"@type":"SearchAction","target":{"@type":"EntryPoint","urlTemplate":"https:\/\/courtmetrange.eu\/en\/?s={search_term_string}"},"query-input":{"@type":"PropertyValueSpecification","valueRequired":true,"valueName":"search_term_string"}}],"inLanguage":"en-GB"},{"@type":"Organization","@id":"https:\/\/courtmetrange.eu\/en\/#organization","name":"Court M\u00e9trange","url":"https:\/\/courtmetrange.eu\/en\/","logo":{"@type":"ImageObject","inLanguage":"en-GB","@id":"https:\/\/courtmetrange.eu\/en\/#\/schema\/logo\/image\/","url":"https:\/\/courtmetrange.eu\/wp-content\/uploads\/2020\/11\/Logo_CourtMetrange.svg","contentUrl":"https:\/\/courtmetrange.eu\/wp-content\/uploads\/2020\/11\/Logo_CourtMetrange.svg","width":251,"height":127,"caption":"Court M\u00e9trange"},"image":{"@id":"https:\/\/courtmetrange.eu\/en\/#\/schema\/logo\/image\/"},"sameAs":["https:\/\/www.facebook.com\/CourtMetrange\/","https:\/\/x.com\/courtmetrange","https:\/\/www.instagram.com\/courtmetrange.rennes\/","https:\/\/www.youtube.com\/channel\/UCbS9jcW3uiDQeGgZAT29Emw\/videos"]}]}},"_links":{"self":[{"href":"https:\/\/courtmetrange.eu\/en\/wp-json\/wp\/v2\/pages\/11777","targetHints":{"allow":["GET"]}}],"collection":[{"href":"https:\/\/courtmetrange.eu\/en\/wp-json\/wp\/v2\/pages"}],"about":[{"href":"https:\/\/courtmetrange.eu\/en\/wp-json\/wp\/v2\/types\/page"}],"author":[{"embeddable":true,"href":"https:\/\/courtmetrange.eu\/en\/wp-json\/wp\/v2\/users\/8"}],"replies":[{"embeddable":true,"href":"https:\/\/courtmetrange.eu\/en\/wp-json\/wp\/v2\/comments?post=11777"}],"version-history":[{"count":5,"href":"https:\/\/courtmetrange.eu\/en\/wp-json\/wp\/v2\/pages\/11777\/revisions"}],"predecessor-version":[{"id":12019,"href":"https:\/\/courtmetrange.eu\/en\/wp-json\/wp\/v2\/pages\/11777\/revisions\/12019"}],"wp:attachment":[{"href":"https:\/\/courtmetrange.eu\/en\/wp-json\/wp\/v2\/media?parent=11777"}],"curies":[{"name":"wp","href":"https:\/\/api.w.org\/{rel}","templated":true}]}}