{"id":12788,"date":"2025-03-22T17:24:31","date_gmt":"2025-03-22T16:24:31","guid":{"rendered":"https:\/\/courtmetrange.eu\/?page_id=12788"},"modified":"2025-03-26T16:00:16","modified_gmt":"2025-03-26T15:00:16","slug":"presentation-uv7a-court-metrange","status":"publish","type":"page","link":"https:\/\/courtmetrange.eu\/en\/presentation-uv7a-court-metrange\/","title":{"rendered":"Pr\u00e9sentation UV7A &#8211; Court M\u00e9trange"},"content":{"rendered":"<p>[et_pb_section fb_built=\u00a0\u00bb1&Prime; _builder_version=\u00a0\u00bb4.27.4&Prime; _module_preset=\u00a0\u00bbdefault\u00a0\u00bb background_color=\u00a0\u00bb#f4f4f4&Prime; min_height=\u00a0\u00bb2173.4px\u00a0\u00bb custom_margin=\u00a0\u00bb-3px|||||\u00a0\u00bb custom_padding=\u00a0\u00bb1px|||||\u00a0\u00bb global_colors_info=\u00a0\u00bb{}\u00a0\u00bb][et_pb_row _builder_version=\u00a0\u00bb4.27.4&Prime; _module_preset=\u00a0\u00bbdefault\u00a0\u00bb background_color=\u00a0\u00bbRGBA(255,255,255,0)\u00a0\u00bb custom_padding=\u00a0\u00bb2px|30px|4px|30px|false|false\u00a0\u00bb locked=\u00a0\u00bboff\u00a0\u00bb global_colors_info=\u00a0\u00bb{}\u00a0\u00bb][et_pb_column type=\u00a0\u00bb4_4&Prime; _builder_version=\u00a0\u00bb4.27.4&Prime; _module_preset=\u00a0\u00bbdefault\u00a0\u00bb global_colors_info=\u00a0\u00bb{}\u00a0\u00bb][et_pb_text _builder_version=\u00a0\u00bb4.27.4&Prime; _module_preset=\u00a0\u00bbdefault\u00a0\u00bb text_font=\u00a0\u00bb|||||on|||\u00a0\u00bb text_text_color=\u00a0\u00bb#000000&Prime; header_2_text_color=\u00a0\u00bb#cc3939&Prime; custom_margin=\u00a0\u00bb||11px|||\u00a0\u00bb custom_padding=\u00a0\u00bb27px||0px|||\u00a0\u00bb global_colors_info=\u00a0\u00bb{}\u00a0\u00bb]<\/p>\n<h2><strong>PR\u00c9SENTATION<\/strong><\/h2>\n<p>[\/et_pb_text][et_pb_divider color=\u00a0\u00bb#cc3939&Prime; divider_weight=\u00a0\u00bb4px\u00a0\u00bb _builder_version=\u00a0\u00bb4.27.4&Prime; _module_preset=\u00a0\u00bbdefault\u00a0\u00bb background_color=\u00a0\u00bbRGBA(255,255,255,0)\u00a0\u00bb custom_margin=\u00a0\u00bb||-1px|||\u00a0\u00bb custom_padding=\u00a0\u00bb||0px|||\u00a0\u00bb global_colors_info=\u00a0\u00bb{}\u00a0\u00bb][\/et_pb_divider][et_pb_menu menu_id=\u00a0\u00bb116&Prime; menu_style=\u00a0\u00bbcentered\u00a0\u00bb active_link_color=\u00a0\u00bb#FFFFFF\u00a0\u00bb logo_url=\u00a0\u00bbhttps:\/\/courtmetrange.eu\/festival-court-metrange-2025\/\u00a0\u00bb cart_icon_color=\u00a0\u00bb#FFFFFF\u00a0\u00bb search_icon_color=\u00a0\u00bb#FFFFFF\u00a0\u00bb menu_icon_color=\u00a0\u00bb#FFFFFF\u00a0\u00bb _builder_version=\u00a0\u00bb4.27.4&Prime; _module_preset=\u00a0\u00bbdefault\u00a0\u00bb menu_font=\u00a0\u00bb|700||on|||||\u00a0\u00bb menu_text_color=\u00a0\u00bb#FFFFFF\u00a0\u00bb background_color=\u00a0\u00bb#cc3939&Prime; background_layout=\u00a0\u00bbdark\u00a0\u00bb min_height=\u00a0\u00bb47px\u00a0\u00bb custom_margin=\u00a0\u00bb||-13px|||\u00a0\u00bb custom_padding=\u00a0\u00bb8px||0px|||\u00a0\u00bb hover_enabled=\u00a0\u00bb0&Prime; border_color_all=\u00a0\u00bb#FFFFFF\u00a0\u00bb global_colors_info=\u00a0\u00bb{}\u00a0\u00bb sticky_enabled=\u00a0\u00bb0&Prime;][\/et_pb_menu][\/et_pb_column][\/et_pb_row][et_pb_row _builder_version=\u00a0\u00bb4.27.4&Prime; _module_preset=\u00a0\u00bbdefault\u00a0\u00bb background_color=\u00a0\u00bbRGBA(255,255,255,0)\u00a0\u00bb custom_padding=\u00a0\u00bb0px|30px||30px|false|false\u00a0\u00bb global_colors_info=\u00a0\u00bb{}\u00a0\u00bb][et_pb_column type=\u00a0\u00bb4_4&Prime; _builder_version=\u00a0\u00bb4.27.4&Prime; _module_preset=\u00a0\u00bbdefault\u00a0\u00bb global_colors_info=\u00a0\u00bb{}\u00a0\u00bb][et_pb_text _builder_version=\u00a0\u00bb4.27.4&Prime; _module_preset=\u00a0\u00bbdefault\u00a0\u00bb custom_padding=\u00a0\u00bb42px|0px||0px|false|false\u00a0\u00bb global_colors_info=\u00a0\u00bb{}\u00a0\u00bb]<\/p>\n<h3><span style=\"color: #cc3939;\"><strong><span class=\"relative -mx-px my-[-0.2rem] rounded px-px py-[0.2rem]\">COURT M\u00c9TRANGE<\/span><\/strong><\/span><\/h3>\n<h4 style=\"text-align: justify;\"><span style=\"color: #cc3939;\"><strong><span class=\"relative -mx-px my-[-0.2rem] rounded px-px py-[0.2rem]\">ASSOCIATION DE SOUTIEN ET DE DE D\u00c9FENSE DU FORMAT COURT ET DU CIN\u00c9MA DE GENRE<\/span><\/strong><\/span><\/h4>\n<p style=\"text-align: justify;\"><span class=\"relative -mx-px my-[-0.2rem] rounded px-px py-[0.2rem]\">L&rsquo;association <strong data-start=\"14\" data-end=\"39\">Unis Vers Sept Arriv\u00e9<\/strong> (UV7A), fond\u00e9e en 1998, se consacre \u00e0 la diffusion et \u00e0 la promotion du cin\u00e9ma fantastique, \u00e9trange et insolite.<\/span> <span class=\"relative -mx-px my-[-0.2rem] rounded px-px py-[0.2rem]\">En 2003, elle a cr\u00e9\u00e9 le <strong data-start=\"24\" data-end=\"51\">Court M\u00e9trange Festival<\/strong>, un festival international de courts m\u00e9trages fantastiques, \u00e9tranges et insolites.<\/span> \u200b<\/p>\n<p>[\/et_pb_text][et_pb_image src=\u00a0\u00bbhttps:\/\/courtmetrange.eu\/wp-content\/uploads\/2021\/01\/Logo-Unis-Vers-7-Arrives-300&#215;200.png\u00a0\u00bb alt=\u00a0\u00bbVers 7 Arriv\u00e9\u00a0\u00bb title_text=\u00a0\u00bbLogo black Unis Vers 7 Arriv\u00e9\u00a0\u00bb align=\u00a0\u00bbcenter\u00a0\u00bb _builder_version=\u00a0\u00bb4.27.4&Prime; _module_preset=\u00a0\u00bbdefault\u00a0\u00bb custom_margin=\u00a0\u00bb||0px|||\u00a0\u00bb global_colors_info=\u00a0\u00bb{}\u00a0\u00bb][\/et_pb_image][et_pb_text _builder_version=\u00a0\u00bb4.27.4&Prime; _module_preset=\u00a0\u00bbdefault\u00a0\u00bb custom_padding=\u00a0\u00bb|30px||30px|false|false\u00a0\u00bb global_colors_info=\u00a0\u00bb{}\u00a0\u00bb]<\/p>\n<h3 data-start=\"166\" data-end=\"198\"><span style=\"color: #cc3939;\"><strong data-start=\"166\" data-end=\"198\">OBJECTIFS DE L&rsquo;ASSOCIATION :<\/strong><\/span><\/h3>\n<ul data-start=\"200\" data-end=\"681\">\n<li data-start=\"200\" data-end=\"369\" class=\"\">\n<p data-start=\"202\" data-end=\"369\" class=\"\"><strong data-start=\"202\" data-end=\"249\">Diffusion et promotion du cin\u00e9ma de genre :<\/strong> <span class=\"relative -mx-px my-[-0.2rem] rounded px-px py-[0.2rem]\">UV7A offre une plateforme aux auteurs qui choisissent une cin\u00e9matographie diff\u00e9rente, fascinant un public important mais souvent peu consid\u00e9r\u00e9.<\/span><\/p>\n<\/li>\n<li data-start=\"371\" data-end=\"519\" class=\"\">\n<p data-start=\"373\" data-end=\"519\" class=\"\"><strong data-start=\"373\" data-end=\"399\">\u00c9ducation aux images :<\/strong> <span class=\"relative -mx-px my-[-0.2rem] rounded px-px py-[0.2rem]\">L&rsquo;association d\u00e9veloppe des actions, des animations, des programmations, des rencontres et des \u00e9v\u00e9nements qui explorent plus profond\u00e9ment l&rsquo;expression particuli\u00e8re du cin\u00e9ma fantastique.<\/span><\/p>\n<\/li>\n<li data-start=\"521\" data-end=\"681\" class=\"\">\n<p data-start=\"523\" data-end=\"681\" class=\"\"><strong data-start=\"523\" data-end=\"555\">Soutien aux jeunes talents :<\/strong> <span class=\"relative -mx-px my-[-0.2rem] rounded px-px py-[0.2rem]\">UV7A se positionne comme une association ressource sp\u00e9cifique et in\u00e9dite dans le domaine audiovisuel et cin\u00e9matographique, offrant un espace d&rsquo;expression et de diffusion \u00e0 des auteurs \u00e9mergents.<\/span><\/p>\n<\/li>\n<\/ul>\n<h3 data-start=\"683\" data-end=\"709\"><span style=\"color: #cc3939;\"><strong data-start=\"683\" data-end=\"709\">PRINCIPALES MISSIONS :<\/strong><\/span><\/h3>\n<ul>\n<li data-start=\"683\" data-end=\"709\"><strong data-start=\"714\" data-end=\"759\" style=\"font-size: 14px;\">Organisation du Festival Court M\u00e9trange :<\/strong><span style=\"font-size: 14px;\"> <\/span><span class=\"relative -mx-px my-[-0.2rem] rounded px-px py-[0.2rem]\" style=\"font-size: 14px;\">Depuis 2003, ce festival international de courts m\u00e9trages fantastiques, \u00e9tranges et insolites est un lieu de diffusion et de valorisation pour le court m\u00e9trage de genre.<\/span><\/li>\n<li><strong data-start=\"714\" data-end=\"759\" style=\"font-size: 14px;\">Organisation du dispositif M\u00e9trange Nomade :<\/strong><span style=\"font-size: 14px;\"> <\/span><span class=\"relative -mx-px my-[-0.2rem] rounded px-px py-[0.2rem]\" style=\"font-size: 14px;\">Depuis 2019, <span class=\"relative -mx-px my-[-0.2rem] rounded px-px py-[0.2rem]\"> l&rsquo;association <strong data-start=\"60\" data-end=\"85\">Unis Vers Sept Arriv\u00e9<\/strong> (UV7A), vise \u00e0 diffuser le cin\u00e9ma fantastique, \u00e9trange et insolite au-del\u00e0 du Festival annuel <strong data-start=\"180\" data-end=\"198\">Court Metrange Festival<\/strong>.<\/span> <span class=\"relative -mx-px my-[-0.2rem] rounded px-px py-[0.2rem]\">Ce programme rend itin\u00e9rantes les s\u00e9ances con\u00e7ues pour le Festival, les rendant ainsi accessibles \u00e0 un public plus large, y compris ceux \u00e9loign\u00e9s de l&rsquo;offre culturelle traditionnelle.<\/span><\/span><\/li>\n<li data-start=\"890\" data-end=\"1051\"><strong data-start=\"890\" data-end=\"925\">Actions culturelles \u00e0 l&rsquo;ann\u00e9e :<\/strong> <span class=\"relative -mx-px my-[-0.2rem] rounded px-px py-[0.2rem]\">UV7A propose des s\u00e9ances th\u00e9matiques de courts m\u00e9trages fantastiques, des longs m\u00e9trages, des ateliers, des conf\u00e9rences, des rencontres et des partenariats tout au long de l&rsquo;ann\u00e9e.<\/span> \u200b<\/li>\n<li data-start=\"890\" data-end=\"1051\"><span class=\"ml-1 inline-flex max-w-full items-center relative top-[-0.094rem]\"><\/span><strong data-start=\"1056\" data-end=\"1090\">Formation et sensibilisation :<\/strong> <span class=\"relative -mx-px my-[-0.2rem] rounded px-px py-[0.2rem]\">L&rsquo;association s&rsquo;adresse \u00e0 tous les publics, y compris les jeunes, les professionnels en devenir et les personnes en situation de handicap, pour promouvoir la culture cin\u00e9matographique.<\/span> \u200b<span class=\"\" data-state=\"closed\"><span class=\"ml-1 inline-flex max-w-full items-center relative top-[-0.094rem]\"><\/span><\/span><\/li>\n<\/ul>\n<h3 data-start=\"1218\" data-end=\"1235\"><span style=\"color: #cc3939;\"><strong data-start=\"1218\" data-end=\"1235\">ENGAGEMENTS :<\/strong><\/span><\/h3>\n<p data-start=\"1237\" data-end=\"1362\" class=\"\"><span class=\"relative -mx-px my-[-0.2rem] rounded px-px py-[0.2rem]\">UV7A s&rsquo;engage \u00e0 diffuser des \u0153uvres, provoquer des rencontres et des d\u00e9bats entre les professionnels et le public, et promouvoir un certain cin\u00e9ma et ses qualit\u00e9s r\u00e9flexives par des actions valorisantes, enrichissantes, innovantes et accessibles \u00e0 tous.<\/span> \u200b<span class=\"ml-1 inline-flex max-w-full items-center relative top-[-0.094rem]\"><\/span><\/p>\n<p>[\/et_pb_text][\/et_pb_column][\/et_pb_row][et_pb_row column_structure=\u00a0\u00bb1_4,1_4,1_4,1_4&Prime; _builder_version=\u00a0\u00bb4.27.4&Prime; _module_preset=\u00a0\u00bbdefault\u00a0\u00bb background_color=\u00a0\u00bbRGBA(255,255,255,0)\u00a0\u00bb custom_padding=\u00a0\u00bb|30px||30px|false|false\u00a0\u00bb locked=\u00a0\u00bboff\u00a0\u00bb global_colors_info=\u00a0\u00bb{}\u00a0\u00bb][et_pb_column type=\u00a0\u00bb1_4&Prime; _builder_version=\u00a0\u00bb4.27.0&Prime; _module_preset=\u00a0\u00bbdefault\u00a0\u00bb global_colors_info=\u00a0\u00bb{}\u00a0\u00bb][et_pb_text _builder_version=\u00a0\u00bb4.27.4&Prime; _module_preset=\u00a0\u00bbdefault\u00a0\u00bb text_font=\u00a0\u00bb||||||||\u00a0\u00bb text_font_size=\u00a0\u00bb26px\u00a0\u00bb background_color=\u00a0\u00bb#000000&Prime; text_orientation=\u00a0\u00bbcenter\u00a0\u00bb module_alignment=\u00a0\u00bbcenter\u00a0\u00bb custom_margin=\u00a0\u00bb||0px||false|false\u00a0\u00bb custom_padding=\u00a0\u00bb8px||0px|0px|false|false\u00a0\u00bb link_option_url=\u00a0\u00bb#\u00c9CO\u00a0\u00bb text_text_shadow_style=\u00a0\u00bbpreset4&Prime; text_text_shadow_color=\u00a0\u00bb#000000&Prime; border_width_all=\u00a0\u00bb3px\u00a0\u00bb border_color_all=\u00a0\u00bb#000000&Prime; inline_fonts=\u00a0\u00bbHelvetica Neue Medium\u00a0\u00bb global_colors_info=\u00a0\u00bb{}\u00a0\u00bb]<\/p>\n<h3 style=\"text-align: center;\"><span style=\"color: #ffffff;\"><strong><b>\u00c9CO<br \/><\/b><\/strong><strong><b>RESPONSABILIT<\/b><\/strong><strong><b>\u00c9<\/b><\/strong><\/span><\/h3>\n<p>[\/et_pb_text][\/et_pb_column][et_pb_column type=\u00a0\u00bb1_4&Prime; _builder_version=\u00a0\u00bb4.27.0&Prime; _module_preset=\u00a0\u00bbdefault\u00a0\u00bb global_colors_info=\u00a0\u00bb{}\u00a0\u00bb][et_pb_text _builder_version=\u00a0\u00bb4.27.4&Prime; _module_preset=\u00a0\u00bbdefault\u00a0\u00bb text_font=\u00a0\u00bb||||||||\u00a0\u00bb text_font_size=\u00a0\u00bb26px\u00a0\u00bb background_color=\u00a0\u00bb#000000&Prime; custom_margin=\u00a0\u00bb||0px||false|false\u00a0\u00bb custom_padding=\u00a0\u00bb8px||0px||false|false\u00a0\u00bb link_option_url=\u00a0\u00bb#ACCESSIBILIT\u00c9\u00a0\u00bb text_text_shadow_style=\u00a0\u00bbpreset4&Prime; text_text_shadow_color=\u00a0\u00bb#000000&Prime; border_width_all=\u00a0\u00bb3px\u00a0\u00bb border_color_all=\u00a0\u00bb#000000&Prime; inline_fonts=\u00a0\u00bbHelvetica Neue Medium\u00a0\u00bb global_colors_info=\u00a0\u00bb{}\u00a0\u00bb]<\/p>\n<h3 style=\"text-align: center;\"><span style=\"color: #ffffff;\"><strong>ACCESSIBILIT<b>\u00c9<\/b><\/strong><\/span><\/h3>\n<p>[\/et_pb_text][\/et_pb_column][et_pb_column type=\u00a0\u00bb1_4&Prime; _builder_version=\u00a0\u00bb4.27.0&Prime; _module_preset=\u00a0\u00bbdefault\u00a0\u00bb global_colors_info=\u00a0\u00bb{}\u00a0\u00bb][et_pb_text _builder_version=\u00a0\u00bb4.27.4&Prime; _module_preset=\u00a0\u00bbdefault\u00a0\u00bb text_font=\u00a0\u00bb||||||||\u00a0\u00bb text_font_size=\u00a0\u00bb26px\u00a0\u00bb background_color=\u00a0\u00bb#000000&Prime; width=\u00a0\u00bb100%\u00a0\u00bb custom_margin=\u00a0\u00bb||0px|0px|false|false\u00a0\u00bb custom_padding=\u00a0\u00bb8px||0px|0px|false|false\u00a0\u00bb link_option_url=\u00a0\u00bb#S\u00c9CURIT\u00c9\u00a0\u00bb text_text_shadow_style=\u00a0\u00bbpreset4&Prime; text_text_shadow_color=\u00a0\u00bb#000000&Prime; border_width_all=\u00a0\u00bb3px\u00a0\u00bb border_color_all=\u00a0\u00bb#000000&Prime; inline_fonts=\u00a0\u00bbHelvetica Neue Medium\u00a0\u00bb global_colors_info=\u00a0\u00bb{}\u00a0\u00bb]<\/p>\n<h3 style=\"text-align: center;\"><span style=\"color: #ffffff;\"><strong>S\u00c9CURIT\u00c9 ET RESPECT<\/strong><\/span><\/h3>\n<p>[\/et_pb_text][\/et_pb_column][et_pb_column type=\u00a0\u00bb1_4&Prime; _builder_version=\u00a0\u00bb4.27.0&Prime; _module_preset=\u00a0\u00bbdefault\u00a0\u00bb global_colors_info=\u00a0\u00bb{}\u00a0\u00bb][et_pb_text _builder_version=\u00a0\u00bb4.27.4&Prime; _module_preset=\u00a0\u00bbdefault\u00a0\u00bb text_font=\u00a0\u00bb||||||||\u00a0\u00bb text_font_size=\u00a0\u00bb26px\u00a0\u00bb background_color=\u00a0\u00bb#000000&Prime; min_height=\u00a0\u00bb48px\u00a0\u00bb custom_margin=\u00a0\u00bb||0px|0px|false|false\u00a0\u00bb custom_padding=\u00a0\u00bb8px|0px|0px|0px|false|false\u00a0\u00bb link_option_url=\u00a0\u00bb#INCLUSION\u00a0\u00bb text_text_shadow_style=\u00a0\u00bbpreset4&Prime; text_text_shadow_color=\u00a0\u00bb#000000&Prime; border_width_all=\u00a0\u00bb3px\u00a0\u00bb border_color_all=\u00a0\u00bb#000000&Prime; inline_fonts=\u00a0\u00bbHelvetica Neue Medium\u00a0\u00bb global_colors_info=\u00a0\u00bb{}\u00a0\u00bb]<\/p>\n<h3 style=\"text-align: center;\"><span style=\"color: #ffffff;\"><strong>INCLUSION<\/strong><\/span><\/h3>\n<p>[\/et_pb_text][\/et_pb_column][\/et_pb_row][et_pb_row _builder_version=\u00a0\u00bb4.27.4&Prime; _module_preset=\u00a0\u00bbdefault\u00a0\u00bb background_color=\u00a0\u00bbRGBA(255,255,255,0)\u00a0\u00bb custom_padding=\u00a0\u00bb1px|30px|0px|30px|false|false\u00a0\u00bb locked=\u00a0\u00bboff\u00a0\u00bb global_colors_info=\u00a0\u00bb{}\u00a0\u00bb][et_pb_column type=\u00a0\u00bb4_4&Prime; _builder_version=\u00a0\u00bb4.27.0&Prime; _module_preset=\u00a0\u00bbdefault\u00a0\u00bb global_colors_info=\u00a0\u00bb{}\u00a0\u00bb][et_pb_text module_id=\u00a0\u00bb\u00c9CO\u00a0\u00bb _builder_version=\u00a0\u00bb4.27.4&Prime; _module_preset=\u00a0\u00bbdefault\u00a0\u00bb text_font=\u00a0\u00bb|||||on|||\u00a0\u00bb text_text_color=\u00a0\u00bb#000000&Prime; header_2_text_color=\u00a0\u00bb#cc3939&Prime; custom_margin=\u00a0\u00bb||11px|||\u00a0\u00bb custom_padding=\u00a0\u00bb27px||0px|||\u00a0\u00bb global_colors_info=\u00a0\u00bb{}\u00a0\u00bb]<\/p>\n<h2><strong>\u00c9CO RESPONSABILIT\u00c9<\/strong><\/h2>\n<p>[\/et_pb_text][et_pb_divider color=\u00a0\u00bb#cc3939&Prime; divider_weight=\u00a0\u00bb4px\u00a0\u00bb _builder_version=\u00a0\u00bb4.27.4&Prime; _module_preset=\u00a0\u00bbdefault\u00a0\u00bb background_color=\u00a0\u00bbRGBA(255,255,255,0)\u00a0\u00bb custom_margin=\u00a0\u00bb||-1px|||\u00a0\u00bb custom_padding=\u00a0\u00bb||0px|||\u00a0\u00bb global_colors_info=\u00a0\u00bb{}\u00a0\u00bb][\/et_pb_divider][et_pb_text _builder_version=\u00a0\u00bb4.27.4&Prime; _module_preset=\u00a0\u00bbdefault\u00a0\u00bb background_color=\u00a0\u00bbRGBA(255,255,255,0)\u00a0\u00bb custom_padding=\u00a0\u00bb|0px||0px|false|false\u00a0\u00bb global_colors_info=\u00a0\u00bb{}\u00a0\u00bb]<\/p>\n<p style=\"text-align: justify;\">Conscients de notre responsabilit\u00e9 environnementale, nous nous engageons \u00e0 organiser un Festival \u00e9coresponsable. Nous r\u00e9duisons notre empreinte \u00e9cologique en utilisant des mat\u00e9riaux recyclables, en minimisant les d\u00e9chets et en encourageant l&rsquo;utilisation de transports durables. De plus, nous sensibilisons notre public aux enjeux environnementaux \u00e0 travers des initiatives et des actions concr\u00e8tes. Le respect de l&rsquo;environnement est au c\u0153ur de nos pr\u00e9occupations. Nous nous engageons \u00e0 r\u00e9duire notre impact \u00e9cologique et \u00e0 promouvoir des pratiques durables, tant dans l&rsquo;organisation du Festival que dans notre communication.<\/p>\n<p>[\/et_pb_text][et_pb_text module_id=\u00a0\u00bbACCESSIBILIT\u00c9\u00a0\u00bb _builder_version=\u00a0\u00bb4.27.4&Prime; _module_preset=\u00a0\u00bbdefault\u00a0\u00bb text_font=\u00a0\u00bb|||||on|||\u00a0\u00bb text_text_color=\u00a0\u00bb#000000&Prime; header_2_text_color=\u00a0\u00bb#cc3939&Prime; custom_margin=\u00a0\u00bb||11px|||\u00a0\u00bb custom_padding=\u00a0\u00bb27px||0px|||\u00a0\u00bb global_colors_info=\u00a0\u00bb{}\u00a0\u00bb]<\/p>\n<h2><strong>ACCESSIBILIT\u00c9<\/strong><\/h2>\n<p>[\/et_pb_text][et_pb_divider color=\u00a0\u00bb#cc3939&Prime; divider_weight=\u00a0\u00bb4px\u00a0\u00bb _builder_version=\u00a0\u00bb4.27.4&Prime; _module_preset=\u00a0\u00bbdefault\u00a0\u00bb background_color=\u00a0\u00bbRGBA(255,255,255,0)\u00a0\u00bb custom_margin=\u00a0\u00bb||-1px|||\u00a0\u00bb custom_padding=\u00a0\u00bb||0px|||\u00a0\u00bb global_colors_info=\u00a0\u00bb{}\u00a0\u00bb][\/et_pb_divider][et_pb_text _builder_version=\u00a0\u00bb4.27.4&Prime; _module_preset=\u00a0\u00bbdefault\u00a0\u00bb background_color=\u00a0\u00bbRGBA(255,255,255,0)\u00a0\u00bb custom_padding=\u00a0\u00bb|0px||0px|false|false\u00a0\u00bb global_colors_info=\u00a0\u00bb{}\u00a0\u00bb]<\/p>\n<p style=\"text-align: justify;\">Le Festival Court M\u00e9trange et l&rsquo;association A s&rsquo;engagent \u00e0 rendre la culture accessible \u00e0 tous, sans exception. Nous mettons en place des dispositifs pour accueillir les personnes en situation de handicap, avec des projections sous-titr\u00e9es, des audiodescriptions et des lieux accessibles. Notre objectif est de garantir que chacun<span>\u00b7e<\/span>, ind\u00e9pendamment de ses capacit\u00e9s, puisse profiter pleinement de l&rsquo;exp\u00e9rience cin\u00e9matographique.<\/p>\n<p style=\"text-align: justify;\">Nous croyons que le cin\u00e9ma doit \u00eatre un art accessible \u00e0 tous. En rendant notre Festival inclusif et accessible, nous permettons \u00e0 chacun<span>\u00b7e<\/span>\u00a0de d\u00e9couvrir et d&rsquo;appr\u00e9cier les films projet\u00e9s, quelles que soient ses capacit\u00e9s physiques ou sensorielles<\/p>\n<p>[\/et_pb_text][et_pb_text module_id=\u00a0\u00bbS\u00c9CURIT\u00c9\u00a0\u00bb _builder_version=\u00a0\u00bb4.27.4&Prime; _module_preset=\u00a0\u00bbdefault\u00a0\u00bb text_font=\u00a0\u00bb|||||on|||\u00a0\u00bb text_text_color=\u00a0\u00bb#000000&Prime; header_2_text_color=\u00a0\u00bb#cc3939&Prime; custom_margin=\u00a0\u00bb||11px|||\u00a0\u00bb custom_padding=\u00a0\u00bb27px||0px|||\u00a0\u00bb global_colors_info=\u00a0\u00bb{}\u00a0\u00bb]<\/p>\n<h2><strong>S\u00c9CURIT\u00c9 ET RESPECT<\/strong><\/h2>\n<p>[\/et_pb_text][et_pb_divider color=\u00a0\u00bb#cc3939&Prime; divider_weight=\u00a0\u00bb4px\u00a0\u00bb _builder_version=\u00a0\u00bb4.27.4&Prime; _module_preset=\u00a0\u00bbdefault\u00a0\u00bb background_color=\u00a0\u00bbRGBA(255,255,255,0)\u00a0\u00bb custom_margin=\u00a0\u00bb||-1px|||\u00a0\u00bb custom_padding=\u00a0\u00bb||0px|||\u00a0\u00bb global_colors_info=\u00a0\u00bb{}\u00a0\u00bb][\/et_pb_divider][et_pb_text _builder_version=\u00a0\u00bb4.27.4&Prime; _module_preset=\u00a0\u00bbdefault\u00a0\u00bb custom_padding=\u00a0\u00bb|0px||0px|false|false\u00a0\u00bb global_colors_info=\u00a0\u00bb{}\u00a0\u00bb]<\/p>\n<p style=\"text-align: justify;\">Nous nous engageons \u00e0 garantir un environnement s\u00fbr et respectueux pour toutes et tous. La lutte contre les violences sexistes et sexuelles est une priorit\u00e9, et nous mettons tout en \u0153uvre pour pr\u00e9venir ces comportements et soutenir les victimes.<\/p>\n<p style=\"text-align: justify;\">Lutte contre les violences sexistes et sexuelles<\/p>\n<p style=\"text-align: justify;\">Nous nous engageons fermement \u00e0 lutter contre les violences sexistes et sexuelles. Le Festival Court M\u00e9trange adopte une politique de tol\u00e9rance z\u00e9ro \u00e0 l&rsquo;\u00e9gard de ces comportements. Nous mettons en place des dispositifs de pr\u00e9vention et de soutien, et nous travaillons activement \u00e0 cr\u00e9er un environnement s\u00fbr et respectueux pour tous<span>\u00b7tes<\/span>\u00a0les participant<span>\u00b7e<\/span>s, professionnel<span>\u00b7les<\/span> et spectateur<span>\u00b7ices.<\/span><\/p>\n<p>[\/et_pb_text][et_pb_text module_id=\u00a0\u00bbINCLUSION\u00a0\u00bb _builder_version=\u00a0\u00bb4.27.4&Prime; _module_preset=\u00a0\u00bbdefault\u00a0\u00bb text_font=\u00a0\u00bb|||||on|||\u00a0\u00bb text_text_color=\u00a0\u00bb#000000&Prime; header_2_text_color=\u00a0\u00bb#cc3939&Prime; custom_margin=\u00a0\u00bb||11px|||\u00a0\u00bb custom_padding=\u00a0\u00bb27px||0px|||\u00a0\u00bb global_colors_info=\u00a0\u00bb{}\u00a0\u00bb]<\/p>\n<h2><strong>INCLUSION<\/strong><\/h2>\n<p>[\/et_pb_text][et_pb_divider color=\u00a0\u00bb#cc3939&Prime; divider_weight=\u00a0\u00bb4px\u00a0\u00bb _builder_version=\u00a0\u00bb4.27.4&Prime; _module_preset=\u00a0\u00bbdefault\u00a0\u00bb background_color=\u00a0\u00bbRGBA(255,255,255,0)\u00a0\u00bb custom_margin=\u00a0\u00bb||-1px|||\u00a0\u00bb custom_padding=\u00a0\u00bb||0px|||\u00a0\u00bb global_colors_info=\u00a0\u00bb{}\u00a0\u00bb][\/et_pb_divider][et_pb_text _builder_version=\u00a0\u00bb4.27.4&Prime; _module_preset=\u00a0\u00bbdefault\u00a0\u00bb custom_padding=\u00a0\u00bb|0px||0px|false|false\u00a0\u00bb global_colors_info=\u00a0\u00bb{}\u00a0\u00bb]<\/p>\n<p style=\"text-align: justify;\">Le Festival Court M\u00e9trange valorise l&rsquo;inclusion en proposant une programmation diversifi\u00e9e qui refl\u00e8te la pluralit\u00e9 des voix et des perspectives. Nous veillons \u00e0 repr\u00e9senter des r\u00e9alisateur<span>\u00b7rices<\/span>\u00a0et des histoires de diff\u00e9rentes origines, orientations sexuelles, genres et cultures. Notre engagement en faveur de l&rsquo;inclusion se manifeste \u00e9galement par la cr\u00e9ation d&rsquo;espaces de dialogue et de rencontre ouverts \u00e0 tous<span>\u00b7tes<\/span>.<\/p>\n<p style=\"text-align: justify;\">L&rsquo;inclusion est une valeur fondamentale de notre Festival. Nous nous effor\u00e7ons de repr\u00e9senter toutes les voix, en particulier celles qui sont souvent marginalis\u00e9es, pour offrir une plateforme diversifi\u00e9e et riche en perspectives diff\u00e9rentes.<\/p>\n<p style=\"text-align: justify;\">La parit\u00e9 est une valeur essentielle pour notre Festival. Nous nous effor\u00e7ons de garantir une repr\u00e9sentation \u00e9quitable des genres, tant dans la s\u00e9lection des films que dans la composition de nos jurys et \u00e9quipes. Nous croyons que la diversit\u00e9 des voix enrichit le cin\u00e9ma et contribue \u00e0 une meilleure compr\u00e9hension du monde qui nous entoure.<\/p>\n<p style=\"text-align: justify;\">La parit\u00e9 est un pilier de notre engagement. Nous travaillons activement \u00e0 assurer une repr\u00e9sentation \u00e9quitable des genres dans tous les aspects du Festival, convaincu que cela enrichit notre programmation et notre organisation.<\/p>\n<p>[\/et_pb_text][\/et_pb_column][\/et_pb_row][\/et_pb_section]<\/p>","protected":false},"excerpt":{"rendered":"<p>PR\u00c9SENTATIONCOURT M\u00c9TRANGE ASSOCIATION DE SOUTIEN ET DE DE D\u00c9FENSE DU FORMAT COURT ET DU CIN\u00c9MA DE GENRE L&rsquo;association Unis Vers Sept Arriv\u00e9 (UV7A), fond\u00e9e en 1998, se consacre \u00e0 la [&hellip;]<\/p>","protected":false},"author":8,"featured_media":0,"parent":0,"menu_order":0,"comment_status":"closed","ping_status":"closed","template":"","meta":{"_acf_changed":false,"_et_pb_use_builder":"on","_et_pb_old_content":"","_et_gb_content_width":"","footnotes":""},"class_list":["post-12788","page","type-page","status-publish","hentry"],"acf":[],"yoast_head":"<!-- This site is optimized with the Yoast SEO plugin v24.5 - https:\/\/yoast.com\/wordpress\/plugins\/seo\/ -->\n<title>Pr\u00e9sentation UV7A - Court M\u00e9trange - Court M\u00e9trange<\/title>\n<meta name=\"robots\" content=\"index, follow, max-snippet:-1, max-image-preview:large, max-video-preview:-1\" \/>\n<link rel=\"canonical\" href=\"https:\/\/courtmetrange.eu\/en\/presentation-uv7a-court-metrange\/\" \/>\n<meta property=\"og:locale\" content=\"en_GB\" \/>\n<meta property=\"og:type\" content=\"article\" \/>\n<meta property=\"og:title\" content=\"Pr\u00e9sentation UV7A - Court M\u00e9trange - Court M\u00e9trange\" \/>\n<meta property=\"og:description\" content=\"PR\u00c9SENTATIONCOURT M\u00c9TRANGE ASSOCIATION DE SOUTIEN ET DE DE D\u00c9FENSE DU FORMAT COURT ET DU CIN\u00c9MA DE GENRE L&#039;association Unis Vers Sept Arriv\u00e9 (UV7A), fond\u00e9e en 1998, se consacre \u00e0 la [&hellip;]\" \/>\n<meta property=\"og:url\" content=\"https:\/\/courtmetrange.eu\/en\/presentation-uv7a-court-metrange\/\" \/>\n<meta property=\"og:site_name\" content=\"Court M\u00e9trange\" \/>\n<meta property=\"article:publisher\" content=\"https:\/\/www.facebook.com\/CourtMetrange\/\" \/>\n<meta property=\"article:modified_time\" content=\"2025-03-26T15:00:16+00:00\" \/>\n<meta name=\"twitter:card\" content=\"summary_large_image\" \/>\n<meta name=\"twitter:site\" content=\"@courtmetrange\" \/>\n<script type=\"application\/ld+json\" class=\"yoast-schema-graph\">{\"@context\":\"https:\/\/schema.org\",\"@graph\":[{\"@type\":\"WebPage\",\"@id\":\"https:\/\/courtmetrange.eu\/presentation-uv7a-court-metrange\/\",\"url\":\"https:\/\/courtmetrange.eu\/presentation-uv7a-court-metrange\/\",\"name\":\"Pr\u00e9sentation UV7A - Court M\u00e9trange - Court M\u00e9trange\",\"isPartOf\":{\"@id\":\"https:\/\/courtmetrange.eu\/en\/#website\"},\"datePublished\":\"2025-03-22T16:24:31+00:00\",\"dateModified\":\"2025-03-26T15:00:16+00:00\",\"breadcrumb\":{\"@id\":\"https:\/\/courtmetrange.eu\/presentation-uv7a-court-metrange\/#breadcrumb\"},\"inLanguage\":\"en-GB\",\"potentialAction\":[{\"@type\":\"ReadAction\",\"target\":[\"https:\/\/courtmetrange.eu\/presentation-uv7a-court-metrange\/\"]}]},{\"@type\":\"BreadcrumbList\",\"@id\":\"https:\/\/courtmetrange.eu\/presentation-uv7a-court-metrange\/#breadcrumb\",\"itemListElement\":[{\"@type\":\"ListItem\",\"position\":1,\"name\":\"Accueil\",\"item\":\"https:\/\/courtmetrange.eu\/\"},{\"@type\":\"ListItem\",\"position\":2,\"name\":\"Pr\u00e9sentation UV7A &#8211; Court M\u00e9trange\"}]},{\"@type\":\"WebSite\",\"@id\":\"https:\/\/courtmetrange.eu\/en\/#website\",\"url\":\"https:\/\/courtmetrange.eu\/en\/\",\"name\":\"Court M\u00e9trange\",\"description\":\"Festival International du court m\u00e9trage insolite et fantastique de Rennes\",\"publisher\":{\"@id\":\"https:\/\/courtmetrange.eu\/en\/#organization\"},\"potentialAction\":[{\"@type\":\"SearchAction\",\"target\":{\"@type\":\"EntryPoint\",\"urlTemplate\":\"https:\/\/courtmetrange.eu\/en\/?s={search_term_string}\"},\"query-input\":{\"@type\":\"PropertyValueSpecification\",\"valueRequired\":true,\"valueName\":\"search_term_string\"}}],\"inLanguage\":\"en-GB\"},{\"@type\":\"Organization\",\"@id\":\"https:\/\/courtmetrange.eu\/en\/#organization\",\"name\":\"Court M\u00e9trange\",\"url\":\"https:\/\/courtmetrange.eu\/en\/\",\"logo\":{\"@type\":\"ImageObject\",\"inLanguage\":\"en-GB\",\"@id\":\"https:\/\/courtmetrange.eu\/en\/#\/schema\/logo\/image\/\",\"url\":\"https:\/\/courtmetrange.eu\/wp-content\/uploads\/2020\/11\/Logo_CourtMetrange.svg\",\"contentUrl\":\"https:\/\/courtmetrange.eu\/wp-content\/uploads\/2020\/11\/Logo_CourtMetrange.svg\",\"width\":251,\"height\":127,\"caption\":\"Court M\u00e9trange\"},\"image\":{\"@id\":\"https:\/\/courtmetrange.eu\/en\/#\/schema\/logo\/image\/\"},\"sameAs\":[\"https:\/\/www.facebook.com\/CourtMetrange\/\",\"https:\/\/x.com\/courtmetrange\",\"https:\/\/www.instagram.com\/courtmetrange.rennes\/\",\"https:\/\/www.youtube.com\/channel\/UCbS9jcW3uiDQeGgZAT29Emw\/videos\"]}]}<\/script>\n<!-- \/ Yoast SEO plugin. -->","yoast_head_json":{"title":"Pr\u00e9sentation UV7A - Court M\u00e9trange - Court M\u00e9trange","robots":{"index":"index","follow":"follow","max-snippet":"max-snippet:-1","max-image-preview":"max-image-preview:large","max-video-preview":"max-video-preview:-1"},"canonical":"https:\/\/courtmetrange.eu\/en\/presentation-uv7a-court-metrange\/","og_locale":"en_GB","og_type":"article","og_title":"Pr\u00e9sentation UV7A - Court M\u00e9trange - Court M\u00e9trange","og_description":"PR\u00c9SENTATIONCOURT M\u00c9TRANGE ASSOCIATION DE SOUTIEN ET DE DE D\u00c9FENSE DU FORMAT COURT ET DU CIN\u00c9MA DE GENRE L'association Unis Vers Sept Arriv\u00e9 (UV7A), fond\u00e9e en 1998, se consacre \u00e0 la [&hellip;]","og_url":"https:\/\/courtmetrange.eu\/en\/presentation-uv7a-court-metrange\/","og_site_name":"Court M\u00e9trange","article_publisher":"https:\/\/www.facebook.com\/CourtMetrange\/","article_modified_time":"2025-03-26T15:00:16+00:00","twitter_card":"summary_large_image","twitter_site":"@courtmetrange","schema":{"@context":"https:\/\/schema.org","@graph":[{"@type":"WebPage","@id":"https:\/\/courtmetrange.eu\/presentation-uv7a-court-metrange\/","url":"https:\/\/courtmetrange.eu\/presentation-uv7a-court-metrange\/","name":"Pr\u00e9sentation UV7A - Court M\u00e9trange - Court M\u00e9trange","isPartOf":{"@id":"https:\/\/courtmetrange.eu\/en\/#website"},"datePublished":"2025-03-22T16:24:31+00:00","dateModified":"2025-03-26T15:00:16+00:00","breadcrumb":{"@id":"https:\/\/courtmetrange.eu\/presentation-uv7a-court-metrange\/#breadcrumb"},"inLanguage":"en-GB","potentialAction":[{"@type":"ReadAction","target":["https:\/\/courtmetrange.eu\/presentation-uv7a-court-metrange\/"]}]},{"@type":"BreadcrumbList","@id":"https:\/\/courtmetrange.eu\/presentation-uv7a-court-metrange\/#breadcrumb","itemListElement":[{"@type":"ListItem","position":1,"name":"Accueil","item":"https:\/\/courtmetrange.eu\/"},{"@type":"ListItem","position":2,"name":"Pr\u00e9sentation UV7A &#8211; Court M\u00e9trange"}]},{"@type":"WebSite","@id":"https:\/\/courtmetrange.eu\/en\/#website","url":"https:\/\/courtmetrange.eu\/en\/","name":"Court M\u00e9trange","description":"Festival International du court m\u00e9trage insolite et fantastique de Rennes","publisher":{"@id":"https:\/\/courtmetrange.eu\/en\/#organization"},"potentialAction":[{"@type":"SearchAction","target":{"@type":"EntryPoint","urlTemplate":"https:\/\/courtmetrange.eu\/en\/?s={search_term_string}"},"query-input":{"@type":"PropertyValueSpecification","valueRequired":true,"valueName":"search_term_string"}}],"inLanguage":"en-GB"},{"@type":"Organization","@id":"https:\/\/courtmetrange.eu\/en\/#organization","name":"Court M\u00e9trange","url":"https:\/\/courtmetrange.eu\/en\/","logo":{"@type":"ImageObject","inLanguage":"en-GB","@id":"https:\/\/courtmetrange.eu\/en\/#\/schema\/logo\/image\/","url":"https:\/\/courtmetrange.eu\/wp-content\/uploads\/2020\/11\/Logo_CourtMetrange.svg","contentUrl":"https:\/\/courtmetrange.eu\/wp-content\/uploads\/2020\/11\/Logo_CourtMetrange.svg","width":251,"height":127,"caption":"Court M\u00e9trange"},"image":{"@id":"https:\/\/courtmetrange.eu\/en\/#\/schema\/logo\/image\/"},"sameAs":["https:\/\/www.facebook.com\/CourtMetrange\/","https:\/\/x.com\/courtmetrange","https:\/\/www.instagram.com\/courtmetrange.rennes\/","https:\/\/www.youtube.com\/channel\/UCbS9jcW3uiDQeGgZAT29Emw\/videos"]}]}},"_links":{"self":[{"href":"https:\/\/courtmetrange.eu\/en\/wp-json\/wp\/v2\/pages\/12788","targetHints":{"allow":["GET"]}}],"collection":[{"href":"https:\/\/courtmetrange.eu\/en\/wp-json\/wp\/v2\/pages"}],"about":[{"href":"https:\/\/courtmetrange.eu\/en\/wp-json\/wp\/v2\/types\/page"}],"author":[{"embeddable":true,"href":"https:\/\/courtmetrange.eu\/en\/wp-json\/wp\/v2\/users\/8"}],"replies":[{"embeddable":true,"href":"https:\/\/courtmetrange.eu\/en\/wp-json\/wp\/v2\/comments?post=12788"}],"version-history":[{"count":18,"href":"https:\/\/courtmetrange.eu\/en\/wp-json\/wp\/v2\/pages\/12788\/revisions"}],"predecessor-version":[{"id":13352,"href":"https:\/\/courtmetrange.eu\/en\/wp-json\/wp\/v2\/pages\/12788\/revisions\/13352"}],"wp:attachment":[{"href":"https:\/\/courtmetrange.eu\/en\/wp-json\/wp\/v2\/media?parent=12788"}],"curies":[{"name":"wp","href":"https:\/\/api.w.org\/{rel}","templated":true}]}}