{"id":12845,"date":"2025-03-24T10:05:00","date_gmt":"2025-03-24T09:05:00","guid":{"rendered":"https:\/\/courtmetrange.eu\/?page_id=12845"},"modified":"2025-03-26T15:37:48","modified_gmt":"2025-03-26T14:37:48","slug":"histoire-de-lassociation","status":"publish","type":"page","link":"https:\/\/courtmetrange.eu\/en\/histoire-de-lassociation\/","title":{"rendered":"Histoire de l&rsquo;association"},"content":{"rendered":"<p>[et_pb_section fb_built=\u00a0\u00bb1&Prime; _builder_version=\u00a0\u00bb4.27.4&Prime; _module_preset=\u00a0\u00bbdefault\u00a0\u00bb background_color=\u00a0\u00bb#f4f4f4&Prime; custom_padding=\u00a0\u00bb0px|||||\u00a0\u00bb global_colors_info=\u00a0\u00bb{}\u00a0\u00bb][et_pb_row _builder_version=\u00a0\u00bb4.27.4&Prime; _module_preset=\u00a0\u00bbdefault\u00a0\u00bb background_color=\u00a0\u00bbRGBA(255,255,255,0)\u00a0\u00bb custom_padding=\u00a0\u00bb2px|30px|4px|30px|false|false\u00a0\u00bb locked=\u00a0\u00bboff\u00a0\u00bb global_colors_info=\u00a0\u00bb{}\u00a0\u00bb][et_pb_column type=\u00a0\u00bb4_4&Prime; _builder_version=\u00a0\u00bb4.27.4&Prime; _module_preset=\u00a0\u00bbdefault\u00a0\u00bb global_colors_info=\u00a0\u00bb{}\u00a0\u00bb][et_pb_text _builder_version=\u00a0\u00bb4.27.4&Prime; _module_preset=\u00a0\u00bbdefault\u00a0\u00bb text_font=\u00a0\u00bb|||||on|||\u00a0\u00bb text_text_color=\u00a0\u00bb#000000&Prime; header_2_text_color=\u00a0\u00bb#cc3939&Prime; custom_margin=\u00a0\u00bb||11px|||\u00a0\u00bb custom_padding=\u00a0\u00bb27px||0px|||\u00a0\u00bb global_colors_info=\u00a0\u00bb{}\u00a0\u00bb]<\/p>\n<h2><strong>HISTOIRE<\/strong><\/h2>\n<p>[\/et_pb_text][et_pb_divider color=\u00a0\u00bb#cc3939&Prime; divider_weight=\u00a0\u00bb4px\u00a0\u00bb _builder_version=\u00a0\u00bb4.27.4&Prime; _module_preset=\u00a0\u00bbdefault\u00a0\u00bb background_color=\u00a0\u00bbRGBA(255,255,255,0)\u00a0\u00bb custom_margin=\u00a0\u00bb||-1px|||\u00a0\u00bb custom_padding=\u00a0\u00bb||0px|||\u00a0\u00bb global_colors_info=\u00a0\u00bb{}\u00a0\u00bb][\/et_pb_divider][et_pb_menu menu_id=\u00a0\u00bb116&Prime; menu_style=\u00a0\u00bbcentered\u00a0\u00bb active_link_color=\u00a0\u00bb#FFFFFF\u00a0\u00bb logo_url=\u00a0\u00bbhttps:\/\/courtmetrange.eu\/festival-court-metrange-2025\/\u00a0\u00bb cart_icon_color=\u00a0\u00bb#FFFFFF\u00a0\u00bb search_icon_color=\u00a0\u00bb#FFFFFF\u00a0\u00bb menu_icon_color=\u00a0\u00bb#FFFFFF\u00a0\u00bb _builder_version=\u00a0\u00bb4.27.4&Prime; _module_preset=\u00a0\u00bbdefault\u00a0\u00bb menu_font=\u00a0\u00bb|700||on|||||\u00a0\u00bb menu_text_color=\u00a0\u00bb#FFFFFF\u00a0\u00bb background_color=\u00a0\u00bb#cc3939&Prime; background_layout=\u00a0\u00bbdark\u00a0\u00bb min_height=\u00a0\u00bb47px\u00a0\u00bb custom_margin=\u00a0\u00bb||-13px|||\u00a0\u00bb custom_padding=\u00a0\u00bb8px||0px|||\u00a0\u00bb hover_enabled=\u00a0\u00bb0&Prime; border_color_all=\u00a0\u00bb#FFFFFF\u00a0\u00bb global_colors_info=\u00a0\u00bb{}\u00a0\u00bb sticky_enabled=\u00a0\u00bb0&Prime;][\/et_pb_menu][et_pb_text _builder_version=\u00a0\u00bb4.27.4&Prime; _module_preset=\u00a0\u00bbdefault\u00a0\u00bb custom_padding=\u00a0\u00bb38px|0px|||false|false\u00a0\u00bb hover_enabled=\u00a0\u00bb0&Prime; global_colors_info=\u00a0\u00bb{}\u00a0\u00bb sticky_enabled=\u00a0\u00bb0&Prime;]<\/p>\n<h3><span style=\"color: #cc3939;\"><strong><span class=\"relative -mx-px my-[-0.2rem] rounded px-px py-[0.2rem]\">ASSOCIATION UNIS VERS SEPT ARRIV\u00c9<\/span><\/strong><\/span><\/h3>\n<h4><span style=\"color: #cc3939;\"><strong><span class=\"relative -mx-px my-[-0.2rem] rounded px-px py-[0.2rem]\">ASSOCIATION DE SOUTIEN ET DE DE D\u00c9FENSE DU FORMAT COURT ET DU CIN\u00c9MA DE GENRE<\/span><\/strong><\/span><\/h4>\n<p>[\/et_pb_text][et_pb_text _builder_version=\u00a0\u00bb4.27.4&Prime; _module_preset=\u00a0\u00bbdefault\u00a0\u00bb text_font=\u00a0\u00bbHelvetica Neue||||||||\u00a0\u00bb custom_padding=\u00a0\u00bb|0px||0px|false|false\u00a0\u00bb hover_enabled=\u00a0\u00bb0&Prime; global_colors_info=\u00a0\u00bb{}\u00a0\u00bb sticky_enabled=\u00a0\u00bb0&Prime;]<\/p>\n<p style=\"text-align: justify;\"><span>Unis Vers Sept Arriv\u00e9 est une association loi 1901 fond\u00e9e en 1998. Elle est n\u00e9e du d\u00e9sir de cr\u00e9er de nouvelles formes cin\u00e9matographiques et faire d\u00e9couvrir de nouveaux talents. Elle s\u2019attache aujourd\u2019hui \u00e0 la diffusion et \u00e0 la promotion du cin\u00e9ma fantastique, \u00e9trange et insolite.<\/span><\/p>\n<p style=\"text-align: justify;\"><span>Fantasy, the Fantastic, and cult films on the whole clearly constitute a form of expression that taps into imaginary, cultural and technical realms, which, in turn, give rise to a filmic language in a class all by itself. Unis Vers 7 Arriv\u00e9 strives relentlessly to propel its initiatives, activities, screenings, encounters, and events into a new dimension, favoring a more thorough analysis of film and its idiosyncrasies.<\/span><\/p>\n<p style=\"text-align: justify;\"><span>Through its scope of action, Unis Vers 7 Arriv\u00e9 has made a name for itself in the audiovisual and cinematic spheres as a resource non-profit with clear-cut and causal objectives. The Fantastic, strange and usual have given the non-profit the means with which to screen a variety of films and trigger exchange and debate between specialists and spectators. A special kind of cinema rooted in introspection arises from the non-profit\u2019s quest to provide a value-enhancing, thought-provoking and ground-breaking offer to all. Unis Vers 7 Arriv\u00e9 targets all audiences, including the general public, schools, both seasoned and aspiring professionals, and those with disabilities.<\/span><\/p>\n<p>[\/et_pb_text][\/et_pb_column][\/et_pb_row][et_pb_row column_structure=\u00a0\u00bb1_2,1_2&Prime; _builder_version=\u00a0\u00bb4.27.4&Prime; _module_preset=\u00a0\u00bbdefault\u00a0\u00bb background_color=\u00a0\u00bbRGBA(255,255,255,0)\u00a0\u00bb hover_enabled=\u00a0\u00bb0&Prime; locked=\u00a0\u00bboff\u00a0\u00bb global_colors_info=\u00a0\u00bb{}\u00a0\u00bb sticky_enabled=\u00a0\u00bb0&Prime;][et_pb_column type=\u00a0\u00bb1_2&Prime; _builder_version=\u00a0\u00bb4.16&Prime; _module_preset=\u00a0\u00bbdefault\u00a0\u00bb global_colors_info=\u00a0\u00bb{}\u00a0\u00bb][et_pb_video src=\u00a0\u00bbhttps:\/\/youtu.be\/5k9Pv0SFx6Q\u00a0\u00bb src_webm=\u00a0\u00bbhttps:\/\/youtu.be\/5k9Pv0SFx6Q\u00a0\u00bb _builder_version=\u00a0\u00bb4.27.4&Prime; _module_preset=\u00a0\u00bbdefault\u00a0\u00bb custom_margin=\u00a0\u00bb50px||||false|false\u00a0\u00bb custom_padding=\u00a0\u00bb|||30px|false|false\u00a0\u00bb global_colors_info=\u00a0\u00bb{}\u00a0\u00bb][\/et_pb_video][et_pb_text _builder_version=\u00a0\u00bb4.27.4&Prime; _module_preset=\u00a0\u00bbdefault\u00a0\u00bb custom_padding=\u00a0\u00bb|30px||30px|false|false\u00a0\u00bb global_colors_info=\u00a0\u00bb{}\u00a0\u00bb]<\/p>\n<h6>Le premier projet \u00e0 l&rsquo;origine UV7A :<\/h6>\n<h6><em>Looking for Woody<\/em>, Christophe Lorion, Brice Notin, H\u00e9l\u00e8ne Guinand, St\u00e9phane Pachot, Bruno Joly, Eug\u00e9nie Bourdeau, Steven Pravong, 1999, 15&rsquo;16<\/h6>\n<p>[\/et_pb_text][\/et_pb_column][et_pb_column type=\u00a0\u00bb1_2&Prime; _builder_version=\u00a0\u00bb4.16&Prime; _module_preset=\u00a0\u00bbdefault\u00a0\u00bb global_colors_info=\u00a0\u00bb{}\u00a0\u00bb][et_pb_text _builder_version=\u00a0\u00bb4.27.4&Prime; _module_preset=\u00a0\u00bbdefault\u00a0\u00bb text_font=\u00a0\u00bbHelvetica Neue||||||||\u00a0\u00bb custom_padding=\u00a0\u00bb|30px||30px|false|false\u00a0\u00bb global_colors_info=\u00a0\u00bb{}\u00a0\u00bb]<\/p>\n<p style=\"text-align: justify;\"><span>Artistically agile, film communicates in a number of languages. The Fantastic is one of them. Court M\u00e9trange has chosen to hand over the mic and screen to those who share the same speak. For Fantasy filmmakers, this moment with their audiences is invaluable. Theaters teeming with fans and backing from a significant part of the profession have, in turn, legitimized the festival in its entirety. The enthusiasm and support from the teaching community and the active involvement of its student population in the educational and cultural initiatives organized by the festival come full circle with the idea that Fantastic films are a formidable breeding ground for culture and reflection.<\/span><\/p>\n<p style=\"text-align: justify;\"><span>Alongside its screenings, the Festival also strives to open up channels for exchange between film and other creative disciplines in order to broaden and boost the manner in which the \"Fantastic image\" materializes. Every year, conferences, exhibits, music, encounters, and debates round out the Court M\u00e9trange agenda.<\/span><\/p>\n<p style=\"text-align: justify;\"><span><\/span><\/p>\n<p>[\/et_pb_text][\/et_pb_column][\/et_pb_row][et_pb_row column_structure=\u00a0\u00bb1_2,1_2&Prime; _builder_version=\u00a0\u00bb4.27.4&Prime; _module_preset=\u00a0\u00bbdefault\u00a0\u00bb background_color=\u00a0\u00bbRGBA(255,255,255,0)\u00a0\u00bb hover_enabled=\u00a0\u00bb0&Prime; locked=\u00a0\u00bboff\u00a0\u00bb global_colors_info=\u00a0\u00bb{}\u00a0\u00bb sticky_enabled=\u00a0\u00bb0&Prime;][et_pb_column type=\u00a0\u00bb1_2&Prime; _builder_version=\u00a0\u00bb4.16&Prime; _module_preset=\u00a0\u00bbdefault\u00a0\u00bb global_colors_info=\u00a0\u00bb{}\u00a0\u00bb][et_pb_text _builder_version=\u00a0\u00bb4.27.4&Prime; _module_preset=\u00a0\u00bbdefault\u00a0\u00bb text_font=\u00a0\u00bbHelvetica Neue||||||||\u00a0\u00bb custom_padding=\u00a0\u00bb|30px||30px|false|false\u00a0\u00bb global_colors_info=\u00a0\u00bb{}\u00a0\u00bb]<\/p>\n<h3 style=\"text-align: justify;\"><span style=\"color: #cc3939;\"><strong>COURT M\u00c9TRANGE FESTIVAL<\/strong><\/span><\/h3>\n<p style=\"text-align: justify;\"><strong>In 2003, the non-profit created the International Strange and Unusual Fantasy Short Film Festival, Court M\u00e9trange.<\/strong><\/p>\n<p style=\"text-align: justify;\"><span>The event offers a creative harbor for authors wherein to expose and endorse their ideas. With an irrefutable penchant for a different form of filmmaking, these motion picture partisans fascinate countless audiences, the latter of whom paradoxically struggle to reap the same attention.<\/span><\/p>\n<p style=\"text-align: justify;\"><span>The purpose of the Court M\u00e9trange Festival is, ultimately, threefold, boasting: a place to screen, a place to scream, letting its \"cult\" shorts thrive, and a place whose limitless resources endeavor to not only emphasize the credentials of those having fought to make Fantasy film what it is today, but also attribute to them what is rightfully theirs. Court M\u00e9trange has become crucial not only in putting back on the radar screen the artistic and cultural value in a certain category of works, but also in breaking down barriers between film genres.<\/span><\/p>\n<p style=\"text-align: justify;\"><span>Sole member specializing in short films of the renowned European Fantastic Film Festival and CNC Category 1 Festival, Court M\u00e9trange is, in a way, a rite of passage for some authors in the quest for validation of their work with their sights set on becoming the directors of tomorrow. As a result, it is unrivaled, and plays an influential role on the short film scene in Europe.<\/span><\/p>\n<p>[\/et_pb_text][\/et_pb_column][et_pb_column type=\u00a0\u00bb1_2&Prime; _builder_version=\u00a0\u00bb4.16&Prime; _module_preset=\u00a0\u00bbdefault\u00a0\u00bb global_colors_info=\u00a0\u00bb{}\u00a0\u00bb][et_pb_image src=\u00a0\u00bbhttps:\/\/courtmetrange.eu\/wp-content\/uploads\/2021\/01\/Logo-CourtMetrange-Asso-black.svg\u00a0\u00bb alt=\u00a0\u00bbCourt M\u00e9trange Festival international de Rennes\u00a0\u00bb title_text=\u00a0\u00bbLogo-CourtMetrange-Asso black\u00a0\u00bb _builder_version=\u00a0\u00bb4.16&Prime; _module_preset=\u00a0\u00bbdefault\u00a0\u00bb max_width=\u00a0\u00bb100%\u00a0\u00bb module_alignment=\u00a0\u00bbcenter\u00a0\u00bb custom_margin=\u00a0\u00bb100px||||false|false\u00a0\u00bb global_colors_info=\u00a0\u00bb{}\u00a0\u00bb][\/et_pb_image][et_pb_text _builder_version=\u00a0\u00bb4.27.4&Prime; _module_preset=\u00a0\u00bbdefault\u00a0\u00bb custom_padding=\u00a0\u00bb|30px||30px|false|false\u00a0\u00bb global_colors_info=\u00a0\u00bb{}\u00a0\u00bb]<\/p>\n<h6>Le Festival a \u00e9t\u00e9 fond\u00e9 par H\u00e9l\u00e8ne Pravong et steven Pravong<\/h6>\n<p>[\/et_pb_text][\/et_pb_column][\/et_pb_row][et_pb_row column_structure=\u00a0\u00bb1_2,1_2&Prime; _builder_version=\u00a0\u00bb4.27.4&Prime; _module_preset=\u00a0\u00bbdefault\u00a0\u00bb background_color=\u00a0\u00bbRGBA(255,255,255,0)\u00a0\u00bb hover_enabled=\u00a0\u00bb0&Prime; locked=\u00a0\u00bboff\u00a0\u00bb global_colors_info=\u00a0\u00bb{}\u00a0\u00bb sticky_enabled=\u00a0\u00bb0&Prime;][et_pb_column type=\u00a0\u00bb1_2&Prime; _builder_version=\u00a0\u00bb4.16&Prime; _module_preset=\u00a0\u00bbdefault\u00a0\u00bb global_colors_info=\u00a0\u00bb{}\u00a0\u00bb][et_pb_image src=\u00a0\u00bbhttps:\/\/courtmetrange.eu\/wp-content\/uploads\/2021\/05\/Logo-Metrange-Nomade.png\u00a0\u00bb alt=\u00a0\u00bbLogo M\u00e9trange Nomade\u00a0\u00bb title_text=\u00a0\u00bbLogo M\u00e9trange Nomade\u00a0\u00bb _builder_version=\u00a0\u00bb4.16&Prime; _module_preset=\u00a0\u00bbdefault\u00a0\u00bb global_colors_info=\u00a0\u00bb{}\u00a0\u00bb][\/et_pb_image][\/et_pb_column][et_pb_column type=\u00a0\u00bb1_2&Prime; _builder_version=\u00a0\u00bb4.16&Prime; _module_preset=\u00a0\u00bbdefault\u00a0\u00bb global_colors_info=\u00a0\u00bb{}\u00a0\u00bb][et_pb_text _builder_version=\u00a0\u00bb4.27.4&Prime; _module_preset=\u00a0\u00bbdefault\u00a0\u00bb custom_padding=\u00a0\u00bb0px|30px||30px|false|false\u00a0\u00bb hover_enabled=\u00a0\u00bb0&Prime; global_colors_info=\u00a0\u00bb{}\u00a0\u00bb sticky_enabled=\u00a0\u00bb0&Prime;]<\/p>\n<h3 style=\"text-align: justify;\"><span style=\"color: #cc3939;\"><strong>DISPOSITIF M\u00c9TRANGE NOMADE<\/strong><\/span><\/h3>\n<p style=\"text-align: justify;\">Unis Vers 7 Arriv\u00e9 and Court M\u00e9trange are not only about screening shorts during the festival, but also doing so at other times, in other places, and in other theaters: M\u00e9trange Screen-and-Scream. Needless to say that these works, whose viewing potential has been seriously compromised, have never been more in need of creative alternatives, enabling them to rise above the bounds of the event.<\/p>\n<p style=\"text-align: justify;\">L\u2019association a donc rendu itin\u00e9rantes les s\u00e9ances concoct\u00e9es pour le festival afin de rendre sa programmation accessible \u00e0 tous les publics. Cette initiative s\u2019inscrit \u00e9galement dans une volont\u00e9 d\u2019investir de nouveaux territoires, notamment ceux o\u00f9 les publics b\u00e9n\u00e9ficient d\u2019une offre culturelle moins importante et o\u00f9 les publics sont les plus \u00e9loign\u00e9s de la culture. Pour cela, des s\u00e9ances th\u00e9matiques de courts m\u00e9trages fantastiques, des longs m\u00e9trages, des ateliers, des conf\u00e9rences, des rencontres, des partenariats sont propos\u00e9s durant toute l\u2019ann\u00e9e par l\u2019associaiton.<\/p>\n<p>[\/et_pb_text][\/et_pb_column][\/et_pb_row][\/et_pb_section]<\/p>","protected":false},"excerpt":{"rendered":"<p>HISTOIREASSOCIATION UNIS VERS SEPT ARRIV\u00c9 ASSOCIATION DE SOUTIEN ET DE DE D\u00c9FENSE DU FORMAT COURT ET DU CIN\u00c9MA DE GENREUnis Vers Sept Arriv\u00e9 est une association loi 1901 fond\u00e9e en [&hellip;]<\/p>","protected":false},"author":8,"featured_media":0,"parent":0,"menu_order":0,"comment_status":"closed","ping_status":"closed","template":"","meta":{"_acf_changed":false,"_et_pb_use_builder":"on","_et_pb_old_content":"","_et_gb_content_width":"","footnotes":""},"class_list":["post-12845","page","type-page","status-publish","hentry"],"acf":[],"yoast_head":"<!-- This site is optimized with the Yoast SEO plugin v24.5 - https:\/\/yoast.com\/wordpress\/plugins\/seo\/ -->\n<title>Histoire de l&#039;association - Court M\u00e9trange<\/title>\n<meta name=\"robots\" content=\"index, follow, max-snippet:-1, max-image-preview:large, max-video-preview:-1\" \/>\n<link rel=\"canonical\" href=\"https:\/\/courtmetrange.eu\/en\/histoire-de-lassociation\/\" \/>\n<meta property=\"og:locale\" content=\"en_GB\" \/>\n<meta property=\"og:type\" content=\"article\" \/>\n<meta property=\"og:title\" content=\"Histoire de l&#039;association - Court M\u00e9trange\" \/>\n<meta property=\"og:description\" content=\"HISTOIREASSOCIATION UNIS VERS SEPT ARRIV\u00c9 ASSOCIATION DE SOUTIEN ET DE DE D\u00c9FENSE DU FORMAT COURT ET DU CIN\u00c9MA DE GENREUnis Vers Sept Arriv\u00e9 est une association loi 1901 fond\u00e9e en [&hellip;]\" \/>\n<meta property=\"og:url\" content=\"https:\/\/courtmetrange.eu\/en\/histoire-de-lassociation\/\" \/>\n<meta property=\"og:site_name\" content=\"Court M\u00e9trange\" \/>\n<meta property=\"article:publisher\" content=\"https:\/\/www.facebook.com\/CourtMetrange\/\" \/>\n<meta property=\"article:modified_time\" content=\"2025-03-26T14:37:48+00:00\" \/>\n<meta name=\"twitter:card\" content=\"summary_large_image\" \/>\n<meta name=\"twitter:site\" content=\"@courtmetrange\" \/>\n<script type=\"application\/ld+json\" class=\"yoast-schema-graph\">{\"@context\":\"https:\/\/schema.org\",\"@graph\":[{\"@type\":\"WebPage\",\"@id\":\"https:\/\/courtmetrange.eu\/histoire-de-lassociation\/\",\"url\":\"https:\/\/courtmetrange.eu\/histoire-de-lassociation\/\",\"name\":\"Histoire de l'association - Court M\u00e9trange\",\"isPartOf\":{\"@id\":\"https:\/\/courtmetrange.eu\/en\/#website\"},\"datePublished\":\"2025-03-24T09:05:00+00:00\",\"dateModified\":\"2025-03-26T14:37:48+00:00\",\"breadcrumb\":{\"@id\":\"https:\/\/courtmetrange.eu\/histoire-de-lassociation\/#breadcrumb\"},\"inLanguage\":\"en-GB\",\"potentialAction\":[{\"@type\":\"ReadAction\",\"target\":[\"https:\/\/courtmetrange.eu\/histoire-de-lassociation\/\"]}]},{\"@type\":\"BreadcrumbList\",\"@id\":\"https:\/\/courtmetrange.eu\/histoire-de-lassociation\/#breadcrumb\",\"itemListElement\":[{\"@type\":\"ListItem\",\"position\":1,\"name\":\"Accueil\",\"item\":\"https:\/\/courtmetrange.eu\/\"},{\"@type\":\"ListItem\",\"position\":2,\"name\":\"Histoire de l&rsquo;association\"}]},{\"@type\":\"WebSite\",\"@id\":\"https:\/\/courtmetrange.eu\/en\/#website\",\"url\":\"https:\/\/courtmetrange.eu\/en\/\",\"name\":\"Court M\u00e9trange\",\"description\":\"Festival International du court m\u00e9trage insolite et fantastique de Rennes\",\"publisher\":{\"@id\":\"https:\/\/courtmetrange.eu\/en\/#organization\"},\"potentialAction\":[{\"@type\":\"SearchAction\",\"target\":{\"@type\":\"EntryPoint\",\"urlTemplate\":\"https:\/\/courtmetrange.eu\/en\/?s={search_term_string}\"},\"query-input\":{\"@type\":\"PropertyValueSpecification\",\"valueRequired\":true,\"valueName\":\"search_term_string\"}}],\"inLanguage\":\"en-GB\"},{\"@type\":\"Organization\",\"@id\":\"https:\/\/courtmetrange.eu\/en\/#organization\",\"name\":\"Court M\u00e9trange\",\"url\":\"https:\/\/courtmetrange.eu\/en\/\",\"logo\":{\"@type\":\"ImageObject\",\"inLanguage\":\"en-GB\",\"@id\":\"https:\/\/courtmetrange.eu\/en\/#\/schema\/logo\/image\/\",\"url\":\"https:\/\/courtmetrange.eu\/wp-content\/uploads\/2020\/11\/Logo_CourtMetrange.svg\",\"contentUrl\":\"https:\/\/courtmetrange.eu\/wp-content\/uploads\/2020\/11\/Logo_CourtMetrange.svg\",\"width\":251,\"height\":127,\"caption\":\"Court M\u00e9trange\"},\"image\":{\"@id\":\"https:\/\/courtmetrange.eu\/en\/#\/schema\/logo\/image\/\"},\"sameAs\":[\"https:\/\/www.facebook.com\/CourtMetrange\/\",\"https:\/\/x.com\/courtmetrange\",\"https:\/\/www.instagram.com\/courtmetrange.rennes\/\",\"https:\/\/www.youtube.com\/channel\/UCbS9jcW3uiDQeGgZAT29Emw\/videos\"]}]}<\/script>\n<!-- \/ Yoast SEO plugin. -->","yoast_head_json":{"title":"Histoire de l'association - Court M\u00e9trange","robots":{"index":"index","follow":"follow","max-snippet":"max-snippet:-1","max-image-preview":"max-image-preview:large","max-video-preview":"max-video-preview:-1"},"canonical":"https:\/\/courtmetrange.eu\/en\/histoire-de-lassociation\/","og_locale":"en_GB","og_type":"article","og_title":"Histoire de l'association - Court M\u00e9trange","og_description":"HISTOIREASSOCIATION UNIS VERS SEPT ARRIV\u00c9 ASSOCIATION DE SOUTIEN ET DE DE D\u00c9FENSE DU FORMAT COURT ET DU CIN\u00c9MA DE GENREUnis Vers Sept Arriv\u00e9 est une association loi 1901 fond\u00e9e en [&hellip;]","og_url":"https:\/\/courtmetrange.eu\/en\/histoire-de-lassociation\/","og_site_name":"Court M\u00e9trange","article_publisher":"https:\/\/www.facebook.com\/CourtMetrange\/","article_modified_time":"2025-03-26T14:37:48+00:00","twitter_card":"summary_large_image","twitter_site":"@courtmetrange","schema":{"@context":"https:\/\/schema.org","@graph":[{"@type":"WebPage","@id":"https:\/\/courtmetrange.eu\/histoire-de-lassociation\/","url":"https:\/\/courtmetrange.eu\/histoire-de-lassociation\/","name":"Histoire de l'association - Court M\u00e9trange","isPartOf":{"@id":"https:\/\/courtmetrange.eu\/en\/#website"},"datePublished":"2025-03-24T09:05:00+00:00","dateModified":"2025-03-26T14:37:48+00:00","breadcrumb":{"@id":"https:\/\/courtmetrange.eu\/histoire-de-lassociation\/#breadcrumb"},"inLanguage":"en-GB","potentialAction":[{"@type":"ReadAction","target":["https:\/\/courtmetrange.eu\/histoire-de-lassociation\/"]}]},{"@type":"BreadcrumbList","@id":"https:\/\/courtmetrange.eu\/histoire-de-lassociation\/#breadcrumb","itemListElement":[{"@type":"ListItem","position":1,"name":"Accueil","item":"https:\/\/courtmetrange.eu\/"},{"@type":"ListItem","position":2,"name":"Histoire de l&rsquo;association"}]},{"@type":"WebSite","@id":"https:\/\/courtmetrange.eu\/en\/#website","url":"https:\/\/courtmetrange.eu\/en\/","name":"Court M\u00e9trange","description":"Festival International du court m\u00e9trage insolite et fantastique de Rennes","publisher":{"@id":"https:\/\/courtmetrange.eu\/en\/#organization"},"potentialAction":[{"@type":"SearchAction","target":{"@type":"EntryPoint","urlTemplate":"https:\/\/courtmetrange.eu\/en\/?s={search_term_string}"},"query-input":{"@type":"PropertyValueSpecification","valueRequired":true,"valueName":"search_term_string"}}],"inLanguage":"en-GB"},{"@type":"Organization","@id":"https:\/\/courtmetrange.eu\/en\/#organization","name":"Court M\u00e9trange","url":"https:\/\/courtmetrange.eu\/en\/","logo":{"@type":"ImageObject","inLanguage":"en-GB","@id":"https:\/\/courtmetrange.eu\/en\/#\/schema\/logo\/image\/","url":"https:\/\/courtmetrange.eu\/wp-content\/uploads\/2020\/11\/Logo_CourtMetrange.svg","contentUrl":"https:\/\/courtmetrange.eu\/wp-content\/uploads\/2020\/11\/Logo_CourtMetrange.svg","width":251,"height":127,"caption":"Court M\u00e9trange"},"image":{"@id":"https:\/\/courtmetrange.eu\/en\/#\/schema\/logo\/image\/"},"sameAs":["https:\/\/www.facebook.com\/CourtMetrange\/","https:\/\/x.com\/courtmetrange","https:\/\/www.instagram.com\/courtmetrange.rennes\/","https:\/\/www.youtube.com\/channel\/UCbS9jcW3uiDQeGgZAT29Emw\/videos"]}]}},"_links":{"self":[{"href":"https:\/\/courtmetrange.eu\/en\/wp-json\/wp\/v2\/pages\/12845","targetHints":{"allow":["GET"]}}],"collection":[{"href":"https:\/\/courtmetrange.eu\/en\/wp-json\/wp\/v2\/pages"}],"about":[{"href":"https:\/\/courtmetrange.eu\/en\/wp-json\/wp\/v2\/types\/page"}],"author":[{"embeddable":true,"href":"https:\/\/courtmetrange.eu\/en\/wp-json\/wp\/v2\/users\/8"}],"replies":[{"embeddable":true,"href":"https:\/\/courtmetrange.eu\/en\/wp-json\/wp\/v2\/comments?post=12845"}],"version-history":[{"count":12,"href":"https:\/\/courtmetrange.eu\/en\/wp-json\/wp\/v2\/pages\/12845\/revisions"}],"predecessor-version":[{"id":13358,"href":"https:\/\/courtmetrange.eu\/en\/wp-json\/wp\/v2\/pages\/12845\/revisions\/13358"}],"wp:attachment":[{"href":"https:\/\/courtmetrange.eu\/en\/wp-json\/wp\/v2\/media?parent=12845"}],"curies":[{"name":"wp","href":"https:\/\/api.w.org\/{rel}","templated":true}]}}