{"id":163,"date":"2020-12-09T20:01:40","date_gmt":"2020-12-09T19:01:40","guid":{"rendered":"http:\/\/dev.jonathan-sanjose.fr\/?page_id=163"},"modified":"2024-08-01T15:48:48","modified_gmt":"2024-08-01T13:48:48","slug":"parcours-jeune-public-20","status":"publish","type":"page","link":"https:\/\/courtmetrange.eu\/en\/parcours-jeune-public-20\/","title":{"rendered":"Parcours Jeune Public &#8211; 2020"},"content":{"rendered":"[et_pb_section fb_built=\u00a0\u00bb1&Prime; _builder_version=\u00a0\u00bb4.6.3&Prime; _module_preset=\u00a0\u00bbdefault\u00a0\u00bb background_color=\u00a0\u00bbrgba(0,0,0,0)\u00a0\u00bb hover_enabled=\u00a0\u00bb0&Prime; sticky_enabled=\u00a0\u00bb0&Prime;][et_pb_row _builder_version=\u00a0\u00bb4.6.3&Prime; _module_preset=\u00a0\u00bbdefault\u00a0\u00bb][et_pb_column _builder_version=\u00a0\u00bb4.6.3&Prime; _module_preset=\u00a0\u00bbdefault\u00a0\u00bb type=\u00a0\u00bb4_4&Prime;][et_pb_text _builder_version=\u00a0\u00bb4.6.3&Prime; _module_preset=\u00a0\u00bbdefault\u00a0\u00bb text_orientation=\u00a0\u00bbcenter\u00a0\u00bb text_font=\u00a0\u00bbClinica Black||||||||\u00a0\u00bb hover_enabled=\u00a0\u00bb0&Prime; sticky_enabled=\u00a0\u00bb0&Prime;]<h1>Parcours Jeune Publics<\/h1>\n[\/et_pb_text][et_pb_text _builder_version=\u00a0\u00bb4.6.3&Prime; _module_preset=\u00a0\u00bbdefault\u00a0\u00bb text_font=\u00a0\u00bbHelvetica Neue||||||||\u00a0\u00bb hover_enabled=\u00a0\u00bb0&Prime; sticky_enabled=\u00a0\u00bb0&Prime; text_font_size=\u00a0\u00bb16px\u00a0\u00bb]<div class=\"wrap\">\n<p>Young audiences today come across Dark Fantasy more often than not. Movies, comics and video games are the most common gateways, luring these phantasmic-furious souls even more into these irresistibly-addicting haunts.<br \/> Given this reality, it is paramount for the Unis Vers 7 Arriv\u00e9 non-profit to make available avenues worth exploring on the thought processes underlying the conception and evolution of the symbols and their significance embodying the Fantastic and Dark Fantasy spheres, enabling school audiences to adopt a more analytical perception of these realms they encounter on a daily basis.<br \/> Our unprecedented academic and cultural itinerary in Rennes also offers each student, whether in elementary, middle or high school, the chance to actively participate in the festival\u2019s artistic agenda.<br \/> Each year, teachers are given a guide to help them foster and further discussion in their classrooms on the themes and questions arising during the festival.<\/p>\n<p><strong>For (Super) Short M\u00e9trange\u2019s 2020 edition, the Young Audiences Eye-Tinerary will be taking its Screen-and-Scream show on the road to showcase its offer directly within schools.<\/strong><\/p>\n<\/div>\n[\/et_pb_text][et_pb_button button_text=\u00a0\u00bbEn savoir plus\u00a0\u00bb _builder_version=\u00a0\u00bb4.6.3&Prime; _module_preset=\u00a0\u00bbdefault\u00a0\u00bb button_url=\u00a0\u00bb@ET-DC@eyJkeW5hbWljIjp0cnVlLCJjb250ZW50IjoicG9zdF9saW5rX3VybF9wYWdlIiwic2V0dGluZ3MiOnsicG9zdF9pZCI6Ijk5In19@\u00a0\u00bb _dynamic_attributes=\u00a0\u00bbbutton_url\u00a0\u00bb module_class=\u00a0\u00bbbtn-cm\u00a0\u00bb hover_enabled=\u00a0\u00bb0&Prime; sticky_enabled=\u00a0\u00bb0&Prime;][\/et_pb_button][\/et_pb_column][\/et_pb_row][et_pb_row _builder_version=\u00a0\u00bb4.6.3&Prime; _module_preset=\u00a0\u00bbdefault\u00a0\u00bb column_structure=\u00a0\u00bb1_3,1_3,1_3&Prime;][et_pb_column _builder_version=\u00a0\u00bb4.6.3&Prime; _module_preset=\u00a0\u00bbdefault\u00a0\u00bb type=\u00a0\u00bb1_3&Prime;][et_pb_image src=\u00a0\u00bbhttps:\/\/dev.jonathan-sanjose.fr\/wp-content\/uploads\/2021\/02\/Visuel-Jeune-Public-3.png\u00a0\u00bb _builder_version=\u00a0\u00bb4.6.3&Prime; _module_preset=\u00a0\u00bbdefault\u00a0\u00bb title_text=\u00a0\u00bbVisuel-Jeune-Public-3&Prime; align=\u00a0\u00bbcenter\u00a0\u00bb max_width=\u00a0\u00bb80%\u00a0\u00bb module_alignment=\u00a0\u00bbcenter\u00a0\u00bb hover_enabled=\u00a0\u00bb0&Prime; sticky_enabled=\u00a0\u00bb0&Prime;][\/et_pb_image][\/et_pb_column][et_pb_column _builder_version=\u00a0\u00bb4.6.3&Prime; _module_preset=\u00a0\u00bbdefault\u00a0\u00bb type=\u00a0\u00bb1_3&Prime;][et_pb_image src=\u00a0\u00bbhttps:\/\/dev.jonathan-sanjose.fr\/wp-content\/uploads\/2021\/02\/Visuel-Jeune-public-1.png\u00a0\u00bb _builder_version=\u00a0\u00bb4.6.3&Prime; _module_preset=\u00a0\u00bbdefault\u00a0\u00bb title_text=\u00a0\u00bbVisuel-Jeune-public-1&Prime; align=\u00a0\u00bbcenter\u00a0\u00bb max_width=\u00a0\u00bb80%\u00a0\u00bb hover_enabled=\u00a0\u00bb0&Prime; sticky_enabled=\u00a0\u00bb0&Prime;][\/et_pb_image][\/et_pb_column][et_pb_column _builder_version=\u00a0\u00bb4.6.3&Prime; _module_preset=\u00a0\u00bbdefault\u00a0\u00bb type=\u00a0\u00bb1_3&Prime;][et_pb_image src=\u00a0\u00bbhttps:\/\/dev.jonathan-sanjose.fr\/wp-content\/uploads\/2021\/02\/Visuel-Jeune-public-2.png\u00a0\u00bb _builder_version=\u00a0\u00bb4.6.3&Prime; _module_preset=\u00a0\u00bbdefault\u00a0\u00bb title_text=\u00a0\u00bbVisuel-Jeune-public-2&Prime; align=\u00a0\u00bbcenter\u00a0\u00bb max_width=\u00a0\u00bb80%\u00a0\u00bb hover_enabled=\u00a0\u00bb0&Prime; sticky_enabled=\u00a0\u00bb0&Prime;][\/et_pb_image][\/et_pb_column][\/et_pb_row][et_pb_row _builder_version=\u00a0\u00bb4.6.3&Prime; _module_preset=\u00a0\u00bbdefault\u00a0\u00bb column_structure=\u00a0\u00bb1_2,1_2&Prime; custom_padding=\u00a0\u00bb||||false|false\u00a0\u00bb hover_enabled=\u00a0\u00bb0&Prime; sticky_enabled=\u00a0\u00bb0&Prime;][et_pb_column _builder_version=\u00a0\u00bb4.6.3&Prime; _module_preset=\u00a0\u00bbdefault\u00a0\u00bb type=\u00a0\u00bb1_2&Prime;][et_pb_text _builder_version=\u00a0\u00bb4.6.3&Prime; _module_preset=\u00a0\u00bbdefault\u00a0\u00bb hover_enabled=\u00a0\u00bb0&Prime; sticky_enabled=\u00a0\u00bb0&Prime; custom_margin=\u00a0\u00bb30px||||false|false\u00a0\u00bb]<h3>Concours The Review 6<\/h3>\n[\/et_pb_text][et_pb_text _builder_version=\u00a0\u00bb4.6.3&Prime; _module_preset=\u00a0\u00bbdefault\u00a0\u00bb hover_enabled=\u00a0\u00bb0&Prime; sticky_enabled=\u00a0\u00bb0&Prime; text_font_size=\u00a0\u00bb16px\u00a0\u00bb]<p>CONCOURS R\u00c9SERV\u00c9 AUX 12-20 ANS<\/p>\n<p><strong>Concours de courts m\u00e9trages insolites et fantastiques r\u00e9alis\u00e9s individuellement, en groupes ou en classe et qui s\u2019adressent aux jeunes talents ! <\/strong><\/p>\n<p><strong>Envoyez votre film avant le 15 septembre 2021 \u00e0 courtmetrangeconcours@gmail.com<\/strong><\/p>\n[\/et_pb_text][et_pb_button button_text=\u00a0\u00bbT\u00e9l\u00e9charger le r\u00e8glement du concours\u00a0\u00bb _builder_version=\u00a0\u00bb4.6.3&Prime; _module_preset=\u00a0\u00bbdefault\u00a0\u00bb module_class=\u00a0\u00bbbtn-cm\u00a0\u00bb button_url=\u00a0\u00bb@ET-DC@eyJkeW5hbWljIjp0cnVlLCJjb250ZW50IjoicG9zdF9saW5rX3VybF9hdHRhY2htZW50Iiwic2V0dGluZ3MiOnsicG9zdF9pZCI6IjgzNSJ9fQ==@\u00a0\u00bb _dynamic_attributes=\u00a0\u00bbbutton_url\u00a0\u00bb hover_enabled=\u00a0\u00bb0&Prime; sticky_enabled=\u00a0\u00bb0&Prime;][\/et_pb_button][\/et_pb_column][et_pb_column _builder_version=\u00a0\u00bb4.6.3&Prime; _module_preset=\u00a0\u00bbdefault\u00a0\u00bb type=\u00a0\u00bb1_2&Prime;][et_pb_image src=\u00a0\u00bbhttps:\/\/dev.jonathan-sanjose.fr\/wp-content\/uploads\/2021\/02\/THE-REVIEW-6-scaled-1.jpg\u00a0\u00bb _builder_version=\u00a0\u00bb4.6.3&Prime; _module_preset=\u00a0\u00bbdefault\u00a0\u00bb title_text=\u00a0\u00bbTHE-REVIEW-6-scaled\u00a0\u00bb align=\u00a0\u00bbcenter\u00a0\u00bb max_width=\u00a0\u00bb60%\u00a0\u00bb hover_enabled=\u00a0\u00bb0&Prime; sticky_enabled=\u00a0\u00bb0&Prime;][\/et_pb_image][\/et_pb_column][\/et_pb_row][\/et_pb_section]","protected":false},"excerpt":{"rendered":"<p>Parcours Jeune Publics Le jeune public est aujourd\u2019hui particuli\u00e8rement confront\u00e9 \u00e0 l\u2019image fantastique. Le cin\u00e9ma, la bande-dessin\u00e9e ou encore le jeu vid\u00e9o sont des pratiques culturelles courantes qui les exposent [&hellip;]<\/p>","protected":false},"author":1,"featured_media":0,"parent":0,"menu_order":0,"comment_status":"closed","ping_status":"closed","template":"","meta":{"_acf_changed":false,"_et_pb_use_builder":"on","_et_pb_old_content":"<!-- wp:divi\/placeholder \/-->","_et_gb_content_width":"","footnotes":""},"class_list":["post-163","page","type-page","status-publish","hentry"],"acf":[],"yoast_head":"<!-- This site is optimized with the Yoast SEO plugin v24.5 - https:\/\/yoast.com\/wordpress\/plugins\/seo\/ -->\n<title>Parcours Jeune Public - 2020 - Court M\u00e9trange<\/title>\n<meta name=\"robots\" content=\"noindex, nofollow\" \/>\n<meta property=\"og:locale\" content=\"en_GB\" \/>\n<meta property=\"og:type\" content=\"article\" \/>\n<meta property=\"og:title\" content=\"Parcours Jeune Public - 2020 - Court M\u00e9trange\" \/>\n<meta property=\"og:description\" content=\"Parcours Jeune Publics Le jeune public est aujourd\u2019hui particuli\u00e8rement confront\u00e9 \u00e0 l\u2019image fantastique. Le cin\u00e9ma, la bande-dessin\u00e9e ou encore le jeu vid\u00e9o sont des pratiques culturelles courantes qui les exposent [&hellip;]\" \/>\n<meta property=\"og:url\" content=\"https:\/\/courtmetrange.eu\/en\/parcours-jeune-public-20\/\" \/>\n<meta property=\"og:site_name\" content=\"Court M\u00e9trange\" \/>\n<meta property=\"article:publisher\" content=\"https:\/\/www.facebook.com\/CourtMetrange\/\" \/>\n<meta property=\"article:modified_time\" content=\"2024-08-01T13:48:48+00:00\" \/>\n<meta name=\"twitter:card\" content=\"summary_large_image\" \/>\n<meta name=\"twitter:site\" content=\"@courtmetrange\" \/>\n<meta name=\"twitter:label1\" content=\"Estimated reading time\" \/>\n\t<meta name=\"twitter:data1\" content=\"2 minutes\" \/>\n<script type=\"application\/ld+json\" class=\"yoast-schema-graph\">{\"@context\":\"https:\/\/schema.org\",\"@graph\":[{\"@type\":\"WebPage\",\"@id\":\"https:\/\/courtmetrange.eu\/parcours-jeune-public-20\/\",\"url\":\"https:\/\/courtmetrange.eu\/parcours-jeune-public-20\/\",\"name\":\"Parcours Jeune Public - 2020 - Court M\u00e9trange\",\"isPartOf\":{\"@id\":\"https:\/\/courtmetrange.eu\/en\/#website\"},\"datePublished\":\"2020-12-09T19:01:40+00:00\",\"dateModified\":\"2024-08-01T13:48:48+00:00\",\"breadcrumb\":{\"@id\":\"https:\/\/courtmetrange.eu\/parcours-jeune-public-20\/#breadcrumb\"},\"inLanguage\":\"en-GB\",\"potentialAction\":[{\"@type\":\"ReadAction\",\"target\":[\"https:\/\/courtmetrange.eu\/parcours-jeune-public-20\/\"]}]},{\"@type\":\"BreadcrumbList\",\"@id\":\"https:\/\/courtmetrange.eu\/parcours-jeune-public-20\/#breadcrumb\",\"itemListElement\":[{\"@type\":\"ListItem\",\"position\":1,\"name\":\"Accueil\",\"item\":\"https:\/\/courtmetrange.eu\/\"},{\"@type\":\"ListItem\",\"position\":2,\"name\":\"Parcours Jeune Public &#8211; 2020\"}]},{\"@type\":\"WebSite\",\"@id\":\"https:\/\/courtmetrange.eu\/en\/#website\",\"url\":\"https:\/\/courtmetrange.eu\/en\/\",\"name\":\"Court M\u00e9trange\",\"description\":\"Festival International du court m\u00e9trage insolite et fantastique de Rennes\",\"publisher\":{\"@id\":\"https:\/\/courtmetrange.eu\/en\/#organization\"},\"potentialAction\":[{\"@type\":\"SearchAction\",\"target\":{\"@type\":\"EntryPoint\",\"urlTemplate\":\"https:\/\/courtmetrange.eu\/en\/?s={search_term_string}\"},\"query-input\":{\"@type\":\"PropertyValueSpecification\",\"valueRequired\":true,\"valueName\":\"search_term_string\"}}],\"inLanguage\":\"en-GB\"},{\"@type\":\"Organization\",\"@id\":\"https:\/\/courtmetrange.eu\/en\/#organization\",\"name\":\"Court M\u00e9trange\",\"url\":\"https:\/\/courtmetrange.eu\/en\/\",\"logo\":{\"@type\":\"ImageObject\",\"inLanguage\":\"en-GB\",\"@id\":\"https:\/\/courtmetrange.eu\/en\/#\/schema\/logo\/image\/\",\"url\":\"https:\/\/courtmetrange.eu\/wp-content\/uploads\/2020\/11\/Logo_CourtMetrange.svg\",\"contentUrl\":\"https:\/\/courtmetrange.eu\/wp-content\/uploads\/2020\/11\/Logo_CourtMetrange.svg\",\"width\":251,\"height\":127,\"caption\":\"Court M\u00e9trange\"},\"image\":{\"@id\":\"https:\/\/courtmetrange.eu\/en\/#\/schema\/logo\/image\/\"},\"sameAs\":[\"https:\/\/www.facebook.com\/CourtMetrange\/\",\"https:\/\/x.com\/courtmetrange\",\"https:\/\/www.instagram.com\/courtmetrange.rennes\/\",\"https:\/\/www.youtube.com\/channel\/UCbS9jcW3uiDQeGgZAT29Emw\/videos\"]}]}<\/script>\n<!-- \/ Yoast SEO plugin. -->","yoast_head_json":{"title":"Parcours Jeune Public - 2020 - Court M\u00e9trange","robots":{"index":"noindex","follow":"nofollow"},"og_locale":"en_GB","og_type":"article","og_title":"Parcours Jeune Public - 2020 - Court M\u00e9trange","og_description":"Parcours Jeune Publics Le jeune public est aujourd\u2019hui particuli\u00e8rement confront\u00e9 \u00e0 l\u2019image fantastique. Le cin\u00e9ma, la bande-dessin\u00e9e ou encore le jeu vid\u00e9o sont des pratiques culturelles courantes qui les exposent [&hellip;]","og_url":"https:\/\/courtmetrange.eu\/en\/parcours-jeune-public-20\/","og_site_name":"Court M\u00e9trange","article_publisher":"https:\/\/www.facebook.com\/CourtMetrange\/","article_modified_time":"2024-08-01T13:48:48+00:00","twitter_card":"summary_large_image","twitter_site":"@courtmetrange","twitter_misc":{"Estimated reading time":"2 minutes"},"schema":{"@context":"https:\/\/schema.org","@graph":[{"@type":"WebPage","@id":"https:\/\/courtmetrange.eu\/parcours-jeune-public-20\/","url":"https:\/\/courtmetrange.eu\/parcours-jeune-public-20\/","name":"Parcours Jeune Public - 2020 - Court M\u00e9trange","isPartOf":{"@id":"https:\/\/courtmetrange.eu\/en\/#website"},"datePublished":"2020-12-09T19:01:40+00:00","dateModified":"2024-08-01T13:48:48+00:00","breadcrumb":{"@id":"https:\/\/courtmetrange.eu\/parcours-jeune-public-20\/#breadcrumb"},"inLanguage":"en-GB","potentialAction":[{"@type":"ReadAction","target":["https:\/\/courtmetrange.eu\/parcours-jeune-public-20\/"]}]},{"@type":"BreadcrumbList","@id":"https:\/\/courtmetrange.eu\/parcours-jeune-public-20\/#breadcrumb","itemListElement":[{"@type":"ListItem","position":1,"name":"Accueil","item":"https:\/\/courtmetrange.eu\/"},{"@type":"ListItem","position":2,"name":"Parcours Jeune Public &#8211; 2020"}]},{"@type":"WebSite","@id":"https:\/\/courtmetrange.eu\/en\/#website","url":"https:\/\/courtmetrange.eu\/en\/","name":"Court M\u00e9trange","description":"Festival International du court m\u00e9trage insolite et fantastique de Rennes","publisher":{"@id":"https:\/\/courtmetrange.eu\/en\/#organization"},"potentialAction":[{"@type":"SearchAction","target":{"@type":"EntryPoint","urlTemplate":"https:\/\/courtmetrange.eu\/en\/?s={search_term_string}"},"query-input":{"@type":"PropertyValueSpecification","valueRequired":true,"valueName":"search_term_string"}}],"inLanguage":"en-GB"},{"@type":"Organization","@id":"https:\/\/courtmetrange.eu\/en\/#organization","name":"Court M\u00e9trange","url":"https:\/\/courtmetrange.eu\/en\/","logo":{"@type":"ImageObject","inLanguage":"en-GB","@id":"https:\/\/courtmetrange.eu\/en\/#\/schema\/logo\/image\/","url":"https:\/\/courtmetrange.eu\/wp-content\/uploads\/2020\/11\/Logo_CourtMetrange.svg","contentUrl":"https:\/\/courtmetrange.eu\/wp-content\/uploads\/2020\/11\/Logo_CourtMetrange.svg","width":251,"height":127,"caption":"Court M\u00e9trange"},"image":{"@id":"https:\/\/courtmetrange.eu\/en\/#\/schema\/logo\/image\/"},"sameAs":["https:\/\/www.facebook.com\/CourtMetrange\/","https:\/\/x.com\/courtmetrange","https:\/\/www.instagram.com\/courtmetrange.rennes\/","https:\/\/www.youtube.com\/channel\/UCbS9jcW3uiDQeGgZAT29Emw\/videos"]}]}},"_links":{"self":[{"href":"https:\/\/courtmetrange.eu\/en\/wp-json\/wp\/v2\/pages\/163","targetHints":{"allow":["GET"]}}],"collection":[{"href":"https:\/\/courtmetrange.eu\/en\/wp-json\/wp\/v2\/pages"}],"about":[{"href":"https:\/\/courtmetrange.eu\/en\/wp-json\/wp\/v2\/types\/page"}],"author":[{"embeddable":true,"href":"https:\/\/courtmetrange.eu\/en\/wp-json\/wp\/v2\/users\/1"}],"replies":[{"embeddable":true,"href":"https:\/\/courtmetrange.eu\/en\/wp-json\/wp\/v2\/comments?post=163"}],"version-history":[{"count":6,"href":"https:\/\/courtmetrange.eu\/en\/wp-json\/wp\/v2\/pages\/163\/revisions"}],"predecessor-version":[{"id":11581,"href":"https:\/\/courtmetrange.eu\/en\/wp-json\/wp\/v2\/pages\/163\/revisions\/11581"}],"wp:attachment":[{"href":"https:\/\/courtmetrange.eu\/en\/wp-json\/wp\/v2\/media?parent=163"}],"curies":[{"name":"wp","href":"https:\/\/api.w.org\/{rel}","templated":true}]}}