{"id":4203,"date":"2022-06-21T15:00:55","date_gmt":"2022-06-21T14:00:55","guid":{"rendered":"https:\/\/courtmetrange.eu\/?page_id=4203"},"modified":"2024-04-17T10:42:07","modified_gmt":"2024-04-17T08:42:07","slug":"4203-2","status":"publish","type":"page","link":"https:\/\/courtmetrange.eu\/en\/4203-2\/","title":{"rendered":"2022 Exhibits and Guided Tours"},"content":{"rendered":"[et_pb_section fb_built=\u00a0\u00bb1&Prime; admin_label=\u00a0\u00bbsection\u00a0\u00bb _builder_version=\u00a0\u00bb4.16&Prime; background_color=\u00a0\u00bbrgba(0,0,0,0)\u00a0\u00bb custom_padding=\u00a0\u00bb||54px|||\u00a0\u00bb global_colors_info=\u00a0\u00bb{}\u00a0\u00bb][et_pb_row admin_label=\u00a0\u00bbrow\u00a0\u00bb _builder_version=\u00a0\u00bb4.16&Prime; background_size=\u00a0\u00bbinitial\u00a0\u00bb background_position=\u00a0\u00bbtop_left\u00a0\u00bb background_repeat=\u00a0\u00bbrepeat\u00a0\u00bb global_colors_info=\u00a0\u00bb{}\u00a0\u00bb][et_pb_column type=\u00a0\u00bb4_4&Prime; _builder_version=\u00a0\u00bb4.16&Prime; custom_padding=\u00a0\u00bb|||\u00a0\u00bb global_colors_info=\u00a0\u00bb{}\u00a0\u00bb custom_padding__hover=\u00a0\u00bb|||\u00a0\u00bb][et_pb_text _builder_version=\u00a0\u00bb4.16&Prime; _module_preset=\u00a0\u00bbdefault\u00a0\u00bb text_font=\u00a0\u00bbClinica Black||||||||\u00a0\u00bb global_colors_info=\u00a0\u00bb{}\u00a0\u00bb]<h1 style=\"text-align: center;\">Exhibits and guided Tours<\/h1>[\/et_pb_text][\/et_pb_column][\/et_pb_row][et_pb_row _builder_version=\u00a0\u00bb4.16&Prime; _module_preset=\u00a0\u00bbdefault\u00a0\u00bb global_colors_info=\u00a0\u00bb{}\u00a0\u00bb][et_pb_column type=\u00a0\u00bb4_4&Prime; _builder_version=\u00a0\u00bb4.16&Prime; _module_preset=\u00a0\u00bbdefault\u00a0\u00bb global_colors_info=\u00a0\u00bb{}\u00a0\u00bb][et_pb_text _builder_version=\u00a0\u00bb4.16&Prime; _module_preset=\u00a0\u00bbdefault\u00a0\u00bb global_colors_info=\u00a0\u00bb{}\u00a0\u00bb]<p style=\"text-align: center;\">To broaden the dialogue between the Fine Arts and film, Court M\u00e9trange has been offering its followers since 2013 art exhibits that fuse the futuristic, fantastic and forward-thinking, giving artists free rein, whatever their creative discipline may be, to contemplate and question what Fantasy entails and embodies.<\/p>\n<p style=\"text-align: center;\">Rendez-vous \u00e0 la Galerie Drama pour une exposition in\u00e9dite, au Mus\u00e9e de Bretagne pour une visite guid\u00e9e de l&rsquo;\u00e9trange et au Village M\u00e9trange pour des sculptures insolites.<\/p>[\/et_pb_text][\/et_pb_column][\/et_pb_row][et_pb_row _builder_version=\u00a0\u00bb4.17.4&Prime; _module_preset=\u00a0\u00bbdefault\u00a0\u00bb global_colors_info=\u00a0\u00bb{}\u00a0\u00bb][et_pb_column type=\u00a0\u00bb4_4&Prime; _builder_version=\u00a0\u00bb4.17.4&Prime; _module_preset=\u00a0\u00bbdefault\u00a0\u00bb global_colors_info=\u00a0\u00bb{}\u00a0\u00bb][et_pb_code _builder_version=\u00a0\u00bb4.20.1&Prime; _module_preset=\u00a0\u00bbdefault\u00a0\u00bb hover_enabled=\u00a0\u00bb0&Prime; global_colors_info=\u00a0\u00bb{}\u00a0\u00bb sticky_enabled=\u00a0\u00bb0&Prime;]<!-- [et_pb_line_break_holder] --><div class=\"ecs-no-events\"> <\/div>[\/et_pb_code][\/et_pb_column][\/et_pb_row][\/et_pb_section]","protected":false},"excerpt":{"rendered":"<p>Les expositions et visites 2022Depuis 2013, Court M\u00e9trange propose d\u2019\u00e9largir le dialogue entre les arts plastiques et le cin\u00e9ma en offrant au public des expositions d\u2019art contemporain, fantastique et visionnaire [&hellip;]<\/p>","protected":false},"author":1,"featured_media":0,"parent":0,"menu_order":0,"comment_status":"closed","ping_status":"closed","template":"","meta":{"_acf_changed":false,"_et_pb_use_builder":"on","_et_pb_old_content":"","_et_gb_content_width":"","footnotes":""},"class_list":["post-4203","page","type-page","status-publish","hentry"],"acf":[],"yoast_head":"<!-- This site is optimized with the Yoast SEO plugin v24.5 - https:\/\/yoast.com\/wordpress\/plugins\/seo\/ -->\n<title>Expositions et visites 2022 - Court M\u00e9trange<\/title>\n<meta name=\"robots\" content=\"noindex, nofollow\" \/>\n<meta property=\"og:locale\" content=\"en_GB\" \/>\n<meta property=\"og:type\" content=\"article\" \/>\n<meta property=\"og:title\" content=\"Expositions et visites 2022 - Court M\u00e9trange\" \/>\n<meta property=\"og:description\" content=\"Les expositions et visites 2022Depuis 2013, Court M\u00e9trange propose d\u2019\u00e9largir le dialogue entre les arts plastiques et le cin\u00e9ma en offrant au public des expositions d\u2019art contemporain, fantastique et visionnaire [&hellip;]\" \/>\n<meta property=\"og:url\" content=\"https:\/\/courtmetrange.eu\/en\/4203-2\/\" \/>\n<meta property=\"og:site_name\" content=\"Court M\u00e9trange\" \/>\n<meta property=\"article:publisher\" content=\"https:\/\/www.facebook.com\/CourtMetrange\/\" \/>\n<meta property=\"article:modified_time\" content=\"2024-04-17T08:42:07+00:00\" \/>\n<meta name=\"twitter:card\" content=\"summary_large_image\" \/>\n<meta name=\"twitter:site\" content=\"@courtmetrange\" \/>\n<meta name=\"twitter:label1\" content=\"Estimated reading time\" \/>\n\t<meta name=\"twitter:data1\" content=\"1 minute\" \/>\n<script type=\"application\/ld+json\" class=\"yoast-schema-graph\">{\"@context\":\"https:\/\/schema.org\",\"@graph\":[{\"@type\":\"WebPage\",\"@id\":\"https:\/\/courtmetrange.eu\/4203-2\/\",\"url\":\"https:\/\/courtmetrange.eu\/4203-2\/\",\"name\":\"Expositions et visites 2022 - Court M\u00e9trange\",\"isPartOf\":{\"@id\":\"https:\/\/courtmetrange.eu\/en\/#website\"},\"datePublished\":\"2022-06-21T14:00:55+00:00\",\"dateModified\":\"2024-04-17T08:42:07+00:00\",\"breadcrumb\":{\"@id\":\"https:\/\/courtmetrange.eu\/4203-2\/#breadcrumb\"},\"inLanguage\":\"en-GB\",\"potentialAction\":[{\"@type\":\"ReadAction\",\"target\":[\"https:\/\/courtmetrange.eu\/4203-2\/\"]}]},{\"@type\":\"BreadcrumbList\",\"@id\":\"https:\/\/courtmetrange.eu\/4203-2\/#breadcrumb\",\"itemListElement\":[{\"@type\":\"ListItem\",\"position\":1,\"name\":\"Accueil\",\"item\":\"https:\/\/courtmetrange.eu\/\"},{\"@type\":\"ListItem\",\"position\":2,\"name\":\"Expositions et visites 2022\"}]},{\"@type\":\"WebSite\",\"@id\":\"https:\/\/courtmetrange.eu\/en\/#website\",\"url\":\"https:\/\/courtmetrange.eu\/en\/\",\"name\":\"Court M\u00e9trange\",\"description\":\"Festival International du court m\u00e9trage insolite et fantastique de Rennes\",\"publisher\":{\"@id\":\"https:\/\/courtmetrange.eu\/en\/#organization\"},\"potentialAction\":[{\"@type\":\"SearchAction\",\"target\":{\"@type\":\"EntryPoint\",\"urlTemplate\":\"https:\/\/courtmetrange.eu\/en\/?s={search_term_string}\"},\"query-input\":{\"@type\":\"PropertyValueSpecification\",\"valueRequired\":true,\"valueName\":\"search_term_string\"}}],\"inLanguage\":\"en-GB\"},{\"@type\":\"Organization\",\"@id\":\"https:\/\/courtmetrange.eu\/en\/#organization\",\"name\":\"Court M\u00e9trange\",\"url\":\"https:\/\/courtmetrange.eu\/en\/\",\"logo\":{\"@type\":\"ImageObject\",\"inLanguage\":\"en-GB\",\"@id\":\"https:\/\/courtmetrange.eu\/en\/#\/schema\/logo\/image\/\",\"url\":\"https:\/\/courtmetrange.eu\/wp-content\/uploads\/2020\/11\/Logo_CourtMetrange.svg\",\"contentUrl\":\"https:\/\/courtmetrange.eu\/wp-content\/uploads\/2020\/11\/Logo_CourtMetrange.svg\",\"width\":251,\"height\":127,\"caption\":\"Court M\u00e9trange\"},\"image\":{\"@id\":\"https:\/\/courtmetrange.eu\/en\/#\/schema\/logo\/image\/\"},\"sameAs\":[\"https:\/\/www.facebook.com\/CourtMetrange\/\",\"https:\/\/x.com\/courtmetrange\",\"https:\/\/www.instagram.com\/courtmetrange.rennes\/\",\"https:\/\/www.youtube.com\/channel\/UCbS9jcW3uiDQeGgZAT29Emw\/videos\"]}]}<\/script>\n<!-- \/ Yoast SEO plugin. -->","yoast_head_json":{"title":"Expositions et visites 2022 - Court M\u00e9trange","robots":{"index":"noindex","follow":"nofollow"},"og_locale":"en_GB","og_type":"article","og_title":"Expositions et visites 2022 - Court M\u00e9trange","og_description":"Les expositions et visites 2022Depuis 2013, Court M\u00e9trange propose d\u2019\u00e9largir le dialogue entre les arts plastiques et le cin\u00e9ma en offrant au public des expositions d\u2019art contemporain, fantastique et visionnaire [&hellip;]","og_url":"https:\/\/courtmetrange.eu\/en\/4203-2\/","og_site_name":"Court M\u00e9trange","article_publisher":"https:\/\/www.facebook.com\/CourtMetrange\/","article_modified_time":"2024-04-17T08:42:07+00:00","twitter_card":"summary_large_image","twitter_site":"@courtmetrange","twitter_misc":{"Estimated reading time":"1 minute"},"schema":{"@context":"https:\/\/schema.org","@graph":[{"@type":"WebPage","@id":"https:\/\/courtmetrange.eu\/4203-2\/","url":"https:\/\/courtmetrange.eu\/4203-2\/","name":"Expositions et visites 2022 - Court M\u00e9trange","isPartOf":{"@id":"https:\/\/courtmetrange.eu\/en\/#website"},"datePublished":"2022-06-21T14:00:55+00:00","dateModified":"2024-04-17T08:42:07+00:00","breadcrumb":{"@id":"https:\/\/courtmetrange.eu\/4203-2\/#breadcrumb"},"inLanguage":"en-GB","potentialAction":[{"@type":"ReadAction","target":["https:\/\/courtmetrange.eu\/4203-2\/"]}]},{"@type":"BreadcrumbList","@id":"https:\/\/courtmetrange.eu\/4203-2\/#breadcrumb","itemListElement":[{"@type":"ListItem","position":1,"name":"Accueil","item":"https:\/\/courtmetrange.eu\/"},{"@type":"ListItem","position":2,"name":"Expositions et visites 2022"}]},{"@type":"WebSite","@id":"https:\/\/courtmetrange.eu\/en\/#website","url":"https:\/\/courtmetrange.eu\/en\/","name":"Court M\u00e9trange","description":"Festival International du court m\u00e9trage insolite et fantastique de Rennes","publisher":{"@id":"https:\/\/courtmetrange.eu\/en\/#organization"},"potentialAction":[{"@type":"SearchAction","target":{"@type":"EntryPoint","urlTemplate":"https:\/\/courtmetrange.eu\/en\/?s={search_term_string}"},"query-input":{"@type":"PropertyValueSpecification","valueRequired":true,"valueName":"search_term_string"}}],"inLanguage":"en-GB"},{"@type":"Organization","@id":"https:\/\/courtmetrange.eu\/en\/#organization","name":"Court M\u00e9trange","url":"https:\/\/courtmetrange.eu\/en\/","logo":{"@type":"ImageObject","inLanguage":"en-GB","@id":"https:\/\/courtmetrange.eu\/en\/#\/schema\/logo\/image\/","url":"https:\/\/courtmetrange.eu\/wp-content\/uploads\/2020\/11\/Logo_CourtMetrange.svg","contentUrl":"https:\/\/courtmetrange.eu\/wp-content\/uploads\/2020\/11\/Logo_CourtMetrange.svg","width":251,"height":127,"caption":"Court M\u00e9trange"},"image":{"@id":"https:\/\/courtmetrange.eu\/en\/#\/schema\/logo\/image\/"},"sameAs":["https:\/\/www.facebook.com\/CourtMetrange\/","https:\/\/x.com\/courtmetrange","https:\/\/www.instagram.com\/courtmetrange.rennes\/","https:\/\/www.youtube.com\/channel\/UCbS9jcW3uiDQeGgZAT29Emw\/videos"]}]}},"_links":{"self":[{"href":"https:\/\/courtmetrange.eu\/en\/wp-json\/wp\/v2\/pages\/4203","targetHints":{"allow":["GET"]}}],"collection":[{"href":"https:\/\/courtmetrange.eu\/en\/wp-json\/wp\/v2\/pages"}],"about":[{"href":"https:\/\/courtmetrange.eu\/en\/wp-json\/wp\/v2\/types\/page"}],"author":[{"embeddable":true,"href":"https:\/\/courtmetrange.eu\/en\/wp-json\/wp\/v2\/users\/1"}],"replies":[{"embeddable":true,"href":"https:\/\/courtmetrange.eu\/en\/wp-json\/wp\/v2\/comments?post=4203"}],"version-history":[{"count":10,"href":"https:\/\/courtmetrange.eu\/en\/wp-json\/wp\/v2\/pages\/4203\/revisions"}],"predecessor-version":[{"id":11633,"href":"https:\/\/courtmetrange.eu\/en\/wp-json\/wp\/v2\/pages\/4203\/revisions\/11633"}],"wp:attachment":[{"href":"https:\/\/courtmetrange.eu\/en\/wp-json\/wp\/v2\/media?parent=4203"}],"curies":[{"name":"wp","href":"https:\/\/api.w.org\/{rel}","templated":true}]}}