{"id":4732,"date":"2022-06-28T15:08:35","date_gmt":"2022-06-28T14:08:35","guid":{"rendered":"https:\/\/courtmetrange.eu\/?page_id=4732"},"modified":"2024-04-17T10:14:19","modified_gmt":"2024-04-17T08:14:19","slug":"__trashed","status":"publish","type":"page","link":"https:\/\/courtmetrange.eu\/en\/__trashed\/","title":{"rendered":"Les projections jeune public 2022"},"content":{"rendered":"[et_pb_section fb_built=\u00a0\u00bb1&Prime; _builder_version=\u00a0\u00bb4.16&Prime; _module_preset=\u00a0\u00bbdefault\u00a0\u00bb background_color=\u00a0\u00bbRGBA(0,0,0,0)\u00a0\u00bb global_colors_info=\u00a0\u00bb{}\u00a0\u00bb][et_pb_row _builder_version=\u00a0\u00bb4.16&Prime; _module_preset=\u00a0\u00bbdefault\u00a0\u00bb min_height=\u00a0\u00bb119px\u00a0\u00bb global_colors_info=\u00a0\u00bb{}\u00a0\u00bb][et_pb_column type=\u00a0\u00bb4_4&Prime; _builder_version=\u00a0\u00bb4.16&Prime; _module_preset=\u00a0\u00bbdefault\u00a0\u00bb global_colors_info=\u00a0\u00bb{}\u00a0\u00bb][et_pb_text _builder_version=\u00a0\u00bb4.17.4&Prime; _module_preset=\u00a0\u00bbdefault\u00a0\u00bb min_height=\u00a0\u00bb54px\u00a0\u00bb inline_fonts=\u00a0\u00bbHelvetica Neue Medium\u00a0\u00bb global_colors_info=\u00a0\u00bb{}\u00a0\u00bb]<h1 style=\"text-align: center;\"><span style=\"font-family: 'Helvetica Neue Medium';\">Screenings for Young Audience<\/span><\/h1>\n<h3 style=\"text-align: center;\"><strong>\"Finecombing Fantastic film\"<\/strong><\/h3>\n<p><strong><\/strong><\/p>\n<p style=\"text-align: center;\">Four new programmes of unusual, strange and fantastic short films are put together every year by the Festival Court M\u00e9trange.<\/p>[\/et_pb_text][\/et_pb_column][\/et_pb_row][et_pb_row column_structure=\u00a0\u00bb1_2,1_2&Prime; _builder_version=\u00a0\u00bb4.17.4&Prime; _module_preset=\u00a0\u00bbdefault\u00a0\u00bb background_color=\u00a0\u00bbrgba(224,153,0,0.65)\u00a0\u00bb min_height=\u00a0\u00bb283px\u00a0\u00bb custom_padding=\u00a0\u00bb0px||0px|30px|false|false\u00a0\u00bb global_colors_info=\u00a0\u00bb{}\u00a0\u00bb][et_pb_column type=\u00a0\u00bb1_2&Prime; _builder_version=\u00a0\u00bb4.16&Prime; _module_preset=\u00a0\u00bbdefault\u00a0\u00bb global_colors_info=\u00a0\u00bb{}\u00a0\u00bb][et_pb_text _builder_version=\u00a0\u00bb4.17.4&Prime; _module_preset=\u00a0\u00bbdefault\u00a0\u00bb header_font_size=\u00a0\u00bb13px\u00a0\u00bb background_color=\u00a0\u00bb#9b3f28&Prime; module_alignment=\u00a0\u00bbcenter\u00a0\u00bb min_height=\u00a0\u00bb325px\u00a0\u00bb custom_margin=\u00a0\u00bb30px||8px|0px|false|false\u00a0\u00bb custom_padding=\u00a0\u00bb0px|0px||0px|false|false\u00a0\u00bb global_colors_info=\u00a0\u00bb{}\u00a0\u00bb]<p style=\"padding-left: 40px;\"><span style=\"color: #ff99cc;\"><strong><\/strong><\/span><\/p>\n<h3 style=\"padding-left: 40px;\"><span style=\"color: #ff99cc;\"><strong><\/strong><\/span><\/h3>\n<h3 style=\"padding-left: 40px;\"><span style=\"font-size: large;\"><strong><span style=\"color: #ffffff;\">Cin\u00e9ma Arvor &#8211; Rennes<\/span><\/strong><\/span><\/h3>\n<h6 style=\"padding-left: 40px;\"><strong><span style=\"color: #ffffff; font-size: medium;\"><span style=\"font-size: small;\"><\/span><\/span><\/strong><\/h6>\n<h6 style=\"padding-left: 40px;\"><strong><span style=\"color: #ffffff; font-size: medium;\"><span style=\"font-size: small;\">LUNDI 26 SEPTEMBRE &#8211; 10h<\/span><\/span><\/strong><\/h6>\n<p><span style=\"font-size: small;\"><strong>\u00a0 \u00a0 \u00a0 \u00a0 \u00a0 \u00a0<span style=\"color: #ffffff;\">MARDI 27 SEPTEMBRE &#8211; 10h<\/span><\/strong><\/span><\/p>\n<p><span style=\"font-size: small;\"><strong>\u00a0 \u00a0 \u00a0 \u00a0 <span style=\"color: #ffffff;\">\u00a0 \u00a0Length: 1hr10<\/span><span style=\"text-align: justify; color: #ffffff;\"> 34 minutes<\/span><\/strong><\/span><\/p>\n<p><span style=\"font-size: small;\"><strong><em><span style=\"color: #ffffff;\">\u00a0 \u00a0 \u00a0 \u00a0 \u00a0 \u00a0En comp\u00e9tition pour les prix du jeune public<\/span><\/em><\/strong><\/span><span style=\"color: #dbb0cf;\"><strong>\u00a0<\/strong><\/span><\/p>\n<p style=\"text-align: justify;\"><strong><span style=\"font-size: medium;\"><\/span><\/strong><\/p>\n<p style=\"padding-left: 40px;\"><span style=\"color: #dbb0cf;\"><strong><\/strong><\/span><\/p>\n<p style=\"padding-left: 40px;\"><span style=\"color: #ff99cc;\"><strong><\/strong><\/span><\/p>\n<p style=\"padding-left: 40px;\"><strong><span style=\"color: #ffffff;\"><\/span><\/strong><\/p>[\/et_pb_text][et_pb_image src=\u00a0\u00bbhttps:\/\/courtmetrange.eu\/wp-content\/uploads\/2022\/06\/Pictos-orange.png\u00a0\u00bb title_text=\u00a0\u00bbPictos orange\u00a0\u00bb align=\u00a0\u00bbright\u00a0\u00bb _builder_version=\u00a0\u00bb4.17.4&Prime; _module_preset=\u00a0\u00bbdefault\u00a0\u00bb background_color=\u00a0\u00bb#FFFFFF\u00a0\u00bb width=\u00a0\u00bb100%\u00a0\u00bb max_width=\u00a0\u00bb100%\u00a0\u00bb module_alignment=\u00a0\u00bbcenter\u00a0\u00bb custom_margin=\u00a0\u00bb-77px||2px||false|false\u00a0\u00bb custom_padding=\u00a0\u00bb|292px||||\u00a0\u00bb locked=\u00a0\u00bboff\u00a0\u00bb global_colors_info=\u00a0\u00bb{}\u00a0\u00bb][\/et_pb_image][\/et_pb_column][et_pb_column type=\u00a0\u00bb1_2&Prime; _builder_version=\u00a0\u00bb4.16&Prime; _module_preset=\u00a0\u00bbdefault\u00a0\u00bb global_colors_info=\u00a0\u00bb{}\u00a0\u00bb][et_pb_text _builder_version=\u00a0\u00bb4.17.4&Prime; _module_preset=\u00a0\u00bbdefault\u00a0\u00bb background_color=\u00a0\u00bbRGBA(0,0,0,0)\u00a0\u00bb width=\u00a0\u00bb89%\u00a0\u00bb max_width=\u00a0\u00bb92%\u00a0\u00bb module_alignment=\u00a0\u00bbcenter\u00a0\u00bb custom_margin=\u00a0\u00bb|0px|-13px||false|false\u00a0\u00bb custom_padding=\u00a0\u00bb21px||0px||false|false\u00a0\u00bb global_colors_info=\u00a0\u00bb{}\u00a0\u00bb]<h2 style=\"text-align: justify;\"><span style=\"color: #25233b;\"><strong><\/strong><\/span><\/h2>\n<h2 style=\"text-align: center;\"><span style=\"color: #9b3f28;\"><strong>La S\u00e9ance Basse-Court\u00a0\u00a0<\/strong><\/span><\/h2>\n<p style=\"text-align: justify;\">\n<p style=\"text-align: right;\">[\/et_pb_text][et_pb_image src=\u00a0\u00bbhttps:\/\/courtmetrange.eu\/wp-content\/uploads\/2022\/06\/Fiche-seance-Basse-Court-2022_compressed-2_page-0001-min.jpg\u00a0\u00bb title_text=\u00a0\u00bbFiche s\u00e9ance &#8211; Basse Court &#8211; 2022_compressed (2)_page-0001-min\u00a0\u00bb url=\u00a0\u00bbhttps:\/\/courtmetrange.eu\/wp-content\/uploads\/2022\/06\/Fiche-seance-Basse-Court-2022_compressed-2.pdf\u00a0\u00bb align=\u00a0\u00bbcenter\u00a0\u00bb _builder_version=\u00a0\u00bb4.17.4&Prime; _module_preset=\u00a0\u00bbdefault\u00a0\u00bb width=\u00a0\u00bb40%\u00a0\u00bb max_width=\u00a0\u00bb45%\u00a0\u00bb global_colors_info=\u00a0\u00bb{}\u00a0\u00bb][\/et_pb_image][\/et_pb_column][\/et_pb_row][et_pb_row column_structure=\u00a0\u00bb1_3,1_3,1_3&Prime; _builder_version=\u00a0\u00bb4.17.4&Prime; _module_preset=\u00a0\u00bbdefault\u00a0\u00bb background_color=\u00a0\u00bbrgba(224,153,0,0.65)\u00a0\u00bb module_alignment=\u00a0\u00bbcenter\u00a0\u00bb min_height=\u00a0\u00bb429.2px\u00a0\u00bb custom_margin=\u00a0\u00bb0px|auto|0px|auto|false|false\u00a0\u00bb custom_padding=\u00a0\u00bb17px||0px|30px|false|false\u00a0\u00bb locked=\u00a0\u00bboff\u00a0\u00bb global_colors_info=\u00a0\u00bb{}\u00a0\u00bb][et_pb_column type=\u00a0\u00bb1_3&Prime; _builder_version=\u00a0\u00bb4.16&Prime; _module_preset=\u00a0\u00bbdefault\u00a0\u00bb global_colors_info=\u00a0\u00bb{}\u00a0\u00bb][et_pb_image src=\u00a0\u00bbhttps:\/\/courtmetrange.eu\/wp-content\/uploads\/2022\/06\/6-Pattes_02-min.jpg\u00a0\u00bb title_text=\u00a0\u00bb6 Pattes_02-min\u00a0\u00bb align=\u00a0\u00bbcenter\u00a0\u00bb _builder_version=\u00a0\u00bb4.17.4&Prime; _module_preset=\u00a0\u00bbdefault\u00a0\u00bb width=\u00a0\u00bb78%\u00a0\u00bb custom_padding=\u00a0\u00bb|||30px|false|false\u00a0\u00bb global_colors_info=\u00a0\u00bb{}\u00a0\u00bb][\/et_pb_image][et_pb_text _builder_version=\u00a0\u00bb4.17.4&Prime; _module_preset=\u00a0\u00bbdefault\u00a0\u00bb background_color=\u00a0\u00bbRGBA(0,0,0,0)\u00a0\u00bb custom_margin=\u00a0\u00bb||||false|false\u00a0\u00bb custom_padding=\u00a0\u00bb|30px||60px|false|false\u00a0\u00bb global_colors_info=\u00a0\u00bb{}\u00a0\u00bb]<p><span style=\"color: #9b3f28;\"><strong><span data-contrast=\"auto\" xml:lang=\"FR-FR\" lang=\"FR-FR\" class=\"TextRun MacChromeBold SCXW56305898 BCX0\"><span class=\"NormalTextRun SCXW56305898 BCX0\" data-ccp-parastyle=\"No Spacing\">6 PATTES SOUS TERRE<\/span><\/span><span class=\"EOP SCXW56305898 BCX0\" data-ccp-props=\"{&quot;335559738&quot;:240}\">\u00a0<\/span><\/strong><\/span><\/p>\n<p><span style=\"color: #993300;\">De Nicolas Bianco-Levrin<\/span><br \/><span style=\"color: #993300;\">02\u201930 <strong>\u2022<\/strong> 2021 <strong>\u2022<\/strong> France<\/span><\/p>\n<p style=\"text-align: justify;\"><span style=\"color: #9b3f28;\">Pour le chat, la vie dans le cimeti\u00e8re est un v\u00e9ritable paradis. Il est au calme et il n\u2019a qu\u2019\u00e0 tendre la patte pour attraper une souris. Mais cette fois-ci, le fant\u00f4me de la souris vient hanter le chat. <\/span><\/p>\n<p><span style=\"color: #993300;\"><em>contact@nicolasbianco.fr\u00a0<\/em><\/span><\/p>\n<p style=\"text-align: center;\"><strong><\/strong><\/p>[\/et_pb_text][\/et_pb_column][et_pb_column type=\u00a0\u00bb1_3&Prime; _builder_version=\u00a0\u00bb4.16&Prime; _module_preset=\u00a0\u00bbdefault\u00a0\u00bb global_colors_info=\u00a0\u00bb{}\u00a0\u00bb][et_pb_image src=\u00a0\u00bbhttps:\/\/courtmetrange.eu\/wp-content\/uploads\/2022\/06\/printemps.jpg\u00a0\u00bb title_text=\u00a0\u00bbprintemps\u00a0\u00bb _builder_version=\u00a0\u00bb4.17.4&Prime; _module_preset=\u00a0\u00bbdefault\u00a0\u00bb width=\u00a0\u00bb78%\u00a0\u00bb custom_padding=\u00a0\u00bb|||30px|false|false\u00a0\u00bb global_colors_info=\u00a0\u00bb{}\u00a0\u00bb][\/et_pb_image][et_pb_text _builder_version=\u00a0\u00bb4.17.4&Prime; _module_preset=\u00a0\u00bbdefault\u00a0\u00bb module_alignment=\u00a0\u00bbcenter\u00a0\u00bb custom_margin=\u00a0\u00bb||||false|false\u00a0\u00bb custom_padding=\u00a0\u00bb|30px||30px|false|false\u00a0\u00bb global_colors_info=\u00a0\u00bb{}\u00a0\u00bb]<p><span style=\"color: #9b3f28;\"><strong>LA L\u00c9GENDE DU PRINTEMPS<\/strong><\/span><\/p>\n<p><span style=\"color: #9b3f28;\">De Lou V\u00e9rant \u2022 06\u201942 \u2022 2021 \u2022 Belgique<\/span><\/p>\n<p style=\"text-align: justify;\"><span style=\"color: #9b3f28;\">Savez-vous comment na\u00eet le printemps ? On raconte que chaque ann\u00e9e, \u00e0 la fin de l\u2019hiver, de petites feuilles d\u2019arbre ravivent l\u2019\u00e9nergie du soleil en r\u00e9alisant des spectacles.<\/span><\/p>\n<p><span style=\"color: #9b3f28;\"><em>info.adifac@gmail.com<\/em><\/span><\/p>\n<p><em><\/em><\/p>\n<p><em><\/em><\/p>\n<p style=\"text-align: center;\"><strong><\/strong><\/p>[\/et_pb_text][\/et_pb_column][et_pb_column type=\u00a0\u00bb1_3&Prime; _builder_version=\u00a0\u00bb4.16&Prime; _module_preset=\u00a0\u00bbdefault\u00a0\u00bb global_colors_info=\u00a0\u00bb{}\u00a0\u00bb][et_pb_image src=\u00a0\u00bbhttps:\/\/courtmetrange.eu\/wp-content\/uploads\/2022\/06\/Second-Breakfast_2400x1350px_300dpi-8-min.jpg\u00a0\u00bb title_text=\u00a0\u00bbSecond Breakfast_2400x1350px_300dpi -8&#8211;min\u00a0\u00bb _builder_version=\u00a0\u00bb4.17.4&Prime; _module_preset=\u00a0\u00bbdefault\u00a0\u00bb width=\u00a0\u00bb78%\u00a0\u00bb custom_padding=\u00a0\u00bb|||30px|false|false\u00a0\u00bb global_colors_info=\u00a0\u00bb{}\u00a0\u00bb][\/et_pb_image][et_pb_text _builder_version=\u00a0\u00bb4.16&Prime; _module_preset=\u00a0\u00bbdefault\u00a0\u00bb module_alignment=\u00a0\u00bbright\u00a0\u00bb custom_margin=\u00a0\u00bb||0px||false|false\u00a0\u00bb custom_padding=\u00a0\u00bb|60px||30px|false|false\u00a0\u00bb global_colors_info=\u00a0\u00bb{}\u00a0\u00bb]<p><span style=\"color: #9b3f28;\"><strong>SECOND BREAKFAST<\/strong><\/span><\/p>\n<p><span style=\"color: #9b3f28;\">De Lukas Winters \u2022 03\u201950 \u2022 2021 \u2022 Estonie<\/span><\/p>\n<p style=\"text-align: justify;\"><span style=\"color: #9b3f28;\">La douce chaleur du matin. Ce d\u00e9sir est-il l\u2019amour\u202f? La vigueur\u202f! La passion\u202f! Une gaffe fatale\u202f! C\u2019est l\u2019heure du petit-d\u00e9jeuner.<\/span><\/p>\n<p><span style=\"color: #9b3f28;\"><em>lyza.jarvis@artun.ee<\/em><\/span><\/p>\n<p><em><\/em><\/p>\n<p style=\"text-align: center;\"><strong><\/strong><\/p>[\/et_pb_text][\/et_pb_column][\/et_pb_row][et_pb_row column_structure=\u00a0\u00bb1_3,1_3,1_3&Prime; _builder_version=\u00a0\u00bb4.17.4&Prime; _module_preset=\u00a0\u00bbdefault\u00a0\u00bb background_color=\u00a0\u00bbrgba(224,153,0,0.65)\u00a0\u00bb module_alignment=\u00a0\u00bbcenter\u00a0\u00bb min_height=\u00a0\u00bb490.2px\u00a0\u00bb custom_margin=\u00a0\u00bb0px|auto|0px|auto|false|false\u00a0\u00bb custom_padding=\u00a0\u00bb0px||0px|30px|false|false\u00a0\u00bb locked=\u00a0\u00bboff\u00a0\u00bb global_colors_info=\u00a0\u00bb{}\u00a0\u00bb][et_pb_column type=\u00a0\u00bb1_3&Prime; _builder_version=\u00a0\u00bb4.16&Prime; _module_preset=\u00a0\u00bbdefault\u00a0\u00bb global_colors_info=\u00a0\u00bb{}\u00a0\u00bb][et_pb_image src=\u00a0\u00bbhttps:\/\/courtmetrange.eu\/wp-content\/uploads\/2022\/06\/PHOSPHORUS_VERSION_C_03485-min.png\u00a0\u00bb title_text=\u00a0\u00bbPHOSPHORUS_VERSION_C_03485-min\u00a0\u00bb align=\u00a0\u00bbcenter\u00a0\u00bb _builder_version=\u00a0\u00bb4.17.4&Prime; _module_preset=\u00a0\u00bbdefault\u00a0\u00bb width=\u00a0\u00bb78%\u00a0\u00bb custom_padding=\u00a0\u00bb|||30px|false|false\u00a0\u00bb global_colors_info=\u00a0\u00bb{}\u00a0\u00bb][\/et_pb_image][et_pb_text _builder_version=\u00a0\u00bb4.17.4&Prime; _module_preset=\u00a0\u00bbdefault\u00a0\u00bb background_color=\u00a0\u00bbRGBA(0,0,0,0)\u00a0\u00bb custom_margin=\u00a0\u00bb||||false|false\u00a0\u00bb custom_padding=\u00a0\u00bb|30px||60px|false|false\u00a0\u00bb global_colors_info=\u00a0\u00bb{}\u00a0\u00bb]<p><strong><span style=\"color: #9b3f28;\">PHOSPHORUS<\/span><\/strong><\/p>\n<p><span style=\"color: #9b3f28;\">De Eduardo Adsuara, Jennifer Belobi, Keilidh Bradley \u2022 04\u201928 \u2022 2021 \u2022 France<\/span><\/p>\n<p style=\"text-align: justify;\"><span style=\"color: #9b3f28;\">Une nu\u00e9e de particules de poussi\u00e8re se pr\u00e9lassent dans les lumi\u00e8res du th\u00e9\u00e2tre et dansent joyeusement \u00e0 l\u2019unisson. Une petite f\u00e9e de poussi\u00e8re a soudain la chance d\u2019\u00eatre au centre de la sc\u00e8ne&#8230;<\/span><\/p>\n<p><em><span style=\"color: #9b3f28;\">festival@miyu.fr<\/span><\/em><\/p>\n<p>&nbsp;<\/p>[\/et_pb_text][\/et_pb_column][et_pb_column type=\u00a0\u00bb1_3&Prime; _builder_version=\u00a0\u00bb4.16&Prime; _module_preset=\u00a0\u00bbdefault\u00a0\u00bb global_colors_info=\u00a0\u00bb{}\u00a0\u00bb][et_pb_image src=\u00a0\u00bbhttps:\/\/courtmetrange.eu\/wp-content\/uploads\/2022\/06\/LaSoupeDeFranzy_05-min.jpg\u00a0\u00bb title_text=\u00a0\u00bbLaSoupeDeFranzy_05-min\u00a0\u00bb _builder_version=\u00a0\u00bb4.17.4&Prime; _module_preset=\u00a0\u00bbdefault\u00a0\u00bb width=\u00a0\u00bb78%\u00a0\u00bb custom_padding=\u00a0\u00bb|||30px|false|false\u00a0\u00bb global_colors_info=\u00a0\u00bb{}\u00a0\u00bb][\/et_pb_image][et_pb_text _builder_version=\u00a0\u00bb4.17.4&Prime; _module_preset=\u00a0\u00bbdefault\u00a0\u00bb module_alignment=\u00a0\u00bbcenter\u00a0\u00bb custom_margin=\u00a0\u00bb||||false|false\u00a0\u00bb custom_padding=\u00a0\u00bb|30px||30px|false|false\u00a0\u00bb global_colors_info=\u00a0\u00bb{}\u00a0\u00bb]<p><span style=\"color: #993300;\"><strong>LA SOUPE DE FRANZY<\/strong><\/span><\/p>\n<p><span style=\"color: #993300;\">De Ana Chubinidze \u2022 08\u201944 \u2022 2021 \u2022 France \/ G\u00e9orgie<\/span><\/p>\n<p style=\"text-align: justify;\"><span style=\"color: #993300;\">Extraterrestre solitaire, la cheffe cuisini\u00e8re Franzy d\u00e9couvre que sa fameuse soupe rose n\u2019est pas seulement d\u00e9licieuse mais \u00e9galement magique, lorsqu\u2019elle la partage avec des cr\u00e9atures affam\u00e9es vivant sur une \u00e9trange plan\u00e8te\u2026<\/span><\/p>\n<p><span style=\"color: #993300;\"><em>j.mourlam@folimage.fr<\/em><\/span><\/p>[\/et_pb_text][\/et_pb_column][et_pb_column type=\u00a0\u00bb1_3&Prime; _builder_version=\u00a0\u00bb4.16&Prime; _module_preset=\u00a0\u00bbdefault\u00a0\u00bb global_colors_info=\u00a0\u00bb{}\u00a0\u00bb][et_pb_image src=\u00a0\u00bbhttps:\/\/courtmetrange.eu\/wp-content\/uploads\/2022\/06\/o-monstre.png\u00a0\u00bb title_text=\u00a0\u00bbo monstre\u00a0\u00bb _builder_version=\u00a0\u00bb4.17.4&Prime; _module_preset=\u00a0\u00bbdefault\u00a0\u00bb custom_padding=\u00a0\u00bb|64px||26px||\u00a0\u00bb global_colors_info=\u00a0\u00bb{}\u00a0\u00bb][\/et_pb_image][et_pb_text _builder_version=\u00a0\u00bb4.17.4&Prime; _module_preset=\u00a0\u00bbdefault\u00a0\u00bb module_alignment=\u00a0\u00bbcenter\u00a0\u00bb custom_margin=\u00a0\u00bb||||false|false\u00a0\u00bb custom_padding=\u00a0\u00bb|30px||30px|false|false\u00a0\u00bb global_colors_info=\u00a0\u00bb{}\u00a0\u00bb]<p><strong><span style=\"color: #9b3f28;\">\u00d4, LE MONSTRE DE LA LUNE<\/span><\/strong><\/p>\n<p><span style=\"color: #9b3f28;\">De Collectif ESRA Animation \u2022 07\u201936 \u2022 2022 \u2022 France<\/span><\/p>\n<p style=\"text-align: justify;\"><span style=\"color: #9b3f28;\">Tout l\u00e0-haut dans le ciel, sur la Lune, vit Monsieur Toubleu, le monstre charg\u00e9 d\u2019allumer les \u00e9toiles du firmament. Tous les soirs, il descend en ville pour se charger lui-m\u00eame de l\u2019allumage des lampadaires de la ville. Mais ce soir-l\u00e0, il fait une bien \u00e9trange rencontre\u2026<\/span><\/p>\n<p><em><span style=\"color: #9b3f28;\">melennlales@gmail.com<\/span><\/em><\/p>[\/et_pb_text][\/et_pb_column][\/et_pb_row][et_pb_row _builder_version=\u00a0\u00bb4.16&Prime; _module_preset=\u00a0\u00bbdefault\u00a0\u00bb custom_padding=\u00a0\u00bb0px||0px|||\u00a0\u00bb global_colors_info=\u00a0\u00bb{}\u00a0\u00bb][et_pb_column type=\u00a0\u00bb4_4&Prime; _builder_version=\u00a0\u00bb4.16&Prime; _module_preset=\u00a0\u00bbdefault\u00a0\u00bb global_colors_info=\u00a0\u00bb{}\u00a0\u00bb][et_pb_divider _builder_version=\u00a0\u00bb4.16&Prime; _module_preset=\u00a0\u00bbdefault\u00a0\u00bb min_height=\u00a0\u00bb31.8px\u00a0\u00bb custom_margin=\u00a0\u00bb|||30px|false|false\u00a0\u00bb custom_padding=\u00a0\u00bb|||30px|false|false\u00a0\u00bb global_colors_info=\u00a0\u00bb{}\u00a0\u00bb custom_padding__hover_enabled=\u00a0\u00bbon|desktop\u00a0\u00bb custom_padding__hover=\u00a0\u00bb|||30px|false|false\u00a0\u00bb][\/et_pb_divider][\/et_pb_column][\/et_pb_row][et_pb_row column_structure=\u00a0\u00bb1_2,1_2&Prime; _builder_version=\u00a0\u00bb4.17.4&Prime; _module_preset=\u00a0\u00bbdefault\u00a0\u00bb background_color=\u00a0\u00bbrgba(224,153,0,0.65)\u00a0\u00bb min_height=\u00a0\u00bb283px\u00a0\u00bb custom_padding=\u00a0\u00bb0px||0px|30px|false|false\u00a0\u00bb global_colors_info=\u00a0\u00bb{}\u00a0\u00bb][et_pb_column type=\u00a0\u00bb1_2&Prime; _builder_version=\u00a0\u00bb4.16&Prime; _module_preset=\u00a0\u00bbdefault\u00a0\u00bb global_colors_info=\u00a0\u00bb{}\u00a0\u00bb][et_pb_text _builder_version=\u00a0\u00bb4.17.4&Prime; _module_preset=\u00a0\u00bbdefault\u00a0\u00bb header_font_size=\u00a0\u00bb13px\u00a0\u00bb background_color=\u00a0\u00bb#9b3f28&Prime; module_alignment=\u00a0\u00bbcenter\u00a0\u00bb min_height=\u00a0\u00bb325px\u00a0\u00bb custom_margin=\u00a0\u00bb30px||8px|0px|false|false\u00a0\u00bb custom_padding=\u00a0\u00bb0px|0px||0px|false|false\u00a0\u00bb global_colors_info=\u00a0\u00bb{}\u00a0\u00bb]<h3><span style=\"color: #ff99cc;\"><strong><\/strong><\/span><\/h3>\n<h3 style=\"padding-left: 40px;\"><span style=\"color: #ff99cc;\"><strong><\/strong><\/span><\/h3>\n<h3 style=\"padding-left: 40px;\"><span style=\"color: #ffffff;\"><strong><span style=\"font-size: large;\">Cin\u00e9ma Arvor &#8211; Rennes<\/span><br \/><span style=\"font-size: small;\">\u00a0<br \/><\/span><\/strong><\/span><strong style=\"color: #ffffff; font-size: small;\">LUNDI 26 SEPTEMBRE &#8211; \u00e0 11h et \u00e0 14h<\/strong><\/h3>\n<h6 style=\"padding-left: 40px;\"><span style=\"font-size: small;\"><strong style=\"color: #ffffff;\"><br \/>MARDI 27 SEPTEMBRE &#8211; \u00e0 11h et \u00e0 14h<br \/>\u00a0<\/strong><\/span><\/h6>\n<p style=\"padding-left: 40px;\"><span style=\"color: #ffffff; font-size: small;\"><strong>Length: 1 hr 06 min<\/strong> 53 minutes\u00a0<\/span><\/p>\n<p style=\"padding-left: 40px;\"><span style=\"color: #ffffff; font-size: small;\">En comp\u00e9tition pour les prix du jeune public\u00a0<\/span><\/p>\n<p style=\"padding-left: 40px;\"><span style=\"color: #dbb0cf;\"><strong><\/strong><\/span><\/p>\n<p style=\"padding-left: 40px;\"><span style=\"color: #dbb0cf;\"><strong>\u00a0<\/strong><\/span><\/p>\n<p style=\"padding-left: 40px;\"><span style=\"color: #dbb0cf;\"><strong><\/strong><\/span><\/p>\n<p style=\"padding-left: 40px;\"><span style=\"color: #ff99cc;\"><strong><\/strong><\/span><\/p>\n<p style=\"padding-left: 40px;\"><strong><span style=\"color: #ffffff;\"><\/span><\/strong><\/p>[\/et_pb_text][et_pb_image src=\u00a0\u00bbhttps:\/\/courtmetrange.eu\/wp-content\/uploads\/2022\/06\/Pictos-orange.png\u00a0\u00bb title_text=\u00a0\u00bbPictos orange\u00a0\u00bb align=\u00a0\u00bbright\u00a0\u00bb _builder_version=\u00a0\u00bb4.17.4&Prime; _module_preset=\u00a0\u00bbdefault\u00a0\u00bb background_color=\u00a0\u00bb#FFFFFF\u00a0\u00bb width=\u00a0\u00bb100%\u00a0\u00bb max_width=\u00a0\u00bb100%\u00a0\u00bb module_alignment=\u00a0\u00bbcenter\u00a0\u00bb custom_margin=\u00a0\u00bb-77px||2px||false|false\u00a0\u00bb custom_padding=\u00a0\u00bb|292px||||\u00a0\u00bb global_colors_info=\u00a0\u00bb{}\u00a0\u00bb][\/et_pb_image][\/et_pb_column][et_pb_column type=\u00a0\u00bb1_2&Prime; _builder_version=\u00a0\u00bb4.16&Prime; _module_preset=\u00a0\u00bbdefault\u00a0\u00bb global_colors_info=\u00a0\u00bb{}\u00a0\u00bb][et_pb_text _builder_version=\u00a0\u00bb4.17.4&Prime; _module_preset=\u00a0\u00bbdefault\u00a0\u00bb background_color=\u00a0\u00bbRGBA(0,0,0,0)\u00a0\u00bb width=\u00a0\u00bb89%\u00a0\u00bb max_width=\u00a0\u00bb92%\u00a0\u00bb module_alignment=\u00a0\u00bbcenter\u00a0\u00bb custom_margin=\u00a0\u00bb|0px|||false|false\u00a0\u00bb custom_padding=\u00a0\u00bb30px||||false|false\u00a0\u00bb global_colors_info=\u00a0\u00bb{}\u00a0\u00bb]<h2 style=\"text-align: justify;\"><span style=\"color: #25233b;\"><strong><\/strong><\/span><\/h2>\n<h2><span style=\"color: #9b3f28;\"><strong>La s\u00e9ance Court d&rsquo;\u00e9cole &#8211; d\u00e8s 7 ans\u00a0\u00a0<\/strong><\/span><\/h2>[\/et_pb_text][et_pb_image src=\u00a0\u00bbhttps:\/\/courtmetrange.eu\/wp-content\/uploads\/2022\/06\/Fiche-seance-Court-decole-2022_compressed_page-0001-min.jpg\u00a0\u00bb title_text=\u00a0\u00bbFiche s\u00e9ance &#8211; Court d&rsquo;\u00e9cole &#8211; 2022_compressed_page-0001-min\u00a0\u00bb url=\u00a0\u00bbhttps:\/\/courtmetrange.eu\/wp-content\/uploads\/2022\/06\/Fiche-seance-Court-decole-2022_compressed.pdf\u00a0\u00bb align=\u00a0\u00bbcenter\u00a0\u00bb _builder_version=\u00a0\u00bb4.17.4&Prime; _module_preset=\u00a0\u00bbdefault\u00a0\u00bb width=\u00a0\u00bb40%\u00a0\u00bb max_width=\u00a0\u00bb45%\u00a0\u00bb custom_margin=\u00a0\u00bb-26px|||||\u00a0\u00bb global_colors_info=\u00a0\u00bb{}\u00a0\u00bb][\/et_pb_image][\/et_pb_column][\/et_pb_row][et_pb_row column_structure=\u00a0\u00bb1_3,1_3,1_3&Prime; _builder_version=\u00a0\u00bb4.17.4&Prime; _module_preset=\u00a0\u00bbdefault\u00a0\u00bb background_color=\u00a0\u00bbrgba(224,153,0,0.65)\u00a0\u00bb module_alignment=\u00a0\u00bbcenter\u00a0\u00bb min_height=\u00a0\u00bb490.2px\u00a0\u00bb custom_margin=\u00a0\u00bb0px|auto|0px|auto|false|false\u00a0\u00bb custom_padding=\u00a0\u00bb22px||0px|30px|false|false\u00a0\u00bb locked=\u00a0\u00bboff\u00a0\u00bb global_colors_info=\u00a0\u00bb{}\u00a0\u00bb][et_pb_column type=\u00a0\u00bb1_3&Prime; _builder_version=\u00a0\u00bb4.16&Prime; _module_preset=\u00a0\u00bbdefault\u00a0\u00bb global_colors_info=\u00a0\u00bb{}\u00a0\u00bb][et_pb_image src=\u00a0\u00bbhttps:\/\/courtmetrange.eu\/wp-content\/uploads\/2022\/06\/Danse_Macabre_press07-min-scaled.jpg\u00a0\u00bb title_text=\u00a0\u00bbDanse_Macabre_press07-min\u00a0\u00bb align=\u00a0\u00bbcenter\u00a0\u00bb _builder_version=\u00a0\u00bb4.17.4&Prime; _module_preset=\u00a0\u00bbdefault\u00a0\u00bb width=\u00a0\u00bb78%\u00a0\u00bb custom_padding=\u00a0\u00bb|0px||0px|false|false\u00a0\u00bb global_colors_info=\u00a0\u00bb{}\u00a0\u00bb][\/et_pb_image][et_pb_text _builder_version=\u00a0\u00bb4.16&Prime; _module_preset=\u00a0\u00bbdefault\u00a0\u00bb background_color=\u00a0\u00bbRGBA(0,0,0,0)\u00a0\u00bb min_height=\u00a0\u00bb210.6px\u00a0\u00bb custom_margin=\u00a0\u00bb-4px||||false|false\u00a0\u00bb custom_padding=\u00a0\u00bb23px|30px||60px|false|false\u00a0\u00bb global_colors_info=\u00a0\u00bb{}\u00a0\u00bb]<p><span style=\"color: #9b3f28;\"><strong>DANSE MACABRE<\/strong><\/span><\/p>\n<p><span style=\"color: #9b3f28;\">De Dawn Brown \u2022 01\u201921 \u2022 2021 \u2022 \u00c9tats-Unis<\/span><\/p>\n<p style=\"text-align: justify;\"><span style=\"color: #9b3f28;\">Des squelettes s\u2019\u00e9l\u00e8vent de la tombe et s\u2019\u00e9battent au clair de lune.<\/span><\/p>\n<p><span style=\"color: #9b3f28;\"><em>themonstershopinc@gmail.com<\/em><\/span><\/p>\n<p style=\"text-align: center;\"><strong><\/strong><\/p>[\/et_pb_text][\/et_pb_column][et_pb_column type=\u00a0\u00bb1_3&Prime; _builder_version=\u00a0\u00bb4.16&Prime; _module_preset=\u00a0\u00bbdefault\u00a0\u00bb global_colors_info=\u00a0\u00bb{}\u00a0\u00bb][et_pb_image src=\u00a0\u00bbhttps:\/\/courtmetrange.eu\/wp-content\/uploads\/2022\/06\/Boxtime_Visuel_04-min.png\u00a0\u00bb title_text=\u00a0\u00bbBoxtime_Visuel_04-min\u00a0\u00bb _builder_version=\u00a0\u00bb4.17.4&Prime; _module_preset=\u00a0\u00bbdefault\u00a0\u00bb width=\u00a0\u00bb78%\u00a0\u00bb custom_padding=\u00a0\u00bb|||30px|false|false\u00a0\u00bb global_colors_info=\u00a0\u00bb{}\u00a0\u00bb][\/et_pb_image][et_pb_text _builder_version=\u00a0\u00bb4.16&Prime; _module_preset=\u00a0\u00bbdefault\u00a0\u00bb module_alignment=\u00a0\u00bbcenter\u00a0\u00bb custom_margin=\u00a0\u00bb||||false|false\u00a0\u00bb custom_padding=\u00a0\u00bb|30px||30px|false|false\u00a0\u00bb global_colors_info=\u00a0\u00bb{}\u00a0\u00bb]<p><span style=\"color: #9b3f28;\"><strong>BOXTIME<\/strong><\/span><\/p>\n<p><span style=\"color: #9b3f28;\">De Aur\u00e9line Mort, Margot Houdant, Pauline Belmont, Samuel Huret, Justine Marechal \u2022 05\u201929 \u2022 2020 \u2022 France<\/span><\/p>\n<p style=\"text-align: justify;\"><span style=\"color: #9b3f28;\">Berkeley, Californie, dans un futur proche. La ville \u00e9volue sous un r\u00e9gime totalitaire dans lequel les interactions sociales sont devenues presque inexistantes. La population, compos\u00e9e uniquement d&rsquo;ouvriers d&rsquo;usine, \u00e9chappe \u00e0 son quotidien dans des cabines de loisirs fournies par le gouvernement. Alex et Anthon, deux jeunes adultes, amis depuis l&rsquo;enfance, \u00e9voluent dans cette dystopie.<\/span><\/p>\n<p><span style=\"color: #9b3f28;\"><em>francois@yummy-films.fr<\/em><\/span><\/p>\n<p><em><\/em><\/p>\n<p><em><\/em><\/p>\n<p style=\"text-align: center;\"><strong><\/strong><\/p>[\/et_pb_text][\/et_pb_column][et_pb_column type=\u00a0\u00bb1_3&Prime; _builder_version=\u00a0\u00bb4.16&Prime; _module_preset=\u00a0\u00bbdefault\u00a0\u00bb global_colors_info=\u00a0\u00bb{}\u00a0\u00bb][et_pb_image src=\u00a0\u00bbhttps:\/\/courtmetrange.eu\/wp-content\/uploads\/2022\/06\/img-Les_Filles_du_vent-300dpi-1-min.jpg\u00a0\u00bb title_text=\u00a0\u00bbimg-Les_Filles_du_vent-300dpi-1-min\u00a0\u00bb _builder_version=\u00a0\u00bb4.17.4&Prime; _module_preset=\u00a0\u00bbdefault\u00a0\u00bb width=\u00a0\u00bb78%\u00a0\u00bb custom_padding=\u00a0\u00bb|||30px|false|false\u00a0\u00bb global_colors_info=\u00a0\u00bb{}\u00a0\u00bb][\/et_pb_image][et_pb_text _builder_version=\u00a0\u00bb4.16&Prime; _module_preset=\u00a0\u00bbdefault\u00a0\u00bb module_alignment=\u00a0\u00bbright\u00a0\u00bb custom_margin=\u00a0\u00bb||0px||false|false\u00a0\u00bb custom_padding=\u00a0\u00bb|60px||30px|false|false\u00a0\u00bb global_colors_info=\u00a0\u00bb{}\u00a0\u00bb]<p><span style=\"color: #9b3f28;\"><b><i>LES FILLES DU VENT<\/i><\/b>\u00a0<\/span><\/p>\n<p><span style=\"color: #9b3f28;\">De H\u00e9lo\u00efse Ferlay \u2022 03\u201900 \u2022 2021 \u2022 France\u00a0<\/span><\/p>\n<p style=\"text-align: justify;\"><span style=\"color: #9b3f28;\">En qu\u00eate d\u2019ind\u00e9pendance, une jeune fille re\u00e7oit la visite des Filles du vent. Elles lui donneront l\u2019espoir et l\u2019\u00e9lan pour grandir. Un jour nouveau arrive.\u00a0<\/span><\/p>\n<p><span style=\"color: #9b3f28;\"><em>mikhal.bak@gmail.com\u00a0<\/em><\/span><\/p>\n<p><em><\/em><\/p>\n<p style=\"text-align: center;\"><strong><\/strong><\/p>[\/et_pb_text][\/et_pb_column][\/et_pb_row][et_pb_row column_structure=\u00a0\u00bb1_3,1_3,1_3&Prime; _builder_version=\u00a0\u00bb4.17.4&Prime; _module_preset=\u00a0\u00bbdefault\u00a0\u00bb background_color=\u00a0\u00bbrgba(224,153,0,0.65)\u00a0\u00bb module_alignment=\u00a0\u00bbcenter\u00a0\u00bb min_height=\u00a0\u00bb539.2px\u00a0\u00bb custom_margin=\u00a0\u00bb0px|auto|0px|auto|false|false\u00a0\u00bb custom_padding=\u00a0\u00bb0px||0px|30px|false|false\u00a0\u00bb locked=\u00a0\u00bboff\u00a0\u00bb global_colors_info=\u00a0\u00bb{}\u00a0\u00bb][et_pb_column type=\u00a0\u00bb1_3&Prime; _builder_version=\u00a0\u00bb4.16&Prime; _module_preset=\u00a0\u00bbdefault\u00a0\u00bb global_colors_info=\u00a0\u00bb{}\u00a0\u00bb][et_pb_image src=\u00a0\u00bbhttps:\/\/courtmetrange.eu\/wp-content\/uploads\/2022\/06\/Hilly-is-coloring-life-min.jpg\u00a0\u00bb title_text=\u00a0\u00bbHilly is coloring life-min\u00a0\u00bb align=\u00a0\u00bbcenter\u00a0\u00bb _builder_version=\u00a0\u00bb4.17.4&Prime; _module_preset=\u00a0\u00bbdefault\u00a0\u00bb width=\u00a0\u00bb78%\u00a0\u00bb custom_padding=\u00a0\u00bb|||30px|false|false\u00a0\u00bb global_colors_info=\u00a0\u00bb{}\u00a0\u00bb][\/et_pb_image][et_pb_text _builder_version=\u00a0\u00bb4.16&Prime; _module_preset=\u00a0\u00bbdefault\u00a0\u00bb background_color=\u00a0\u00bbRGBA(0,0,0,0)\u00a0\u00bb custom_margin=\u00a0\u00bb||||false|false\u00a0\u00bb custom_padding=\u00a0\u00bb28px|30px||60px|false|false\u00a0\u00bb global_colors_info=\u00a0\u00bb{}\u00a0\u00bb]<p><span style=\"color: #9b3f28;\"><strong>HYPO-GRAVITATION<\/strong><\/span><\/p>\n<p><span style=\"color: #9b3f28;\">De Jacob Arenber \u2022 10\u201904 \u2022 2021 \u2022 Isra\u00ebl<\/span><\/p>\n<p style=\"text-align: justify;\"><span style=\"color: #9b3f28;\">Une m\u00e8re et sa fille sont forc\u00e9es d\u2019apprendre \u00e0 vivre ensemble apr\u00e8s que la fille tombe malade d\u2019une maladie myst\u00e9rieuse et commence \u00e0 planer dans les airs.<\/span><\/p>\n<p><span style=\"color: #9b3f28;\"><em>costanzafilms@gmail.com<\/em><\/span><\/p>[\/et_pb_text][\/et_pb_column][et_pb_column type=\u00a0\u00bb1_3&Prime; _builder_version=\u00a0\u00bb4.16&Prime; _module_preset=\u00a0\u00bbdefault\u00a0\u00bb global_colors_info=\u00a0\u00bb{}\u00a0\u00bb][et_pb_image src=\u00a0\u00bbhttps:\/\/courtmetrange.eu\/wp-content\/uploads\/2022\/06\/Gunter-and-Toy-in-the-Kitchen-min-scaled.jpg\u00a0\u00bb title_text=\u00a0\u00bbGunter and Toy in the Kitchen-min\u00a0\u00bb _builder_version=\u00a0\u00bb4.17.4&Prime; _module_preset=\u00a0\u00bbdefault\u00a0\u00bb width=\u00a0\u00bb78%\u00a0\u00bb custom_padding=\u00a0\u00bb|||30px|false|false\u00a0\u00bb global_colors_info=\u00a0\u00bb{}\u00a0\u00bb][\/et_pb_image][et_pb_text _builder_version=\u00a0\u00bb4.16&Prime; _module_preset=\u00a0\u00bbdefault\u00a0\u00bb module_alignment=\u00a0\u00bbcenter\u00a0\u00bb custom_margin=\u00a0\u00bb||||false|false\u00a0\u00bb custom_padding=\u00a0\u00bb|30px||30px|false|false\u00a0\u00bb global_colors_info=\u00a0\u00bb{}\u00a0\u00bb]<p><span style=\"color: #9b3f28;\"><strong>GUNTER FALLS IN LOVE<\/strong><\/span><\/p>\n<p><span style=\"color: #9b3f28;\">De Josephine Lohoar Self \u2022 02\u201906 \u2022 2020 \u2022 Irlande<\/span><\/p>\n<p style=\"text-align: justify;\"><span style=\"color: #9b3f28;\">C&rsquo;est No\u00ebl et G\u00fcnter, un carlin grassouillet, observe depuis sa pani\u00e8re ses ma\u00eetres humains d\u00e9faire leurs cadeaux. Lorsqu&rsquo;un enfant indiff\u00e9rent jette un vieux jouet de famille de c\u00f4t\u00e9, G\u00fcnter a le coup de foudre.<\/span><\/p>\n<p><span style=\"color: #9b3f28;\"><em>carla@cardelentertainment.com<\/em><\/span><\/p>[\/et_pb_text][\/et_pb_column][et_pb_column type=\u00a0\u00bb1_3&Prime; _builder_version=\u00a0\u00bb4.16&Prime; _module_preset=\u00a0\u00bbdefault\u00a0\u00bb global_colors_info=\u00a0\u00bb{}\u00a0\u00bb][et_pb_image src=\u00a0\u00bbhttps:\/\/courtmetrange.eu\/wp-content\/uploads\/2022\/06\/Bolide.jpg\u00a0\u00bb title_text=\u00a0\u00bbBolide\u00a0\u00bb _builder_version=\u00a0\u00bb4.17.4&Prime; _module_preset=\u00a0\u00bbdefault\u00a0\u00bb width=\u00a0\u00bb92.1%\u00a0\u00bb min_height=\u00a0\u00bb126.3px\u00a0\u00bb custom_padding=\u00a0\u00bb|0px|0px|25px|false|false\u00a0\u00bb global_colors_info=\u00a0\u00bb{}\u00a0\u00bb][\/et_pb_image][et_pb_text _builder_version=\u00a0\u00bb4.16&Prime; _module_preset=\u00a0\u00bbdefault\u00a0\u00bb module_alignment=\u00a0\u00bbright\u00a0\u00bb custom_margin=\u00a0\u00bb41px||0px||false|false\u00a0\u00bb custom_padding=\u00a0\u00bb|60px||30px|false|false\u00a0\u00bb global_colors_info=\u00a0\u00bb{}\u00a0\u00bb]<p><span style=\"color: #9b3f28;\"><b>BOLIDE\u00a0<\/b>\u00a0<\/span><\/p>\n<p><span style=\"color: #9b3f28;\">De Juliette Gilot \u2022 17\u201901 \u2022 2022 \u2022 France\u00a0<\/span><\/p>\n<p style=\"text-align: justify;\"><span style=\"color: #9b3f28;\">\u00c9t\u00e9 2035, les voitures essence sont d\u00e9sormais interdites et Saadia comprend que son CAP m\u00e9canique la conduit \u00e0 une impasse. Elle ram\u00e8ne alors un massif cheval de trait au c\u0153ur de sa cit\u00e9 qu\u2019elle baptise Bolide et se lance dans un projet fou : cr\u00e9er le VTC du futur, la voiture de transport \u00e0 cheval !\u00a0<\/span><\/p>\n<p><em><span data-contrast=\"auto\" style=\"color: #9b3f28;\">white-star@white-star.fr<\/span>\u00a0<\/em><\/p>\n<p><em><\/em><\/p>\n<p style=\"text-align: center;\"><strong><\/strong><\/p>[\/et_pb_text][\/et_pb_column][\/et_pb_row][et_pb_row column_structure=\u00a0\u00bb1_3,1_3,1_3&Prime; _builder_version=\u00a0\u00bb4.17.4&Prime; _module_preset=\u00a0\u00bbdefault\u00a0\u00bb background_color=\u00a0\u00bbrgba(224,153,0,0.65)\u00a0\u00bb module_alignment=\u00a0\u00bbcenter\u00a0\u00bb min_height=\u00a0\u00bb490.2px\u00a0\u00bb custom_margin=\u00a0\u00bb0px|auto|0px|auto|false|false\u00a0\u00bb custom_padding=\u00a0\u00bb0px||0px|30px|false|false\u00a0\u00bb locked=\u00a0\u00bboff\u00a0\u00bb global_colors_info=\u00a0\u00bb{}\u00a0\u00bb][et_pb_column type=\u00a0\u00bb1_3&Prime; _builder_version=\u00a0\u00bb4.16&Prime; _module_preset=\u00a0\u00bbdefault\u00a0\u00bb global_colors_info=\u00a0\u00bb{}\u00a0\u00bb][et_pb_image src=\u00a0\u00bbhttps:\/\/courtmetrange.eu\/wp-content\/uploads\/2022\/06\/A-blue-giant-min.jpg\u00a0\u00bb title_text=\u00a0\u00bbA blue giant-min\u00a0\u00bb align=\u00a0\u00bbcenter\u00a0\u00bb _builder_version=\u00a0\u00bb4.17.4&Prime; _module_preset=\u00a0\u00bbdefault\u00a0\u00bb width=\u00a0\u00bb78%\u00a0\u00bb custom_padding=\u00a0\u00bb|||30px|false|false\u00a0\u00bb global_colors_info=\u00a0\u00bb{}\u00a0\u00bb][\/et_pb_image][et_pb_text _builder_version=\u00a0\u00bb4.16&Prime; _module_preset=\u00a0\u00bbdefault\u00a0\u00bb background_color=\u00a0\u00bbRGBA(0,0,0,0)\u00a0\u00bb custom_margin=\u00a0\u00bb||||false|false\u00a0\u00bb custom_padding=\u00a0\u00bb|30px||60px|false|false\u00a0\u00bb global_colors_info=\u00a0\u00bb{}\u00a0\u00bb]<p><span style=\"color: #9b3f28;\"><b>5 BLUE GIANT<\/b>\u00a0<\/span><\/p>\n<p><span style=\"color: #9b3f28;\">De Gyeong-mu Noh \u2022 06\u201942 \u2022 2021 \u2022 Cor\u00e9e du sud<\/span><\/p>\n<p style=\"text-align: justify;\"><span style=\"color: #9b3f28;\">Le protagoniste, qui a un corps trop grand pour la maison, traverse toutes sortes de difficult\u00e9s \u00e0 l\u2019ext\u00e9rieur de la maison et trouve <br \/>finalement la maison adapt\u00e9e au corps.<\/span><\/p>\n<p><em><span style=\"color: #9b3f28;\">diffusion@xbofilms.com<\/span>\u00a0<\/em><\/p>[\/et_pb_text][\/et_pb_column][et_pb_column type=\u00a0\u00bb1_3&Prime; _builder_version=\u00a0\u00bb4.16&Prime; _module_preset=\u00a0\u00bbdefault\u00a0\u00bb global_colors_info=\u00a0\u00bb{}\u00a0\u00bb][et_pb_image src=\u00a0\u00bbhttps:\/\/courtmetrange.eu\/wp-content\/uploads\/2022\/06\/fromabove_vid-min.jpg\u00a0\u00bb title_text=\u00a0\u00bbfromabove_vid-min\u00a0\u00bb _builder_version=\u00a0\u00bb4.17.4&Prime; _module_preset=\u00a0\u00bbdefault\u00a0\u00bb width=\u00a0\u00bb78%\u00a0\u00bb custom_padding=\u00a0\u00bb|||30px|false|false\u00a0\u00bb global_colors_info=\u00a0\u00bb{}\u00a0\u00bb][\/et_pb_image][et_pb_text _builder_version=\u00a0\u00bb4.16&Prime; _module_preset=\u00a0\u00bbdefault\u00a0\u00bb module_alignment=\u00a0\u00bbcenter\u00a0\u00bb custom_margin=\u00a0\u00bb||||false|false\u00a0\u00bb custom_padding=\u00a0\u00bb|30px||30px|false|false\u00a0\u00bb global_colors_info=\u00a0\u00bb{}\u00a0\u00bb]<p><span style=\"color: #9b3f28;\"><b>FROM ABOVE<\/b>\u00a0<\/span><\/p>\n<p><span style=\"color: #9b3f28;\">De Julien Jousse, Nathan Baussois, L\u00e9onard Haug, Hector Dao, Vincent Hebrard, Antoine Thiaucourt, Arthur Damiano\u2022 06\u201942 \u2022 2021 \u2022 France\u00a0<\/span><\/p>\n<p style=\"text-align: justify;\"><span style=\"color: #9b3f28;\">No\u00ebl 1916, un soldat fran\u00e7ais est envoy\u00e9 sur la ligne de front pour inspecter un \u00e9trange objet tomb\u00e9 du ciel dans le no man&rsquo;s land.\u00a0<\/span><\/p>\n<p><span style=\"color: #9b3f28;\"><em>avaisse@artfx.fr\u00a0<\/em><\/span><\/p>[\/et_pb_text][\/et_pb_column][et_pb_column type=\u00a0\u00bb1_3&Prime; _builder_version=\u00a0\u00bb4.16&Prime; _module_preset=\u00a0\u00bbdefault\u00a0\u00bb global_colors_info=\u00a0\u00bb{}\u00a0\u00bb][\/et_pb_column][\/et_pb_row][et_pb_row _builder_version=\u00a0\u00bb4.16&Prime; _module_preset=\u00a0\u00bbdefault\u00a0\u00bb custom_padding=\u00a0\u00bb0px||0px|||\u00a0\u00bb global_colors_info=\u00a0\u00bb{}\u00a0\u00bb][et_pb_column type=\u00a0\u00bb4_4&Prime; _builder_version=\u00a0\u00bb4.16&Prime; _module_preset=\u00a0\u00bbdefault\u00a0\u00bb global_colors_info=\u00a0\u00bb{}\u00a0\u00bb][et_pb_divider _builder_version=\u00a0\u00bb4.16&Prime; _module_preset=\u00a0\u00bbdefault\u00a0\u00bb min_height=\u00a0\u00bb31.8px\u00a0\u00bb custom_margin=\u00a0\u00bb|||30px|false|false\u00a0\u00bb custom_padding=\u00a0\u00bb|||30px|false|false\u00a0\u00bb global_colors_info=\u00a0\u00bb{}\u00a0\u00bb custom_padding__hover_enabled=\u00a0\u00bbon|desktop\u00a0\u00bb custom_padding__hover=\u00a0\u00bb|||30px|false|false\u00a0\u00bb][\/et_pb_divider][\/et_pb_column][\/et_pb_row][et_pb_row column_structure=\u00a0\u00bb1_2,1_2&Prime; _builder_version=\u00a0\u00bb4.17.4&Prime; _module_preset=\u00a0\u00bbdefault\u00a0\u00bb background_color=\u00a0\u00bbrgba(224,153,0,0.65)\u00a0\u00bb min_height=\u00a0\u00bb394px\u00a0\u00bb custom_margin=\u00a0\u00bb-4px|auto||auto||\u00a0\u00bb custom_padding=\u00a0\u00bb0px||15px|30px|false|false\u00a0\u00bb global_colors_info=\u00a0\u00bb{}\u00a0\u00bb][et_pb_column type=\u00a0\u00bb1_2&Prime; _builder_version=\u00a0\u00bb4.16&Prime; _module_preset=\u00a0\u00bbdefault\u00a0\u00bb global_colors_info=\u00a0\u00bb{}\u00a0\u00bb][et_pb_text _builder_version=\u00a0\u00bb4.17.4&Prime; _module_preset=\u00a0\u00bbdefault\u00a0\u00bb header_font_size=\u00a0\u00bb13px\u00a0\u00bb background_color=\u00a0\u00bb#9b3f28&Prime; module_alignment=\u00a0\u00bbcenter\u00a0\u00bb min_height=\u00a0\u00bb325px\u00a0\u00bb custom_margin=\u00a0\u00bb0px||8px||false|false\u00a0\u00bb custom_padding=\u00a0\u00bb30px||||false|false\u00a0\u00bb global_colors_info=\u00a0\u00bb{}\u00a0\u00bb]<h3 style=\"padding-left: 40px;\"><\/h3>\n<h3 style=\"padding-left: 40px;\"><span style=\"color: #ffffff;\"><strong>Path\u00e9 Theater Complex<\/strong><\/span><\/h3>\n<p><span style=\"color: #ffffff;\"><strong><\/strong><\/span><\/p>\n<h6 style=\"padding-left: 40px;\"><span style=\"color: #ffffff;\"><strong>LUNDI 26 SEPTEMBRE &#8211; \u00e0 11h<br \/><\/strong><\/span><\/h6>\n<h6 style=\"padding-left: 40px;\"><span style=\"color: #ffffff;\"><strong>MARDI 27 SEPTEMBRE &#8211; \u00e0 09h30 et \u00e0 13h30\u00a0<br \/><\/strong><\/span><\/h6>\n<h6 style=\"padding-left: 40px;\"><span style=\"color: #ffffff;\"><strong>MERCREDI 28 SEPTEMBRE &#8211; \u00e0 11h<\/strong><\/span><\/h6>\n<h6 style=\"padding-left: 40px;\"><span style=\"color: #ffffff;\"><strong>JEUDI 29 SEPTEMBRE &#8211; \u00e0 09h30 et \u00e0 13h30\u00a0<\/strong><\/span><\/h6>\n<h6 style=\"padding-left: 40px;\"><span style=\"color: #ffffff;\"><strong>VENDREDI 30 SEPTEMBRE &#8211; \u00e0 11h\u00a0<\/strong><\/span><\/h6>\n<p><span style=\"color: #ffffff;\"><strong><\/strong><\/span><\/p>\n<p style=\"padding-left: 40px;\"><span style=\"color: #ffffff;\"><strong>Length: 1 hr 06 min<\/strong> 1h<\/span><\/p>\n<p style=\"padding-left: 40px;\"><span style=\"color: #ffffff;\">En comp\u00e9tition pour les prix du jeune public<\/span><\/p>\n<p style=\"padding-left: 40px;\"><span style=\"color: #ffffff;\"><strong>VOSTF (Foreign films with subtitles)<\/strong><\/span><\/p>\n<p style=\"padding-left: 40px;\"><span style=\"color: #dbb0cf;\"><strong><\/strong><\/span><\/p>\n<p style=\"padding-left: 40px;\"><span style=\"color: #dbb0cf;\"><strong>\u00a0<\/strong><\/span><\/p>\n<p style=\"padding-left: 40px;\"><span style=\"color: #dbb0cf;\"><strong><\/strong><\/span><\/p>\n<p style=\"padding-left: 40px;\"><span style=\"color: #ff99cc;\"><strong><\/strong><\/span><\/p>\n<p style=\"padding-left: 40px;\"><strong><span style=\"color: #ffffff;\"><\/span><\/strong><\/p>[\/et_pb_text][et_pb_image src=\u00a0\u00bbhttps:\/\/courtmetrange.eu\/wp-content\/uploads\/2022\/06\/Pictos-orange.png\u00a0\u00bb title_text=\u00a0\u00bbPictos orange\u00a0\u00bb align=\u00a0\u00bbright\u00a0\u00bb _builder_version=\u00a0\u00bb4.17.4&Prime; _module_preset=\u00a0\u00bbdefault\u00a0\u00bb background_color=\u00a0\u00bb#FFFFFF\u00a0\u00bb width=\u00a0\u00bb100%\u00a0\u00bb max_width=\u00a0\u00bb100%\u00a0\u00bb module_alignment=\u00a0\u00bbcenter\u00a0\u00bb custom_margin=\u00a0\u00bb-77px||2px||false|false\u00a0\u00bb custom_padding=\u00a0\u00bb|292px||||\u00a0\u00bb locked=\u00a0\u00bboff\u00a0\u00bb global_colors_info=\u00a0\u00bb{}\u00a0\u00bb][\/et_pb_image][\/et_pb_column][et_pb_column type=\u00a0\u00bb1_2&Prime; _builder_version=\u00a0\u00bb4.16&Prime; _module_preset=\u00a0\u00bbdefault\u00a0\u00bb global_colors_info=\u00a0\u00bb{}\u00a0\u00bb][et_pb_text _builder_version=\u00a0\u00bb4.16&Prime; _module_preset=\u00a0\u00bbdefault\u00a0\u00bb background_color=\u00a0\u00bbRGBA(0,0,0,0)\u00a0\u00bb width=\u00a0\u00bb89%\u00a0\u00bb max_width=\u00a0\u00bb92%\u00a0\u00bb module_alignment=\u00a0\u00bbcenter\u00a0\u00bb custom_margin=\u00a0\u00bb|0px|||false|false\u00a0\u00bb global_colors_info=\u00a0\u00bb{}\u00a0\u00bb]<h2><span style=\"color: #25233b;\"><strong><\/strong><\/span><\/h2>\n<h2><span style=\"color: #25233b;\"><strong><\/strong><\/span><\/h2>\n<h2><span style=\"color: #25233b;\"><strong><\/strong><\/span><\/h2>\n<h2><span style=\"color: #9b3f28;\"><strong>La s\u00e9ance Intercourt &#8211; d\u00e8s 11 ans <\/strong><\/span>\u00a0<\/h2>[\/et_pb_text][et_pb_image src=\u00a0\u00bbhttps:\/\/courtmetrange.eu\/wp-content\/uploads\/2022\/06\/Fiche-seance-InterCourt-2022_compressed_pages-to-jpg-0001-min.jpg\u00a0\u00bb title_text=\u00a0\u00bbFiche s\u00e9ance &#8211; InterCourt 2022_compressed_pages-to-jpg-0001-min\u00a0\u00bb url=\u00a0\u00bbhttps:\/\/courtmetrange.eu\/wp-content\/uploads\/2022\/07\/Fiche-seance-InterCourt-2022_compressed.pdf\u00a0\u00bb align=\u00a0\u00bbcenter\u00a0\u00bb _builder_version=\u00a0\u00bb4.17.4&Prime; _module_preset=\u00a0\u00bbdefault\u00a0\u00bb width=\u00a0\u00bb40%\u00a0\u00bb max_width=\u00a0\u00bb45%\u00a0\u00bb custom_margin=\u00a0\u00bb-26px|||||\u00a0\u00bb hover_enabled=\u00a0\u00bb0&Prime; global_colors_info=\u00a0\u00bb{}\u00a0\u00bb sticky_enabled=\u00a0\u00bb0&Prime;][\/et_pb_image][\/et_pb_column][\/et_pb_row][et_pb_row column_structure=\u00a0\u00bb1_3,1_3,1_3&Prime; _builder_version=\u00a0\u00bb4.17.4&Prime; _module_preset=\u00a0\u00bbdefault\u00a0\u00bb background_color=\u00a0\u00bbrgba(224,153,0,0.65)\u00a0\u00bb module_alignment=\u00a0\u00bbcenter\u00a0\u00bb min_height=\u00a0\u00bb490.2px\u00a0\u00bb custom_margin=\u00a0\u00bb0px|auto|0px|auto|false|false\u00a0\u00bb custom_padding=\u00a0\u00bb0px||0px|30px|false|false\u00a0\u00bb locked=\u00a0\u00bboff\u00a0\u00bb global_colors_info=\u00a0\u00bb{}\u00a0\u00bb][et_pb_column type=\u00a0\u00bb1_3&Prime; _builder_version=\u00a0\u00bb4.16&Prime; _module_preset=\u00a0\u00bbdefault\u00a0\u00bb global_colors_info=\u00a0\u00bb{}\u00a0\u00bb][et_pb_image src=\u00a0\u00bbhttps:\/\/courtmetrange.eu\/wp-content\/uploads\/2022\/06\/Airborne-4-min.jpg\u00a0\u00bb title_text=\u00a0\u00bbAirborne -4&#8211;min\u00a0\u00bb _builder_version=\u00a0\u00bb4.17.4&Prime; _module_preset=\u00a0\u00bbdefault\u00a0\u00bb width=\u00a0\u00bb78%\u00a0\u00bb min_height=\u00a0\u00bb107.5px\u00a0\u00bb custom_padding=\u00a0\u00bb|||30px|false|false\u00a0\u00bb global_colors_info=\u00a0\u00bb{}\u00a0\u00bb][\/et_pb_image][et_pb_text _builder_version=\u00a0\u00bb4.16&Prime; _module_preset=\u00a0\u00bbdefault\u00a0\u00bb width=\u00a0\u00bb93.2%\u00a0\u00bb module_alignment=\u00a0\u00bbcenter\u00a0\u00bb min_height=\u00a0\u00bb262px\u00a0\u00bb custom_margin=\u00a0\u00bb||||false|false\u00a0\u00bb custom_padding=\u00a0\u00bb0px|30px||30px|false|false\u00a0\u00bb global_colors_info=\u00a0\u00bb{}\u00a0\u00bb]<p style=\"text-align: justify;\"><strong><\/strong><\/p>\n<p style=\"text-align: justify;\"><span style=\"color: #9b3f28;\"><strong><span data-contrast=\"auto\" xml:lang=\"FR-FR\" lang=\"FR-FR\" class=\"TextRun MacChromeBold SCXW191857616 BCX0\"><span class=\"NormalTextRun SCXW191857616 BCX0\">AIRBORNE<\/span><\/span><span class=\"EOP SCXW191857616 BCX0\" data-ccp-props=\"{&quot;335559738&quot;:240}\">\u00a0<\/span><\/strong><\/span><\/p>\n<p><span style=\"color: #9b3f28;\">De Andrzej Jobczyk \u2022 08\u201900 \u2022 2021 \u2022 Pologne\u00a0<\/span><\/p>\n<p style=\"text-align: justify;\"><span style=\"color: #9b3f28;\">Airborne est une collision surr\u00e9aliste entre le monde de la nature et les machines volantes. Au cours d&rsquo;un vol psych\u00e9d\u00e9lique o\u00f9 il n&rsquo;y a pas de limites, m\u00eame l&rsquo;agression peut se transformer en amour.\u00a0<\/span><\/p>\n<p><span style=\"color: #9b3f28;\"><em>katarzyna.wilk@kff.com.pl\u00a0<\/em><\/span><\/p>\n<p style=\"text-align: justify;\"><span style=\"color: #25233b;\"><strong>\u00a0<\/strong><\/span><\/p>\n<p style=\"text-align: justify;\"><\/p>\n<p style=\"text-align: justify;\"><span style=\"color: #25233b;\"><em><\/em><\/span><\/p>\n<p style=\"text-align: justify;\"><span style=\"color: #25233b;\"><em><\/em><\/span><\/p>\n<p style=\"text-align: justify;\"><strong><\/strong><\/p>[\/et_pb_text][et_pb_image src=\u00a0\u00bbhttps:\/\/courtmetrange.eu\/wp-content\/uploads\/2022\/06\/STILL_MEMENTO-MORI_5-min.jpg\u00a0\u00bb title_text=\u00a0\u00bbSTILL_MEMENTO-MORI_5-min\u00a0\u00bb align=\u00a0\u00bbcenter\u00a0\u00bb _builder_version=\u00a0\u00bb4.17.4&Prime; _module_preset=\u00a0\u00bbdefault\u00a0\u00bb width=\u00a0\u00bb78%\u00a0\u00bb custom_padding=\u00a0\u00bb|||30px|false|false\u00a0\u00bb global_colors_info=\u00a0\u00bb{}\u00a0\u00bb][\/et_pb_image][et_pb_text _builder_version=\u00a0\u00bb4.16&Prime; _module_preset=\u00a0\u00bbdefault\u00a0\u00bb background_color=\u00a0\u00bbRGBA(0,0,0,0)\u00a0\u00bb custom_margin=\u00a0\u00bb||||false|false\u00a0\u00bb custom_padding=\u00a0\u00bb|30px||60px|false|false\u00a0\u00bb global_colors_info=\u00a0\u00bb{}\u00a0\u00bb]<p><span style=\"color: #9b3f28;\"><b>MEMENTO MORI<\/b>\u00a0<\/span><\/p>\n<p><span style=\"color: #9b3f28;\">De Paul O\u2019Flanagan \u2022 08\u201946 \u2022 2021 \u2022 Irlande\u00a0<\/span><\/p>\n<p style=\"text-align: justify;\"><span style=\"color: #9b3f28;\">Une temp\u00eate se pr\u00e9pare dans le Dublin victorien alors que le photographe post-mortem, M. Huxley, retourne \u00e0 son cabinet sacr\u00e9 dans la lugubre maison de ville o\u00f9 il r\u00e9side. Son dernier sujet est une jeune femme r\u00e9cemment d\u00e9c\u00e9d\u00e9e, dont la pr\u00e9sence \u00e9voque les d\u00e9mons du personnage de Huxley &#8211; l&rsquo;obligeant \u00e0 affronter la vie narcissique qu&rsquo;il a choisi de mener.\u00a0<\/span><\/p>\n<p><span style=\"color: #9b3f28;\"><em>submissions@festivalformula.com<\/em><\/span><span data-ccp-props=\"{&quot;335551550&quot;:6,&quot;335551620&quot;:6}\">\u00a0<\/span><\/p>\n<p>&nbsp;<\/p>[\/et_pb_text][\/et_pb_column][et_pb_column type=\u00a0\u00bb1_3&Prime; _builder_version=\u00a0\u00bb4.16&Prime; _module_preset=\u00a0\u00bbdefault\u00a0\u00bb global_colors_info=\u00a0\u00bb{}\u00a0\u00bb][et_pb_image src=\u00a0\u00bbhttps:\/\/courtmetrange.eu\/wp-content\/uploads\/2022\/06\/colonie.png\u00a0\u00bb title_text=\u00a0\u00bbcolonie\u00a0\u00bb align=\u00a0\u00bbcenter\u00a0\u00bb _builder_version=\u00a0\u00bb4.17.4&Prime; _module_preset=\u00a0\u00bbdefault\u00a0\u00bb width=\u00a0\u00bb81.1%\u00a0\u00bb custom_margin=\u00a0\u00bb|103px|19px|||\u00a0\u00bb custom_padding=\u00a0\u00bb|||30px|false|false\u00a0\u00bb global_colors_info=\u00a0\u00bb{}\u00a0\u00bb][\/et_pb_image][et_pb_text _builder_version=\u00a0\u00bb4.17.4&Prime; _module_preset=\u00a0\u00bbdefault\u00a0\u00bb background_color=\u00a0\u00bbRGBA(0,0,0,0)\u00a0\u00bb width=\u00a0\u00bb100%\u00a0\u00bb module_alignment=\u00a0\u00bbcenter\u00a0\u00bb custom_margin=\u00a0\u00bb47px||||false|false\u00a0\u00bb custom_padding=\u00a0\u00bb|78px|65px|60px|false|false\u00a0\u00bb global_colors_info=\u00a0\u00bb{}\u00a0\u00bb]<p style=\"text-align: justify;\"><span style=\"color: #9b3f28;\"><strong>COLONIE<\/strong><\/span><\/p>\n<p style=\"text-align: justify;\"><span style=\"color: #9b3f28;\">De Romain Daudet-Jahan \u2022 13\u201921 \u2022 2022 \u2022 France<\/span><\/p>\n<p style=\"text-align: justify;\"><span style=\"color: #9b3f28;\">Seul dans sa maison, L\u00e9o, 12 ans, ne veut pas partir en colonie de vacances. Alors que l\u2019heure du d\u00e9part approche, une pr\u00e9sence inqui\u00e9tante r\u00f4de, qui imite sa voix&#8230;<\/span><\/p>\n<p style=\"text-align: justify;\"><span style=\"color: #9b3f28;\"><em>jimmy.martin@capricci.fr<\/em><\/span><\/p>\n<p style=\"text-align: justify;\">[\/et_pb_text][et_pb_image src=\u00a0\u00bbhttps:\/\/courtmetrange.eu\/wp-content\/uploads\/2022\/06\/Bolide-1.jpg\u00a0\u00bb title_text=\u00a0\u00bbBolide\u00a0\u00bb _builder_version=\u00a0\u00bb4.17.4&Prime; _module_preset=\u00a0\u00bbdefault\u00a0\u00bb width=\u00a0\u00bb78%\u00a0\u00bb min_height=\u00a0\u00bb107.5px\u00a0\u00bb custom_margin=\u00a0\u00bb-17px|-92px||||\u00a0\u00bb custom_padding=\u00a0\u00bb||0px|0px|false|false\u00a0\u00bb global_colors_info=\u00a0\u00bb{}\u00a0\u00bb][\/et_pb_image][et_pb_text _builder_version=\u00a0\u00bb4.16&Prime; _module_preset=\u00a0\u00bbdefault\u00a0\u00bb module_alignment=\u00a0\u00bbcenter\u00a0\u00bb min_height=\u00a0\u00bb262px\u00a0\u00bb custom_margin=\u00a0\u00bb||||false|false\u00a0\u00bb custom_padding=\u00a0\u00bb|30px||30px|false|false\u00a0\u00bb global_colors_info=\u00a0\u00bb{}\u00a0\u00bb]<p style=\"text-align: justify;\"><strong><\/strong><\/p>\n<p><span style=\"color: #9b3f28;\"><strong>BOLIDE<\/strong><\/span><\/p>\n<p><span style=\"color: #9b3f28;\">De Juliette Gilot \u2022 17\u201901 \u2022 2022 \u2022 France<\/span><\/p>\n<p style=\"text-align: justify;\"><span style=\"color: #9b3f28;\">\u00c9t\u00e9 2035, les voitures essence sont d\u00e9sormais interdites et Saadia comprend que son CAP m\u00e9canique la conduit \u00e0 une impasse. Elle ram\u00e8ne alors un massif cheval de trait au c\u0153ur de sa cit\u00e9 qu\u2019elle baptise Bolide et se lance dans un projet fou : cr\u00e9er le VTC du futur, la voiture de transport \u00e0 cheval !<\/span><\/p>\n<p><span style=\"color: #9b3f28;\"><em>white-star@white-star.fr<\/em><\/span><\/p>\n<p style=\"text-align: justify;\"><strong><\/strong><\/p>[\/et_pb_text][\/et_pb_column][et_pb_column type=\u00a0\u00bb1_3&Prime; _builder_version=\u00a0\u00bb4.16&Prime; _module_preset=\u00a0\u00bbdefault\u00a0\u00bb global_colors_info=\u00a0\u00bb{}\u00a0\u00bb][et_pb_image src=\u00a0\u00bbhttps:\/\/courtmetrange.eu\/wp-content\/uploads\/2022\/06\/Other-Half-Still_1-min-scaled.jpg\u00a0\u00bb title_text=\u00a0\u00bbOther Half &#8211; Still_1-min\u00a0\u00bb _builder_version=\u00a0\u00bb4.17.4&Prime; _module_preset=\u00a0\u00bbdefault\u00a0\u00bb width=\u00a0\u00bb78%\u00a0\u00bb custom_padding=\u00a0\u00bb|||30px|false|false\u00a0\u00bb global_colors_info=\u00a0\u00bb{}\u00a0\u00bb][\/et_pb_image][et_pb_text _builder_version=\u00a0\u00bb4.16&Prime; _module_preset=\u00a0\u00bbdefault\u00a0\u00bb module_alignment=\u00a0\u00bbright\u00a0\u00bb custom_margin=\u00a0\u00bb42px||0px||false|false\u00a0\u00bb custom_padding=\u00a0\u00bb|60px|148px|30px|false|false\u00a0\u00bb global_colors_info=\u00a0\u00bb{}\u00a0\u00bb]<p><span style=\"color: #9b3f28;\"><strong>OTHER HALF<\/strong><\/span><\/p>\n<p><span style=\"color: #9b3f28;\">De Lina Kalcheva \u2022 13\u201921 \u2022 2021 \u2022 Royaume-Uni<\/span><\/p>\n<p style=\"text-align: justify;\"><span style=\"color: #9b3f28;\">Ren, un individu seul dans un monde rempli de couples fusionnels, se lance dans une qu\u00eate pour trouver son autre moiti\u00e9 et enfin devenir entier.<\/span><\/p>\n<p><span style=\"color: #9b3f28;\"><em>festivals2@nfts.co.uk<\/em><\/span><\/p>[\/et_pb_text][\/et_pb_column][\/et_pb_row][et_pb_row _builder_version=\u00a0\u00bb4.16&Prime; _module_preset=\u00a0\u00bbdefault\u00a0\u00bb custom_padding=\u00a0\u00bb42px|||||\u00a0\u00bb global_colors_info=\u00a0\u00bb{}\u00a0\u00bb][et_pb_column type=\u00a0\u00bb4_4&Prime; _builder_version=\u00a0\u00bb4.16&Prime; _module_preset=\u00a0\u00bbdefault\u00a0\u00bb global_colors_info=\u00a0\u00bb{}\u00a0\u00bb][et_pb_divider _builder_version=\u00a0\u00bb4.16&Prime; _module_preset=\u00a0\u00bbdefault\u00a0\u00bb custom_margin=\u00a0\u00bb|||30px|false|false\u00a0\u00bb custom_padding=\u00a0\u00bb|||30px|false|false\u00a0\u00bb global_colors_info=\u00a0\u00bb{}\u00a0\u00bb custom_padding__hover_enabled=\u00a0\u00bbon|desktop\u00a0\u00bb custom_padding__hover=\u00a0\u00bb|||30px|false|false\u00a0\u00bb][\/et_pb_divider][\/et_pb_column][\/et_pb_row][et_pb_row column_structure=\u00a0\u00bb1_2,1_2&Prime; _builder_version=\u00a0\u00bb4.17.4&Prime; _module_preset=\u00a0\u00bbdefault\u00a0\u00bb background_color=\u00a0\u00bbrgba(224,153,0,0.65)\u00a0\u00bb min_height=\u00a0\u00bb394px\u00a0\u00bb custom_margin=\u00a0\u00bb-51px|auto||auto||\u00a0\u00bb custom_padding=\u00a0\u00bb0px||15px|30px|false|false\u00a0\u00bb global_colors_info=\u00a0\u00bb{}\u00a0\u00bb][et_pb_column type=\u00a0\u00bb1_2&Prime; _builder_version=\u00a0\u00bb4.16&Prime; _module_preset=\u00a0\u00bbdefault\u00a0\u00bb global_colors_info=\u00a0\u00bb{}\u00a0\u00bb][et_pb_text _builder_version=\u00a0\u00bb4.17.4&Prime; _module_preset=\u00a0\u00bbdefault\u00a0\u00bb header_font_size=\u00a0\u00bb13px\u00a0\u00bb background_color=\u00a0\u00bb#9b3f28&Prime; module_alignment=\u00a0\u00bbcenter\u00a0\u00bb min_height=\u00a0\u00bb325px\u00a0\u00bb custom_margin=\u00a0\u00bb0px||8px||false|false\u00a0\u00bb custom_padding=\u00a0\u00bb30px||||false|false\u00a0\u00bb global_colors_info=\u00a0\u00bb{}\u00a0\u00bb]<h3 style=\"padding-left: 40px;\"><\/h3>\n<h3 style=\"padding-left: 40px;\"><span style=\"color: #ffffff;\"><strong>Path\u00e9 Theater Complex<\/strong><\/span><\/h3>\n<p><span style=\"color: #ffffff;\">\u00a0<\/span><\/p>\n<h6 style=\"padding-left: 40px;\"><span style=\"color: #ffffff;\"><strong>LUNDI 26 SEPTEMBRE &#8211; \u00e0 9h30 et \u00e0 13h30<br \/><\/strong><\/span><\/h6>\n<h6 style=\"padding-left: 40px;\"><span style=\"color: #ffffff;\"><strong>MARDI 27 SEPTEMBRE &#8211; \u00e0 11h<br \/><\/strong><\/span><\/h6>\n<h6 style=\"padding-left: 40px;\"><span style=\"color: #ffffff;\"><strong>MERCREDI 28 SEPTEMBRE &#8211; \u00e0 9h30<br \/><\/strong><\/span><\/h6>\n<h6 style=\"padding-left: 40px;\"><span style=\"color: #ffffff;\"><strong>JEUDI 29 SEPTEMBRE &#8211; \u00e0 11h<\/strong><\/span><\/h6>\n<h6 style=\"padding-left: 40px;\"><span style=\"color: #ffffff;\"><strong>VENDREDI 30 SEPTEMBRE &#8211; \u00e0 9h30 et \u00e0 13h30<br \/><\/strong><\/span><\/h6>\n<p style=\"padding-left: 40px;\"><span style=\"color: #ffffff;\"><strong>Length: 1 hr 06 min<\/strong> 1h<\/span><\/p>\n<p style=\"padding-left: 40px;\"><span style=\"color: #ffffff;\">En comp\u00e9tition pour prix du jeune public<\/span><\/p>\n<p><span style=\"color: #ffffff;\"><strong>\u00a0 \u00a0 \u00a0 \u00a0 \u00a0 VOSTF (Foreign films with subtitles)<\/strong><\/span><\/p>\n<p style=\"padding-left: 40px;\"><span style=\"color: #dbb0cf;\"><strong><\/strong><\/span><\/p>\n<p style=\"padding-left: 40px;\"><span style=\"color: #dbb0cf;\"><strong>\u00a0<\/strong><\/span><\/p>\n<p style=\"padding-left: 40px;\"><span style=\"color: #dbb0cf;\"><strong><\/strong><\/span><\/p>\n<p style=\"padding-left: 40px;\"><span style=\"color: #ff99cc;\"><strong><\/strong><\/span><\/p>\n<p style=\"padding-left: 40px;\"><strong><span style=\"color: #ffffff;\"><\/span><\/strong><\/p>[\/et_pb_text][et_pb_image src=\u00a0\u00bbhttps:\/\/courtmetrange.eu\/wp-content\/uploads\/2022\/06\/Pictos-orange.png\u00a0\u00bb title_text=\u00a0\u00bbPictos orange\u00a0\u00bb align=\u00a0\u00bbright\u00a0\u00bb _builder_version=\u00a0\u00bb4.17.4&Prime; _module_preset=\u00a0\u00bbdefault\u00a0\u00bb background_color=\u00a0\u00bb#FFFFFF\u00a0\u00bb width=\u00a0\u00bb100%\u00a0\u00bb max_width=\u00a0\u00bb100%\u00a0\u00bb module_alignment=\u00a0\u00bbcenter\u00a0\u00bb min_height=\u00a0\u00bb0px\u00a0\u00bb custom_margin=\u00a0\u00bb-77px||2px||false|false\u00a0\u00bb custom_padding=\u00a0\u00bb|292px||||\u00a0\u00bb locked=\u00a0\u00bboff\u00a0\u00bb global_colors_info=\u00a0\u00bb{}\u00a0\u00bb][\/et_pb_image][\/et_pb_column][et_pb_column type=\u00a0\u00bb1_2&Prime; _builder_version=\u00a0\u00bb4.16&Prime; _module_preset=\u00a0\u00bbdefault\u00a0\u00bb global_colors_info=\u00a0\u00bb{}\u00a0\u00bb][et_pb_text _builder_version=\u00a0\u00bb4.16&Prime; _module_preset=\u00a0\u00bbdefault\u00a0\u00bb background_color=\u00a0\u00bbRGBA(0,0,0,0)\u00a0\u00bb width=\u00a0\u00bb89%\u00a0\u00bb max_width=\u00a0\u00bb92%\u00a0\u00bb module_alignment=\u00a0\u00bbcenter\u00a0\u00bb custom_margin=\u00a0\u00bb|0px|||false|false\u00a0\u00bb global_colors_info=\u00a0\u00bb{}\u00a0\u00bb]<h2><span style=\"color: #25233b;\"><strong><\/strong><\/span><\/h2>\n<h2><span style=\"color: #25233b;\"><strong><\/strong><\/span><\/h2>\n<h2><span style=\"color: #25233b;\"><strong><\/strong><\/span><\/h2>\n<h2><span style=\"color: #9b3f28;\"><b>La s\u00e9ance Court-circuit &#8211; D\u00e8s 16 ans\u00a0<\/b><\/span><\/h2>[\/et_pb_text][et_pb_image src=\u00a0\u00bbhttps:\/\/courtmetrange.eu\/wp-content\/uploads\/2022\/07\/Fiche-seance-Court-circuit-2022_compressed_page-0001-min.jpg\u00a0\u00bb title_text=\u00a0\u00bbFiche s\u00e9ance &#8211; Court-circuit &#8211; 2022_compressed_page-0001-min\u00a0\u00bb url=\u00a0\u00bbhttps:\/\/courtmetrange.eu\/wp-content\/uploads\/2022\/07\/Fiche-seance-Court-circuit-2022_compressed.pdf\u00a0\u00bb align=\u00a0\u00bbcenter\u00a0\u00bb _builder_version=\u00a0\u00bb4.17.4&Prime; _module_preset=\u00a0\u00bbdefault\u00a0\u00bb width=\u00a0\u00bb40%\u00a0\u00bb max_width=\u00a0\u00bb45%\u00a0\u00bb custom_margin=\u00a0\u00bb-26px|||||\u00a0\u00bb global_colors_info=\u00a0\u00bb{}\u00a0\u00bb][\/et_pb_image][\/et_pb_column][\/et_pb_row][et_pb_row column_structure=\u00a0\u00bb1_3,1_3,1_3&Prime; _builder_version=\u00a0\u00bb4.17.4&Prime; _module_preset=\u00a0\u00bbdefault\u00a0\u00bb background_color=\u00a0\u00bbrgba(224,153,0,0.65)\u00a0\u00bb module_alignment=\u00a0\u00bbcenter\u00a0\u00bb min_height=\u00a0\u00bb490.2px\u00a0\u00bb custom_margin=\u00a0\u00bb0px|411px|0px|auto|false|false\u00a0\u00bb custom_padding=\u00a0\u00bb0px||0px|30px|false|false\u00a0\u00bb locked=\u00a0\u00bboff\u00a0\u00bb global_colors_info=\u00a0\u00bb{}\u00a0\u00bb][et_pb_column type=\u00a0\u00bb1_3&Prime; _builder_version=\u00a0\u00bb4.16&Prime; _module_preset=\u00a0\u00bbdefault\u00a0\u00bb global_colors_info=\u00a0\u00bb{}\u00a0\u00bb][et_pb_image src=\u00a0\u00bbhttps:\/\/courtmetrange.eu\/wp-content\/uploads\/2022\/06\/PHLEGM_STILL_7-min-scaled.jpg\u00a0\u00bb title_text=\u00a0\u00bbPHLEGM_STILL_7-min\u00a0\u00bb align=\u00a0\u00bbcenter\u00a0\u00bb _builder_version=\u00a0\u00bb4.17.4&Prime; _module_preset=\u00a0\u00bbdefault\u00a0\u00bb width=\u00a0\u00bb78%\u00a0\u00bb min_height=\u00a0\u00bb87.7px\u00a0\u00bb custom_margin=\u00a0\u00bb4px|||||\u00a0\u00bb custom_padding=\u00a0\u00bb||0px|3px|false|false\u00a0\u00bb global_colors_info=\u00a0\u00bb{}\u00a0\u00bb][\/et_pb_image][et_pb_text _builder_version=\u00a0\u00bb4.17.4&Prime; _module_preset=\u00a0\u00bbdefault\u00a0\u00bb background_color=\u00a0\u00bbRGBA(0,0,0,0)\u00a0\u00bb custom_margin=\u00a0\u00bb||||false|false\u00a0\u00bb custom_padding=\u00a0\u00bb|30px||60px|false|false\u00a0\u00bb global_colors_info=\u00a0\u00bb{}\u00a0\u00bb]<p style=\"text-align: justify;\"><span style=\"color: #9b3f28;\"><strong>PHLEGM<\/strong><\/span><br \/><span style=\"color: #9b3f28;\">De Jan -David Bolt \u2022 06\u201924 \u2022 2021 \u2022 Suisse<\/span><\/p>\n<p style=\"text-align: justify;\"><span style=\"color: #9b3f28;\">Oscar est en retard. Dans les gratte-ciels environnants, on serre des mains et on signe des contrats. C\u2019est la derni\u00e8re chose dont il a besoin en ce moment. D\u2019o\u00f9 viennent ces maudits escargots ?<\/span><br \/><span style=\"color: #9b3f28;\"><em>moritz.schneider@zhdk.ch<\/em><\/span><\/p>\n<p>&nbsp;<\/p>[\/et_pb_text][\/et_pb_column][et_pb_column type=\u00a0\u00bb1_3&Prime; _builder_version=\u00a0\u00bb4.16&Prime; _module_preset=\u00a0\u00bbdefault\u00a0\u00bb global_colors_info=\u00a0\u00bb{}\u00a0\u00bb][et_pb_image src=\u00a0\u00bbhttps:\/\/courtmetrange.eu\/wp-content\/uploads\/2022\/06\/aria.png\u00a0\u00bb title_text=\u00a0\u00bbaria\u00a0\u00bb _builder_version=\u00a0\u00bb4.17.4&Prime; _module_preset=\u00a0\u00bbdefault\u00a0\u00bb width=\u00a0\u00bb88%\u00a0\u00bb custom_margin=\u00a0\u00bb18px|||||\u00a0\u00bb custom_padding=\u00a0\u00bb|0px|1px|0px|false|false\u00a0\u00bb global_colors_info=\u00a0\u00bb{}\u00a0\u00bb][\/et_pb_image][et_pb_text _builder_version=\u00a0\u00bb4.16&Prime; _module_preset=\u00a0\u00bbdefault\u00a0\u00bb module_alignment=\u00a0\u00bbcenter\u00a0\u00bb min_height=\u00a0\u00bb406.6px\u00a0\u00bb custom_margin=\u00a0\u00bb||||false|false\u00a0\u00bb custom_padding=\u00a0\u00bb0px|30px||30px|false|false\u00a0\u00bb global_colors_info=\u00a0\u00bb{}\u00a0\u00bb]<p><strong><\/strong><\/p>\n<p><strong><\/strong><\/p>\n<p><span style=\"color: #9b3f28;\"><strong>ARIA<\/strong><\/span><\/p>\n<p><span style=\"color: #9b3f28;\">De Christopher Poole \u2022 13\u201925 \u2022 2021 \u2022 Royaume-Uni<\/span><\/p>\n<p style=\"text-align: justify;\"><span style=\"color: #9b3f28;\">Jenny et Tom sont ravis d&rsquo;installer un nouveau \u00ab\u00a0syst\u00e8me de s\u00e9curit\u00e9 intelligent\u00a0\u00bb Aria dans leur maison. Tom devient de plus en plus parano\u00efaque quant \u00e0 ce qui peut se cacher devant leur porte d&rsquo;entr\u00e9e la nuit et finit par l&rsquo;affronter.<\/span><\/p>\n<p><span style=\"color: #9b3f28;\"><em>submissions@festivalformula.com<\/em><\/span><\/p>\n<p><strong>\u00a0<\/strong><\/p>\n<p style=\"text-align: center;\"><strong><\/strong><\/p>[\/et_pb_text][\/et_pb_column][et_pb_column type=\u00a0\u00bb1_3&Prime; _builder_version=\u00a0\u00bb4.16&Prime; _module_preset=\u00a0\u00bbdefault\u00a0\u00bb global_colors_info=\u00a0\u00bb{}\u00a0\u00bb][et_pb_image src=\u00a0\u00bbhttps:\/\/courtmetrange.eu\/wp-content\/uploads\/2022\/06\/AU-REVOIR-JEROME-.png\u00a0\u00bb title_text=\u00a0\u00bbAU REVOIR J\u00c9R\u00d4ME !\u00a0\u00bb _builder_version=\u00a0\u00bb4.17.4&Prime; _module_preset=\u00a0\u00bbdefault\u00a0\u00bb width=\u00a0\u00bb78%\u00a0\u00bb min_height=\u00a0\u00bb114.3px\u00a0\u00bb custom_padding=\u00a0\u00bb|||30px|false|false\u00a0\u00bb global_colors_info=\u00a0\u00bb{}\u00a0\u00bb][\/et_pb_image][et_pb_text _builder_version=\u00a0\u00bb4.16&Prime; _module_preset=\u00a0\u00bbdefault\u00a0\u00bb module_alignment=\u00a0\u00bbright\u00a0\u00bb custom_margin=\u00a0\u00bb||0px||false|false\u00a0\u00bb custom_padding=\u00a0\u00bb|60px|0px|30px|false|false\u00a0\u00bb global_colors_info=\u00a0\u00bb{}\u00a0\u00bb]<p><strong><\/strong><\/p>\n<p><strong><\/strong><\/p>\n<p><strong><\/strong><\/p>\n<p><span style=\"color: #9b3f28;\"><strong>AU REVOIR J\u00c9R\u00d4ME\u202f!<\/strong><\/span><\/p>\n<p><span style=\"color: #9b3f28;\">De Adam Sillard, Gabrielle Selnet, Chlo\u00e9 Farr \u2022 07\u201944 \u2022 2021 \u2022 France<\/span><\/p>\n<p style=\"text-align: justify;\"><span style=\"color: #9b3f28;\">Tout juste arriv\u00e9 au paradis, J\u00e9r\u00f4me se met en qu\u00eate de sa femme Maryline. Au fil de ses recherches, il s\u2019enfonce de plus en plus dans un monde surr\u00e9aliste et color\u00e9 dans lequel personne ne semble pouvoir l\u2019aider.<\/span><\/p>\n<p><span style=\"color: #9b3f28;\"><em>laure.goasguen@miyu.fr<\/em><\/span><\/p>[\/et_pb_text][\/et_pb_column][\/et_pb_row][et_pb_row column_structure=\u00a0\u00bb1_3,1_3,1_3&Prime; _builder_version=\u00a0\u00bb4.17.4&Prime; _module_preset=\u00a0\u00bbdefault\u00a0\u00bb background_color=\u00a0\u00bbrgba(224,153,0,0.65)\u00a0\u00bb module_alignment=\u00a0\u00bbcenter\u00a0\u00bb min_height=\u00a0\u00bb490.2px\u00a0\u00bb custom_margin=\u00a0\u00bb0px|auto|0px|auto|false|false\u00a0\u00bb custom_padding=\u00a0\u00bb0px||33px|30px|false|false\u00a0\u00bb locked=\u00a0\u00bboff\u00a0\u00bb global_colors_info=\u00a0\u00bb{}\u00a0\u00bb][et_pb_column type=\u00a0\u00bb1_3&Prime; _builder_version=\u00a0\u00bb4.16&Prime; _module_preset=\u00a0\u00bbdefault\u00a0\u00bb global_colors_info=\u00a0\u00bb{}\u00a0\u00bb][et_pb_image src=\u00a0\u00bbhttps:\/\/courtmetrange.eu\/wp-content\/uploads\/2022\/06\/hhay_visuel2-min.png\u00a0\u00bb title_text=\u00a0\u00bbhhay_visuel2-min\u00a0\u00bb align=\u00a0\u00bbcenter\u00a0\u00bb _builder_version=\u00a0\u00bb4.17.4&Prime; _module_preset=\u00a0\u00bbdefault\u00a0\u00bb width=\u00a0\u00bb78%\u00a0\u00bb custom_padding=\u00a0\u00bb|||30px|false|false\u00a0\u00bb global_colors_info=\u00a0\u00bb{}\u00a0\u00bb][\/et_pb_image][et_pb_text _builder_version=\u00a0\u00bb4.16&Prime; _module_preset=\u00a0\u00bbdefault\u00a0\u00bb background_color=\u00a0\u00bbRGBA(0,0,0,0)\u00a0\u00bb custom_margin=\u00a0\u00bb||||false|false\u00a0\u00bb custom_padding=\u00a0\u00bb|30px|0px|60px|false|false\u00a0\u00bb global_colors_info=\u00a0\u00bb{}\u00a0\u00bb]<p><span style=\"color: #9b3f28;\"><strong>HI, HOW ARE YOU\u202f?<\/strong><\/span><\/p>\n<p><span style=\"color: #9b3f28;\">De Ga\u00efa Grandin Mendzylewski \u2022 05\u201936 \u2022 2022 \u2022 France<\/span><\/p>\n<p style=\"text-align: justify;\"><span style=\"color: #9b3f28;\">Introspection plus ou moins tortur\u00e9e \u00e0 propos de l\u2019interaction sociale cit\u00e9e ci-apr\u00e8s : \u00ab Salut \u00e7a va ?\u00bb, \u00ab Oui et toi ?\u00bb, \u00ab Oui, oui \u00e7a va. \u00bb.<\/span><\/p>\n<p><span style=\"color: #9b3f28;\"><em>rvdboom@papy3d.com<\/em><\/span><\/p>[\/et_pb_text][\/et_pb_column][et_pb_column type=\u00a0\u00bb1_3&Prime; _builder_version=\u00a0\u00bb4.16&Prime; _module_preset=\u00a0\u00bbdefault\u00a0\u00bb global_colors_info=\u00a0\u00bb{}\u00a0\u00bb][et_pb_image src=\u00a0\u00bbhttps:\/\/courtmetrange.eu\/wp-content\/uploads\/2022\/06\/LaLuz7-min.jpeg\u00a0\u00bb title_text=\u00a0\u00bbLaLuz7-min\u00a0\u00bb _builder_version=\u00a0\u00bb4.17.4&Prime; _module_preset=\u00a0\u00bbdefault\u00a0\u00bb width=\u00a0\u00bb78%\u00a0\u00bb custom_padding=\u00a0\u00bb|||0px|false|false\u00a0\u00bb global_colors_info=\u00a0\u00bb{}\u00a0\u00bb][\/et_pb_image][et_pb_text _builder_version=\u00a0\u00bb4.16&Prime; _module_preset=\u00a0\u00bbdefault\u00a0\u00bb module_alignment=\u00a0\u00bbcenter\u00a0\u00bb custom_margin=\u00a0\u00bb||||false|false\u00a0\u00bb custom_padding=\u00a0\u00bb|30px||30px|false|false\u00a0\u00bb global_colors_info=\u00a0\u00bb{}\u00a0\u00bb]<p><span style=\"color: #9b3f28;\"><strong>LA LUZ<\/strong><\/span><\/p>\n<p><span style=\"color: #9b3f28;\">De Iago De Soto \u2022 12\u201952 \u2022 2021 \u2022 Espagne<\/span><\/p>\n<p style=\"text-align: justify;\"><span style=\"color: #9b3f28;\">19\u00e8me si\u00e8cle. Dans un petit village c\u00f4tier, Olalla et sa famille se pr\u00e9parent pour la nuit de la \u00ab\u202fTr\u00eave\u202f\u00bb. Il n&rsquo;y a qu&rsquo;une seule r\u00e8gle : aucune lumi\u00e8re ne doit rester allum\u00e9e cette nuit. Olalla, contrairement \u00e0 ses parents, ne croit pas aux superstitions. Et elle ne pense pas non plus qu&rsquo;Ils vont venir&#8230;<\/span><\/p>\n<p><span style=\"color: #9b3f28;\"><em>info@distributionwithglasses.com<\/em><\/span><\/p>[\/et_pb_text][\/et_pb_column][et_pb_column type=\u00a0\u00bb1_3&Prime; _builder_version=\u00a0\u00bb4.16&Prime; _module_preset=\u00a0\u00bbdefault\u00a0\u00bb global_colors_info=\u00a0\u00bb{}\u00a0\u00bb][et_pb_image src=\u00a0\u00bbhttps:\/\/courtmetrange.eu\/wp-content\/uploads\/2022\/06\/p-9_5_nightofthelivingdread-tt-width-1600-height-1067-crop-1-bgcolor-000000-min.jpg\u00a0\u00bb title_text=\u00a0\u00bbp-9_5_nightofthelivingdread-tt-width-1600-height-1067-crop-1-bgcolor-000000-min\u00a0\u00bb _builder_version=\u00a0\u00bb4.17.4&Prime; _module_preset=\u00a0\u00bbdefault\u00a0\u00bb width=\u00a0\u00bb78%\u00a0\u00bb custom_padding=\u00a0\u00bb|||30px|false|false\u00a0\u00bb global_colors_info=\u00a0\u00bb{}\u00a0\u00bb][\/et_pb_image][et_pb_text _builder_version=\u00a0\u00bb4.16&Prime; _module_preset=\u00a0\u00bbdefault\u00a0\u00bb module_alignment=\u00a0\u00bbcenter\u00a0\u00bb custom_margin=\u00a0\u00bb||||false|false\u00a0\u00bb custom_padding=\u00a0\u00bb|30px||30px|false|false\u00a0\u00bb global_colors_info=\u00a0\u00bb{}\u00a0\u00bb]<p><span style=\"color: #9b3f28;\"><strong>NIGHT OF THE LIVING DREAD<\/strong><\/span><\/p>\n<p><span style=\"color: #9b3f28;\">De Ida Melum \u2022 11\u201927 \u2022 2021 \u2022 Royaume-Uni<\/span><\/p>\n<p style=\"text-align: justify;\"><span style=\"color: #9b3f28;\">Lorsqu\u2019une coupure de courant interrompt la routine du coucher de Ruby, celle-ci se retrouve hant\u00e9e par des visiteurs importuns. Pour pouvoir passer une paisible nuit de sommeil, Ruby n\u2019aura pas d\u2019autre choix que de faire face \u00e0 ses visiteurs.<\/span><\/p>\n<p><span style=\"color: #9b3f28;\"><em>festivals2@nfts.co.uk<\/em><\/span><\/p>[\/et_pb_text][\/et_pb_column][\/et_pb_row][\/et_pb_section]","protected":false},"excerpt":{"rendered":"<p>Les projections jeune public \u00ab\u00a0Interroger le cin\u00e9ma fantastique\u00a0\u00bb Quatre programmes in\u00e9dits de courts m\u00e9trages insolites, \u00e9tranges et fantastiques sont \u00e9labor\u00e9s tous les ans par le Festival Court M\u00e9trange. Cin\u00e9ma Arvor [&hellip;]<\/p>","protected":false},"author":1,"featured_media":0,"parent":0,"menu_order":0,"comment_status":"closed","ping_status":"closed","template":"","meta":{"_acf_changed":false,"_et_pb_use_builder":"on","_et_pb_old_content":"","_et_gb_content_width":"","footnotes":""},"class_list":["post-4732","page","type-page","status-publish","hentry"],"acf":[],"yoast_head":"<!-- This site is optimized with the Yoast SEO plugin v24.5 - https:\/\/yoast.com\/wordpress\/plugins\/seo\/ -->\n<title>Les projections jeune public 2022 - Court M\u00e9trange<\/title>\n<meta name=\"robots\" content=\"noindex, nofollow\" \/>\n<meta property=\"og:locale\" content=\"en_GB\" \/>\n<meta property=\"og:type\" content=\"article\" \/>\n<meta property=\"og:title\" content=\"Les projections jeune public 2022 - Court M\u00e9trange\" \/>\n<meta property=\"og:description\" content=\"Les projections jeune public \u00ab\u00a0Interroger le cin\u00e9ma fantastique\u00a0\u00bb Quatre programmes in\u00e9dits de courts m\u00e9trages insolites, \u00e9tranges et fantastiques sont \u00e9labor\u00e9s tous les ans par le Festival Court M\u00e9trange. Cin\u00e9ma Arvor [&hellip;]\" \/>\n<meta property=\"og:url\" content=\"https:\/\/courtmetrange.eu\/en\/__trashed\/\" \/>\n<meta property=\"og:site_name\" content=\"Court M\u00e9trange\" \/>\n<meta property=\"article:publisher\" content=\"https:\/\/www.facebook.com\/CourtMetrange\/\" \/>\n<meta property=\"article:modified_time\" content=\"2024-04-17T08:14:19+00:00\" \/>\n<meta name=\"twitter:card\" content=\"summary_large_image\" \/>\n<meta name=\"twitter:site\" content=\"@courtmetrange\" \/>\n<meta name=\"twitter:label1\" content=\"Estimated reading time\" \/>\n\t<meta name=\"twitter:data1\" content=\"12 minutes\" \/>\n<script type=\"application\/ld+json\" class=\"yoast-schema-graph\">{\"@context\":\"https:\/\/schema.org\",\"@graph\":[{\"@type\":\"WebPage\",\"@id\":\"https:\/\/courtmetrange.eu\/__trashed\/\",\"url\":\"https:\/\/courtmetrange.eu\/__trashed\/\",\"name\":\"Les projections jeune public 2022 - Court M\u00e9trange\",\"isPartOf\":{\"@id\":\"https:\/\/courtmetrange.eu\/en\/#website\"},\"datePublished\":\"2022-06-28T14:08:35+00:00\",\"dateModified\":\"2024-04-17T08:14:19+00:00\",\"breadcrumb\":{\"@id\":\"https:\/\/courtmetrange.eu\/__trashed\/#breadcrumb\"},\"inLanguage\":\"en-GB\",\"potentialAction\":[{\"@type\":\"ReadAction\",\"target\":[\"https:\/\/courtmetrange.eu\/__trashed\/\"]}]},{\"@type\":\"BreadcrumbList\",\"@id\":\"https:\/\/courtmetrange.eu\/__trashed\/#breadcrumb\",\"itemListElement\":[{\"@type\":\"ListItem\",\"position\":1,\"name\":\"Accueil\",\"item\":\"https:\/\/courtmetrange.eu\/\"},{\"@type\":\"ListItem\",\"position\":2,\"name\":\"Les projections jeune public 2022\"}]},{\"@type\":\"WebSite\",\"@id\":\"https:\/\/courtmetrange.eu\/en\/#website\",\"url\":\"https:\/\/courtmetrange.eu\/en\/\",\"name\":\"Court M\u00e9trange\",\"description\":\"Festival International du court m\u00e9trage insolite et fantastique de Rennes\",\"publisher\":{\"@id\":\"https:\/\/courtmetrange.eu\/en\/#organization\"},\"potentialAction\":[{\"@type\":\"SearchAction\",\"target\":{\"@type\":\"EntryPoint\",\"urlTemplate\":\"https:\/\/courtmetrange.eu\/en\/?s={search_term_string}\"},\"query-input\":{\"@type\":\"PropertyValueSpecification\",\"valueRequired\":true,\"valueName\":\"search_term_string\"}}],\"inLanguage\":\"en-GB\"},{\"@type\":\"Organization\",\"@id\":\"https:\/\/courtmetrange.eu\/en\/#organization\",\"name\":\"Court M\u00e9trange\",\"url\":\"https:\/\/courtmetrange.eu\/en\/\",\"logo\":{\"@type\":\"ImageObject\",\"inLanguage\":\"en-GB\",\"@id\":\"https:\/\/courtmetrange.eu\/en\/#\/schema\/logo\/image\/\",\"url\":\"https:\/\/courtmetrange.eu\/wp-content\/uploads\/2020\/11\/Logo_CourtMetrange.svg\",\"contentUrl\":\"https:\/\/courtmetrange.eu\/wp-content\/uploads\/2020\/11\/Logo_CourtMetrange.svg\",\"width\":251,\"height\":127,\"caption\":\"Court M\u00e9trange\"},\"image\":{\"@id\":\"https:\/\/courtmetrange.eu\/en\/#\/schema\/logo\/image\/\"},\"sameAs\":[\"https:\/\/www.facebook.com\/CourtMetrange\/\",\"https:\/\/x.com\/courtmetrange\",\"https:\/\/www.instagram.com\/courtmetrange.rennes\/\",\"https:\/\/www.youtube.com\/channel\/UCbS9jcW3uiDQeGgZAT29Emw\/videos\"]}]}<\/script>\n<!-- \/ Yoast SEO plugin. -->","yoast_head_json":{"title":"Les projections jeune public 2022 - Court M\u00e9trange","robots":{"index":"noindex","follow":"nofollow"},"og_locale":"en_GB","og_type":"article","og_title":"Les projections jeune public 2022 - Court M\u00e9trange","og_description":"Les projections jeune public \u00ab\u00a0Interroger le cin\u00e9ma fantastique\u00a0\u00bb Quatre programmes in\u00e9dits de courts m\u00e9trages insolites, \u00e9tranges et fantastiques sont \u00e9labor\u00e9s tous les ans par le Festival Court M\u00e9trange. Cin\u00e9ma Arvor [&hellip;]","og_url":"https:\/\/courtmetrange.eu\/en\/__trashed\/","og_site_name":"Court M\u00e9trange","article_publisher":"https:\/\/www.facebook.com\/CourtMetrange\/","article_modified_time":"2024-04-17T08:14:19+00:00","twitter_card":"summary_large_image","twitter_site":"@courtmetrange","twitter_misc":{"Estimated reading time":"12 minutes"},"schema":{"@context":"https:\/\/schema.org","@graph":[{"@type":"WebPage","@id":"https:\/\/courtmetrange.eu\/__trashed\/","url":"https:\/\/courtmetrange.eu\/__trashed\/","name":"Les projections jeune public 2022 - Court M\u00e9trange","isPartOf":{"@id":"https:\/\/courtmetrange.eu\/en\/#website"},"datePublished":"2022-06-28T14:08:35+00:00","dateModified":"2024-04-17T08:14:19+00:00","breadcrumb":{"@id":"https:\/\/courtmetrange.eu\/__trashed\/#breadcrumb"},"inLanguage":"en-GB","potentialAction":[{"@type":"ReadAction","target":["https:\/\/courtmetrange.eu\/__trashed\/"]}]},{"@type":"BreadcrumbList","@id":"https:\/\/courtmetrange.eu\/__trashed\/#breadcrumb","itemListElement":[{"@type":"ListItem","position":1,"name":"Accueil","item":"https:\/\/courtmetrange.eu\/"},{"@type":"ListItem","position":2,"name":"Les projections jeune public 2022"}]},{"@type":"WebSite","@id":"https:\/\/courtmetrange.eu\/en\/#website","url":"https:\/\/courtmetrange.eu\/en\/","name":"Court M\u00e9trange","description":"Festival International du court m\u00e9trage insolite et fantastique de Rennes","publisher":{"@id":"https:\/\/courtmetrange.eu\/en\/#organization"},"potentialAction":[{"@type":"SearchAction","target":{"@type":"EntryPoint","urlTemplate":"https:\/\/courtmetrange.eu\/en\/?s={search_term_string}"},"query-input":{"@type":"PropertyValueSpecification","valueRequired":true,"valueName":"search_term_string"}}],"inLanguage":"en-GB"},{"@type":"Organization","@id":"https:\/\/courtmetrange.eu\/en\/#organization","name":"Court M\u00e9trange","url":"https:\/\/courtmetrange.eu\/en\/","logo":{"@type":"ImageObject","inLanguage":"en-GB","@id":"https:\/\/courtmetrange.eu\/en\/#\/schema\/logo\/image\/","url":"https:\/\/courtmetrange.eu\/wp-content\/uploads\/2020\/11\/Logo_CourtMetrange.svg","contentUrl":"https:\/\/courtmetrange.eu\/wp-content\/uploads\/2020\/11\/Logo_CourtMetrange.svg","width":251,"height":127,"caption":"Court M\u00e9trange"},"image":{"@id":"https:\/\/courtmetrange.eu\/en\/#\/schema\/logo\/image\/"},"sameAs":["https:\/\/www.facebook.com\/CourtMetrange\/","https:\/\/x.com\/courtmetrange","https:\/\/www.instagram.com\/courtmetrange.rennes\/","https:\/\/www.youtube.com\/channel\/UCbS9jcW3uiDQeGgZAT29Emw\/videos"]}]}},"_links":{"self":[{"href":"https:\/\/courtmetrange.eu\/en\/wp-json\/wp\/v2\/pages\/4732","targetHints":{"allow":["GET"]}}],"collection":[{"href":"https:\/\/courtmetrange.eu\/en\/wp-json\/wp\/v2\/pages"}],"about":[{"href":"https:\/\/courtmetrange.eu\/en\/wp-json\/wp\/v2\/types\/page"}],"author":[{"embeddable":true,"href":"https:\/\/courtmetrange.eu\/en\/wp-json\/wp\/v2\/users\/1"}],"replies":[{"embeddable":true,"href":"https:\/\/courtmetrange.eu\/en\/wp-json\/wp\/v2\/comments?post=4732"}],"version-history":[{"count":13,"href":"https:\/\/courtmetrange.eu\/en\/wp-json\/wp\/v2\/pages\/4732\/revisions"}],"predecessor-version":[{"id":11583,"href":"https:\/\/courtmetrange.eu\/en\/wp-json\/wp\/v2\/pages\/4732\/revisions\/11583"}],"wp:attachment":[{"href":"https:\/\/courtmetrange.eu\/en\/wp-json\/wp\/v2\/media?parent=4732"}],"curies":[{"name":"wp","href":"https:\/\/api.w.org\/{rel}","templated":true}]}}