{"id":7537,"date":"2023-04-11T10:37:59","date_gmt":"2023-04-11T09:37:59","guid":{"rendered":"https:\/\/courtmetrange.eu\/?page_id=7537"},"modified":"2024-04-17T10:17:29","modified_gmt":"2024-04-17T08:17:29","slug":"jour-par-jour-2023","status":"publish","type":"page","link":"https:\/\/courtmetrange.eu\/en\/jour-par-jour-2023\/","title":{"rendered":"Jour Par Jour 2023"},"content":{"rendered":"[et_pb_section fb_built=\u00a0\u00bb1&Prime; _builder_version=\u00a0\u00bb4.20.1&Prime; _module_preset=\u00a0\u00bbdefault\u00a0\u00bb background_color=\u00a0\u00bbrgba(0,0,0,0)\u00a0\u00bb background_image=\u00a0\u00bbhttps:\/\/courtmetrange.eu\/wp-content\/uploads\/2023\/05\/Aff-fon-terne-scaled.jpg\u00a0\u00bb parallax=\u00a0\u00bbon\u00a0\u00bb background_blend=\u00a0\u00bbdarken\u00a0\u00bb custom_margin=\u00a0\u00bb-25px||||false|false\u00a0\u00bb global_colors_info=\u00a0\u00bb{}\u00a0\u00bb][et_pb_row _builder_version=\u00a0\u00bb4.16&Prime; _module_preset=\u00a0\u00bbdefault\u00a0\u00bb global_colors_info=\u00a0\u00bb{}\u00a0\u00bb][et_pb_column type=\u00a0\u00bb4_4&Prime; _builder_version=\u00a0\u00bb4.16&Prime; _module_preset=\u00a0\u00bbdefault\u00a0\u00bb global_colors_info=\u00a0\u00bb{}\u00a0\u00bb][et_pb_text module_id=\u00a0\u00bbaccessibility\u00a0\u00bb _builder_version=\u00a0\u00bb4.20.1&Prime; _module_preset=\u00a0\u00bbdefault\u00a0\u00bb background_color=\u00a0\u00bbrgba(255,255,255,0.62)\u00a0\u00bb text_orientation=\u00a0\u00bbcenter\u00a0\u00bb custom_margin=\u00a0\u00bb30px||||false|false\u00a0\u00bb custom_padding=\u00a0\u00bb9px||||false|false\u00a0\u00bb animation_style=\u00a0\u00bbslide\u00a0\u00bb border_radii=\u00a0\u00bbon|20px|20px|20px|20px\u00a0\u00bb global_colors_info=\u00a0\u00bb{}\u00a0\u00bb]<h1 style=\"text-align: center;\"><span style=\"color: #ffffff;\">Le Festival jour par jour<\/span><\/h1>[\/et_pb_text][\/et_pb_column][\/et_pb_row][et_pb_row column_structure=\u00a0\u00bb1_4,1_4,1_4,1_4&Prime; _builder_version=\u00a0\u00bb4.21.0&Prime; _module_preset=\u00a0\u00bbdefault\u00a0\u00bb background_color=\u00a0\u00bbrgba(0,1,38,0.36)\u00a0\u00bb module_alignment=\u00a0\u00bbcenter\u00a0\u00bb custom_margin=\u00a0\u00bb||||false|false\u00a0\u00bb custom_padding=\u00a0\u00bb|20px||20px|false|false\u00a0\u00bb animation_style=\u00a0\u00bbslide\u00a0\u00bb border_radii=\u00a0\u00bbon|20px|20px|20px|20px\u00a0\u00bb global_colors_info=\u00a0\u00bb{}\u00a0\u00bb][et_pb_column type=\u00a0\u00bb1_4&Prime; _builder_version=\u00a0\u00bb4.16&Prime; _module_preset=\u00a0\u00bbdefault\u00a0\u00bb global_colors_info=\u00a0\u00bb{}\u00a0\u00bb][et_pb_text _builder_version=\u00a0\u00bb4.21.0&Prime; _module_preset=\u00a0\u00bbdefault\u00a0\u00bb background_color=\u00a0\u00bbrgba(255,255,255,0.62)\u00a0\u00bb custom_margin=\u00a0\u00bb0px||||false|false\u00a0\u00bb custom_padding=\u00a0\u00bb9px||||false|false\u00a0\u00bb border_radii=\u00a0\u00bbon|20px|20px|20px|20px\u00a0\u00bb global_colors_info=\u00a0\u00bb{}\u00a0\u00bb]<h3 style=\"text-align: center;\"><span style=\"color: #ffffff;\">Jeu 21 sep<\/span><\/h3>[\/et_pb_text][et_pb_text _builder_version=\u00a0\u00bb4.21.0&Prime; _module_preset=\u00a0\u00bbdefault\u00a0\u00bb text_text_color=\u00a0\u00bb#000000&Prime; global_colors_info=\u00a0\u00bb{}\u00a0\u00bb]<p style=\"text-align: center;\"><span style=\"color: #ffffff;\"><strong>18h30<\/strong> : <a href=\"https:\/\/courtmetrange.eu\/en\/evenement\/regards-croises-philosophie-et-cinema-the-lighthouse-de-r-eggers-maude-robert-et-gwendal-parmentier\/\">Regards Crois\u00e9s philosophie et cin\u00e9ma<\/a><\/span><span style=\"color: #ffffff;\"><\/span><\/p>\n<p style=\"text-align: center;\"><span style=\"color: #ffffff;\"><strong>21h<\/strong> :<a href=\"https:\/\/courtmetrange.eu\/en\/evenement\/long-metrange-1-the-lighthouse-de-robert-eggers\/\"> LongM\u00e9trange #1 &#8211; The Lighthouse, de Robert Eggers<\/a><\/span><\/p>[\/et_pb_text][\/et_pb_column][et_pb_column type=\u00a0\u00bb1_4&Prime; _builder_version=\u00a0\u00bb4.16&Prime; _module_preset=\u00a0\u00bbdefault\u00a0\u00bb global_colors_info=\u00a0\u00bb{}\u00a0\u00bb][et_pb_text _builder_version=\u00a0\u00bb4.21.0&Prime; _module_preset=\u00a0\u00bbdefault\u00a0\u00bb background_color=\u00a0\u00bbrgba(255,255,255,0.62)\u00a0\u00bb custom_margin=\u00a0\u00bb0px||||false|false\u00a0\u00bb custom_padding=\u00a0\u00bb9px||||false|false\u00a0\u00bb border_radii=\u00a0\u00bbon|20px|20px|20px|20px\u00a0\u00bb global_colors_info=\u00a0\u00bb{}\u00a0\u00bb]<h3 style=\"text-align: center;\"><span style=\"color: #ffffff;\">Ven 22 sep<\/span><\/h3>[\/et_pb_text][et_pb_text _builder_version=\u00a0\u00bb4.21.0&Prime; _module_preset=\u00a0\u00bbdefault\u00a0\u00bb text_text_color=\u00a0\u00bb#000000&Prime; global_colors_info=\u00a0\u00bb{}\u00a0\u00bb]<p style=\"text-align: center;\"><span style=\"color: #ffffff;\"><strong>20h00<\/strong> : <a href=\"https:\/\/courtmetrange.eu\/en\/evenement\/long-metrange-2-the-deep-house-de-a-bustillo-et-j-maury\/\">Long M\u00e9trange #2 &#8211; Deep House, de A. Bustillo et J. Maury<\/a><\/span><\/p>\n<p style=\"text-align: center;\"><span style=\"color: #ffffff;\"><strong>21h30<\/strong> : Rencontre avec A. Bustillo et J. Maury<\/span><\/p>[\/et_pb_text][\/et_pb_column][et_pb_column type=\u00a0\u00bb1_4&Prime; _builder_version=\u00a0\u00bb4.16&Prime; _module_preset=\u00a0\u00bbdefault\u00a0\u00bb global_colors_info=\u00a0\u00bb{}\u00a0\u00bb][et_pb_text _builder_version=\u00a0\u00bb4.21.0&Prime; _module_preset=\u00a0\u00bbdefault\u00a0\u00bb background_color=\u00a0\u00bbrgba(255,255,255,0.62)\u00a0\u00bb custom_margin=\u00a0\u00bb0px||||false|false\u00a0\u00bb custom_padding=\u00a0\u00bb9px||||false|false\u00a0\u00bb border_radii=\u00a0\u00bbon|20px|20px|20px|20px\u00a0\u00bb global_colors_info=\u00a0\u00bb{}\u00a0\u00bb]<h3 style=\"text-align: center;\"><span style=\"color: #ffffff;\">Sam 23 sep<\/span><\/h3>[\/et_pb_text][et_pb_text _builder_version=\u00a0\u00bb4.21.0&Prime; _module_preset=\u00a0\u00bbdefault\u00a0\u00bb text_text_color=\u00a0\u00bb#000000&Prime; global_colors_info=\u00a0\u00bb{}\u00a0\u00bb]<p style=\"text-align: center;\"><span style=\"color: #ffffff;\"><strong>18h30<\/strong> : <a href=\"https:\/\/courtmetrange.eu\/en\/evenement\/long-metrange-3-delivrance-de-john-boorman\/\">Long M\u00e9trange #3 &#8211; D\u00e9livrance, de John Boorman<\/a><\/span><\/p>\n<p style=\"text-align: center;\"><span style=\"color: #ffffff;\"><strong>21h<\/strong> :<a href=\"https:\/\/courtmetrange.eu\/en\/evenement\/long-metrange-4-piranhas-de-joe-dante\/\"> Long M\u00e9trange #4 &#8211; Piranhas, de Joe Dante<\/a><\/span><\/p>[\/et_pb_text][\/et_pb_column][et_pb_column type=\u00a0\u00bb1_4&Prime; _builder_version=\u00a0\u00bb4.20.1&Prime; _module_preset=\u00a0\u00bbdefault\u00a0\u00bb global_colors_info=\u00a0\u00bb{}\u00a0\u00bb][et_pb_text _builder_version=\u00a0\u00bb4.21.0&Prime; _module_preset=\u00a0\u00bbdefault\u00a0\u00bb background_color=\u00a0\u00bbrgba(255,255,255,0.62)\u00a0\u00bb custom_margin=\u00a0\u00bb0px||||false|false\u00a0\u00bb custom_padding=\u00a0\u00bb10px||||false|false\u00a0\u00bb border_radii=\u00a0\u00bbon|20px|20px|20px|20px\u00a0\u00bb global_colors_info=\u00a0\u00bb{}\u00a0\u00bb]<h3 style=\"text-align: center;\"><span style=\"color: #ffffff;\">Dim 24 sep<\/span><\/h3>[\/et_pb_text][et_pb_text _builder_version=\u00a0\u00bb4.22.1&Prime; _module_preset=\u00a0\u00bbdefault\u00a0\u00bb text_text_color=\u00a0\u00bb#000000&Prime; custom_margin=\u00a0\u00bb-15px||||false|false\u00a0\u00bb global_colors_info=\u00a0\u00bb{}\u00a0\u00bb]<p style=\"text-align: center;\"><span style=\"color: #ffffff;\"><strong>11h<\/strong> : <a href=\"https:\/\/courtmetrange.eu\/en\/evenement\/long-metrange-5-le-chant-de-la-mer-de-tomm-moore\/\">Long M\u00e9trange #5 &#8211; Le Chant de la mer, de Tomm Moore<\/a><\/span><\/p>\n<p style=\"text-align: center;\"><span style=\"color: #ffffff;\"><strong>17h00<\/strong> :<a href=\"https:\/\/courtmetrange.eu\/en\/evenement\/cine-concert-2023\/\"> Cin\u00e9-concert du Conservatoire de Rennes, site Blosne<\/a><\/span><span style=\"color: #ffffff;\">\u00a0<\/span><\/p>[\/et_pb_text][\/et_pb_column][\/et_pb_row][et_pb_row column_structure=\u00a0\u00bb1_4,1_4,1_4,1_4&Prime; _builder_version=\u00a0\u00bb4.16&Prime; _module_preset=\u00a0\u00bbdefault\u00a0\u00bb global_colors_info=\u00a0\u00bb{}\u00a0\u00bb][et_pb_column type=\u00a0\u00bb1_4&Prime; _builder_version=\u00a0\u00bb4.16&Prime; _module_preset=\u00a0\u00bbdefault\u00a0\u00bb global_colors_info=\u00a0\u00bb{}\u00a0\u00bb][\/et_pb_column][et_pb_column type=\u00a0\u00bb1_4&Prime; _builder_version=\u00a0\u00bb4.16&Prime; _module_preset=\u00a0\u00bbdefault\u00a0\u00bb global_colors_info=\u00a0\u00bb{}\u00a0\u00bb][\/et_pb_column][et_pb_column type=\u00a0\u00bb1_4&Prime; _builder_version=\u00a0\u00bb4.16&Prime; _module_preset=\u00a0\u00bbdefault\u00a0\u00bb global_colors_info=\u00a0\u00bb{}\u00a0\u00bb][\/et_pb_column][et_pb_column type=\u00a0\u00bb1_4&Prime; _builder_version=\u00a0\u00bb4.16&Prime; _module_preset=\u00a0\u00bbdefault\u00a0\u00bb global_colors_info=\u00a0\u00bb{}\u00a0\u00bb][\/et_pb_column][\/et_pb_row][et_pb_row column_structure=\u00a0\u00bb1_4,1_4,1_4,1_4&Prime; _builder_version=\u00a0\u00bb4.21.0&Prime; _module_preset=\u00a0\u00bbdefault\u00a0\u00bb background_color=\u00a0\u00bbrgba(0,1,38,0.36)\u00a0\u00bb module_alignment=\u00a0\u00bbcenter\u00a0\u00bb custom_margin=\u00a0\u00bb||||false|false\u00a0\u00bb custom_padding=\u00a0\u00bb|20px||20px|false|false\u00a0\u00bb animation_style=\u00a0\u00bbslide\u00a0\u00bb border_radii=\u00a0\u00bbon|20px|20px|20px|20px\u00a0\u00bb global_colors_info=\u00a0\u00bb{}\u00a0\u00bb][et_pb_column type=\u00a0\u00bb1_4&Prime; _builder_version=\u00a0\u00bb4.16&Prime; _module_preset=\u00a0\u00bbdefault\u00a0\u00bb global_colors_info=\u00a0\u00bb{}\u00a0\u00bb][et_pb_text _builder_version=\u00a0\u00bb4.21.0&Prime; _module_preset=\u00a0\u00bbdefault\u00a0\u00bb background_color=\u00a0\u00bbrgba(255,255,255,0.62)\u00a0\u00bb custom_margin=\u00a0\u00bb0px||||false|false\u00a0\u00bb custom_padding=\u00a0\u00bb9px||||false|false\u00a0\u00bb border_radii=\u00a0\u00bbon|20px|20px|20px|20px\u00a0\u00bb global_colors_info=\u00a0\u00bb{}\u00a0\u00bb]<h3 style=\"text-align: center;\"><span style=\"color: #ffffff;\">Lun 25 sep<\/span><\/h3>[\/et_pb_text][et_pb_text _builder_version=\u00a0\u00bb4.21.0&Prime; _module_preset=\u00a0\u00bbdefault\u00a0\u00bb text_text_color=\u00a0\u00bb#000000&Prime; global_colors_info=\u00a0\u00bb{}\u00a0\u00bb]<p style=\"text-align: center;\"><span style=\"color: #ffffff;\"><strong>19h :<\/strong> <a href=\"https:\/\/courtmetrange.eu\/en\/evenement\/la-soiree-queer-metrange-les-projections\/\">S\u00e9ance Queer M\u00e9trange &#8211; Prix du public<\/a><\/span><\/p>\n<p style=\"text-align: center;\"><span style=\"color: #ffffff;\"><strong>20h<\/strong> : Discussion avec Queer Mais Trash<\/span><\/p>\n<p style=\"text-align: center;\"><span style=\"color: #ffffff;\"><strong>21h30<\/strong> :<a href=\"https:\/\/courtmetrange.eu\/en\/evenement\/la-soiree-queer-metrange-la-before\/\"> Soir\u00e9e Queer M\u00e9trange &#8211; La Before<\/a><\/span><\/p>[\/et_pb_text][\/et_pb_column][et_pb_column type=\u00a0\u00bb1_4&Prime; _builder_version=\u00a0\u00bb4.16&Prime; _module_preset=\u00a0\u00bbdefault\u00a0\u00bb global_colors_info=\u00a0\u00bb{}\u00a0\u00bb][et_pb_text _builder_version=\u00a0\u00bb4.21.0&Prime; _module_preset=\u00a0\u00bbdefault\u00a0\u00bb background_color=\u00a0\u00bbrgba(255,255,255,0.62)\u00a0\u00bb custom_margin=\u00a0\u00bb0px||||false|false\u00a0\u00bb custom_padding=\u00a0\u00bb9px||||false|false\u00a0\u00bb border_radii=\u00a0\u00bbon|20px|20px|20px|20px\u00a0\u00bb global_colors_info=\u00a0\u00bb{}\u00a0\u00bb]<h3 style=\"text-align: center;\"><span style=\"color: #ffffff;\">Mar 26 sep<\/span><\/h3>[\/et_pb_text][et_pb_text _builder_version=\u00a0\u00bb4.21.0&Prime; _module_preset=\u00a0\u00bbdefault\u00a0\u00bb text_text_color=\u00a0\u00bb#000000&Prime; global_colors_info=\u00a0\u00bb{}\u00a0\u00bb]<p style=\"text-align: center;\"><span style=\"color: #ffffff;\"><strong>17h30<\/strong> : <a href=\"https:\/\/courtmetrange.eu\/en\/evenement\/les-seances-fantastiques-du-planetarium-de-lespace-des-sciences-de-rennes\/\">S\u00e9ance au Plan\u00e9tarium de l&rsquo;Espace des sciences de Rennes<\/a><\/span><\/p>\n<p style=\"text-align: center;\"><span style=\"color: #ffffff;\"><strong>18h<\/strong> : <a href=\"https:\/\/courtmetrange.eu\/en\/evenement\/inauguration-de-la-competition-internationale-et-du-village-metrange-3\/\">Inauguration de la comp\u00e9tition<\/a>\u00a0<\/span><\/p>\n<p style=\"text-align: center;\"><span style=\"color: #ffffff;\"><strong>20h<\/strong> : <a href=\"https:\/\/courtmetrange.eu\/en\/seance-competition-2023-mardi-26-09-20h\/\">S\u00e9ance COMME UN POISON DANS L&rsquo;EAU<\/a><\/span><\/p>\n<p style=\"text-align: center;\"><span style=\"color: #ffffff;\"><strong>22h<\/strong>\u00a0: <a href=\"https:\/\/courtmetrange.eu\/en\/seance-carte-blanche-wench-film-festival\/\">S\u00e9ance carte blanche Wench Festival de Mumbai<\/a><\/span><\/p>\n<p style=\"text-align: center;\"><span style=\"color: #ffffff;\"><strong>22h<\/strong>\u00a0: Blind\u00f4quiz<\/span><\/p>\n<p style=\"text-align: center;\"><span style=\"color: #ffffff;\"><\/span><\/p>[\/et_pb_text][\/et_pb_column][et_pb_column type=\u00a0\u00bb1_4&Prime; _builder_version=\u00a0\u00bb4.16&Prime; _module_preset=\u00a0\u00bbdefault\u00a0\u00bb global_colors_info=\u00a0\u00bb{}\u00a0\u00bb][et_pb_text _builder_version=\u00a0\u00bb4.21.0&Prime; _module_preset=\u00a0\u00bbdefault\u00a0\u00bb background_color=\u00a0\u00bbrgba(255,255,255,0.62)\u00a0\u00bb custom_margin=\u00a0\u00bb0px||||false|false\u00a0\u00bb custom_padding=\u00a0\u00bb9px||||false|false\u00a0\u00bb border_radii=\u00a0\u00bbon|20px|20px|20px|20px\u00a0\u00bb global_colors_info=\u00a0\u00bb{}\u00a0\u00bb]<h3 style=\"text-align: center;\"><span style=\"color: #ffffff;\">Mer 27 sep<\/span><\/h3>[\/et_pb_text][et_pb_text _builder_version=\u00a0\u00bb4.21.0&Prime; _module_preset=\u00a0\u00bbdefault\u00a0\u00bb text_text_color=\u00a0\u00bb#000000&Prime; global_colors_info=\u00a0\u00bb{}\u00a0\u00bb]<p style=\"text-align: center;\"><span style=\"color: #ffffff;\"><strong>14h30<\/strong> : <a href=\"https:\/\/courtmetrange.eu\/en\/seance-courte-echelle-mercredi-27-09-23-16h30\/\">S\u00e9ance Courte \u00c9chelle &#8211; D\u00e8s 9 ans<\/a><\/span><\/p>\n<p style=\"text-align: center;\"><span style=\"color: #ffffff;\"><strong>16h30<\/strong> : Rediffusion s\u00e9ance COMME UN POISON DANS L&rsquo;EAU<\/span><\/p>\n<p style=\"text-align: center;\"><span style=\"color: #ffffff;\"><strong>17h<\/strong> : <a href=\"https:\/\/courtmetrange.eu\/en\/evenement\/rencontre-avec-spoilers-abysses-une-serie-sf-made-in-eu\/\">Rencontre avec Spoilers &#8211; Abysse, une s\u00e9rie fran\u00e7aise<\/a><\/span><\/p>\n<p style=\"text-align: center;\"><span style=\"color: #ffffff; font-size: 14px;\"><strong>18h15<\/strong> : <a href=\"https:\/\/courtmetrange.eu\/en\/evenement\/long-metrange-7-the-ghost-and-mrs-muir-de-joseph-l-mankiewicz\/\">Long M\u00e9trange #7 &#8211; The Ghost and Mrs Muir<\/a><\/span><\/p>\n<p style=\"text-align: center;\"><span style=\"color: #ffffff;\"><strong>18h30<\/strong> : <a href=\"https:\/\/courtmetrange.eu\/en\/evenement\/monstres-et-merveilles-aquatiques\/\">Conf\u00e9rence &#8211; Monstres et merveilles aquatiques &#8211; JS Steyer, N. Tellop<\/a><\/span><span style=\"color: #ffffff; font-size: 14px;\"><\/span><\/p>\n<p style=\"text-align: center;\"><span style=\"color: #ffffff;\"><strong>19h<\/strong> : <a href=\"https:\/\/courtmetrange.eu\/en\/seance-competition-2023-jeudi-28-09-19h00\/\">S\u00e9ance LA CROISI\u00c8RE S&rsquo;ANIME !<\/a><\/span><\/p>\n<p style=\"text-align: center;\"><span style=\"color: #ffffff;\"><strong>20h45<\/strong> : <a href=\"https:\/\/courtmetrange.eu\/en\/evenement\/long-metrange-7-pandora-and-the-flying-dutchman-de-albert-lewin\/\">Long M\u00e9trange #8 &#8211; Pandora and the Flying Dutchman<\/a><\/span><\/p>\n<p style=\"text-align: center;\"><span style=\"color: #ffffff;\"><strong>21h30<\/strong> : <a href=\"https:\/\/courtmetrange.eu\/en\/seance-competition-2023-mercredi-27-09-21h30\/\">S\u00e9ance MIROIR, MON VILAIN MIROIR<\/a><\/span><\/p>\n<p style=\"text-align: center;\"><span style=\"color: #ffffff;\"><\/span><\/p>\n<p style=\"text-align: center;\"><span style=\"color: #ffffff; font-size: 14px;\"><\/span><\/p>[\/et_pb_text][\/et_pb_column][et_pb_column type=\u00a0\u00bb1_4&Prime; _builder_version=\u00a0\u00bb4.20.1&Prime; _module_preset=\u00a0\u00bbdefault\u00a0\u00bb global_colors_info=\u00a0\u00bb{}\u00a0\u00bb][et_pb_text _builder_version=\u00a0\u00bb4.21.0&Prime; _module_preset=\u00a0\u00bbdefault\u00a0\u00bb background_color=\u00a0\u00bbrgba(255,255,255,0.62)\u00a0\u00bb custom_margin=\u00a0\u00bb0px||||false|false\u00a0\u00bb custom_padding=\u00a0\u00bb9px||||false|false\u00a0\u00bb border_radii=\u00a0\u00bbon|20px|20px|20px|20px\u00a0\u00bb global_colors_info=\u00a0\u00bb{}\u00a0\u00bb]<h3 style=\"text-align: center;\"><span style=\"color: #ffffff;\">Jeu 28 sep<\/span><\/h3>[\/et_pb_text][et_pb_text _builder_version=\u00a0\u00bb4.22.1&Prime; _module_preset=\u00a0\u00bbdefault\u00a0\u00bb text_text_color=\u00a0\u00bb#000000&Prime; global_colors_info=\u00a0\u00bb{}\u00a0\u00bb]<p style=\"text-align: center;\"><span style=\"color: #ffffff;\"><strong>14h30<\/strong> : Rediffusion s\u00e9ance LA CROISI\u00c8RE S&rsquo;ANIME !<\/span><\/p>\n<p style=\"text-align: center;\"><span style=\"color: #ffffff;\"><strong>16h30<\/strong> : Rediffusion s\u00e9ance MIROIR, MON VILAIN MIROIR<\/span><\/p>\n<p style=\"text-align: center;\"><strong style=\"color: #ffffff;\">17h<\/strong><span style=\"color: #ffffff;\"> : <\/span><a href=\"https:\/\/courtmetrange.eu\/en\/evenement\/rencontre-avec-lauteur-philippe-tessier-le-cycle-polaris\/\">Rencontre avec Philippe Tessier &#8211; Le cycle Polaris<\/a><\/p>\n<p style=\"text-align: center;\"><span style=\"color: #ffffff;\"><strong>18h<\/strong> : D\u00e9dicace Philippe Tessier<\/span><\/p>\n<p style=\"text-align: center;\"><span style=\"color: #ffffff; font-size: 14px;\"><strong>18h30<\/strong> : <a href=\"https:\/\/courtmetrange.eu\/en\/evenement\/rencontre-avec-sorocine-media-cinema-feministe\/\">Rencontre avec Sorocin\u00e9 &#8211; Cin\u00e9ma et f\u00e9minisme<\/a><\/span><\/p>\n<p style=\"text-align: center;\"><span style=\"color: #ffffff; font-size: 14px;\"><\/span><\/p>\n<p style=\"text-align: center;\"><span style=\"color: #ffffff;\"><strong>19h<\/strong> : <a href=\"https:\/\/courtmetrange.eu\/en\/seance-competition-2023-jeudi-28-09-19h00\/\">S\u00e9ance DES VISITEURS VENUS D&rsquo;AILLEURS<\/a><\/span><\/p>\n<p style=\"text-align: center;\"><span style=\"color: #ffffff;\"><strong>21h30<\/strong> :<a href=\"https:\/\/courtmetrange.eu\/en\/seance-competition-2023-jeudi-28-09-21h30\/\"> S\u00e9ance LES MYTHES AU LOGIS<\/a><\/span><\/p>\n<p style=\"text-align: center;\"><span style=\"color: #ffffff;\"><\/span><\/p>\n<p style=\"text-align: center;\"><span style=\"color: #ffffff; font-size: 14px;\"><\/span><\/p>[\/et_pb_text][\/et_pb_column][\/et_pb_row][et_pb_row column_structure=\u00a0\u00bb1_4,1_4,1_4,1_4&Prime; _builder_version=\u00a0\u00bb4.16&Prime; _module_preset=\u00a0\u00bbdefault\u00a0\u00bb global_colors_info=\u00a0\u00bb{}\u00a0\u00bb][et_pb_column type=\u00a0\u00bb1_4&Prime; _builder_version=\u00a0\u00bb4.16&Prime; _module_preset=\u00a0\u00bbdefault\u00a0\u00bb global_colors_info=\u00a0\u00bb{}\u00a0\u00bb][\/et_pb_column][et_pb_column type=\u00a0\u00bb1_4&Prime; _builder_version=\u00a0\u00bb4.16&Prime; _module_preset=\u00a0\u00bbdefault\u00a0\u00bb global_colors_info=\u00a0\u00bb{}\u00a0\u00bb][\/et_pb_column][et_pb_column type=\u00a0\u00bb1_4&Prime; _builder_version=\u00a0\u00bb4.16&Prime; _module_preset=\u00a0\u00bbdefault\u00a0\u00bb global_colors_info=\u00a0\u00bb{}\u00a0\u00bb][\/et_pb_column][et_pb_column type=\u00a0\u00bb1_4&Prime; _builder_version=\u00a0\u00bb4.16&Prime; _module_preset=\u00a0\u00bbdefault\u00a0\u00bb global_colors_info=\u00a0\u00bb{}\u00a0\u00bb][\/et_pb_column][\/et_pb_row][et_pb_row column_structure=\u00a0\u00bb1_3,1_3,1_3&Prime; _builder_version=\u00a0\u00bb4.21.0&Prime; _module_preset=\u00a0\u00bbdefault\u00a0\u00bb background_color=\u00a0\u00bbrgba(0,1,38,0.36)\u00a0\u00bb custom_padding=\u00a0\u00bb|0px|||false|false\u00a0\u00bb animation_style=\u00a0\u00bbslide\u00a0\u00bb border_radii=\u00a0\u00bbon|20px|20px|20px|20px\u00a0\u00bb global_colors_info=\u00a0\u00bb{}\u00a0\u00bb][et_pb_column type=\u00a0\u00bb1_3&Prime; _builder_version=\u00a0\u00bb4.16&Prime; _module_preset=\u00a0\u00bbdefault\u00a0\u00bb global_colors_info=\u00a0\u00bb{}\u00a0\u00bb][et_pb_text _builder_version=\u00a0\u00bb4.21.0&Prime; _module_preset=\u00a0\u00bbdefault\u00a0\u00bb background_color=\u00a0\u00bbrgba(255,255,255,0.62)\u00a0\u00bb custom_margin=\u00a0\u00bb0px||||false|false\u00a0\u00bb custom_padding=\u00a0\u00bb9px||||false|false\u00a0\u00bb border_radii=\u00a0\u00bbon|20px|20px|20px|20px\u00a0\u00bb global_colors_info=\u00a0\u00bb{}\u00a0\u00bb]<h3 style=\"text-align: center;\"><span style=\"color: #ffffff;\">Ven 29 sep<\/span><\/h3>[\/et_pb_text][et_pb_text _builder_version=\u00a0\u00bb4.22.1&Prime; _module_preset=\u00a0\u00bbdefault\u00a0\u00bb text_text_color=\u00a0\u00bb#000000&Prime; global_colors_info=\u00a0\u00bb{}\u00a0\u00bb]<p style=\"text-align: center;\"><span style=\"color: #ffffff;\"><strong>14h30<\/strong> : Rediffusion DES VISITEURS VENUS D&rsquo;AILLEURS<\/span><\/p>\n<p style=\"text-align: center;\"><span style=\"color: #ffffff;\"><strong>16h30<\/strong> : Rediffusion s\u00e9ance DES MYTHES AU LOGIS<\/span><\/p>\n<p style=\"text-align: center;\"><span style=\"color: #ffffff;\"><strong>17h<\/strong> : <a href=\"https:\/\/courtmetrange.eu\/en\/evenement\/rencontre-avec-nicolas-martin-et-simon-riaux-realiser-un-premier-long-metrage-fantastique-en-france-un-parcours-seme-dembuches\/\">Rencontre N.Martin, S.Riaux &#8211; R\u00e9aliser un 1er long m\u00e9trage en France<\/a><\/span><\/p>\n<p style=\"text-align: center;\"><span style=\"color: #ffffff;\"><strong>18h30<\/strong> : <a href=\"https:\/\/courtmetrange.eu\/en\/evenement\/les-representations-et-les-symboles-de-leau-dans-le-cinema-de-genre\/\">Conf\u00e9rence : L&rsquo;eau dans le cin\u00e9ma de genre. G.Astic, O.Schefer<\/a><\/span><span style=\"color: #ffffff; font-size: 14px;\"><\/span><\/p>\n<p style=\"text-align: center;\"><span style=\"color: #ffffff;\"><strong>19h<\/strong> : <a href=\"https:\/\/courtmetrange.eu\/en\/seance-competition-2023-vendredi-29-09-19h00\/\">S\u00e9ance TOUJOURS, TU CH\u00c9RIRAS L&rsquo;AMER<\/a><\/span><\/p>\n<p style=\"text-align: center;\"><strong><span style=\"color: #ffffff;\">20h :<\/span><\/strong><span style=\"color: #ffffff;\"> D\u00e9dicace G.Astic, O.Schefer<\/span><span style=\"color: #ffffff;\"><\/span><\/p>\n<p style=\"text-align: center;\"><strong><span style=\"color: #ffffff;\">20h30 <\/span><\/strong><span style=\"color: #ffffff;\">: <a href=\"https:\/\/courtmetrange.eu\/en\/evenement\/lapres-seance-2\/\">L&rsquo;Apr\u00e8s-s\u00e9ance, avec le Laboratoire de l&rsquo;imaginaire<\/a><\/span><\/p>\n<p style=\"text-align: center;\"><span style=\"color: #ffffff;\"><strong>21h30<\/strong> : <a href=\"https:\/\/courtmetrange.eu\/en\/seance-competition-2023-vendredi-29-09-21h30\/\">S\u00e9ance TOUT FEU, TOUT FEMME<\/a><\/span><\/p>\n<p style=\"text-align: center;\"><span style=\"color: #ffffff;\"><\/span><\/p>\n<p style=\"text-align: center;\"><span style=\"color: #ffffff; font-size: 14px;\"><\/span><\/p>[\/et_pb_text][\/et_pb_column][et_pb_column type=\u00a0\u00bb1_3&Prime; _builder_version=\u00a0\u00bb4.16&Prime; _module_preset=\u00a0\u00bbdefault\u00a0\u00bb global_colors_info=\u00a0\u00bb{}\u00a0\u00bb][et_pb_text _builder_version=\u00a0\u00bb4.21.0&Prime; _module_preset=\u00a0\u00bbdefault\u00a0\u00bb background_color=\u00a0\u00bbrgba(255,255,255,0.62)\u00a0\u00bb custom_margin=\u00a0\u00bb0px||||false|false\u00a0\u00bb custom_padding=\u00a0\u00bb9px||||false|false\u00a0\u00bb border_radii=\u00a0\u00bbon|20px|20px|20px|20px\u00a0\u00bb global_colors_info=\u00a0\u00bb{}\u00a0\u00bb]<h3 style=\"text-align: center;\"><span style=\"color: #ffffff;\">Sam 30 sep<\/span><\/h3>[\/et_pb_text][et_pb_text _builder_version=\u00a0\u00bb4.22.1&Prime; _module_preset=\u00a0\u00bbdefault\u00a0\u00bb text_text_color=\u00a0\u00bb#000000&Prime; global_colors_info=\u00a0\u00bb{}\u00a0\u00bb]<p style=\"text-align: center;\"><span style=\"color: #ffffff;\"><strong>13h<\/strong> : Rediffusion s\u00e9ance TU CH\u00c9RIRAS L&rsquo;AMER<\/span><\/p>\n<p style=\"text-align: center;\"><span style=\"color: #ffffff;\"><strong>14h<\/strong> : <a href=\"https:\/\/courtmetrange.eu\/en\/evenement\/projections-et-rencontres-the-review-8\/\">Projections du concours The REVIEW<\/a><\/span><\/p>\n<p style=\"text-align: center;\"><span style=\"color: #ffffff;\"><strong>15h<\/strong> : <a href=\"https:\/\/courtmetrange.eu\/en\/evenement\/leau-dans-les-mondes-de-limaginaire-entre-recits-deffondrement-et-utopies-ecologiques\/\">Conf\u00e9rence : L&rsquo;eau dans les monde de l&rsquo;imaginaire &#8211; AL.Melquiond, B.Fogel\u00a0<\/a><\/span><\/p>\n<p style=\"text-align: center;\"><span style=\"color: #ffffff;\"><strong>15h<\/strong> : Rediffusion s\u00e9ance TOUT FEU, TOUT FEMME<\/span><\/p>\n<p style=\"text-align: center;\"><span style=\"color: #ffffff;\"><strong>17h<\/strong> :<a href=\"https:\/\/courtmetrange.eu\/en\/seance-competition-2023-samedi-30-09-17h\/\"> S\u00e9ance INVENTAIRE DU BESTIAIRE<\/a><\/span><\/p>\n<p style=\"text-align: center;\"><span style=\"color: #ffffff;\"><strong>17h<\/strong> : <a href=\"https:\/\/courtmetrange.eu\/en\/evenement\/enregistrement-en-public-du-podcast-realise-sans-trucage\/\">Podcast R\u00e9alis\u00e9 sans trucages &#8211; N.Martin, S.Riaux, S.Grech, A.Cios<\/a><\/span><\/p>\n<p style=\"text-align: center;\"><span style=\"color: #ffffff;\"><strong>17h<\/strong> : <a href=\"https:\/\/courtmetrange.eu\/en\/evenement\/stand-maquillage-fantastique\/\">Atelier Maquillage<\/a><\/span><\/p>\n<p style=\"text-align: center;\"><span style=\"color: #ffffff;\"><strong>17h30<\/strong> :<a href=\"https:\/\/courtmetrange.eu\/en\/evenement\/focus-sur-le-collectif-faire-meute\/\"> Lecture de sc\u00e9narios, avec le collectif Faire meute<\/a><\/span><\/p>\n<p style=\"text-align: center;\"><span style=\"color: #ffffff;\"><strong>18h30<\/strong> :<\/span> <a href=\"https:\/\/courtmetrange.eu\/en\/evenement\/lapres-seance-2\/\"><span style=\"color: #ffffff;\">L&rsquo;Apr\u00e8s-s\u00e9ance, avec le Laboratoire de l&rsquo;imaginaire<\/span><\/a><span style=\"color: #ffffff;\"><\/span><\/p>\n<p style=\"text-align: center;\"><span style=\"color: #ffffff;\"><strong>19h<\/strong> : <a href=\"https:\/\/courtmetrange.eu\/en\/evenement\/rencontre-avec-les-realisateur%c2%b7ices-en-competition\/\">Rencontre avec les r\u00e9alisateurs en comp\u00e9tition<\/a><\/span><\/p>\n<p style=\"text-align: center;\"><span style=\"color: #ffffff;\"><strong>19h<\/strong> : <a href=\"https:\/\/courtmetrange.eu\/en\/seance-competition-2023-samedi-30-09-19h\/\">S\u00e9ance CA VA TRANCHER CH\u00c9RIE !<\/a><\/span><\/p>\n<p style=\"text-align: center;\"><span style=\"color: #ffffff;\"><strong>20h30<\/strong> : <a href=\"https:\/\/courtmetrange.eu\/en\/evenement\/ceremonie-de-remise-des-prix-et-soiree-de-cloture\/\">Remise des prix, cl\u00f4ture du Festival<\/a><\/span><\/p>\n<p style=\"text-align: center;\"><span style=\"color: #ffffff;\"><strong>21h30<\/strong> : <a href=\"https:\/\/courtmetrange.eu\/en\/seance-competition-2023-samedi-30-09-21h30\/\">S\u00e9ance \u00c0 BAS LE CORPS &#8211; Prix du public<\/a><\/span><\/p>\n<p style=\"text-align: center;\">[\/et_pb_text][\/et_pb_column][et_pb_column type=\u00a0\u00bb1_3&Prime; _builder_version=\u00a0\u00bb4.20.1&Prime; _module_preset=\u00a0\u00bbdefault\u00a0\u00bb global_colors_info=\u00a0\u00bb{}\u00a0\u00bb][et_pb_text _builder_version=\u00a0\u00bb4.21.0&Prime; _module_preset=\u00a0\u00bbdefault\u00a0\u00bb background_color=\u00a0\u00bbrgba(255,255,255,0.62)\u00a0\u00bb custom_margin=\u00a0\u00bb0px||||false|false\u00a0\u00bb custom_padding=\u00a0\u00bb9px||||false|false\u00a0\u00bb border_radii=\u00a0\u00bbon|20px|20px|20px|20px\u00a0\u00bb global_colors_info=\u00a0\u00bb{}\u00a0\u00bb]<h3 style=\"text-align: center;\"><span style=\"color: #ffffff;\">Dim 1er oct<\/span><\/h3>[\/et_pb_text][et_pb_text _builder_version=\u00a0\u00bb4.22.1&Prime; _module_preset=\u00a0\u00bbdefault\u00a0\u00bb text_text_color=\u00a0\u00bb#000000&Prime; global_colors_info=\u00a0\u00bb{}\u00a0\u00bb]<p style=\"text-align: center;\"><span style=\"color: #ffffff;\"><strong>11h<\/strong> : <a href=\"https:\/\/courtmetrange.eu\/en\/seance-court-decole\/\">S\u00e9ance Court d&rsquo;\u00e9cole &#8211; Jeune public<\/a><\/span><\/p>\n<p style=\"text-align: center;\"><a href=\"https:\/\/courtmetrange.eu\/en\/seance-court-decole\/\"><span style=\"color: #ffffff;\"><strong>13h<\/strong> : Rediffusion INVENTAIRE DU BESTIAIRE<\/span><\/a><\/p>\n<p style=\"text-align: center;\"><span style=\"color: #ffffff;\"><strong>15h<\/strong> : Rediffusion s\u00e9ance CA VA TRANCHER CH\u00c9RIE !<\/span><\/p>\n<p style=\"text-align: center;\"><span style=\"color: #ffffff;\">16h : Escape Game<\/span><\/p>\n<p style=\"text-align: center;\"><span style=\"color: #ffffff;\"><strong>17h<\/strong> : Rediffusion s\u00e9ance \u00c0 BAS LE CORPS<\/span><\/p>\n<p style=\"text-align: center;\"><strong style=\"color: #ffffff;\">17h<\/strong><span style=\"color: #ffffff;\"> : Rencontre avec les \u00e9ditions Animal Debout<\/span><\/p>\n<p style=\"text-align: center;\"><span style=\"color: #ffffff;\"><strong>18h30<\/strong> :\u00a0L&rsquo;Apr\u00e8s-s\u00e9ance, avec le Laboratoire de l&rsquo;imaginaire<\/span><\/p>\n<p style=\"text-align: center;\"><span style=\"color: #ffffff;\"><strong>19h<\/strong> : S\u00e9ance des films prim\u00e9s 2023<\/span><\/p>[\/et_pb_text][\/et_pb_column][\/et_pb_row][et_pb_row _builder_version=\u00a0\u00bb4.16&Prime; _module_preset=\u00a0\u00bbdefault\u00a0\u00bb global_colors_info=\u00a0\u00bb{}\u00a0\u00bb][et_pb_column type=\u00a0\u00bb4_4&Prime; _builder_version=\u00a0\u00bb4.16&Prime; _module_preset=\u00a0\u00bbdefault\u00a0\u00bb global_colors_info=\u00a0\u00bb{}\u00a0\u00bb][et_pb_button button_url=\u00a0\u00bbhttps:\/\/courtmetrange.eu\/village-metrange-2023&Prime; button_text=\u00a0\u00bbConsulter la page du Village M\u00e9trange\u00a0\u00bb button_alignment=\u00a0\u00bbcenter\u00a0\u00bb _builder_version=\u00a0\u00bb4.21.0&Prime; _module_preset=\u00a0\u00bbdefault\u00a0\u00bb custom_button=\u00a0\u00bbon\u00a0\u00bb button_text_size=\u00a0\u00bb30px\u00a0\u00bb button_text_color=\u00a0\u00bb#FFFFFF\u00a0\u00bb button_bg_color=\u00a0\u00bbrgba(8,160,155,0.23)\u00a0\u00bb button_border_width=\u00a0\u00bb0px\u00a0\u00bb button_border_radius=\u00a0\u00bb20px\u00a0\u00bb button_font=\u00a0\u00bb||||||||\u00a0\u00bb button_use_icon=\u00a0\u00bboff\u00a0\u00bb custom_margin=\u00a0\u00bb20px||20px||false|false\u00a0\u00bb custom_padding=\u00a0\u00bb20px||20px||false|false\u00a0\u00bb animation_style=\u00a0\u00bbbounce\u00a0\u00bb global_colors_info=\u00a0\u00bb{}\u00a0\u00bb][\/et_pb_button][\/et_pb_column][\/et_pb_row][et_pb_row _builder_version=\u00a0\u00bb4.21.0&Prime; _module_preset=\u00a0\u00bbdefault\u00a0\u00bb animation_style=\u00a0\u00bbfade\u00a0\u00bb global_colors_info=\u00a0\u00bb{}\u00a0\u00bb][et_pb_column type=\u00a0\u00bb4_4&Prime; _builder_version=\u00a0\u00bb4.16&Prime; _module_preset=\u00a0\u00bbdefault\u00a0\u00bb global_colors_info=\u00a0\u00bb{}\u00a0\u00bb][et_pb_text _builder_version=\u00a0\u00bb4.21.0&Prime; _module_preset=\u00a0\u00bbdefault\u00a0\u00bb background_color=\u00a0\u00bbrgba(255,255,255,0.62)\u00a0\u00bb max_width=\u00a0\u00bb44%\u00a0\u00bb module_alignment=\u00a0\u00bbcenter\u00a0\u00bb custom_padding=\u00a0\u00bb10px||5px||false|false\u00a0\u00bb animation_style=\u00a0\u00bbslide\u00a0\u00bb border_radii=\u00a0\u00bbon|20px|20px|20px|20px\u00a0\u00bb global_colors_info=\u00a0\u00bb{}\u00a0\u00bb]<h3 style=\"text-align: center;\"><strong><span style=\"color: #ffffff;\">Horaires des projections et visites\u00a0<\/span><\/strong><\/h3>[\/et_pb_text][et_pb_text _builder_version=\u00a0\u00bb4.21.0&Prime; _module_preset=\u00a0\u00bbdefault\u00a0\u00bb background_color=\u00a0\u00bbrgba(8,160,155,0.23)\u00a0\u00bb max_width=\u00a0\u00bb71%\u00a0\u00bb module_alignment=\u00a0\u00bbcenter\u00a0\u00bb custom_padding=\u00a0\u00bb10px||5px||false|false\u00a0\u00bb animation_style=\u00a0\u00bbslide\u00a0\u00bb link_option_url=\u00a0\u00bbhttps:\/\/courtmetrange.eu\/evenement\/les-seances-fantastiques-du-planetarium-de-lespace-des-sciences-de-rennes\u00a0\u00bb border_radii=\u00a0\u00bbon|20px|20px|20px|20px\u00a0\u00bb global_colors_info=\u00a0\u00bb{}\u00a0\u00bb]<h4 style=\"text-align: center;\"><a href=\"https:\/\/courtmetrange.eu\/en\/evenement\/les-seances-fantastiques-du-planetarium-de-lespace-des-sciences-de-rennes\/\"><span style=\"color: #ff6600;\"><span style=\"text-decoration: underline;\">S\u00e9ances sp\u00e9ciales au Plan\u00e9tarium de l&rsquo;Espace des sciences de Rennes<\/span><\/span><\/a><\/h4>\n<h4 style=\"text-align: center;\"><span style=\"color: #ffffff;\"><strong>From Wednesday to Friday, September 27 to 29, from 4:00 pm to 9:30 pm \/\/ from Saturday, September 30 to Sunday, October 1st, from 12:00 pm to 11:00 pm\u00a0<\/strong><\/span><\/h4>\n<p><span style=\"color: #ffffff;\"><strong><\/strong><\/span><\/p>\n<h3 style=\"text-align: center;\"><span style=\"color: #ffffff;\"><b>17h30<\/b><\/span><\/h3>\n<p><span style=\"color: #ffffff;\"><strong><\/strong><\/span><\/p>[\/et_pb_text][et_pb_text _builder_version=\u00a0\u00bb4.21.0&Prime; _module_preset=\u00a0\u00bbdefault\u00a0\u00bb background_color=\u00a0\u00bbrgba(8,160,155,0.23)\u00a0\u00bb max_width=\u00a0\u00bb71%\u00a0\u00bb module_alignment=\u00a0\u00bbcenter\u00a0\u00bb custom_padding=\u00a0\u00bb10px||5px||false|false\u00a0\u00bb animation_style=\u00a0\u00bbslide\u00a0\u00bb link_option_url=\u00a0\u00bbhttps:\/\/courtmetrange.eu\/evenement\/les-projections-de-courts-metrages-au-musee-des-beaux-arts-de-rennes\u00a0\u00bb border_radii=\u00a0\u00bbon|20px|20px|20px|20px\u00a0\u00bb global_colors_info=\u00a0\u00bb{}\u00a0\u00bb]<h4 style=\"text-align: center;\"><span style=\"color: #ff6600;\"><a href=\"https:\/\/courtmetrange.eu\/en\/evenement\/les-projections-de-courts-metrages-au-musee-des-beaux-arts-de-rennes\/\"><span style=\"text-decoration: underline;\">Projection au Mus\u00e9e des beaux arts de Rennes<\/span><\/a>\u00a0<\/span><\/h4>\n<p><span style=\"color: #ffffff;\"><strong><\/strong><\/span><\/p>\n<h4 style=\"text-align: center;\"><span style=\"color: #ffffff;\"><strong>Du jeudi 21 septembre au dimanche 1er octobre ( Sauf le lundi )<\/strong><\/span><\/h4>\n<h3 style=\"text-align: center;\"><span style=\"color: #ffffff;\"><strong>10h00 &#8211; 17h00<\/strong><\/span><\/h3>\n<p><span style=\"color: #ffffff;\"><strong><\/strong><\/span><\/p>[\/et_pb_text][et_pb_text _builder_version=\u00a0\u00bb4.21.0&Prime; _module_preset=\u00a0\u00bbdefault\u00a0\u00bb background_color=\u00a0\u00bbrgba(8,160,155,0.23)\u00a0\u00bb max_width=\u00a0\u00bb71%\u00a0\u00bb module_alignment=\u00a0\u00bbcenter\u00a0\u00bb custom_padding=\u00a0\u00bb10px||5px||false|false\u00a0\u00bb animation_style=\u00a0\u00bbslide\u00a0\u00bb link_option_url=\u00a0\u00bbhttps:\/\/courtmetrange.eu\/evenement\/les-projections-de-courts-metrages-a-la-bibliotheque-des-champs-libres\u00a0\u00bb border_radii=\u00a0\u00bbon|20px|20px|20px|20px\u00a0\u00bb global_colors_info=\u00a0\u00bb{}\u00a0\u00bb]<h4 style=\"text-align: center;\"><span style=\"color: #ff6600;\"><a href=\"https:\/\/courtmetrange.eu\/en\/evenement\/les-projections-de-courts-metrages-a-la-bibliotheque-des-champs-libres\/\" style=\"color: #ff6600;\"><span style=\"text-decoration: underline;\">Projection \u00e0 la biblioth\u00e8que des Champs Libres<\/span><\/a>\u00a0<\/span><\/h4>\n<h4 style=\"text-align: center;\"><span style=\"color: #ffffff;\"><strong>Du jeudi 21 septembre au dimanche 1<sup>st<\/sup> octobre (fermeture le lundi) <\/strong><\/span><\/h4>\n<h4 style=\"text-align: center;\"><span style=\"color: #ffffff;\"><strong>en semaine de 12h \u00e0 19h \/ samedi et dimanche de 14h \u00e0 19h<\/strong><\/span><\/h4>\n<p style=\"text-align: center;\">[\/et_pb_text][et_pb_text _builder_version=\u00a0\u00bb4.21.0&Prime; _module_preset=\u00a0\u00bbdefault\u00a0\u00bb background_color=\u00a0\u00bbrgba(8,160,155,0.23)\u00a0\u00bb max_width=\u00a0\u00bb71%\u00a0\u00bb module_alignment=\u00a0\u00bbcenter\u00a0\u00bb custom_padding=\u00a0\u00bb10px||5px||false|false\u00a0\u00bb animation_style=\u00a0\u00bbslide\u00a0\u00bb link_option_url=\u00a0\u00bbhttps:\/\/courtmetrange.eu\/evenement\/les-visites-etrangement-breizh-du-musee-de-bretagne\/\u00a0\u00bb border_radii=\u00a0\u00bbon|20px|20px|20px|20px\u00a0\u00bb global_colors_info=\u00a0\u00bb{}\u00a0\u00bb]<h4 style=\"text-align: center;\"><a href=\"https:\/\/courtmetrange.eu\/en\/evenement\/les-visites-etrangement-breizh-du-musee-de-bretagne\/\"><span style=\"color: #ff6600;\"><span style=\"text-decoration: underline;\">Visites \u00c9trangement Breizh, au Mus\u00e9e de Bretagne<\/span><\/span><\/a><\/h4>\n<h4 style=\"text-align: center;\"><span style=\"color: #ffffff;\"><strong>Samedi 23 et dimanche 24 septembre\u00a0<\/strong><\/span><\/h4>\n<h3 style=\"text-align: center;\"><span style=\"color: #ffffff;\"><strong>14h30 \u00e0 15h30 \/ 16h00 \u00e0 17h<\/strong><\/span><\/h3>\n<p><span style=\"color: #ffffff;\"><strong><\/strong><\/span><\/p>[\/et_pb_text][et_pb_text _builder_version=\u00a0\u00bb4.21.0&Prime; _module_preset=\u00a0\u00bbdefault\u00a0\u00bb background_color=\u00a0\u00bbrgba(8,160,155,0.23)\u00a0\u00bb max_width=\u00a0\u00bb71%\u00a0\u00bb module_alignment=\u00a0\u00bbcenter\u00a0\u00bb custom_padding=\u00a0\u00bb10px||5px||false|false\u00a0\u00bb animation_style=\u00a0\u00bbslide\u00a0\u00bb link_option_url=\u00a0\u00bbhttps:\/\/courtmetrange.eu\/evenement\/les-fantastiques-visites-flash-2023&Prime; border_radii=\u00a0\u00bbon|20px|20px|20px|20px\u00a0\u00bb global_colors_info=\u00a0\u00bb{}\u00a0\u00bb]<h4 style=\"text-align: center;\"><a href=\"https:\/\/courtmetrange.eu\/en\/evenement\/les-fantastiques-visites-flash-2023\/\"><span style=\"color: #ff6600;\"><span style=\"text-decoration: underline;\">Visites Fantastique flash, au Mus\u00e9e des beaux arts de Rennes<\/span><\/span><\/a><\/h4>\n<h4 style=\"text-align: center;\"><span style=\"color: #ffffff;\"><strong>Samedi 23, dimanche 24, mercredi 27 septembre <\/strong><\/span><\/h4>\n<h3 style=\"text-align: center;\"><span style=\"color: #ffffff;\"><strong>15h<\/strong><\/span><span style=\"color: #ffffff;\"><strong><\/strong><\/span><\/h3>\n<h3 style=\"text-align: center;\"><\/h3>\n<h4 style=\"text-align: center;\"><span style=\"color: #ffffff;\"><strong>Jeudi 28 septembre<\/strong><\/span><\/h4>\n<h3 style=\"text-align: center;\"><span style=\"color: #ffffff;\"><strong>12h30\u00a0<\/strong><\/span><\/h3>\n<h3 style=\"text-align: center;\"><span style=\"color: #ffffff;\"><strong>\u00a0<\/strong><\/span><\/h3>\n<p><span style=\"color: #ffffff;\"><strong><\/strong><\/span><\/p>[\/et_pb_text][\/et_pb_column][\/et_pb_row][\/et_pb_section]","protected":false},"excerpt":{"rendered":"<p>Le Festival jour par jourJeu 21 sep18h30 : Regards Crois\u00e9s philosophie et cin\u00e9ma 21h : LongM\u00e9trange #1 &#8211; The Lighthouse, de Robert EggersVen 22 sep20h00 : Long M\u00e9trange #2 &#8211; [&hellip;]<\/p>","protected":false},"author":1,"featured_media":0,"parent":0,"menu_order":0,"comment_status":"closed","ping_status":"closed","template":"","meta":{"_acf_changed":false,"_et_pb_use_builder":"on","_et_pb_old_content":"","_et_gb_content_width":"","footnotes":""},"class_list":["post-7537","page","type-page","status-publish","hentry"],"acf":[],"yoast_head":"<!-- This site is optimized with the Yoast SEO plugin v24.5 - https:\/\/yoast.com\/wordpress\/plugins\/seo\/ -->\n<title>Jour Par Jour 2023 - Court M\u00e9trange<\/title>\n<meta name=\"robots\" content=\"noindex, nofollow\" \/>\n<meta property=\"og:locale\" content=\"en_GB\" \/>\n<meta property=\"og:type\" content=\"article\" \/>\n<meta property=\"og:title\" content=\"Jour Par Jour 2023 - Court M\u00e9trange\" \/>\n<meta property=\"og:description\" content=\"Le Festival jour par jourJeu 21 sep18h30 : Regards Crois\u00e9s philosophie et cin\u00e9ma 21h : LongM\u00e9trange #1 - The Lighthouse, de Robert EggersVen 22 sep20h00 : Long M\u00e9trange #2 - [&hellip;]\" \/>\n<meta property=\"og:url\" content=\"https:\/\/courtmetrange.eu\/en\/jour-par-jour-2023\/\" \/>\n<meta property=\"og:site_name\" content=\"Court M\u00e9trange\" \/>\n<meta property=\"article:publisher\" content=\"https:\/\/www.facebook.com\/CourtMetrange\/\" \/>\n<meta property=\"article:modified_time\" content=\"2024-04-17T08:17:29+00:00\" \/>\n<meta name=\"twitter:card\" content=\"summary_large_image\" \/>\n<meta name=\"twitter:site\" content=\"@courtmetrange\" \/>\n<meta name=\"twitter:label1\" content=\"Estimated reading time\" \/>\n\t<meta name=\"twitter:data1\" content=\"4 minutes\" \/>\n<script type=\"application\/ld+json\" class=\"yoast-schema-graph\">{\"@context\":\"https:\/\/schema.org\",\"@graph\":[{\"@type\":\"WebPage\",\"@id\":\"https:\/\/courtmetrange.eu\/jour-par-jour-2023\/\",\"url\":\"https:\/\/courtmetrange.eu\/jour-par-jour-2023\/\",\"name\":\"Jour Par Jour 2023 - Court M\u00e9trange\",\"isPartOf\":{\"@id\":\"https:\/\/courtmetrange.eu\/en\/#website\"},\"datePublished\":\"2023-04-11T09:37:59+00:00\",\"dateModified\":\"2024-04-17T08:17:29+00:00\",\"breadcrumb\":{\"@id\":\"https:\/\/courtmetrange.eu\/jour-par-jour-2023\/#breadcrumb\"},\"inLanguage\":\"en-GB\",\"potentialAction\":[{\"@type\":\"ReadAction\",\"target\":[\"https:\/\/courtmetrange.eu\/jour-par-jour-2023\/\"]}]},{\"@type\":\"BreadcrumbList\",\"@id\":\"https:\/\/courtmetrange.eu\/jour-par-jour-2023\/#breadcrumb\",\"itemListElement\":[{\"@type\":\"ListItem\",\"position\":1,\"name\":\"Accueil\",\"item\":\"https:\/\/courtmetrange.eu\/\"},{\"@type\":\"ListItem\",\"position\":2,\"name\":\"Jour Par Jour 2023\"}]},{\"@type\":\"WebSite\",\"@id\":\"https:\/\/courtmetrange.eu\/en\/#website\",\"url\":\"https:\/\/courtmetrange.eu\/en\/\",\"name\":\"Court M\u00e9trange\",\"description\":\"Festival International du court m\u00e9trage insolite et fantastique de Rennes\",\"publisher\":{\"@id\":\"https:\/\/courtmetrange.eu\/en\/#organization\"},\"potentialAction\":[{\"@type\":\"SearchAction\",\"target\":{\"@type\":\"EntryPoint\",\"urlTemplate\":\"https:\/\/courtmetrange.eu\/en\/?s={search_term_string}\"},\"query-input\":{\"@type\":\"PropertyValueSpecification\",\"valueRequired\":true,\"valueName\":\"search_term_string\"}}],\"inLanguage\":\"en-GB\"},{\"@type\":\"Organization\",\"@id\":\"https:\/\/courtmetrange.eu\/en\/#organization\",\"name\":\"Court M\u00e9trange\",\"url\":\"https:\/\/courtmetrange.eu\/en\/\",\"logo\":{\"@type\":\"ImageObject\",\"inLanguage\":\"en-GB\",\"@id\":\"https:\/\/courtmetrange.eu\/en\/#\/schema\/logo\/image\/\",\"url\":\"https:\/\/courtmetrange.eu\/wp-content\/uploads\/2020\/11\/Logo_CourtMetrange.svg\",\"contentUrl\":\"https:\/\/courtmetrange.eu\/wp-content\/uploads\/2020\/11\/Logo_CourtMetrange.svg\",\"width\":251,\"height\":127,\"caption\":\"Court M\u00e9trange\"},\"image\":{\"@id\":\"https:\/\/courtmetrange.eu\/en\/#\/schema\/logo\/image\/\"},\"sameAs\":[\"https:\/\/www.facebook.com\/CourtMetrange\/\",\"https:\/\/x.com\/courtmetrange\",\"https:\/\/www.instagram.com\/courtmetrange.rennes\/\",\"https:\/\/www.youtube.com\/channel\/UCbS9jcW3uiDQeGgZAT29Emw\/videos\"]}]}<\/script>\n<!-- \/ Yoast SEO plugin. -->","yoast_head_json":{"title":"Jour Par Jour 2023 - Court M\u00e9trange","robots":{"index":"noindex","follow":"nofollow"},"og_locale":"en_GB","og_type":"article","og_title":"Jour Par Jour 2023 - Court M\u00e9trange","og_description":"Le Festival jour par jourJeu 21 sep18h30 : Regards Crois\u00e9s philosophie et cin\u00e9ma 21h : LongM\u00e9trange #1 - The Lighthouse, de Robert EggersVen 22 sep20h00 : Long M\u00e9trange #2 - [&hellip;]","og_url":"https:\/\/courtmetrange.eu\/en\/jour-par-jour-2023\/","og_site_name":"Court M\u00e9trange","article_publisher":"https:\/\/www.facebook.com\/CourtMetrange\/","article_modified_time":"2024-04-17T08:17:29+00:00","twitter_card":"summary_large_image","twitter_site":"@courtmetrange","twitter_misc":{"Estimated reading time":"4 minutes"},"schema":{"@context":"https:\/\/schema.org","@graph":[{"@type":"WebPage","@id":"https:\/\/courtmetrange.eu\/jour-par-jour-2023\/","url":"https:\/\/courtmetrange.eu\/jour-par-jour-2023\/","name":"Jour Par Jour 2023 - Court M\u00e9trange","isPartOf":{"@id":"https:\/\/courtmetrange.eu\/en\/#website"},"datePublished":"2023-04-11T09:37:59+00:00","dateModified":"2024-04-17T08:17:29+00:00","breadcrumb":{"@id":"https:\/\/courtmetrange.eu\/jour-par-jour-2023\/#breadcrumb"},"inLanguage":"en-GB","potentialAction":[{"@type":"ReadAction","target":["https:\/\/courtmetrange.eu\/jour-par-jour-2023\/"]}]},{"@type":"BreadcrumbList","@id":"https:\/\/courtmetrange.eu\/jour-par-jour-2023\/#breadcrumb","itemListElement":[{"@type":"ListItem","position":1,"name":"Accueil","item":"https:\/\/courtmetrange.eu\/"},{"@type":"ListItem","position":2,"name":"Jour Par Jour 2023"}]},{"@type":"WebSite","@id":"https:\/\/courtmetrange.eu\/en\/#website","url":"https:\/\/courtmetrange.eu\/en\/","name":"Court M\u00e9trange","description":"Festival International du court m\u00e9trage insolite et fantastique de Rennes","publisher":{"@id":"https:\/\/courtmetrange.eu\/en\/#organization"},"potentialAction":[{"@type":"SearchAction","target":{"@type":"EntryPoint","urlTemplate":"https:\/\/courtmetrange.eu\/en\/?s={search_term_string}"},"query-input":{"@type":"PropertyValueSpecification","valueRequired":true,"valueName":"search_term_string"}}],"inLanguage":"en-GB"},{"@type":"Organization","@id":"https:\/\/courtmetrange.eu\/en\/#organization","name":"Court M\u00e9trange","url":"https:\/\/courtmetrange.eu\/en\/","logo":{"@type":"ImageObject","inLanguage":"en-GB","@id":"https:\/\/courtmetrange.eu\/en\/#\/schema\/logo\/image\/","url":"https:\/\/courtmetrange.eu\/wp-content\/uploads\/2020\/11\/Logo_CourtMetrange.svg","contentUrl":"https:\/\/courtmetrange.eu\/wp-content\/uploads\/2020\/11\/Logo_CourtMetrange.svg","width":251,"height":127,"caption":"Court M\u00e9trange"},"image":{"@id":"https:\/\/courtmetrange.eu\/en\/#\/schema\/logo\/image\/"},"sameAs":["https:\/\/www.facebook.com\/CourtMetrange\/","https:\/\/x.com\/courtmetrange","https:\/\/www.instagram.com\/courtmetrange.rennes\/","https:\/\/www.youtube.com\/channel\/UCbS9jcW3uiDQeGgZAT29Emw\/videos"]}]}},"_links":{"self":[{"href":"https:\/\/courtmetrange.eu\/en\/wp-json\/wp\/v2\/pages\/7537","targetHints":{"allow":["GET"]}}],"collection":[{"href":"https:\/\/courtmetrange.eu\/en\/wp-json\/wp\/v2\/pages"}],"about":[{"href":"https:\/\/courtmetrange.eu\/en\/wp-json\/wp\/v2\/types\/page"}],"author":[{"embeddable":true,"href":"https:\/\/courtmetrange.eu\/en\/wp-json\/wp\/v2\/users\/1"}],"replies":[{"embeddable":true,"href":"https:\/\/courtmetrange.eu\/en\/wp-json\/wp\/v2\/comments?post=7537"}],"version-history":[{"count":50,"href":"https:\/\/courtmetrange.eu\/en\/wp-json\/wp\/v2\/pages\/7537\/revisions"}],"predecessor-version":[{"id":11595,"href":"https:\/\/courtmetrange.eu\/en\/wp-json\/wp\/v2\/pages\/7537\/revisions\/11595"}],"wp:attachment":[{"href":"https:\/\/courtmetrange.eu\/en\/wp-json\/wp\/v2\/media?parent=7537"}],"curies":[{"name":"wp","href":"https:\/\/api.w.org\/{rel}","templated":true}]}}