{"id":8545,"date":"2023-05-16T09:23:44","date_gmt":"2023-05-16T08:23:44","guid":{"rendered":"https:\/\/courtmetrange.eu\/?page_id=8545"},"modified":"2025-06-25T18:12:18","modified_gmt":"2025-06-25T16:12:18","slug":"devenir-benevole","status":"publish","type":"page","link":"https:\/\/courtmetrange.eu\/en\/devenir-benevole\/","title":{"rendered":"Become volunteer"},"content":{"rendered":"<p>[et_pb_section fb_built=\u00a0\u00bb1&Prime; _builder_version=\u00a0\u00bb4.27.4&Prime; _module_preset=\u00a0\u00bbdefault\u00a0\u00bb background_color=\u00a0\u00bb#f2f2f2&Prime; background_enable_image=\u00a0\u00bboff\u00a0\u00bb parallax=\u00a0\u00bbon\u00a0\u00bb custom_margin=\u00a0\u00bb-1px|||||\u00a0\u00bb custom_padding=\u00a0\u00bb7px|||||\u00a0\u00bb global_colors_info=\u00a0\u00bb{}\u00a0\u00bb][et_pb_row _builder_version=\u00a0\u00bb4.27.4&Prime; _module_preset=\u00a0\u00bbdefault\u00a0\u00bb background_color=\u00a0\u00bbRGBA(255,255,255,0)\u00a0\u00bb custom_padding=\u00a0\u00bb2px|30px|4px|30px|false|false\u00a0\u00bb hover_enabled=\u00a0\u00bb0&Prime; locked=\u00a0\u00bboff\u00a0\u00bb global_colors_info=\u00a0\u00bb{}\u00a0\u00bb sticky_enabled=\u00a0\u00bb0&Prime;][et_pb_column type=\u00a0\u00bb4_4&Prime; _builder_version=\u00a0\u00bb4.27.4&Prime; _module_preset=\u00a0\u00bbdefault\u00a0\u00bb global_colors_info=\u00a0\u00bb{}\u00a0\u00bb][et_pb_text _builder_version=\u00a0\u00bb4.27.4&Prime; _module_preset=\u00a0\u00bbdefault\u00a0\u00bb text_font=\u00a0\u00bb|||||on|||\u00a0\u00bb text_text_color=\u00a0\u00bb#000000&Prime; header_2_text_color=\u00a0\u00bb#cc3939&Prime; custom_margin=\u00a0\u00bb||11px|||\u00a0\u00bb custom_padding=\u00a0\u00bb27px||0px|||\u00a0\u00bb global_colors_info=\u00a0\u00bb{}\u00a0\u00bb]<\/p>\n<h2><strong>DEVENIR B\u00c9N\u00c9VOLE<\/strong><\/h2>\n<p>[\/et_pb_text][et_pb_divider color=\u00a0\u00bb#cc3939&Prime; divider_weight=\u00a0\u00bb4px\u00a0\u00bb _builder_version=\u00a0\u00bb4.27.4&Prime; _module_preset=\u00a0\u00bbdefault\u00a0\u00bb background_color=\u00a0\u00bbRGBA(255,255,255,0)\u00a0\u00bb global_colors_info=\u00a0\u00bb{}\u00a0\u00bb][\/et_pb_divider][\/et_pb_column][\/et_pb_row][et_pb_row column_structure=\u00a0\u00bb1_2,1_2&Prime; _builder_version=\u00a0\u00bb4.27.4&Prime; _module_preset=\u00a0\u00bbdefault\u00a0\u00bb background_color=\u00a0\u00bbRGBA(255,255,255,0)\u00a0\u00bb custom_padding=\u00a0\u00bb|30px||30px|false|false\u00a0\u00bb hover_enabled=\u00a0\u00bb0&Prime; global_colors_info=\u00a0\u00bb{}\u00a0\u00bb sticky_enabled=\u00a0\u00bb0&Prime;][et_pb_column type=\u00a0\u00bb1_2&Prime; _builder_version=\u00a0\u00bb4.27.4&Prime; _module_preset=\u00a0\u00bbdefault\u00a0\u00bb global_colors_info=\u00a0\u00bb{}\u00a0\u00bb][et_pb_image src=\u00a0\u00bbhttps:\/\/courtmetrange.eu\/wp-content\/uploads\/2025\/06\/1-e1750866810539.jpg\u00a0\u00bb _builder_version=\u00a0\u00bb4.27.4&Prime; _module_preset=\u00a0\u00bbdefault\u00a0\u00bb title_text=\u00a0\u00bb1&Prime; hover_enabled=\u00a0\u00bb0&Prime; sticky_enabled=\u00a0\u00bb0&Prime;][\/et_pb_image][\/et_pb_column][et_pb_column type=\u00a0\u00bb1_2&Prime; _builder_version=\u00a0\u00bb4.27.4&Prime; _module_preset=\u00a0\u00bbdefault\u00a0\u00bb global_colors_info=\u00a0\u00bb{}\u00a0\u00bb][et_pb_text _builder_version=\u00a0\u00bb4.27.4&Prime; _module_preset=\u00a0\u00bbdefault\u00a0\u00bb text_font=\u00a0\u00bbHelvetica Neue Medium||||||||\u00a0\u00bb global_colors_info=\u00a0\u00bb{}\u00a0\u00bb]<\/p>\n<p style=\"text-align: justify;\"><span style=\"color: #000000;\"><span style=\"color: #d41e38; font-size: xx-large;\"><strong>DEVENIR B\u00c9N\u00c9VOLE<\/strong><\/span><\/span><\/p>\n<p style=\"text-align: justify;\"><span style=\"color: #000000;\">Entre 16 000 et 18 000 festivalier\u00b7\u00e8res arpentent chaque ann\u00e9e nos \u00e9v\u00e9nements et entrent ainsi dans l\u2019univers d\u00e9cal\u00e9 du fantastique et de l\u2019insolite. Aussi, tous les ans l\u2019\u00e9quipe s\u2019agrandit ponctuellement pour accueillir de nouveaux b\u00e9n\u00e9voles sur des missions \u00e9v\u00e9nementielles.<\/span><\/p>\n<p style=\"text-align: justify;\"><span style=\"color: #000000;\">M\u00e9diation, accueil, r\u00e9gie, accompagnement\u2026 Il y en a pour tous les go\u00fbts et toutes les disponibilit\u00e9s. Accompagn\u00e9 par les \u00e9quipes fixes et bien entendu form\u00e9 aux diff\u00e9rentes missions, \u00eatre b\u00e9n\u00e9vole sur le Festival c\u2019est vivre l\u2019\u00e9v\u00e9nement depuis les coulisses.<\/span><\/p>\n<p style=\"text-align: justify;\"><span style=\"color: #000000;\">Si vous souhaitez rencontrer de nouvelles t\u00eates, d\u00e9couvrir la fr\u00e9n\u00e9sie d\u2019un festival en temps r\u00e9el, voici les renforts dont nous avons besoin cette ann\u00e9e entre septembre et octobre :<\/span><\/p>\n<p>[\/et_pb_text][\/et_pb_column][\/et_pb_row][et_pb_row column_structure=\u00a0\u00bb1_3,1_3,1_3&Prime; _builder_version=\u00a0\u00bb4.27.4&Prime; _module_preset=\u00a0\u00bbdefault\u00a0\u00bb background_color=\u00a0\u00bbRGBA(255,255,255,0)\u00a0\u00bb custom_padding=\u00a0\u00bb|30px||30px|false|false\u00a0\u00bb hover_enabled=\u00a0\u00bb0&Prime; global_colors_info=\u00a0\u00bb{}\u00a0\u00bb sticky_enabled=\u00a0\u00bb0&Prime;][et_pb_column type=\u00a0\u00bb1_3&Prime; _builder_version=\u00a0\u00bb4.27.4&Prime; _module_preset=\u00a0\u00bbdefault\u00a0\u00bb global_colors_info=\u00a0\u00bb{}\u00a0\u00bb][et_pb_text _builder_version=\u00a0\u00bb4.27.4&Prime; _module_preset=\u00a0\u00bbdefault\u00a0\u00bb text_font=\u00a0\u00bbClinica-Black|||on|||||\u00a0\u00bb text_orientation=\u00a0\u00bbcenter\u00a0\u00bb animation_style=\u00a0\u00bbfade\u00a0\u00bb global_colors_info=\u00a0\u00bb{}\u00a0\u00bb]<\/p>\n<h3><span style=\"color: #000000;\">Cultural mediation<\/span><\/h3>\n<p>[\/et_pb_text][et_pb_text _builder_version=\u00a0\u00bb4.27.4&Prime; _module_preset=\u00a0\u00bbdefault\u00a0\u00bb text_font=\u00a0\u00bbHelvetica Neue Medium||||||||\u00a0\u00bb text_orientation=\u00a0\u00bbcenter\u00a0\u00bb animation_style=\u00a0\u00bbslide\u00a0\u00bb hover_enabled=\u00a0\u00bb0&Prime; global_colors_info=\u00a0\u00bb{}\u00a0\u00bb sticky_enabled=\u00a0\u00bb0&Prime;]<\/p>\n<p style=\"text-align: justify;\"><span style=\"font-weight: 400;\">Depuis 10 ans le Festival Court M\u00e9trange d\u00e9veloppe un parcours d\u2019expositions d\u2019art contemporain fantastique et visionnaire afin de proposer aux visiteur\u00b7euses une r\u00e9flexion sur le fantastique au sein de leurs disciplines de cr\u00e9ation.<\/span><\/p>\n<p style=\"text-align: justify;\"><b>Accompagn\u00e9\u00b7es et sous la responsabilit\u00e9 des r\u00e9f\u00e9rent\u00b7es expositions, les b\u00e9n\u00e9voles de l\u2019\u00e9quipe <\/b><b><i>Parcours M\u00e9trange - Exhibits<\/i><\/b><b> sont charg\u00e9\u00b7es d\u2019accueillir le public (adulte et scolaire) sur le lieu d\u2019exposition et de les accompagner dans leur visite.<\/b><\/p>\n<p style=\"text-align: justify;\"><span style=\"font-weight: 400;\">Le Festival propose alors une formation \u00e0 la m\u00e9diation culturelle et \u00e0 l\u2019accompagnement des publics. Les b\u00e9n\u00e9voles sont invit\u00e9\u00b7es \u00e0 participer au montage et au d\u00e9montage de l\u2019exposition et \u00e0 rencontrer les artistes expos\u00e9\u00b7es.<\/span><\/p>\n<p style=\"text-align: justify;\"><i><span style=\"font-weight: 400;\">P\u00e9riode du lundi 29 septembre au dimanche 05 octobre \u2013 Cr\u00e9neaux de 5h (16h-21h) en bin\u00f4me.<\/span><\/i><\/p>\n<p style=\"text-align: justify;\">[\/et_pb_text][\/et_pb_column][et_pb_column type=\u00a0\u00bb1_3&Prime; _builder_version=\u00a0\u00bb4.27.4&Prime; _module_preset=\u00a0\u00bbdefault\u00a0\u00bb global_colors_info=\u00a0\u00bb{}\u00a0\u00bb][et_pb_text _builder_version=\u00a0\u00bb4.27.4&Prime; _module_preset=\u00a0\u00bbdefault\u00a0\u00bb text_font=\u00a0\u00bbClinica-Black|||on|||||\u00a0\u00bb text_orientation=\u00a0\u00bbcenter\u00a0\u00bb animation_style=\u00a0\u00bbslide\u00a0\u00bb global_colors_info=\u00a0\u00bb{}\u00a0\u00bb]<\/p>\n<h3><span style=\"color: #000000;\">Reception of the young public<\/span><\/h3>\n<p>[\/et_pb_text][et_pb_text _builder_version=\u00a0\u00bb4.27.4&Prime; _module_preset=\u00a0\u00bbdefault\u00a0\u00bb text_font=\u00a0\u00bbHelvetica Neue Medium||||||||\u00a0\u00bb animation_style=\u00a0\u00bbslide\u00a0\u00bb hover_enabled=\u00a0\u00bb0&Prime; global_colors_info=\u00a0\u00bb{}\u00a0\u00bb sticky_enabled=\u00a0\u00bb0&Prime;]<\/p>\n<p style=\"text-align: justify;\"><span style=\"font-weight: 400;\">The young public is nowadays particularly confronted with the fantastic image. Whether it is cinema, comics or video games, the young generations are particularly attracted by the fantastic and the unusual. Court M\u00e9trange welcomes them during its festival in order to invite them to question these universes and to pose a critical glance.<\/span><\/p>\n<p style=\"text-align: justify;\"><b>En tant que b\u00e9n\u00e9vole, et sous la responsabilit\u00e9 de l\u2019\u00e9quipe du Parcours Jeune Public, vous aurez en charge d\u2019accueillir et d\u2019orienter les groupes d\u2019\u00e9l\u00e8ves et leurs accompagnateur\u00b7rices sur les diff\u00e9rents lieux du festival.\u00a0<\/b><\/p>\n<p style=\"text-align: justify;\"><i><span style=\"font-weight: 400;\">P\u00e9riode du lundi 29 septembre au 03 vendredi 03 octobre \u2013 Cr\u00e9neaux de 4h (9h-12h \/13h-16h) en bin\u00f4me.\u00a0 <\/span><\/i><\/p>\n<p style=\"text-align: justify;\">[\/et_pb_text][\/et_pb_column][et_pb_column type=\u00a0\u00bb1_3&Prime; _builder_version=\u00a0\u00bb4.27.4&Prime; _module_preset=\u00a0\u00bbdefault\u00a0\u00bb global_colors_info=\u00a0\u00bb{}\u00a0\u00bb][et_pb_text _builder_version=\u00a0\u00bb4.27.4&Prime; _module_preset=\u00a0\u00bbdefault\u00a0\u00bb text_font=\u00a0\u00bbClinica-Black|||on|||||\u00a0\u00bb text_orientation=\u00a0\u00bbcenter\u00a0\u00bb animation_style=\u00a0\u00bbslide\u00a0\u00bb global_colors_info=\u00a0\u00bb{}\u00a0\u00bb]<\/p>\n<h3><span style=\"color: #000000;\">Public reception<\/span><\/h3>\n<p>[\/et_pb_text][et_pb_text _builder_version=\u00a0\u00bb4.27.4&Prime; _module_preset=\u00a0\u00bbdefault\u00a0\u00bb text_font=\u00a0\u00bbHelvetica Neue Medium||||||||\u00a0\u00bb custom_padding=\u00a0\u00bb||0px|||\u00a0\u00bb animation_style=\u00a0\u00bbslide\u00a0\u00bb global_colors_info=\u00a0\u00bb{}\u00a0\u00bb]<\/p>\n<p style=\"text-align: justify;\"><span style=\"font-weight: 400;\">Le Festival Court M\u00e9trange tient \u00e0 son public fid\u00e8le, curieux, \u00e9trange et amateur de cin\u00e9ma insolite. C\u2019est pourquoi il lui r\u00e9serve le meilleur des accueils.<\/span><\/p>\n<p style=\"text-align: justify;\"><b>Accompagn\u00e9\u00b7e par les coordinateur\u00b7rices des b\u00e9n\u00e9voles et l\u2019\u00e9quipe de Court M\u00e9trange, vous tiendrez les points informations du Festival au sein du Village M\u00e9trange (Esplanade Charles de Gaulle). Vous aurez aussi en charge d\u2019aider \u00e0 accueillir le public sur les diff\u00e9rents \u00e9v\u00e8nements, ainsi que les invit\u00e9\u00b7es professionnel\u00b7les.<\/b><\/p>\n<p style=\"text-align: justify;\"><i><span style=\"font-weight: 400;\">P\u00e9riode du mercredi 1er octobre au dimanche 5 octobre \u2013<\/span><\/i><i><span style=\"font-weight: 400;\"> Cr\u00e9neaux 3h ou 5h (\u00e0 partir de 16h) en bin\u00f4me.<\/span><\/i><\/p>\n<p>[\/et_pb_text][\/et_pb_column][\/et_pb_row][et_pb_row column_structure=\u00a0\u00bb1_3,1_3,1_3&Prime; _builder_version=\u00a0\u00bb4.27.4&Prime; _module_preset=\u00a0\u00bbdefault\u00a0\u00bb background_color=\u00a0\u00bbRGBA(255,255,255,0)\u00a0\u00bb custom_padding=\u00a0\u00bb|30px||30px|false|false\u00a0\u00bb hover_enabled=\u00a0\u00bb0&Prime; global_colors_info=\u00a0\u00bb{}\u00a0\u00bb sticky_enabled=\u00a0\u00bb0&Prime;][et_pb_column type=\u00a0\u00bb1_3&Prime; _builder_version=\u00a0\u00bb4.27.4&Prime; _module_preset=\u00a0\u00bbdefault\u00a0\u00bb global_colors_info=\u00a0\u00bb{}\u00a0\u00bb][et_pb_text _builder_version=\u00a0\u00bb4.27.4&Prime; _module_preset=\u00a0\u00bbdefault\u00a0\u00bb text_font=\u00a0\u00bbClinica-Black|||on|||||\u00a0\u00bb text_orientation=\u00a0\u00bbcenter\u00a0\u00bb animation_style=\u00a0\u00bbslide\u00a0\u00bb global_colors_info=\u00a0\u00bb{}\u00a0\u00bb]<\/p>\n<h3 style=\"text-align: center;\"><span style=\"color: #000000;\">Logistics<\/span><br \/><span style=\"color: #000000;\">reinforcement<\/span><\/h3>\n<p>[\/et_pb_text][et_pb_text _builder_version=\u00a0\u00bb4.27.4&Prime; _module_preset=\u00a0\u00bbdefault\u00a0\u00bb text_font=\u00a0\u00bbHelvetica Neue Medium||||||||\u00a0\u00bb text_orientation=\u00a0\u00bbcenter\u00a0\u00bb animation_style=\u00a0\u00bbslide\u00a0\u00bb global_colors_info=\u00a0\u00bb{}\u00a0\u00bb]<\/p>\n<p style=\"text-align: justify;\"><span style=\"font-weight: 400;\">Monter un festival d\u00e9di\u00e9 \u00e0 l\u2019\u00e9trange est loin d\u2019\u00eatre une t\u00e2che facile, mais c\u2019est assur\u00e9ment une aventure passionnante ! L\u2019\u00e9quipe de d\u00e9brouillard\u00b7es de Court M\u00e9trange a toujours besoin de renfort et de bonnes id\u00e9es.<\/span><\/p>\n<p style=\"text-align: justify;\"><b>Les b\u00e9n\u00e9voles-r\u00e9gie du Festival, accompagn\u00e9\u00b7es par les r\u00e9gisseur\u00b7euses, ont pour mission d\u2019aider au montage et d\u00e9montage technique du Festival et la gestion de l\u2019exploitation publique du Village M\u00e9trange (esplanade Charles de Gaulle). Il\u00b7elles sont \u00e9galement en renfort sur l\u2019implantation technique des diff\u00e9rents \u00e9v\u00e9nements.<\/b><\/p>\n<p style=\"text-align: justify;\"><i><span style=\"font-weight: 400;\">P\u00e9riode du samedi 27 septembre au dimanche 5 octobre. <\/span><\/i><i><span style=\"font-weight: 400;\">\u2013 Cr\u00e9neaux de 5h<\/span><\/i><\/p>\n<p align=\"center\" style=\"text-align: justify;\">\n<p>[\/et_pb_text][\/et_pb_column][et_pb_column type=\u00a0\u00bb1_3&Prime; _builder_version=\u00a0\u00bb4.27.4&Prime; _module_preset=\u00a0\u00bbdefault\u00a0\u00bb global_colors_info=\u00a0\u00bb{}\u00a0\u00bb][et_pb_text _builder_version=\u00a0\u00bb4.27.4&Prime; _module_preset=\u00a0\u00bbdefault\u00a0\u00bb text_font=\u00a0\u00bbClinica-Black|||on|||||\u00a0\u00bb text_orientation=\u00a0\u00bbcenter\u00a0\u00bb animation_style=\u00a0\u00bbslide\u00a0\u00bb global_colors_info=\u00a0\u00bb{}\u00a0\u00bb]<\/p>\n<h2 style=\"text-align: center;\">Bar<br \/>&amp; catering<\/h2>\n<p>[\/et_pb_text][et_pb_text _builder_version=\u00a0\u00bb4.27.4&Prime; _module_preset=\u00a0\u00bbdefault\u00a0\u00bb text_font=\u00a0\u00bbHelvetica Neue Medium||||||||\u00a0\u00bb animation_style=\u00a0\u00bbslide\u00a0\u00bb hover_enabled=\u00a0\u00bb0&Prime; global_colors_info=\u00a0\u00bb{}\u00a0\u00bb custom_padding=\u00a0\u00bb||0px|||\u00a0\u00bb sticky_enabled=\u00a0\u00bb0&Prime;]<\/p>\n<p style=\"text-align: justify;\"><span style=\"font-weight: 400;\">Que serait un festival de cin\u00e9ma sans un petit verre partag\u00e9 entre ami\u00b7es \u00e0 l\u2019issue des projections ? Court M\u00e9trange monte sa propre buvette afin d\u2019\u00e9tancher les grandes soifs et combler les petits creux. En parall\u00e8le, les invit\u00e9\u00b7es et les membres de l\u2019\u00e9quipe b\u00e9n\u00e9ficient d\u2019un catering professionnel, indispensable pour la survie en milieu hostil\u00a0!\u00a0<\/span><\/p>\n<p style=\"text-align: justify;\"><b>Accompagn\u00e9\u00b7es et sous la responsabilit\u00e9 des r\u00e9f\u00e9rent\u00b7es Bar, les b\u00e9n\u00e9voles assureront la gestion de la buvette Court M\u00e9trange (service, rangement, vaisselle\u2026). Les b\u00e9n\u00e9voles Catering auront la charge du service des repas et de la gestion de l\u2019accueil des invit\u00e9\u00b7es pour le catering professionnel. Le tout au plus pr\u00e8s du public et des invit\u00e9\u00b7es.\u00a0<\/b><\/p>\n<p style=\"text-align: justify;\"><i><span style=\"font-weight: 400;\">P\u00e9riode du mercredi 1er octobre au dimanche 5 octobre &#8211;\u00a0 Cr\u00e9neau de 4h (buvette\u00a0: 16h-20h \/ 20h-00h &#8211; catering 11h-14h \/ 18h-22h).<\/span><\/i><\/p>\n<p>[\/et_pb_text][\/et_pb_column][et_pb_column type=\u00a0\u00bb1_3&Prime; _builder_version=\u00a0\u00bb4.27.4&Prime; _module_preset=\u00a0\u00bbdefault\u00a0\u00bb global_colors_info=\u00a0\u00bb{}\u00a0\u00bb][et_pb_button button_url=\u00a0\u00bbhttps:\/\/docs.google.com\/forms\/d\/e\/1FAIpQLSef7-j3LLCFr3xlMwg2t4vSV7NEYCNcQy9k1XY4vGc0EC3bDw\/viewform\u00a0\u00bb button_text=\u00a0\u00bbS&rsquo;inscrire\u00a0\u00bb button_alignment=\u00a0\u00bbcenter\u00a0\u00bb _builder_version=\u00a0\u00bb4.27.4&Prime; _module_preset=\u00a0\u00bbdefault\u00a0\u00bb custom_button=\u00a0\u00bbon\u00a0\u00bb button_text_size=\u00a0\u00bb24px\u00a0\u00bb button_text_color=\u00a0\u00bb#FFFFFF\u00a0\u00bb button_bg_color=\u00a0\u00bb#000000&Prime; button_border_width=\u00a0\u00bb0px\u00a0\u00bb button_border_radius=\u00a0\u00bb0px\u00a0\u00bb background_layout=\u00a0\u00bbdark\u00a0\u00bb animation_style=\u00a0\u00bbslide\u00a0\u00bb animation_duration=\u00a0\u00bb1200ms\u00a0\u00bb animation_delay=\u00a0\u00bb100ms\u00a0\u00bb animation_starting_opacity=\u00a0\u00bb85%\u00a0\u00bb animation_repeat=\u00a0\u00bbloop\u00a0\u00bb hover_enabled=\u00a0\u00bb0&Prime; global_colors_info=\u00a0\u00bb{}\u00a0\u00bb sticky_enabled=\u00a0\u00bb0&Prime;][\/et_pb_button][et_pb_text _builder_version=\u00a0\u00bb4.27.4&Prime; _module_preset=\u00a0\u00bbdefault\u00a0\u00bb text_font=\u00a0\u00bbHelvetica Neue Medium||||||||\u00a0\u00bb text_orientation=\u00a0\u00bbcenter\u00a0\u00bb animation_style=\u00a0\u00bbslide\u00a0\u00bb global_colors_info=\u00a0\u00bb{}\u00a0\u00bb]<\/p>\n<h3><span style=\"color: #000000;\">Demande de renseignements :<\/span><\/h3>\n<h3 style=\"text-align: center;\"><span style=\"color: #000000;\"><a href=\"mailto:courtmetrange@gmail.com\" style=\"color: #000000;\">benevolat@courtmetrange.eu<\/a><\/span><\/h3>\n<p>[\/et_pb_text][\/et_pb_column][\/et_pb_row][et_pb_row _builder_version=\u00a0\u00bb4.27.4&Prime; _module_preset=\u00a0\u00bbdefault\u00a0\u00bb background_color=\u00a0\u00bbRGBA(255,255,255,0)\u00a0\u00bb custom_padding=\u00a0\u00bb|30px||30px|false|false\u00a0\u00bb hover_enabled=\u00a0\u00bb0&Prime; global_colors_info=\u00a0\u00bb{}\u00a0\u00bb sticky_enabled=\u00a0\u00bb0&Prime;][et_pb_column type=\u00a0\u00bb4_4&Prime; _builder_version=\u00a0\u00bb4.27.4&Prime; _module_preset=\u00a0\u00bbdefault\u00a0\u00bb global_colors_info=\u00a0\u00bb{}\u00a0\u00bb][et_pb_text _builder_version=\u00a0\u00bb4.27.4&Prime; _module_preset=\u00a0\u00bbdefault\u00a0\u00bb text_font=\u00a0\u00bbHelvetica Neue Medium||||||||\u00a0\u00bb text_orientation=\u00a0\u00bbcenter\u00a0\u00bb animation_style=\u00a0\u00bbslide\u00a0\u00bb global_colors_info=\u00a0\u00bb{}\u00a0\u00bb]<\/p>\n<p style=\"text-align: center;\"><span style=\"color: #000000;\">L\u2019ensemble des b\u00e9n\u00e9voles \u00e0 nous rejoindre participera \u00e0 des journ\u00e9es d\u2019int\u00e9gration et\/ou de formations sur les missions choisies.<\/span><\/p>\n<p style=\"text-align: center;\"><span style=\"color: #000000;\">Des temps de rencontres seront \u00e9galement propos\u00e9s avec l\u2019\u00e9quipe fixe de Court M\u00e9trange <\/span><\/p>\n<p style=\"text-align: center;\"><span style=\"color: #000000;\">et avec les \u00e9quipes b\u00e9n\u00e9voles car \u00e0 Court M\u00e9trange on n\u2019est jamais tout seul et on compte les uns sur les autres !<\/span><\/p>\n<p>[\/et_pb_text][\/et_pb_column][\/et_pb_row][\/et_pb_section]<\/p>","protected":false},"excerpt":{"rendered":"<p>DEVENIR B\u00c9N\u00c9VOLEDEVENIR B\u00c9N\u00c9VOLE Entre 16 000 et 18 000 festivalier\u00b7\u00e8res arpentent chaque ann\u00e9e nos \u00e9v\u00e9nements et entrent ainsi dans l\u2019univers d\u00e9cal\u00e9 du fantastique et de l\u2019insolite. Aussi, tous les ans [&hellip;]<\/p>","protected":false},"author":1,"featured_media":0,"parent":0,"menu_order":0,"comment_status":"closed","ping_status":"closed","template":"","meta":{"_acf_changed":false,"_et_pb_use_builder":"on","_et_pb_old_content":"","_et_gb_content_width":"","footnotes":""},"class_list":["post-8545","page","type-page","status-publish","hentry"],"acf":[],"yoast_head":"<!-- This site is optimized with the Yoast SEO plugin v24.5 - https:\/\/yoast.com\/wordpress\/plugins\/seo\/ -->\n<title>Devenir b\u00e9n\u00e9vole - Court M\u00e9trange<\/title>\n<meta name=\"robots\" content=\"noindex, nofollow\" \/>\n<meta property=\"og:locale\" content=\"en_GB\" \/>\n<meta property=\"og:type\" content=\"article\" \/>\n<meta property=\"og:title\" content=\"Devenir b\u00e9n\u00e9vole - Court M\u00e9trange\" \/>\n<meta property=\"og:description\" content=\"DEVENIR B\u00c9N\u00c9VOLEDEVENIR B\u00c9N\u00c9VOLE Entre 16 000 et 18 000 festivalier\u00b7\u00e8res arpentent chaque ann\u00e9e nos \u00e9v\u00e9nements et entrent ainsi dans l\u2019univers d\u00e9cal\u00e9 du fantastique et de l\u2019insolite. Aussi, tous les ans [&hellip;]\" \/>\n<meta property=\"og:url\" content=\"https:\/\/courtmetrange.eu\/en\/devenir-benevole\/\" \/>\n<meta property=\"og:site_name\" content=\"Court M\u00e9trange\" \/>\n<meta property=\"article:publisher\" content=\"https:\/\/www.facebook.com\/CourtMetrange\/\" \/>\n<meta property=\"article:modified_time\" content=\"2025-06-25T16:12:18+00:00\" \/>\n<meta name=\"twitter:card\" content=\"summary_large_image\" \/>\n<meta name=\"twitter:site\" content=\"@courtmetrange\" \/>\n<meta name=\"twitter:label1\" content=\"Estimated reading time\" \/>\n\t<meta name=\"twitter:data1\" content=\"6 minutes\" \/>\n<script type=\"application\/ld+json\" class=\"yoast-schema-graph\">{\"@context\":\"https:\/\/schema.org\",\"@graph\":[{\"@type\":\"WebPage\",\"@id\":\"https:\/\/courtmetrange.eu\/devenir-benevole\/\",\"url\":\"https:\/\/courtmetrange.eu\/devenir-benevole\/\",\"name\":\"Devenir b\u00e9n\u00e9vole - Court M\u00e9trange\",\"isPartOf\":{\"@id\":\"https:\/\/courtmetrange.eu\/en\/#website\"},\"datePublished\":\"2023-05-16T08:23:44+00:00\",\"dateModified\":\"2025-06-25T16:12:18+00:00\",\"breadcrumb\":{\"@id\":\"https:\/\/courtmetrange.eu\/devenir-benevole\/#breadcrumb\"},\"inLanguage\":\"en-GB\",\"potentialAction\":[{\"@type\":\"ReadAction\",\"target\":[\"https:\/\/courtmetrange.eu\/devenir-benevole\/\"]}]},{\"@type\":\"BreadcrumbList\",\"@id\":\"https:\/\/courtmetrange.eu\/devenir-benevole\/#breadcrumb\",\"itemListElement\":[{\"@type\":\"ListItem\",\"position\":1,\"name\":\"Accueil\",\"item\":\"https:\/\/courtmetrange.eu\/\"},{\"@type\":\"ListItem\",\"position\":2,\"name\":\"Devenir b\u00e9n\u00e9vole\"}]},{\"@type\":\"WebSite\",\"@id\":\"https:\/\/courtmetrange.eu\/en\/#website\",\"url\":\"https:\/\/courtmetrange.eu\/en\/\",\"name\":\"Court M\u00e9trange\",\"description\":\"Festival International du court m\u00e9trage insolite et fantastique de Rennes\",\"publisher\":{\"@id\":\"https:\/\/courtmetrange.eu\/en\/#organization\"},\"potentialAction\":[{\"@type\":\"SearchAction\",\"target\":{\"@type\":\"EntryPoint\",\"urlTemplate\":\"https:\/\/courtmetrange.eu\/en\/?s={search_term_string}\"},\"query-input\":{\"@type\":\"PropertyValueSpecification\",\"valueRequired\":true,\"valueName\":\"search_term_string\"}}],\"inLanguage\":\"en-GB\"},{\"@type\":\"Organization\",\"@id\":\"https:\/\/courtmetrange.eu\/en\/#organization\",\"name\":\"Court M\u00e9trange\",\"url\":\"https:\/\/courtmetrange.eu\/en\/\",\"logo\":{\"@type\":\"ImageObject\",\"inLanguage\":\"en-GB\",\"@id\":\"https:\/\/courtmetrange.eu\/en\/#\/schema\/logo\/image\/\",\"url\":\"https:\/\/courtmetrange.eu\/wp-content\/uploads\/2020\/11\/Logo_CourtMetrange.svg\",\"contentUrl\":\"https:\/\/courtmetrange.eu\/wp-content\/uploads\/2020\/11\/Logo_CourtMetrange.svg\",\"width\":251,\"height\":127,\"caption\":\"Court M\u00e9trange\"},\"image\":{\"@id\":\"https:\/\/courtmetrange.eu\/en\/#\/schema\/logo\/image\/\"},\"sameAs\":[\"https:\/\/www.facebook.com\/CourtMetrange\/\",\"https:\/\/x.com\/courtmetrange\",\"https:\/\/www.instagram.com\/courtmetrange.rennes\/\",\"https:\/\/www.youtube.com\/channel\/UCbS9jcW3uiDQeGgZAT29Emw\/videos\"]}]}<\/script>\n<!-- \/ Yoast SEO plugin. -->","yoast_head_json":{"title":"Devenir b\u00e9n\u00e9vole - Court M\u00e9trange","robots":{"index":"noindex","follow":"nofollow"},"og_locale":"en_GB","og_type":"article","og_title":"Devenir b\u00e9n\u00e9vole - Court M\u00e9trange","og_description":"DEVENIR B\u00c9N\u00c9VOLEDEVENIR B\u00c9N\u00c9VOLE Entre 16 000 et 18 000 festivalier\u00b7\u00e8res arpentent chaque ann\u00e9e nos \u00e9v\u00e9nements et entrent ainsi dans l\u2019univers d\u00e9cal\u00e9 du fantastique et de l\u2019insolite. Aussi, tous les ans [&hellip;]","og_url":"https:\/\/courtmetrange.eu\/en\/devenir-benevole\/","og_site_name":"Court M\u00e9trange","article_publisher":"https:\/\/www.facebook.com\/CourtMetrange\/","article_modified_time":"2025-06-25T16:12:18+00:00","twitter_card":"summary_large_image","twitter_site":"@courtmetrange","twitter_misc":{"Estimated reading time":"6 minutes"},"schema":{"@context":"https:\/\/schema.org","@graph":[{"@type":"WebPage","@id":"https:\/\/courtmetrange.eu\/devenir-benevole\/","url":"https:\/\/courtmetrange.eu\/devenir-benevole\/","name":"Devenir b\u00e9n\u00e9vole - Court M\u00e9trange","isPartOf":{"@id":"https:\/\/courtmetrange.eu\/en\/#website"},"datePublished":"2023-05-16T08:23:44+00:00","dateModified":"2025-06-25T16:12:18+00:00","breadcrumb":{"@id":"https:\/\/courtmetrange.eu\/devenir-benevole\/#breadcrumb"},"inLanguage":"en-GB","potentialAction":[{"@type":"ReadAction","target":["https:\/\/courtmetrange.eu\/devenir-benevole\/"]}]},{"@type":"BreadcrumbList","@id":"https:\/\/courtmetrange.eu\/devenir-benevole\/#breadcrumb","itemListElement":[{"@type":"ListItem","position":1,"name":"Accueil","item":"https:\/\/courtmetrange.eu\/"},{"@type":"ListItem","position":2,"name":"Devenir b\u00e9n\u00e9vole"}]},{"@type":"WebSite","@id":"https:\/\/courtmetrange.eu\/en\/#website","url":"https:\/\/courtmetrange.eu\/en\/","name":"Court M\u00e9trange","description":"Festival International du court m\u00e9trage insolite et fantastique de Rennes","publisher":{"@id":"https:\/\/courtmetrange.eu\/en\/#organization"},"potentialAction":[{"@type":"SearchAction","target":{"@type":"EntryPoint","urlTemplate":"https:\/\/courtmetrange.eu\/en\/?s={search_term_string}"},"query-input":{"@type":"PropertyValueSpecification","valueRequired":true,"valueName":"search_term_string"}}],"inLanguage":"en-GB"},{"@type":"Organization","@id":"https:\/\/courtmetrange.eu\/en\/#organization","name":"Court M\u00e9trange","url":"https:\/\/courtmetrange.eu\/en\/","logo":{"@type":"ImageObject","inLanguage":"en-GB","@id":"https:\/\/courtmetrange.eu\/en\/#\/schema\/logo\/image\/","url":"https:\/\/courtmetrange.eu\/wp-content\/uploads\/2020\/11\/Logo_CourtMetrange.svg","contentUrl":"https:\/\/courtmetrange.eu\/wp-content\/uploads\/2020\/11\/Logo_CourtMetrange.svg","width":251,"height":127,"caption":"Court M\u00e9trange"},"image":{"@id":"https:\/\/courtmetrange.eu\/en\/#\/schema\/logo\/image\/"},"sameAs":["https:\/\/www.facebook.com\/CourtMetrange\/","https:\/\/x.com\/courtmetrange","https:\/\/www.instagram.com\/courtmetrange.rennes\/","https:\/\/www.youtube.com\/channel\/UCbS9jcW3uiDQeGgZAT29Emw\/videos"]}]}},"_links":{"self":[{"href":"https:\/\/courtmetrange.eu\/en\/wp-json\/wp\/v2\/pages\/8545","targetHints":{"allow":["GET"]}}],"collection":[{"href":"https:\/\/courtmetrange.eu\/en\/wp-json\/wp\/v2\/pages"}],"about":[{"href":"https:\/\/courtmetrange.eu\/en\/wp-json\/wp\/v2\/types\/page"}],"author":[{"embeddable":true,"href":"https:\/\/courtmetrange.eu\/en\/wp-json\/wp\/v2\/users\/1"}],"replies":[{"embeddable":true,"href":"https:\/\/courtmetrange.eu\/en\/wp-json\/wp\/v2\/comments?post=8545"}],"version-history":[{"count":17,"href":"https:\/\/courtmetrange.eu\/en\/wp-json\/wp\/v2\/pages\/8545\/revisions"}],"predecessor-version":[{"id":13762,"href":"https:\/\/courtmetrange.eu\/en\/wp-json\/wp\/v2\/pages\/8545\/revisions\/13762"}],"wp:attachment":[{"href":"https:\/\/courtmetrange.eu\/en\/wp-json\/wp\/v2\/media?parent=8545"}],"curies":[{"name":"wp","href":"https:\/\/api.w.org\/{rel}","templated":true}]}}