{"id":13456,"date":"2025-04-02T17:26:11","date_gmt":"2025-04-02T15:26:11","guid":{"rendered":"https:\/\/courtmetrange.eu\/?post_type=tribe_events&#038;p=13456"},"modified":"2025-04-07T22:47:14","modified_gmt":"2025-04-07T20:47:14","slug":"13456","status":"publish","type":"tribe_events","link":"https:\/\/courtmetrange.eu\/en\/agenda\/13456\/","title":{"rendered":"S\u00e9ance : Vall\u00e9e de l&rsquo;\u00e9trange suivie d&rsquo;une rencontre"},"content":{"rendered":"<h2 class=\"program-detail-title\">S\u00e9ance : Vall\u00e9e de l&rsquo;\u00e9trange suivie d&rsquo;une rencontre<\/h2>\n<div><span class=\"program-group-meta\">\ud83d\udcc5 Mercredi 23 avril \u2013 21h00\ud83d\udccd Cin\u00e9ma Arvor (Salle 5)<\/span><span class=\"program-group-meta length\">\u00a0105\u00a0min<\/span><\/div>\n<p class=\"program-detail-description\">Elle est au milieu d&rsquo;un champ, dans les bois, dans le m\u00e9tro ou m\u00eame dans votre propre chambre; la Vall\u00e9e de l&rsquo;\u00e9trange est un lieu immat\u00e9riel, un lieu que l&rsquo;on ne cherche pas. Quand on y entre, une sensation gla\u00e7ante se glisse derri\u00e8re vous, crie l&rsquo;angoisse dans vos oreilles et plante l&rsquo;horreur dans vos yeux. Cette vall\u00e9e est une salle sombre de cin\u00e9ma. Oserez vous y d\u00e9celer les pires secrets ?<\/p>\n<p><i>D\u00e8s 15 ans<\/i><\/p>\n<p><i>S\u00e9ance en partenariat avec le Festival Court M\u00e9trange<\/i><\/p>\n<p>Suivie d&rsquo;un \u00e9change avec :<br \/>\n<b>Vicent Bretagne, Jean Courtois, Alex Wehbeh<\/b>, r\u00e9alisateurs de\u00a0<i>L&rsquo;Araign\u00e9e du fond de la cour<\/i><br \/>\n<b>Lise Chancel, Joseph Cr\u00e9hange<\/b>, r\u00e9alisateur\u00b7rices de\u00a0<i>Amniotic dream<\/i><br \/>\n<b>Shera Courtalhac, In\u00e8s Molinier<\/b>, r\u00e9alisatrices de\u00a0<i>Underground invaders<\/i><br \/>\n<b>Swann Valenza<\/b>, r\u00e9alisateur de\u00a0<i>Candice<\/i><\/p>\n","protected":false},"excerpt":{"rendered":"<p>S\u00e9ance : Vall\u00e9e de l&rsquo;\u00e9trange suivie d&rsquo;une rencontre<br \/>\n\ud83d\udcc5 Mercredi 23 avril \u2013 21h00\ud83d\udccd Cin\u00e9ma Arvor (Salle 5)\u00a0105\u00a0min<\/p>\n<p>Elle est au milieu d&rsquo;un champ, dans les bois, dans le m\u00e9tro ou m\u00eame dans votre propre chambre; la Vall\u00e9e de l&rsquo;\u00e9trange est un lieu immat\u00e9riel, un lieu que l&rsquo;on ne cherche pas. Quand on y entre, une sensation gla\u00e7ante se glisse derri\u00e8re vous, crie l&rsquo;angoisse dans vos oreilles et plante l&rsquo;horreur dans vos yeux. Cette vall\u00e9e est une salle sombre de cin\u00e9ma. Oserez vous y d\u00e9celer les pires secrets ?<\/p>\n","protected":false},"author":8,"featured_media":13458,"comment_status":"closed","ping_status":"closed","template":"","meta":{"_acf_changed":false,"_et_pb_use_builder":"","_et_pb_old_content":"","_et_gb_content_width":"","_tribe_events_status":"","_tribe_events_status_reason":"","footnotes":""},"tags":[],"tribe_events_cat":[],"class_list":["post-13456","tribe_events","type-tribe_events","status-publish","has-post-thumbnail","hentry"],"acf":[],"yoast_head":"<!-- This site is optimized with the Yoast SEO plugin v24.5 - https:\/\/yoast.com\/wordpress\/plugins\/seo\/ -->\n<title>S\u00e9ance : Vall\u00e9e de l&#039;\u00e9trange suivie d&#039;une rencontre - Court M\u00e9trange<\/title>\n<meta name=\"robots\" content=\"noindex, follow\" \/>\n<meta property=\"og:locale\" content=\"en_GB\" \/>\n<meta property=\"og:type\" content=\"article\" \/>\n<meta property=\"og:title\" content=\"S\u00e9ance : Vall\u00e9e de l&#039;\u00e9trange suivie d&#039;une rencontre - Court M\u00e9trange\" \/>\n<meta property=\"og:description\" content=\"S\u00e9ance : Vall\u00e9e de l&#039;\u00e9trange suivie d&#039;une rencontre \ud83d\udcc5 Mercredi 23 avril \u2013 21h00\ud83d\udccd Cin\u00e9ma Arvor (Salle 5)\u00a0105\u00a0min  Elle est au milieu d&#039;un champ, dans les bois, dans le m\u00e9tro ou m\u00eame dans votre propre chambre; la Vall\u00e9e de l&#039;\u00e9trange est un lieu immat\u00e9riel, un lieu que l&#039;on ne cherche pas. Quand on y entre, une sensation gla\u00e7ante se glisse derri\u00e8re vous, crie l&#039;angoisse dans vos oreilles et plante l&#039;horreur dans vos yeux. Cette vall\u00e9e est une salle sombre de cin\u00e9ma. Oserez vous y d\u00e9celer les pires secrets ?\" \/>\n<meta property=\"og:url\" content=\"https:\/\/courtmetrange.eu\/en\/agenda\/13456\/\" \/>\n<meta property=\"og:site_name\" content=\"Court M\u00e9trange\" \/>\n<meta property=\"article:publisher\" content=\"https:\/\/www.facebook.com\/CourtMetrange\/\" \/>\n<meta property=\"article:modified_time\" content=\"2025-04-07T20:47:14+00:00\" \/>\n<meta property=\"og:image\" content=\"https:\/\/courtmetrange.eu\/wp-content\/uploads\/2025\/04\/Insta-clermont-cmt-1080-x-1350-px-1.jpg\" \/>\n\t<meta property=\"og:image:width\" content=\"1080\" \/>\n\t<meta property=\"og:image:height\" content=\"1350\" \/>\n\t<meta property=\"og:image:type\" content=\"image\/jpeg\" \/>\n<meta name=\"twitter:card\" content=\"summary_large_image\" \/>\n<meta name=\"twitter:site\" content=\"@courtmetrange\" \/>\n<meta name=\"twitter:label1\" content=\"Estimated reading time\" \/>\n\t<meta name=\"twitter:data1\" content=\"1 minute\" \/>\n<script type=\"application\/ld+json\" class=\"yoast-schema-graph\">{\"@context\":\"https:\/\/schema.org\",\"@graph\":[{\"@type\":\"WebPage\",\"@id\":\"https:\/\/courtmetrange.eu\/agenda\/13456\/\",\"url\":\"https:\/\/courtmetrange.eu\/agenda\/13456\/\",\"name\":\"S\u00e9ance : Vall\u00e9e de l'\u00e9trange suivie d'une rencontre - Court M\u00e9trange\",\"isPartOf\":{\"@id\":\"https:\/\/courtmetrange.eu\/en\/#website\"},\"primaryImageOfPage\":{\"@id\":\"https:\/\/courtmetrange.eu\/agenda\/13456\/#primaryimage\"},\"image\":{\"@id\":\"https:\/\/courtmetrange.eu\/agenda\/13456\/#primaryimage\"},\"thumbnailUrl\":\"https:\/\/courtmetrange.eu\/wp-content\/uploads\/2025\/04\/Insta-clermont-cmt-1080-x-1350-px-1.jpg\",\"datePublished\":\"2025-04-02T15:26:11+00:00\",\"dateModified\":\"2025-04-07T20:47:14+00:00\",\"breadcrumb\":{\"@id\":\"https:\/\/courtmetrange.eu\/agenda\/13456\/#breadcrumb\"},\"inLanguage\":\"en-GB\",\"potentialAction\":[{\"@type\":\"ReadAction\",\"target\":[\"https:\/\/courtmetrange.eu\/agenda\/13456\/\"]}]},{\"@type\":\"ImageObject\",\"inLanguage\":\"en-GB\",\"@id\":\"https:\/\/courtmetrange.eu\/agenda\/13456\/#primaryimage\",\"url\":\"https:\/\/courtmetrange.eu\/wp-content\/uploads\/2025\/04\/Insta-clermont-cmt-1080-x-1350-px-1.jpg\",\"contentUrl\":\"https:\/\/courtmetrange.eu\/wp-content\/uploads\/2025\/04\/Insta-clermont-cmt-1080-x-1350-px-1.jpg\",\"width\":1080,\"height\":1350},{\"@type\":\"BreadcrumbList\",\"@id\":\"https:\/\/courtmetrange.eu\/agenda\/13456\/#breadcrumb\",\"itemListElement\":[{\"@type\":\"ListItem\",\"position\":1,\"name\":\"Accueil\",\"item\":\"https:\/\/courtmetrange.eu\/\"},{\"@type\":\"ListItem\",\"position\":2,\"name\":\"Events\",\"item\":\"https:\/\/courtmetrange.eu\/en\/agenda\/\"},{\"@type\":\"ListItem\",\"position\":3,\"name\":\"S\u00e9ance : Vall\u00e9e de l&rsquo;\u00e9trange suivie d&rsquo;une rencontre\"}]},{\"@type\":\"WebSite\",\"@id\":\"https:\/\/courtmetrange.eu\/en\/#website\",\"url\":\"https:\/\/courtmetrange.eu\/en\/\",\"name\":\"Court M\u00e9trange\",\"description\":\"Festival International du court m\u00e9trage insolite et fantastique de Rennes\",\"publisher\":{\"@id\":\"https:\/\/courtmetrange.eu\/en\/#organization\"},\"potentialAction\":[{\"@type\":\"SearchAction\",\"target\":{\"@type\":\"EntryPoint\",\"urlTemplate\":\"https:\/\/courtmetrange.eu\/en\/?s={search_term_string}\"},\"query-input\":{\"@type\":\"PropertyValueSpecification\",\"valueRequired\":true,\"valueName\":\"search_term_string\"}}],\"inLanguage\":\"en-GB\"},{\"@type\":\"Organization\",\"@id\":\"https:\/\/courtmetrange.eu\/en\/#organization\",\"name\":\"Court M\u00e9trange\",\"url\":\"https:\/\/courtmetrange.eu\/en\/\",\"logo\":{\"@type\":\"ImageObject\",\"inLanguage\":\"en-GB\",\"@id\":\"https:\/\/courtmetrange.eu\/en\/#\/schema\/logo\/image\/\",\"url\":\"https:\/\/courtmetrange.eu\/wp-content\/uploads\/2020\/11\/Logo_CourtMetrange.svg\",\"contentUrl\":\"https:\/\/courtmetrange.eu\/wp-content\/uploads\/2020\/11\/Logo_CourtMetrange.svg\",\"width\":251,\"height\":127,\"caption\":\"Court M\u00e9trange\"},\"image\":{\"@id\":\"https:\/\/courtmetrange.eu\/en\/#\/schema\/logo\/image\/\"},\"sameAs\":[\"https:\/\/www.facebook.com\/CourtMetrange\/\",\"https:\/\/x.com\/courtmetrange\",\"https:\/\/www.instagram.com\/courtmetrange.rennes\/\",\"https:\/\/www.youtube.com\/channel\/UCbS9jcW3uiDQeGgZAT29Emw\/videos\"]}]}<\/script>\n<!-- \/ Yoast SEO plugin. -->","yoast_head_json":{"title":"S\u00e9ance : Vall\u00e9e de l'\u00e9trange suivie d'une rencontre - Court M\u00e9trange","robots":{"index":"noindex","follow":"follow"},"og_locale":"en_GB","og_type":"article","og_title":"S\u00e9ance : Vall\u00e9e de l'\u00e9trange suivie d'une rencontre - Court M\u00e9trange","og_description":"S\u00e9ance : Vall\u00e9e de l'\u00e9trange suivie d'une rencontre \ud83d\udcc5 Mercredi 23 avril \u2013 21h00\ud83d\udccd Cin\u00e9ma Arvor (Salle 5)\u00a0105\u00a0min  Elle est au milieu d'un champ, dans les bois, dans le m\u00e9tro ou m\u00eame dans votre propre chambre; la Vall\u00e9e de l'\u00e9trange est un lieu immat\u00e9riel, un lieu que l'on ne cherche pas. Quand on y entre, une sensation gla\u00e7ante se glisse derri\u00e8re vous, crie l'angoisse dans vos oreilles et plante l'horreur dans vos yeux. Cette vall\u00e9e est une salle sombre de cin\u00e9ma. Oserez vous y d\u00e9celer les pires secrets ?","og_url":"https:\/\/courtmetrange.eu\/en\/agenda\/13456\/","og_site_name":"Court M\u00e9trange","article_publisher":"https:\/\/www.facebook.com\/CourtMetrange\/","article_modified_time":"2025-04-07T20:47:14+00:00","og_image":[{"width":1080,"height":1350,"url":"https:\/\/courtmetrange.eu\/wp-content\/uploads\/2025\/04\/Insta-clermont-cmt-1080-x-1350-px-1.jpg","type":"image\/jpeg"}],"twitter_card":"summary_large_image","twitter_site":"@courtmetrange","twitter_misc":{"Estimated reading time":"1 minute"},"schema":{"@context":"https:\/\/schema.org","@graph":[{"@type":"WebPage","@id":"https:\/\/courtmetrange.eu\/agenda\/13456\/","url":"https:\/\/courtmetrange.eu\/agenda\/13456\/","name":"S\u00e9ance : Vall\u00e9e de l'\u00e9trange suivie d'une rencontre - Court M\u00e9trange","isPartOf":{"@id":"https:\/\/courtmetrange.eu\/en\/#website"},"primaryImageOfPage":{"@id":"https:\/\/courtmetrange.eu\/agenda\/13456\/#primaryimage"},"image":{"@id":"https:\/\/courtmetrange.eu\/agenda\/13456\/#primaryimage"},"thumbnailUrl":"https:\/\/courtmetrange.eu\/wp-content\/uploads\/2025\/04\/Insta-clermont-cmt-1080-x-1350-px-1.jpg","datePublished":"2025-04-02T15:26:11+00:00","dateModified":"2025-04-07T20:47:14+00:00","breadcrumb":{"@id":"https:\/\/courtmetrange.eu\/agenda\/13456\/#breadcrumb"},"inLanguage":"en-GB","potentialAction":[{"@type":"ReadAction","target":["https:\/\/courtmetrange.eu\/agenda\/13456\/"]}]},{"@type":"ImageObject","inLanguage":"en-GB","@id":"https:\/\/courtmetrange.eu\/agenda\/13456\/#primaryimage","url":"https:\/\/courtmetrange.eu\/wp-content\/uploads\/2025\/04\/Insta-clermont-cmt-1080-x-1350-px-1.jpg","contentUrl":"https:\/\/courtmetrange.eu\/wp-content\/uploads\/2025\/04\/Insta-clermont-cmt-1080-x-1350-px-1.jpg","width":1080,"height":1350},{"@type":"BreadcrumbList","@id":"https:\/\/courtmetrange.eu\/agenda\/13456\/#breadcrumb","itemListElement":[{"@type":"ListItem","position":1,"name":"Accueil","item":"https:\/\/courtmetrange.eu\/"},{"@type":"ListItem","position":2,"name":"Events","item":"https:\/\/courtmetrange.eu\/en\/agenda\/"},{"@type":"ListItem","position":3,"name":"S\u00e9ance : Vall\u00e9e de l&rsquo;\u00e9trange suivie d&rsquo;une rencontre"}]},{"@type":"WebSite","@id":"https:\/\/courtmetrange.eu\/en\/#website","url":"https:\/\/courtmetrange.eu\/en\/","name":"Court M\u00e9trange","description":"Festival International du court m\u00e9trage insolite et fantastique de Rennes","publisher":{"@id":"https:\/\/courtmetrange.eu\/en\/#organization"},"potentialAction":[{"@type":"SearchAction","target":{"@type":"EntryPoint","urlTemplate":"https:\/\/courtmetrange.eu\/en\/?s={search_term_string}"},"query-input":{"@type":"PropertyValueSpecification","valueRequired":true,"valueName":"search_term_string"}}],"inLanguage":"en-GB"},{"@type":"Organization","@id":"https:\/\/courtmetrange.eu\/en\/#organization","name":"Court M\u00e9trange","url":"https:\/\/courtmetrange.eu\/en\/","logo":{"@type":"ImageObject","inLanguage":"en-GB","@id":"https:\/\/courtmetrange.eu\/en\/#\/schema\/logo\/image\/","url":"https:\/\/courtmetrange.eu\/wp-content\/uploads\/2020\/11\/Logo_CourtMetrange.svg","contentUrl":"https:\/\/courtmetrange.eu\/wp-content\/uploads\/2020\/11\/Logo_CourtMetrange.svg","width":251,"height":127,"caption":"Court M\u00e9trange"},"image":{"@id":"https:\/\/courtmetrange.eu\/en\/#\/schema\/logo\/image\/"},"sameAs":["https:\/\/www.facebook.com\/CourtMetrange\/","https:\/\/x.com\/courtmetrange","https:\/\/www.instagram.com\/courtmetrange.rennes\/","https:\/\/www.youtube.com\/channel\/UCbS9jcW3uiDQeGgZAT29Emw\/videos"]}]}},"_links":{"self":[{"href":"https:\/\/courtmetrange.eu\/en\/wp-json\/wp\/v2\/tribe_events\/13456","targetHints":{"allow":["GET"]}}],"collection":[{"href":"https:\/\/courtmetrange.eu\/en\/wp-json\/wp\/v2\/tribe_events"}],"about":[{"href":"https:\/\/courtmetrange.eu\/en\/wp-json\/wp\/v2\/types\/tribe_events"}],"author":[{"embeddable":true,"href":"https:\/\/courtmetrange.eu\/en\/wp-json\/wp\/v2\/users\/8"}],"replies":[{"embeddable":true,"href":"https:\/\/courtmetrange.eu\/en\/wp-json\/wp\/v2\/comments?post=13456"}],"version-history":[{"count":3,"href":"https:\/\/courtmetrange.eu\/en\/wp-json\/wp\/v2\/tribe_events\/13456\/revisions"}],"predecessor-version":[{"id":13463,"href":"https:\/\/courtmetrange.eu\/en\/wp-json\/wp\/v2\/tribe_events\/13456\/revisions\/13463"}],"wp:featuredmedia":[{"embeddable":true,"href":"https:\/\/courtmetrange.eu\/en\/wp-json\/wp\/v2\/media\/13458"}],"wp:attachment":[{"href":"https:\/\/courtmetrange.eu\/en\/wp-json\/wp\/v2\/media?parent=13456"}],"wp:term":[{"taxonomy":"post_tag","embeddable":true,"href":"https:\/\/courtmetrange.eu\/en\/wp-json\/wp\/v2\/tags?post=13456"},{"taxonomy":"tribe_events_cat","embeddable":true,"href":"https:\/\/courtmetrange.eu\/en\/wp-json\/wp\/v2\/tribe_events_cat?post=13456"}],"curies":[{"name":"wp","href":"https:\/\/api.w.org\/{rel}","templated":true}]}}