{"id":14489,"date":"2025-09-29T16:29:53","date_gmt":"2025-09-29T14:29:53","guid":{"rendered":"https:\/\/courtmetrange.eu\/?post_type=tribe_events&#038;p=14489"},"modified":"2025-09-30T11:23:04","modified_gmt":"2025-09-30T09:23:04","slug":"regars-croises-philosophie-et-cinema-la-mouche","status":"publish","type":"tribe_events","link":"https:\/\/courtmetrange.eu\/en\/agenda\/regars-croises-philosophie-et-cinema-la-mouche\/","title":{"rendered":"REGARS CROIS\u00c9S PHILOSOPHIE ET CIN\u00c9MA : LA MOUCHE"},"content":{"rendered":"<p>Rendez-vous incontournable, Regards crois\u00e9s confronte philosophie et cin\u00e9ma \u00e0 travers l\u2019analyse filmique d\u2019un grand film du cin\u00e9ma de genre. Pour sa 21e \u00e9dition, le Festival Court M\u00e9trange s\u2019envole entre les fronti\u00e8res troubles des humains et des animaux.<br \/>\nCette ann\u00e9e, apr\u00e8s la projection de La Mouche de David Cronenberg, \u0153uvre culte m\u00ealant science-fiction et horreur corporelle, o\u00f9 la transformation monstrueuse interroge l\u2019identit\u00e9, la fronti\u00e8re du corps et la condition humaine, retrouvez les philosophes Gwendal Parmentier et Maude Robert pour un \u00e9change approfondi.<\/p>\n<p>AVEC MAUDE ROBERT<br \/>\n&amp; GWENDAL PARMENTIER<\/p>\n<p>Jeudi 02 octobre &gt; 19h00<br \/>\nCin\u00e9ma du TNB<\/p>\n","protected":false},"excerpt":{"rendered":"<p>Rendez-vous incontournable, Regards crois\u00e9s confronte philosophie et cin\u00e9ma \u00e0 travers l\u2019analyse filmique d\u2019un grand film du cin\u00e9ma de genre. Pour sa 21e \u00e9dition, le Festival Court M\u00e9trange s\u2019envole entre les [&hellip;]<\/p>\n","protected":false},"author":9,"featured_media":14516,"comment_status":"closed","ping_status":"closed","template":"","meta":{"_acf_changed":false,"_et_pb_use_builder":"","_et_pb_old_content":"","_et_gb_content_width":"","_tribe_events_status":"","_tribe_events_status_reason":"","footnotes":""},"tags":[],"tribe_events_cat":[8,85],"class_list":["post-14489","tribe_events","type-tribe_events","status-publish","has-post-thumbnail","hentry","tribe_events_cat-rencontre","tribe_events_cat-https-courtmetrange-eu-la-programmation","cat_rencontre","cat_https-courtmetrange-eu-la-programmation"],"acf":[],"yoast_head":"<!-- This site is optimized with the Yoast SEO plugin v24.5 - https:\/\/yoast.com\/wordpress\/plugins\/seo\/ -->\n<title>REGARS CROIS\u00c9S PHILOSOPHIE ET CIN\u00c9MA : LA MOUCHE - Court M\u00e9trange<\/title>\n<meta name=\"robots\" content=\"noindex, follow\" \/>\n<meta property=\"og:locale\" content=\"en_GB\" \/>\n<meta property=\"og:type\" content=\"article\" \/>\n<meta property=\"og:title\" content=\"REGARS CROIS\u00c9S PHILOSOPHIE ET CIN\u00c9MA : LA MOUCHE - Court M\u00e9trange\" \/>\n<meta property=\"og:description\" content=\"Rendez-vous incontournable, Regards crois\u00e9s confronte philosophie et cin\u00e9ma \u00e0 travers l\u2019analyse filmique d\u2019un grand film du cin\u00e9ma de genre. Pour sa 21e \u00e9dition, le Festival Court M\u00e9trange s\u2019envole entre les [&hellip;]\" \/>\n<meta property=\"og:url\" content=\"https:\/\/courtmetrange.eu\/en\/agenda\/regars-croises-philosophie-et-cinema-la-mouche\/\" \/>\n<meta property=\"og:site_name\" content=\"Court M\u00e9trange\" \/>\n<meta property=\"article:publisher\" content=\"https:\/\/www.facebook.com\/CourtMetrange\/\" \/>\n<meta property=\"article:modified_time\" content=\"2025-09-30T09:23:04+00:00\" \/>\n<meta property=\"og:image\" content=\"https:\/\/courtmetrange.eu\/wp-content\/uploads\/2025\/09\/photo-23.png\" \/>\n\t<meta property=\"og:image:width\" content=\"744\" \/>\n\t<meta property=\"og:image:height\" content=\"801\" \/>\n\t<meta property=\"og:image:type\" content=\"image\/png\" \/>\n<meta name=\"twitter:card\" content=\"summary_large_image\" \/>\n<meta name=\"twitter:site\" content=\"@courtmetrange\" \/>\n<meta name=\"twitter:label1\" content=\"Estimated reading time\" \/>\n\t<meta name=\"twitter:data1\" content=\"1 minute\" \/>\n<script type=\"application\/ld+json\" class=\"yoast-schema-graph\">{\"@context\":\"https:\/\/schema.org\",\"@graph\":[{\"@type\":\"WebPage\",\"@id\":\"https:\/\/courtmetrange.eu\/agenda\/regars-croises-philosophie-et-cinema-la-mouche\/\",\"url\":\"https:\/\/courtmetrange.eu\/agenda\/regars-croises-philosophie-et-cinema-la-mouche\/\",\"name\":\"REGARS CROIS\u00c9S PHILOSOPHIE ET CIN\u00c9MA : LA MOUCHE - Court M\u00e9trange\",\"isPartOf\":{\"@id\":\"https:\/\/courtmetrange.eu\/en\/#website\"},\"primaryImageOfPage\":{\"@id\":\"https:\/\/courtmetrange.eu\/agenda\/regars-croises-philosophie-et-cinema-la-mouche\/#primaryimage\"},\"image\":{\"@id\":\"https:\/\/courtmetrange.eu\/agenda\/regars-croises-philosophie-et-cinema-la-mouche\/#primaryimage\"},\"thumbnailUrl\":\"https:\/\/courtmetrange.eu\/wp-content\/uploads\/2025\/09\/photo-23.png\",\"datePublished\":\"2025-09-29T14:29:53+00:00\",\"dateModified\":\"2025-09-30T09:23:04+00:00\",\"breadcrumb\":{\"@id\":\"https:\/\/courtmetrange.eu\/agenda\/regars-croises-philosophie-et-cinema-la-mouche\/#breadcrumb\"},\"inLanguage\":\"en-GB\",\"potentialAction\":[{\"@type\":\"ReadAction\",\"target\":[\"https:\/\/courtmetrange.eu\/agenda\/regars-croises-philosophie-et-cinema-la-mouche\/\"]}]},{\"@type\":\"ImageObject\",\"inLanguage\":\"en-GB\",\"@id\":\"https:\/\/courtmetrange.eu\/agenda\/regars-croises-philosophie-et-cinema-la-mouche\/#primaryimage\",\"url\":\"https:\/\/courtmetrange.eu\/wp-content\/uploads\/2025\/09\/photo-23.png\",\"contentUrl\":\"https:\/\/courtmetrange.eu\/wp-content\/uploads\/2025\/09\/photo-23.png\",\"width\":744,\"height\":801},{\"@type\":\"BreadcrumbList\",\"@id\":\"https:\/\/courtmetrange.eu\/agenda\/regars-croises-philosophie-et-cinema-la-mouche\/#breadcrumb\",\"itemListElement\":[{\"@type\":\"ListItem\",\"position\":1,\"name\":\"Accueil\",\"item\":\"https:\/\/courtmetrange.eu\/\"},{\"@type\":\"ListItem\",\"position\":2,\"name\":\"Events\",\"item\":\"https:\/\/courtmetrange.eu\/en\/agenda\/\"},{\"@type\":\"ListItem\",\"position\":3,\"name\":\"REGARS CROIS\u00c9S PHILOSOPHIE ET CIN\u00c9MA : LA MOUCHE\"}]},{\"@type\":\"WebSite\",\"@id\":\"https:\/\/courtmetrange.eu\/en\/#website\",\"url\":\"https:\/\/courtmetrange.eu\/en\/\",\"name\":\"Court M\u00e9trange\",\"description\":\"Festival International du court m\u00e9trage insolite et fantastique de Rennes\",\"publisher\":{\"@id\":\"https:\/\/courtmetrange.eu\/en\/#organization\"},\"potentialAction\":[{\"@type\":\"SearchAction\",\"target\":{\"@type\":\"EntryPoint\",\"urlTemplate\":\"https:\/\/courtmetrange.eu\/en\/?s={search_term_string}\"},\"query-input\":{\"@type\":\"PropertyValueSpecification\",\"valueRequired\":true,\"valueName\":\"search_term_string\"}}],\"inLanguage\":\"en-GB\"},{\"@type\":\"Organization\",\"@id\":\"https:\/\/courtmetrange.eu\/en\/#organization\",\"name\":\"Court M\u00e9trange\",\"url\":\"https:\/\/courtmetrange.eu\/en\/\",\"logo\":{\"@type\":\"ImageObject\",\"inLanguage\":\"en-GB\",\"@id\":\"https:\/\/courtmetrange.eu\/en\/#\/schema\/logo\/image\/\",\"url\":\"https:\/\/courtmetrange.eu\/wp-content\/uploads\/2020\/11\/Logo_CourtMetrange.svg\",\"contentUrl\":\"https:\/\/courtmetrange.eu\/wp-content\/uploads\/2020\/11\/Logo_CourtMetrange.svg\",\"width\":251,\"height\":127,\"caption\":\"Court M\u00e9trange\"},\"image\":{\"@id\":\"https:\/\/courtmetrange.eu\/en\/#\/schema\/logo\/image\/\"},\"sameAs\":[\"https:\/\/www.facebook.com\/CourtMetrange\/\",\"https:\/\/x.com\/courtmetrange\",\"https:\/\/www.instagram.com\/courtmetrange.rennes\/\",\"https:\/\/www.youtube.com\/channel\/UCbS9jcW3uiDQeGgZAT29Emw\/videos\"]}]}<\/script>\n<!-- \/ Yoast SEO plugin. -->","yoast_head_json":{"title":"REGARS CROIS\u00c9S PHILOSOPHIE ET CIN\u00c9MA : LA MOUCHE - Court M\u00e9trange","robots":{"index":"noindex","follow":"follow"},"og_locale":"en_GB","og_type":"article","og_title":"REGARS CROIS\u00c9S PHILOSOPHIE ET CIN\u00c9MA : LA MOUCHE - Court M\u00e9trange","og_description":"Rendez-vous incontournable, Regards crois\u00e9s confronte philosophie et cin\u00e9ma \u00e0 travers l\u2019analyse filmique d\u2019un grand film du cin\u00e9ma de genre. Pour sa 21e \u00e9dition, le Festival Court M\u00e9trange s\u2019envole entre les [&hellip;]","og_url":"https:\/\/courtmetrange.eu\/en\/agenda\/regars-croises-philosophie-et-cinema-la-mouche\/","og_site_name":"Court M\u00e9trange","article_publisher":"https:\/\/www.facebook.com\/CourtMetrange\/","article_modified_time":"2025-09-30T09:23:04+00:00","og_image":[{"width":744,"height":801,"url":"https:\/\/courtmetrange.eu\/wp-content\/uploads\/2025\/09\/photo-23.png","type":"image\/png"}],"twitter_card":"summary_large_image","twitter_site":"@courtmetrange","twitter_misc":{"Estimated reading time":"1 minute"},"schema":{"@context":"https:\/\/schema.org","@graph":[{"@type":"WebPage","@id":"https:\/\/courtmetrange.eu\/agenda\/regars-croises-philosophie-et-cinema-la-mouche\/","url":"https:\/\/courtmetrange.eu\/agenda\/regars-croises-philosophie-et-cinema-la-mouche\/","name":"REGARS CROIS\u00c9S PHILOSOPHIE ET CIN\u00c9MA : LA MOUCHE - Court M\u00e9trange","isPartOf":{"@id":"https:\/\/courtmetrange.eu\/en\/#website"},"primaryImageOfPage":{"@id":"https:\/\/courtmetrange.eu\/agenda\/regars-croises-philosophie-et-cinema-la-mouche\/#primaryimage"},"image":{"@id":"https:\/\/courtmetrange.eu\/agenda\/regars-croises-philosophie-et-cinema-la-mouche\/#primaryimage"},"thumbnailUrl":"https:\/\/courtmetrange.eu\/wp-content\/uploads\/2025\/09\/photo-23.png","datePublished":"2025-09-29T14:29:53+00:00","dateModified":"2025-09-30T09:23:04+00:00","breadcrumb":{"@id":"https:\/\/courtmetrange.eu\/agenda\/regars-croises-philosophie-et-cinema-la-mouche\/#breadcrumb"},"inLanguage":"en-GB","potentialAction":[{"@type":"ReadAction","target":["https:\/\/courtmetrange.eu\/agenda\/regars-croises-philosophie-et-cinema-la-mouche\/"]}]},{"@type":"ImageObject","inLanguage":"en-GB","@id":"https:\/\/courtmetrange.eu\/agenda\/regars-croises-philosophie-et-cinema-la-mouche\/#primaryimage","url":"https:\/\/courtmetrange.eu\/wp-content\/uploads\/2025\/09\/photo-23.png","contentUrl":"https:\/\/courtmetrange.eu\/wp-content\/uploads\/2025\/09\/photo-23.png","width":744,"height":801},{"@type":"BreadcrumbList","@id":"https:\/\/courtmetrange.eu\/agenda\/regars-croises-philosophie-et-cinema-la-mouche\/#breadcrumb","itemListElement":[{"@type":"ListItem","position":1,"name":"Accueil","item":"https:\/\/courtmetrange.eu\/"},{"@type":"ListItem","position":2,"name":"Events","item":"https:\/\/courtmetrange.eu\/en\/agenda\/"},{"@type":"ListItem","position":3,"name":"REGARS CROIS\u00c9S PHILOSOPHIE ET CIN\u00c9MA : LA MOUCHE"}]},{"@type":"WebSite","@id":"https:\/\/courtmetrange.eu\/en\/#website","url":"https:\/\/courtmetrange.eu\/en\/","name":"Court M\u00e9trange","description":"Festival International du court m\u00e9trage insolite et fantastique de Rennes","publisher":{"@id":"https:\/\/courtmetrange.eu\/en\/#organization"},"potentialAction":[{"@type":"SearchAction","target":{"@type":"EntryPoint","urlTemplate":"https:\/\/courtmetrange.eu\/en\/?s={search_term_string}"},"query-input":{"@type":"PropertyValueSpecification","valueRequired":true,"valueName":"search_term_string"}}],"inLanguage":"en-GB"},{"@type":"Organization","@id":"https:\/\/courtmetrange.eu\/en\/#organization","name":"Court M\u00e9trange","url":"https:\/\/courtmetrange.eu\/en\/","logo":{"@type":"ImageObject","inLanguage":"en-GB","@id":"https:\/\/courtmetrange.eu\/en\/#\/schema\/logo\/image\/","url":"https:\/\/courtmetrange.eu\/wp-content\/uploads\/2020\/11\/Logo_CourtMetrange.svg","contentUrl":"https:\/\/courtmetrange.eu\/wp-content\/uploads\/2020\/11\/Logo_CourtMetrange.svg","width":251,"height":127,"caption":"Court M\u00e9trange"},"image":{"@id":"https:\/\/courtmetrange.eu\/en\/#\/schema\/logo\/image\/"},"sameAs":["https:\/\/www.facebook.com\/CourtMetrange\/","https:\/\/x.com\/courtmetrange","https:\/\/www.instagram.com\/courtmetrange.rennes\/","https:\/\/www.youtube.com\/channel\/UCbS9jcW3uiDQeGgZAT29Emw\/videos"]}]}},"_links":{"self":[{"href":"https:\/\/courtmetrange.eu\/en\/wp-json\/wp\/v2\/tribe_events\/14489","targetHints":{"allow":["GET"]}}],"collection":[{"href":"https:\/\/courtmetrange.eu\/en\/wp-json\/wp\/v2\/tribe_events"}],"about":[{"href":"https:\/\/courtmetrange.eu\/en\/wp-json\/wp\/v2\/types\/tribe_events"}],"author":[{"embeddable":true,"href":"https:\/\/courtmetrange.eu\/en\/wp-json\/wp\/v2\/users\/9"}],"replies":[{"embeddable":true,"href":"https:\/\/courtmetrange.eu\/en\/wp-json\/wp\/v2\/comments?post=14489"}],"version-history":[{"count":2,"href":"https:\/\/courtmetrange.eu\/en\/wp-json\/wp\/v2\/tribe_events\/14489\/revisions"}],"predecessor-version":[{"id":14537,"href":"https:\/\/courtmetrange.eu\/en\/wp-json\/wp\/v2\/tribe_events\/14489\/revisions\/14537"}],"wp:featuredmedia":[{"embeddable":true,"href":"https:\/\/courtmetrange.eu\/en\/wp-json\/wp\/v2\/media\/14516"}],"wp:attachment":[{"href":"https:\/\/courtmetrange.eu\/en\/wp-json\/wp\/v2\/media?parent=14489"}],"wp:term":[{"taxonomy":"post_tag","embeddable":true,"href":"https:\/\/courtmetrange.eu\/en\/wp-json\/wp\/v2\/tags?post=14489"},{"taxonomy":"tribe_events_cat","embeddable":true,"href":"https:\/\/courtmetrange.eu\/en\/wp-json\/wp\/v2\/tribe_events_cat?post=14489"}],"curies":[{"name":"wp","href":"https:\/\/api.w.org\/{rel}","templated":true}]}}