{"id":14543,"date":"2025-09-30T11:48:13","date_gmt":"2025-09-30T09:48:13","guid":{"rendered":"https:\/\/courtmetrange.eu\/?post_type=tribe_events&#038;p=14543"},"modified":"2025-09-30T11:48:29","modified_gmt":"2025-09-30T09:48:29","slug":"marche-metrange","status":"publish","type":"tribe_events","link":"https:\/\/courtmetrange.eu\/en\/agenda\/marche-metrange\/","title":{"rendered":"MARCH\u00c9 M\u00c9TRANGE"},"content":{"rendered":"<p>Le March\u00e9 M\u00e9trange revient pour sa troisi\u00e8me \u00e9dition ! Au sein du Village M\u00e9trange, leMarch\u00e9 M\u00e9trange accueille cette ann\u00e9e une dizaine d\u2019artisan\u00b7es, d\u2019artistes et de cr\u00e9ateur\u00b7rices. Vous pourrez retrouver tout au long du weekend des cr\u00e9ations oniriques et insolites dans des univers m\u00ealant imaginaire, curiosit\u00e9s, horreur et merveilleux&#8230; \u00e0 admirer et \u00e0 adopter !<\/p>\n<p>Samedi 04 &amp; dimanche 05 octobre &gt; de 11h30 \u00e0 21h00<br \/>\nVillage M\u00e9trange<br \/>\nEntr\u00e9e Gratuite<\/p>\n","protected":false},"excerpt":{"rendered":"<p>Le March\u00e9 M\u00e9trange revient pour sa troisi\u00e8me \u00e9dition ! Au sein du Village M\u00e9trange, leMarch\u00e9 M\u00e9trange accueille cette ann\u00e9e une dizaine d\u2019artisan\u00b7es, d\u2019artistes et de cr\u00e9ateur\u00b7rices. Vous pourrez retrouver tout [&hellip;]<\/p>\n","protected":false},"author":9,"featured_media":14504,"comment_status":"closed","ping_status":"closed","template":"","meta":{"_acf_changed":false,"_et_pb_use_builder":"","_et_pb_old_content":"","_et_gb_content_width":"","_tribe_events_status":"","_tribe_events_status_reason":"","footnotes":""},"tags":[],"tribe_events_cat":[126,85],"class_list":["post-14543","tribe_events","type-tribe_events","status-publish","has-post-thumbnail","hentry","tribe_events_cat-animations-soirees","tribe_events_cat-https-courtmetrange-eu-la-programmation","cat_animations-soirees","cat_https-courtmetrange-eu-la-programmation"],"acf":[],"yoast_head":"<!-- This site is optimized with the Yoast SEO plugin v24.5 - https:\/\/yoast.com\/wordpress\/plugins\/seo\/ -->\n<title>MARCH\u00c9 M\u00c9TRANGE - Court M\u00e9trange<\/title>\n<meta name=\"robots\" content=\"noindex, follow\" \/>\n<meta property=\"og:locale\" content=\"en_GB\" \/>\n<meta property=\"og:type\" content=\"article\" \/>\n<meta property=\"og:title\" content=\"MARCH\u00c9 M\u00c9TRANGE - Court M\u00e9trange\" \/>\n<meta property=\"og:description\" content=\"Le March\u00e9 M\u00e9trange revient pour sa troisi\u00e8me \u00e9dition ! Au sein du Village M\u00e9trange, leMarch\u00e9 M\u00e9trange accueille cette ann\u00e9e une dizaine d\u2019artisan\u00b7es, d\u2019artistes et de cr\u00e9ateur\u00b7rices. Vous pourrez retrouver tout [&hellip;]\" \/>\n<meta property=\"og:url\" content=\"https:\/\/courtmetrange.eu\/en\/agenda\/marche-metrange\/\" \/>\n<meta property=\"og:site_name\" content=\"Court M\u00e9trange\" \/>\n<meta property=\"article:publisher\" content=\"https:\/\/www.facebook.com\/CourtMetrange\/\" \/>\n<meta property=\"article:modified_time\" content=\"2025-09-30T09:48:29+00:00\" \/>\n<meta property=\"og:image\" content=\"https:\/\/courtmetrange.eu\/wp-content\/uploads\/2025\/09\/photo-11.png\" \/>\n\t<meta property=\"og:image:width\" content=\"817\" \/>\n\t<meta property=\"og:image:height\" content=\"763\" \/>\n\t<meta property=\"og:image:type\" content=\"image\/png\" \/>\n<meta name=\"twitter:card\" content=\"summary_large_image\" \/>\n<meta name=\"twitter:site\" content=\"@courtmetrange\" \/>\n<meta name=\"twitter:label1\" content=\"Estimated reading time\" \/>\n\t<meta name=\"twitter:data1\" content=\"1 minute\" \/>\n<script type=\"application\/ld+json\" class=\"yoast-schema-graph\">{\"@context\":\"https:\/\/schema.org\",\"@graph\":[{\"@type\":\"WebPage\",\"@id\":\"https:\/\/courtmetrange.eu\/agenda\/marche-metrange\/\",\"url\":\"https:\/\/courtmetrange.eu\/agenda\/marche-metrange\/\",\"name\":\"MARCH\u00c9 M\u00c9TRANGE - Court M\u00e9trange\",\"isPartOf\":{\"@id\":\"https:\/\/courtmetrange.eu\/en\/#website\"},\"primaryImageOfPage\":{\"@id\":\"https:\/\/courtmetrange.eu\/agenda\/marche-metrange\/#primaryimage\"},\"image\":{\"@id\":\"https:\/\/courtmetrange.eu\/agenda\/marche-metrange\/#primaryimage\"},\"thumbnailUrl\":\"https:\/\/courtmetrange.eu\/wp-content\/uploads\/2025\/09\/photo-11.png\",\"datePublished\":\"2025-09-30T09:48:13+00:00\",\"dateModified\":\"2025-09-30T09:48:29+00:00\",\"breadcrumb\":{\"@id\":\"https:\/\/courtmetrange.eu\/agenda\/marche-metrange\/#breadcrumb\"},\"inLanguage\":\"en-GB\",\"potentialAction\":[{\"@type\":\"ReadAction\",\"target\":[\"https:\/\/courtmetrange.eu\/agenda\/marche-metrange\/\"]}]},{\"@type\":\"ImageObject\",\"inLanguage\":\"en-GB\",\"@id\":\"https:\/\/courtmetrange.eu\/agenda\/marche-metrange\/#primaryimage\",\"url\":\"https:\/\/courtmetrange.eu\/wp-content\/uploads\/2025\/09\/photo-11.png\",\"contentUrl\":\"https:\/\/courtmetrange.eu\/wp-content\/uploads\/2025\/09\/photo-11.png\",\"width\":817,\"height\":763},{\"@type\":\"BreadcrumbList\",\"@id\":\"https:\/\/courtmetrange.eu\/agenda\/marche-metrange\/#breadcrumb\",\"itemListElement\":[{\"@type\":\"ListItem\",\"position\":1,\"name\":\"Accueil\",\"item\":\"https:\/\/courtmetrange.eu\/\"},{\"@type\":\"ListItem\",\"position\":2,\"name\":\"Events\",\"item\":\"https:\/\/courtmetrange.eu\/en\/agenda\/\"},{\"@type\":\"ListItem\",\"position\":3,\"name\":\"MARCH\u00c9 M\u00c9TRANGE\"}]},{\"@type\":\"WebSite\",\"@id\":\"https:\/\/courtmetrange.eu\/en\/#website\",\"url\":\"https:\/\/courtmetrange.eu\/en\/\",\"name\":\"Court M\u00e9trange\",\"description\":\"Festival International du court m\u00e9trage insolite et fantastique de Rennes\",\"publisher\":{\"@id\":\"https:\/\/courtmetrange.eu\/en\/#organization\"},\"potentialAction\":[{\"@type\":\"SearchAction\",\"target\":{\"@type\":\"EntryPoint\",\"urlTemplate\":\"https:\/\/courtmetrange.eu\/en\/?s={search_term_string}\"},\"query-input\":{\"@type\":\"PropertyValueSpecification\",\"valueRequired\":true,\"valueName\":\"search_term_string\"}}],\"inLanguage\":\"en-GB\"},{\"@type\":\"Organization\",\"@id\":\"https:\/\/courtmetrange.eu\/en\/#organization\",\"name\":\"Court M\u00e9trange\",\"url\":\"https:\/\/courtmetrange.eu\/en\/\",\"logo\":{\"@type\":\"ImageObject\",\"inLanguage\":\"en-GB\",\"@id\":\"https:\/\/courtmetrange.eu\/en\/#\/schema\/logo\/image\/\",\"url\":\"https:\/\/courtmetrange.eu\/wp-content\/uploads\/2020\/11\/Logo_CourtMetrange.svg\",\"contentUrl\":\"https:\/\/courtmetrange.eu\/wp-content\/uploads\/2020\/11\/Logo_CourtMetrange.svg\",\"width\":251,\"height\":127,\"caption\":\"Court M\u00e9trange\"},\"image\":{\"@id\":\"https:\/\/courtmetrange.eu\/en\/#\/schema\/logo\/image\/\"},\"sameAs\":[\"https:\/\/www.facebook.com\/CourtMetrange\/\",\"https:\/\/x.com\/courtmetrange\",\"https:\/\/www.instagram.com\/courtmetrange.rennes\/\",\"https:\/\/www.youtube.com\/channel\/UCbS9jcW3uiDQeGgZAT29Emw\/videos\"]}]}<\/script>\n<!-- \/ Yoast SEO plugin. -->","yoast_head_json":{"title":"MARCH\u00c9 M\u00c9TRANGE - Court M\u00e9trange","robots":{"index":"noindex","follow":"follow"},"og_locale":"en_GB","og_type":"article","og_title":"MARCH\u00c9 M\u00c9TRANGE - Court M\u00e9trange","og_description":"Le March\u00e9 M\u00e9trange revient pour sa troisi\u00e8me \u00e9dition ! Au sein du Village M\u00e9trange, leMarch\u00e9 M\u00e9trange accueille cette ann\u00e9e une dizaine d\u2019artisan\u00b7es, d\u2019artistes et de cr\u00e9ateur\u00b7rices. Vous pourrez retrouver tout [&hellip;]","og_url":"https:\/\/courtmetrange.eu\/en\/agenda\/marche-metrange\/","og_site_name":"Court M\u00e9trange","article_publisher":"https:\/\/www.facebook.com\/CourtMetrange\/","article_modified_time":"2025-09-30T09:48:29+00:00","og_image":[{"width":817,"height":763,"url":"https:\/\/courtmetrange.eu\/wp-content\/uploads\/2025\/09\/photo-11.png","type":"image\/png"}],"twitter_card":"summary_large_image","twitter_site":"@courtmetrange","twitter_misc":{"Estimated reading time":"1 minute"},"schema":{"@context":"https:\/\/schema.org","@graph":[{"@type":"WebPage","@id":"https:\/\/courtmetrange.eu\/agenda\/marche-metrange\/","url":"https:\/\/courtmetrange.eu\/agenda\/marche-metrange\/","name":"MARCH\u00c9 M\u00c9TRANGE - Court M\u00e9trange","isPartOf":{"@id":"https:\/\/courtmetrange.eu\/en\/#website"},"primaryImageOfPage":{"@id":"https:\/\/courtmetrange.eu\/agenda\/marche-metrange\/#primaryimage"},"image":{"@id":"https:\/\/courtmetrange.eu\/agenda\/marche-metrange\/#primaryimage"},"thumbnailUrl":"https:\/\/courtmetrange.eu\/wp-content\/uploads\/2025\/09\/photo-11.png","datePublished":"2025-09-30T09:48:13+00:00","dateModified":"2025-09-30T09:48:29+00:00","breadcrumb":{"@id":"https:\/\/courtmetrange.eu\/agenda\/marche-metrange\/#breadcrumb"},"inLanguage":"en-GB","potentialAction":[{"@type":"ReadAction","target":["https:\/\/courtmetrange.eu\/agenda\/marche-metrange\/"]}]},{"@type":"ImageObject","inLanguage":"en-GB","@id":"https:\/\/courtmetrange.eu\/agenda\/marche-metrange\/#primaryimage","url":"https:\/\/courtmetrange.eu\/wp-content\/uploads\/2025\/09\/photo-11.png","contentUrl":"https:\/\/courtmetrange.eu\/wp-content\/uploads\/2025\/09\/photo-11.png","width":817,"height":763},{"@type":"BreadcrumbList","@id":"https:\/\/courtmetrange.eu\/agenda\/marche-metrange\/#breadcrumb","itemListElement":[{"@type":"ListItem","position":1,"name":"Accueil","item":"https:\/\/courtmetrange.eu\/"},{"@type":"ListItem","position":2,"name":"Events","item":"https:\/\/courtmetrange.eu\/en\/agenda\/"},{"@type":"ListItem","position":3,"name":"MARCH\u00c9 M\u00c9TRANGE"}]},{"@type":"WebSite","@id":"https:\/\/courtmetrange.eu\/en\/#website","url":"https:\/\/courtmetrange.eu\/en\/","name":"Court M\u00e9trange","description":"Festival International du court m\u00e9trage insolite et fantastique de Rennes","publisher":{"@id":"https:\/\/courtmetrange.eu\/en\/#organization"},"potentialAction":[{"@type":"SearchAction","target":{"@type":"EntryPoint","urlTemplate":"https:\/\/courtmetrange.eu\/en\/?s={search_term_string}"},"query-input":{"@type":"PropertyValueSpecification","valueRequired":true,"valueName":"search_term_string"}}],"inLanguage":"en-GB"},{"@type":"Organization","@id":"https:\/\/courtmetrange.eu\/en\/#organization","name":"Court M\u00e9trange","url":"https:\/\/courtmetrange.eu\/en\/","logo":{"@type":"ImageObject","inLanguage":"en-GB","@id":"https:\/\/courtmetrange.eu\/en\/#\/schema\/logo\/image\/","url":"https:\/\/courtmetrange.eu\/wp-content\/uploads\/2020\/11\/Logo_CourtMetrange.svg","contentUrl":"https:\/\/courtmetrange.eu\/wp-content\/uploads\/2020\/11\/Logo_CourtMetrange.svg","width":251,"height":127,"caption":"Court M\u00e9trange"},"image":{"@id":"https:\/\/courtmetrange.eu\/en\/#\/schema\/logo\/image\/"},"sameAs":["https:\/\/www.facebook.com\/CourtMetrange\/","https:\/\/x.com\/courtmetrange","https:\/\/www.instagram.com\/courtmetrange.rennes\/","https:\/\/www.youtube.com\/channel\/UCbS9jcW3uiDQeGgZAT29Emw\/videos"]}]}},"_links":{"self":[{"href":"https:\/\/courtmetrange.eu\/en\/wp-json\/wp\/v2\/tribe_events\/14543","targetHints":{"allow":["GET"]}}],"collection":[{"href":"https:\/\/courtmetrange.eu\/en\/wp-json\/wp\/v2\/tribe_events"}],"about":[{"href":"https:\/\/courtmetrange.eu\/en\/wp-json\/wp\/v2\/types\/tribe_events"}],"author":[{"embeddable":true,"href":"https:\/\/courtmetrange.eu\/en\/wp-json\/wp\/v2\/users\/9"}],"replies":[{"embeddable":true,"href":"https:\/\/courtmetrange.eu\/en\/wp-json\/wp\/v2\/comments?post=14543"}],"version-history":[{"count":1,"href":"https:\/\/courtmetrange.eu\/en\/wp-json\/wp\/v2\/tribe_events\/14543\/revisions"}],"predecessor-version":[{"id":14544,"href":"https:\/\/courtmetrange.eu\/en\/wp-json\/wp\/v2\/tribe_events\/14543\/revisions\/14544"}],"wp:featuredmedia":[{"embeddable":true,"href":"https:\/\/courtmetrange.eu\/en\/wp-json\/wp\/v2\/media\/14504"}],"wp:attachment":[{"href":"https:\/\/courtmetrange.eu\/en\/wp-json\/wp\/v2\/media?parent=14543"}],"wp:term":[{"taxonomy":"post_tag","embeddable":true,"href":"https:\/\/courtmetrange.eu\/en\/wp-json\/wp\/v2\/tags?post=14543"},{"taxonomy":"tribe_events_cat","embeddable":true,"href":"https:\/\/courtmetrange.eu\/en\/wp-json\/wp\/v2\/tribe_events_cat?post=14543"}],"curies":[{"name":"wp","href":"https:\/\/api.w.org\/{rel}","templated":true}]}}