{"id":14551,"date":"2025-09-30T11:56:17","date_gmt":"2025-09-30T09:56:17","guid":{"rendered":"https:\/\/courtmetrange.eu\/?post_type=tribe_events&#038;p=14551"},"modified":"2025-09-30T11:58:02","modified_gmt":"2025-09-30T09:58:02","slug":"atelier-aquarelle","status":"publish","type":"tribe_events","link":"https:\/\/courtmetrange.eu\/en\/agenda\/atelier-aquarelle\/","title":{"rendered":"ATELIER AQUARELLE"},"content":{"rendered":"<p>Venez participer \u00e0 une initiation \u00e0 l\u2019aquarelle faite par Aurore, artiste plasticienne et<br \/>\nanimatrice rennaise. Dans le cadre du Parcours M\u00e9trange en lien avec l\u2019exposition T\u00eatard, nous vous proposons cette animation afin d\u00e9couvrir les techniques de l\u2019aquarelle et vous exercer en \u00e9tant accompagn\u00e9. En prime, vous pourrez repartir avec un dessin r\u00e9alis\u00e9 par Aurore.<\/p>\n<p>Samedi 04 &amp; dimanche 05 octobre &gt; de 15h00 \u00e0 16h30<br \/>\nVillage M\u00e9trange<br \/>\nTarif 7\u20ac \u2022 D\u00e8s 6 ans<\/p>\n","protected":false},"excerpt":{"rendered":"<p>Venez participer \u00e0 une initiation \u00e0 l\u2019aquarelle faite par Aurore, artiste plasticienne et animatrice rennaise. Dans le cadre du Parcours M\u00e9trange en lien avec l\u2019exposition T\u00eatard, nous vous proposons cette [&hellip;]<\/p>\n","protected":false},"author":9,"featured_media":14502,"comment_status":"closed","ping_status":"closed","template":"","meta":{"_acf_changed":false,"_et_pb_use_builder":"","_et_pb_old_content":"","_et_gb_content_width":"","_tribe_events_status":"","_tribe_events_status_reason":"","footnotes":""},"tags":[],"tribe_events_cat":[126,85],"class_list":["post-14551","tribe_events","type-tribe_events","status-publish","has-post-thumbnail","hentry","tribe_events_cat-animations-soirees","tribe_events_cat-https-courtmetrange-eu-la-programmation","cat_animations-soirees","cat_https-courtmetrange-eu-la-programmation"],"acf":[],"yoast_head":"<!-- This site is optimized with the Yoast SEO plugin v24.5 - https:\/\/yoast.com\/wordpress\/plugins\/seo\/ -->\n<title>ATELIER AQUARELLE - Court M\u00e9trange<\/title>\n<meta name=\"robots\" content=\"noindex, follow\" \/>\n<meta property=\"og:locale\" content=\"en_GB\" \/>\n<meta property=\"og:type\" content=\"article\" \/>\n<meta property=\"og:title\" content=\"ATELIER AQUARELLE - Court M\u00e9trange\" \/>\n<meta property=\"og:description\" content=\"Venez participer \u00e0 une initiation \u00e0 l\u2019aquarelle faite par Aurore, artiste plasticienne et animatrice rennaise. Dans le cadre du Parcours M\u00e9trange en lien avec l\u2019exposition T\u00eatard, nous vous proposons cette [&hellip;]\" \/>\n<meta property=\"og:url\" content=\"https:\/\/courtmetrange.eu\/en\/agenda\/atelier-aquarelle\/\" \/>\n<meta property=\"og:site_name\" content=\"Court M\u00e9trange\" \/>\n<meta property=\"article:publisher\" content=\"https:\/\/www.facebook.com\/CourtMetrange\/\" \/>\n<meta property=\"article:modified_time\" content=\"2025-09-30T09:58:02+00:00\" \/>\n<meta property=\"og:image\" content=\"https:\/\/courtmetrange.eu\/wp-content\/uploads\/2025\/09\/photo-09.png\" \/>\n\t<meta property=\"og:image:width\" content=\"732\" \/>\n\t<meta property=\"og:image:height\" content=\"817\" \/>\n\t<meta property=\"og:image:type\" content=\"image\/png\" \/>\n<meta name=\"twitter:card\" content=\"summary_large_image\" \/>\n<meta name=\"twitter:site\" content=\"@courtmetrange\" \/>\n<meta name=\"twitter:label1\" content=\"Estimated reading time\" \/>\n\t<meta name=\"twitter:data1\" content=\"1 minute\" \/>\n<script type=\"application\/ld+json\" class=\"yoast-schema-graph\">{\"@context\":\"https:\/\/schema.org\",\"@graph\":[{\"@type\":\"WebPage\",\"@id\":\"https:\/\/courtmetrange.eu\/agenda\/atelier-aquarelle\/\",\"url\":\"https:\/\/courtmetrange.eu\/agenda\/atelier-aquarelle\/\",\"name\":\"ATELIER AQUARELLE - Court M\u00e9trange\",\"isPartOf\":{\"@id\":\"https:\/\/courtmetrange.eu\/en\/#website\"},\"primaryImageOfPage\":{\"@id\":\"https:\/\/courtmetrange.eu\/agenda\/atelier-aquarelle\/#primaryimage\"},\"image\":{\"@id\":\"https:\/\/courtmetrange.eu\/agenda\/atelier-aquarelle\/#primaryimage\"},\"thumbnailUrl\":\"https:\/\/courtmetrange.eu\/wp-content\/uploads\/2025\/09\/photo-09.png\",\"datePublished\":\"2025-09-30T09:56:17+00:00\",\"dateModified\":\"2025-09-30T09:58:02+00:00\",\"breadcrumb\":{\"@id\":\"https:\/\/courtmetrange.eu\/agenda\/atelier-aquarelle\/#breadcrumb\"},\"inLanguage\":\"en-GB\",\"potentialAction\":[{\"@type\":\"ReadAction\",\"target\":[\"https:\/\/courtmetrange.eu\/agenda\/atelier-aquarelle\/\"]}]},{\"@type\":\"ImageObject\",\"inLanguage\":\"en-GB\",\"@id\":\"https:\/\/courtmetrange.eu\/agenda\/atelier-aquarelle\/#primaryimage\",\"url\":\"https:\/\/courtmetrange.eu\/wp-content\/uploads\/2025\/09\/photo-09.png\",\"contentUrl\":\"https:\/\/courtmetrange.eu\/wp-content\/uploads\/2025\/09\/photo-09.png\",\"width\":732,\"height\":817},{\"@type\":\"BreadcrumbList\",\"@id\":\"https:\/\/courtmetrange.eu\/agenda\/atelier-aquarelle\/#breadcrumb\",\"itemListElement\":[{\"@type\":\"ListItem\",\"position\":1,\"name\":\"Accueil\",\"item\":\"https:\/\/courtmetrange.eu\/\"},{\"@type\":\"ListItem\",\"position\":2,\"name\":\"Events\",\"item\":\"https:\/\/courtmetrange.eu\/en\/agenda\/\"},{\"@type\":\"ListItem\",\"position\":3,\"name\":\"ATELIER AQUARELLE\"}]},{\"@type\":\"WebSite\",\"@id\":\"https:\/\/courtmetrange.eu\/en\/#website\",\"url\":\"https:\/\/courtmetrange.eu\/en\/\",\"name\":\"Court M\u00e9trange\",\"description\":\"Festival International du court m\u00e9trage insolite et fantastique de Rennes\",\"publisher\":{\"@id\":\"https:\/\/courtmetrange.eu\/en\/#organization\"},\"potentialAction\":[{\"@type\":\"SearchAction\",\"target\":{\"@type\":\"EntryPoint\",\"urlTemplate\":\"https:\/\/courtmetrange.eu\/en\/?s={search_term_string}\"},\"query-input\":{\"@type\":\"PropertyValueSpecification\",\"valueRequired\":true,\"valueName\":\"search_term_string\"}}],\"inLanguage\":\"en-GB\"},{\"@type\":\"Organization\",\"@id\":\"https:\/\/courtmetrange.eu\/en\/#organization\",\"name\":\"Court M\u00e9trange\",\"url\":\"https:\/\/courtmetrange.eu\/en\/\",\"logo\":{\"@type\":\"ImageObject\",\"inLanguage\":\"en-GB\",\"@id\":\"https:\/\/courtmetrange.eu\/en\/#\/schema\/logo\/image\/\",\"url\":\"https:\/\/courtmetrange.eu\/wp-content\/uploads\/2020\/11\/Logo_CourtMetrange.svg\",\"contentUrl\":\"https:\/\/courtmetrange.eu\/wp-content\/uploads\/2020\/11\/Logo_CourtMetrange.svg\",\"width\":251,\"height\":127,\"caption\":\"Court M\u00e9trange\"},\"image\":{\"@id\":\"https:\/\/courtmetrange.eu\/en\/#\/schema\/logo\/image\/\"},\"sameAs\":[\"https:\/\/www.facebook.com\/CourtMetrange\/\",\"https:\/\/x.com\/courtmetrange\",\"https:\/\/www.instagram.com\/courtmetrange.rennes\/\",\"https:\/\/www.youtube.com\/channel\/UCbS9jcW3uiDQeGgZAT29Emw\/videos\"]}]}<\/script>\n<!-- \/ Yoast SEO plugin. -->","yoast_head_json":{"title":"ATELIER AQUARELLE - Court M\u00e9trange","robots":{"index":"noindex","follow":"follow"},"og_locale":"en_GB","og_type":"article","og_title":"ATELIER AQUARELLE - Court M\u00e9trange","og_description":"Venez participer \u00e0 une initiation \u00e0 l\u2019aquarelle faite par Aurore, artiste plasticienne et animatrice rennaise. Dans le cadre du Parcours M\u00e9trange en lien avec l\u2019exposition T\u00eatard, nous vous proposons cette [&hellip;]","og_url":"https:\/\/courtmetrange.eu\/en\/agenda\/atelier-aquarelle\/","og_site_name":"Court M\u00e9trange","article_publisher":"https:\/\/www.facebook.com\/CourtMetrange\/","article_modified_time":"2025-09-30T09:58:02+00:00","og_image":[{"width":732,"height":817,"url":"https:\/\/courtmetrange.eu\/wp-content\/uploads\/2025\/09\/photo-09.png","type":"image\/png"}],"twitter_card":"summary_large_image","twitter_site":"@courtmetrange","twitter_misc":{"Estimated reading time":"1 minute"},"schema":{"@context":"https:\/\/schema.org","@graph":[{"@type":"WebPage","@id":"https:\/\/courtmetrange.eu\/agenda\/atelier-aquarelle\/","url":"https:\/\/courtmetrange.eu\/agenda\/atelier-aquarelle\/","name":"ATELIER AQUARELLE - Court M\u00e9trange","isPartOf":{"@id":"https:\/\/courtmetrange.eu\/en\/#website"},"primaryImageOfPage":{"@id":"https:\/\/courtmetrange.eu\/agenda\/atelier-aquarelle\/#primaryimage"},"image":{"@id":"https:\/\/courtmetrange.eu\/agenda\/atelier-aquarelle\/#primaryimage"},"thumbnailUrl":"https:\/\/courtmetrange.eu\/wp-content\/uploads\/2025\/09\/photo-09.png","datePublished":"2025-09-30T09:56:17+00:00","dateModified":"2025-09-30T09:58:02+00:00","breadcrumb":{"@id":"https:\/\/courtmetrange.eu\/agenda\/atelier-aquarelle\/#breadcrumb"},"inLanguage":"en-GB","potentialAction":[{"@type":"ReadAction","target":["https:\/\/courtmetrange.eu\/agenda\/atelier-aquarelle\/"]}]},{"@type":"ImageObject","inLanguage":"en-GB","@id":"https:\/\/courtmetrange.eu\/agenda\/atelier-aquarelle\/#primaryimage","url":"https:\/\/courtmetrange.eu\/wp-content\/uploads\/2025\/09\/photo-09.png","contentUrl":"https:\/\/courtmetrange.eu\/wp-content\/uploads\/2025\/09\/photo-09.png","width":732,"height":817},{"@type":"BreadcrumbList","@id":"https:\/\/courtmetrange.eu\/agenda\/atelier-aquarelle\/#breadcrumb","itemListElement":[{"@type":"ListItem","position":1,"name":"Accueil","item":"https:\/\/courtmetrange.eu\/"},{"@type":"ListItem","position":2,"name":"Events","item":"https:\/\/courtmetrange.eu\/en\/agenda\/"},{"@type":"ListItem","position":3,"name":"ATELIER AQUARELLE"}]},{"@type":"WebSite","@id":"https:\/\/courtmetrange.eu\/en\/#website","url":"https:\/\/courtmetrange.eu\/en\/","name":"Court M\u00e9trange","description":"Festival International du court m\u00e9trage insolite et fantastique de Rennes","publisher":{"@id":"https:\/\/courtmetrange.eu\/en\/#organization"},"potentialAction":[{"@type":"SearchAction","target":{"@type":"EntryPoint","urlTemplate":"https:\/\/courtmetrange.eu\/en\/?s={search_term_string}"},"query-input":{"@type":"PropertyValueSpecification","valueRequired":true,"valueName":"search_term_string"}}],"inLanguage":"en-GB"},{"@type":"Organization","@id":"https:\/\/courtmetrange.eu\/en\/#organization","name":"Court M\u00e9trange","url":"https:\/\/courtmetrange.eu\/en\/","logo":{"@type":"ImageObject","inLanguage":"en-GB","@id":"https:\/\/courtmetrange.eu\/en\/#\/schema\/logo\/image\/","url":"https:\/\/courtmetrange.eu\/wp-content\/uploads\/2020\/11\/Logo_CourtMetrange.svg","contentUrl":"https:\/\/courtmetrange.eu\/wp-content\/uploads\/2020\/11\/Logo_CourtMetrange.svg","width":251,"height":127,"caption":"Court M\u00e9trange"},"image":{"@id":"https:\/\/courtmetrange.eu\/en\/#\/schema\/logo\/image\/"},"sameAs":["https:\/\/www.facebook.com\/CourtMetrange\/","https:\/\/x.com\/courtmetrange","https:\/\/www.instagram.com\/courtmetrange.rennes\/","https:\/\/www.youtube.com\/channel\/UCbS9jcW3uiDQeGgZAT29Emw\/videos"]}]}},"_links":{"self":[{"href":"https:\/\/courtmetrange.eu\/en\/wp-json\/wp\/v2\/tribe_events\/14551","targetHints":{"allow":["GET"]}}],"collection":[{"href":"https:\/\/courtmetrange.eu\/en\/wp-json\/wp\/v2\/tribe_events"}],"about":[{"href":"https:\/\/courtmetrange.eu\/en\/wp-json\/wp\/v2\/types\/tribe_events"}],"author":[{"embeddable":true,"href":"https:\/\/courtmetrange.eu\/en\/wp-json\/wp\/v2\/users\/9"}],"replies":[{"embeddable":true,"href":"https:\/\/courtmetrange.eu\/en\/wp-json\/wp\/v2\/comments?post=14551"}],"version-history":[{"count":1,"href":"https:\/\/courtmetrange.eu\/en\/wp-json\/wp\/v2\/tribe_events\/14551\/revisions"}],"predecessor-version":[{"id":14552,"href":"https:\/\/courtmetrange.eu\/en\/wp-json\/wp\/v2\/tribe_events\/14551\/revisions\/14552"}],"wp:featuredmedia":[{"embeddable":true,"href":"https:\/\/courtmetrange.eu\/en\/wp-json\/wp\/v2\/media\/14502"}],"wp:attachment":[{"href":"https:\/\/courtmetrange.eu\/en\/wp-json\/wp\/v2\/media?parent=14551"}],"wp:term":[{"taxonomy":"post_tag","embeddable":true,"href":"https:\/\/courtmetrange.eu\/en\/wp-json\/wp\/v2\/tags?post=14551"},{"taxonomy":"tribe_events_cat","embeddable":true,"href":"https:\/\/courtmetrange.eu\/en\/wp-json\/wp\/v2\/tribe_events_cat?post=14551"}],"curies":[{"name":"wp","href":"https:\/\/api.w.org\/{rel}","templated":true}]}}