{"id":14554,"date":"2025-09-30T12:00:39","date_gmt":"2025-09-30T10:00:39","guid":{"rendered":"https:\/\/courtmetrange.eu\/?post_type=tribe_events&#038;p=14554"},"modified":"2025-09-30T12:00:39","modified_gmt":"2025-09-30T10:00:39","slug":"atelier-gourmand","status":"publish","type":"tribe_events","link":"https:\/\/courtmetrange.eu\/en\/agenda\/atelier-gourmand\/","title":{"rendered":"ATELIER GOURMAND"},"content":{"rendered":"<p>Avec Jeanne, le Festival Court M\u00e9trange offre un peu de fantaisie culinaire. Le temps d\u2019un atelier, parents et enfants pourront imaginer et cr\u00e9er le d\u00e9cor de leur cupcake. Des g\u00e2teaux \u00e0 croquer, aussi bizarres que ludiques, aux couleurs de l\u2019animalit\u00e9.<\/p>\n<p>Dimanche 05 octobre &gt; 15h00 \u00e0 16h30 Village M\u00e9trange<br \/>\nTarif 5\u20ac \u2022 D\u00e8s 6 ans<\/p>\n","protected":false},"excerpt":{"rendered":"<p>Avec Jeanne, le Festival Court M\u00e9trange offre un peu de fantaisie culinaire. Le temps d\u2019un atelier, parents et enfants pourront imaginer et cr\u00e9er le d\u00e9cor de leur cupcake. Des g\u00e2teaux [&hellip;]<\/p>\n","protected":false},"author":9,"featured_media":14508,"comment_status":"closed","ping_status":"closed","template":"","meta":{"_acf_changed":false,"_et_pb_use_builder":"","_et_pb_old_content":"","_et_gb_content_width":"","_tribe_events_status":"","_tribe_events_status_reason":"","footnotes":""},"tags":[],"tribe_events_cat":[126,85],"class_list":["post-14554","tribe_events","type-tribe_events","status-publish","has-post-thumbnail","hentry","tribe_events_cat-animations-soirees","tribe_events_cat-https-courtmetrange-eu-la-programmation","cat_animations-soirees","cat_https-courtmetrange-eu-la-programmation"],"acf":[],"yoast_head":"<!-- This site is optimized with the Yoast SEO plugin v24.5 - https:\/\/yoast.com\/wordpress\/plugins\/seo\/ -->\n<title>ATELIER GOURMAND - Court M\u00e9trange<\/title>\n<meta name=\"robots\" content=\"noindex, follow\" \/>\n<meta property=\"og:locale\" content=\"en_GB\" \/>\n<meta property=\"og:type\" content=\"article\" \/>\n<meta property=\"og:title\" content=\"ATELIER GOURMAND - Court M\u00e9trange\" \/>\n<meta property=\"og:description\" content=\"Avec Jeanne, le Festival Court M\u00e9trange offre un peu de fantaisie culinaire. Le temps d\u2019un atelier, parents et enfants pourront imaginer et cr\u00e9er le d\u00e9cor de leur cupcake. Des g\u00e2teaux [&hellip;]\" \/>\n<meta property=\"og:url\" content=\"https:\/\/courtmetrange.eu\/en\/agenda\/atelier-gourmand\/\" \/>\n<meta property=\"og:site_name\" content=\"Court M\u00e9trange\" \/>\n<meta property=\"article:publisher\" content=\"https:\/\/www.facebook.com\/CourtMetrange\/\" \/>\n<meta property=\"og:image\" content=\"https:\/\/courtmetrange.eu\/wp-content\/uploads\/2025\/09\/photo-15.png\" \/>\n\t<meta property=\"og:image:width\" content=\"754\" \/>\n\t<meta property=\"og:image:height\" content=\"923\" \/>\n\t<meta property=\"og:image:type\" content=\"image\/png\" \/>\n<meta name=\"twitter:card\" content=\"summary_large_image\" \/>\n<meta name=\"twitter:site\" content=\"@courtmetrange\" \/>\n<meta name=\"twitter:label1\" content=\"Estimated reading time\" \/>\n\t<meta name=\"twitter:data1\" content=\"1 minute\" \/>\n<script type=\"application\/ld+json\" class=\"yoast-schema-graph\">{\"@context\":\"https:\/\/schema.org\",\"@graph\":[{\"@type\":\"WebPage\",\"@id\":\"https:\/\/courtmetrange.eu\/agenda\/atelier-gourmand\/\",\"url\":\"https:\/\/courtmetrange.eu\/agenda\/atelier-gourmand\/\",\"name\":\"ATELIER GOURMAND - Court M\u00e9trange\",\"isPartOf\":{\"@id\":\"https:\/\/courtmetrange.eu\/en\/#website\"},\"primaryImageOfPage\":{\"@id\":\"https:\/\/courtmetrange.eu\/agenda\/atelier-gourmand\/#primaryimage\"},\"image\":{\"@id\":\"https:\/\/courtmetrange.eu\/agenda\/atelier-gourmand\/#primaryimage\"},\"thumbnailUrl\":\"https:\/\/courtmetrange.eu\/wp-content\/uploads\/2025\/09\/photo-15.png\",\"datePublished\":\"2025-09-30T10:00:39+00:00\",\"breadcrumb\":{\"@id\":\"https:\/\/courtmetrange.eu\/agenda\/atelier-gourmand\/#breadcrumb\"},\"inLanguage\":\"en-GB\",\"potentialAction\":[{\"@type\":\"ReadAction\",\"target\":[\"https:\/\/courtmetrange.eu\/agenda\/atelier-gourmand\/\"]}]},{\"@type\":\"ImageObject\",\"inLanguage\":\"en-GB\",\"@id\":\"https:\/\/courtmetrange.eu\/agenda\/atelier-gourmand\/#primaryimage\",\"url\":\"https:\/\/courtmetrange.eu\/wp-content\/uploads\/2025\/09\/photo-15.png\",\"contentUrl\":\"https:\/\/courtmetrange.eu\/wp-content\/uploads\/2025\/09\/photo-15.png\",\"width\":754,\"height\":923},{\"@type\":\"BreadcrumbList\",\"@id\":\"https:\/\/courtmetrange.eu\/agenda\/atelier-gourmand\/#breadcrumb\",\"itemListElement\":[{\"@type\":\"ListItem\",\"position\":1,\"name\":\"Accueil\",\"item\":\"https:\/\/courtmetrange.eu\/\"},{\"@type\":\"ListItem\",\"position\":2,\"name\":\"Events\",\"item\":\"https:\/\/courtmetrange.eu\/en\/agenda\/\"},{\"@type\":\"ListItem\",\"position\":3,\"name\":\"ATELIER GOURMAND\"}]},{\"@type\":\"WebSite\",\"@id\":\"https:\/\/courtmetrange.eu\/en\/#website\",\"url\":\"https:\/\/courtmetrange.eu\/en\/\",\"name\":\"Court M\u00e9trange\",\"description\":\"Festival International du court m\u00e9trage insolite et fantastique de Rennes\",\"publisher\":{\"@id\":\"https:\/\/courtmetrange.eu\/en\/#organization\"},\"potentialAction\":[{\"@type\":\"SearchAction\",\"target\":{\"@type\":\"EntryPoint\",\"urlTemplate\":\"https:\/\/courtmetrange.eu\/en\/?s={search_term_string}\"},\"query-input\":{\"@type\":\"PropertyValueSpecification\",\"valueRequired\":true,\"valueName\":\"search_term_string\"}}],\"inLanguage\":\"en-GB\"},{\"@type\":\"Organization\",\"@id\":\"https:\/\/courtmetrange.eu\/en\/#organization\",\"name\":\"Court M\u00e9trange\",\"url\":\"https:\/\/courtmetrange.eu\/en\/\",\"logo\":{\"@type\":\"ImageObject\",\"inLanguage\":\"en-GB\",\"@id\":\"https:\/\/courtmetrange.eu\/en\/#\/schema\/logo\/image\/\",\"url\":\"https:\/\/courtmetrange.eu\/wp-content\/uploads\/2020\/11\/Logo_CourtMetrange.svg\",\"contentUrl\":\"https:\/\/courtmetrange.eu\/wp-content\/uploads\/2020\/11\/Logo_CourtMetrange.svg\",\"width\":251,\"height\":127,\"caption\":\"Court M\u00e9trange\"},\"image\":{\"@id\":\"https:\/\/courtmetrange.eu\/en\/#\/schema\/logo\/image\/\"},\"sameAs\":[\"https:\/\/www.facebook.com\/CourtMetrange\/\",\"https:\/\/x.com\/courtmetrange\",\"https:\/\/www.instagram.com\/courtmetrange.rennes\/\",\"https:\/\/www.youtube.com\/channel\/UCbS9jcW3uiDQeGgZAT29Emw\/videos\"]}]}<\/script>\n<!-- \/ Yoast SEO plugin. -->","yoast_head_json":{"title":"ATELIER GOURMAND - Court M\u00e9trange","robots":{"index":"noindex","follow":"follow"},"og_locale":"en_GB","og_type":"article","og_title":"ATELIER GOURMAND - Court M\u00e9trange","og_description":"Avec Jeanne, le Festival Court M\u00e9trange offre un peu de fantaisie culinaire. Le temps d\u2019un atelier, parents et enfants pourront imaginer et cr\u00e9er le d\u00e9cor de leur cupcake. Des g\u00e2teaux [&hellip;]","og_url":"https:\/\/courtmetrange.eu\/en\/agenda\/atelier-gourmand\/","og_site_name":"Court M\u00e9trange","article_publisher":"https:\/\/www.facebook.com\/CourtMetrange\/","og_image":[{"width":754,"height":923,"url":"https:\/\/courtmetrange.eu\/wp-content\/uploads\/2025\/09\/photo-15.png","type":"image\/png"}],"twitter_card":"summary_large_image","twitter_site":"@courtmetrange","twitter_misc":{"Estimated reading time":"1 minute"},"schema":{"@context":"https:\/\/schema.org","@graph":[{"@type":"WebPage","@id":"https:\/\/courtmetrange.eu\/agenda\/atelier-gourmand\/","url":"https:\/\/courtmetrange.eu\/agenda\/atelier-gourmand\/","name":"ATELIER GOURMAND - Court M\u00e9trange","isPartOf":{"@id":"https:\/\/courtmetrange.eu\/en\/#website"},"primaryImageOfPage":{"@id":"https:\/\/courtmetrange.eu\/agenda\/atelier-gourmand\/#primaryimage"},"image":{"@id":"https:\/\/courtmetrange.eu\/agenda\/atelier-gourmand\/#primaryimage"},"thumbnailUrl":"https:\/\/courtmetrange.eu\/wp-content\/uploads\/2025\/09\/photo-15.png","datePublished":"2025-09-30T10:00:39+00:00","breadcrumb":{"@id":"https:\/\/courtmetrange.eu\/agenda\/atelier-gourmand\/#breadcrumb"},"inLanguage":"en-GB","potentialAction":[{"@type":"ReadAction","target":["https:\/\/courtmetrange.eu\/agenda\/atelier-gourmand\/"]}]},{"@type":"ImageObject","inLanguage":"en-GB","@id":"https:\/\/courtmetrange.eu\/agenda\/atelier-gourmand\/#primaryimage","url":"https:\/\/courtmetrange.eu\/wp-content\/uploads\/2025\/09\/photo-15.png","contentUrl":"https:\/\/courtmetrange.eu\/wp-content\/uploads\/2025\/09\/photo-15.png","width":754,"height":923},{"@type":"BreadcrumbList","@id":"https:\/\/courtmetrange.eu\/agenda\/atelier-gourmand\/#breadcrumb","itemListElement":[{"@type":"ListItem","position":1,"name":"Accueil","item":"https:\/\/courtmetrange.eu\/"},{"@type":"ListItem","position":2,"name":"Events","item":"https:\/\/courtmetrange.eu\/en\/agenda\/"},{"@type":"ListItem","position":3,"name":"ATELIER GOURMAND"}]},{"@type":"WebSite","@id":"https:\/\/courtmetrange.eu\/en\/#website","url":"https:\/\/courtmetrange.eu\/en\/","name":"Court M\u00e9trange","description":"Festival International du court m\u00e9trage insolite et fantastique de Rennes","publisher":{"@id":"https:\/\/courtmetrange.eu\/en\/#organization"},"potentialAction":[{"@type":"SearchAction","target":{"@type":"EntryPoint","urlTemplate":"https:\/\/courtmetrange.eu\/en\/?s={search_term_string}"},"query-input":{"@type":"PropertyValueSpecification","valueRequired":true,"valueName":"search_term_string"}}],"inLanguage":"en-GB"},{"@type":"Organization","@id":"https:\/\/courtmetrange.eu\/en\/#organization","name":"Court M\u00e9trange","url":"https:\/\/courtmetrange.eu\/en\/","logo":{"@type":"ImageObject","inLanguage":"en-GB","@id":"https:\/\/courtmetrange.eu\/en\/#\/schema\/logo\/image\/","url":"https:\/\/courtmetrange.eu\/wp-content\/uploads\/2020\/11\/Logo_CourtMetrange.svg","contentUrl":"https:\/\/courtmetrange.eu\/wp-content\/uploads\/2020\/11\/Logo_CourtMetrange.svg","width":251,"height":127,"caption":"Court M\u00e9trange"},"image":{"@id":"https:\/\/courtmetrange.eu\/en\/#\/schema\/logo\/image\/"},"sameAs":["https:\/\/www.facebook.com\/CourtMetrange\/","https:\/\/x.com\/courtmetrange","https:\/\/www.instagram.com\/courtmetrange.rennes\/","https:\/\/www.youtube.com\/channel\/UCbS9jcW3uiDQeGgZAT29Emw\/videos"]}]}},"_links":{"self":[{"href":"https:\/\/courtmetrange.eu\/en\/wp-json\/wp\/v2\/tribe_events\/14554","targetHints":{"allow":["GET"]}}],"collection":[{"href":"https:\/\/courtmetrange.eu\/en\/wp-json\/wp\/v2\/tribe_events"}],"about":[{"href":"https:\/\/courtmetrange.eu\/en\/wp-json\/wp\/v2\/types\/tribe_events"}],"author":[{"embeddable":true,"href":"https:\/\/courtmetrange.eu\/en\/wp-json\/wp\/v2\/users\/9"}],"replies":[{"embeddable":true,"href":"https:\/\/courtmetrange.eu\/en\/wp-json\/wp\/v2\/comments?post=14554"}],"version-history":[{"count":1,"href":"https:\/\/courtmetrange.eu\/en\/wp-json\/wp\/v2\/tribe_events\/14554\/revisions"}],"predecessor-version":[{"id":14555,"href":"https:\/\/courtmetrange.eu\/en\/wp-json\/wp\/v2\/tribe_events\/14554\/revisions\/14555"}],"wp:featuredmedia":[{"embeddable":true,"href":"https:\/\/courtmetrange.eu\/en\/wp-json\/wp\/v2\/media\/14508"}],"wp:attachment":[{"href":"https:\/\/courtmetrange.eu\/en\/wp-json\/wp\/v2\/media?parent=14554"}],"wp:term":[{"taxonomy":"post_tag","embeddable":true,"href":"https:\/\/courtmetrange.eu\/en\/wp-json\/wp\/v2\/tags?post=14554"},{"taxonomy":"tribe_events_cat","embeddable":true,"href":"https:\/\/courtmetrange.eu\/en\/wp-json\/wp\/v2\/tribe_events_cat?post=14554"}],"curies":[{"name":"wp","href":"https:\/\/api.w.org\/{rel}","templated":true}]}}