{"id":14579,"date":"2025-09-30T13:22:11","date_gmt":"2025-09-30T11:22:11","guid":{"rendered":"https:\/\/courtmetrange.eu\/?post_type=tribe_events&#038;p=14579"},"modified":"2025-09-30T13:22:28","modified_gmt":"2025-09-30T11:22:28","slug":"soiree-inaugurale","status":"publish","type":"tribe_events","link":"https:\/\/courtmetrange.eu\/en\/agenda\/soiree-inaugurale\/","title":{"rendered":"SOIR\u00c9E INAUGURALE"},"content":{"rendered":"<p>Dans un contexte \u00e9conomique particuli\u00e8rement difficile pour la culture, nous sommes fiers de pouvoir maintenir, une ann\u00e9e de plus, la comp\u00e9tition et de continuer \u00e0 d\u00e9fendre avec force le cin\u00e9ma \u00e9trange, insolite et fantastique, ainsi que le format court. Cela n\u2019aurait pas \u00e9t\u00e9 possible sans le soutien pr\u00e9cieux de nos partenaires, le d\u00e9vouement de nos b\u00e9n\u00e9voles, et la g\u00e9n\u00e9rosit\u00e9 des dons qui nous permettent de poursuivre cette aventure.<\/p>\n<p>C\u00e9l\u00e9brer le fantastique \u00e0 travers le court m\u00e9trage a longtemps sembl\u00e9 relever d\u2019un pari risqu\u00e9 &#8211; et c\u2019est toujours le cas aujourd\u2019hui, non plus tant dans l\u2019esth\u00e9tique, mais dans la capacit\u00e9 \u00e0 d\u00e9fendre financi\u00e8rement ce projet.<br \/>\nLe Festival Court M\u00e9trange s\u2019affirme pourtant comme un rendez-vous incontournable du cin\u00e9ma de genre, reconnu en France, en Europe, et au-del\u00e0, et b\u00e9n\u00e9ficie depuis longtemps du pr\u00e9cieux classement en cat\u00e9gorie 1 du CNC. Des \u0153uvres venues du monde entier nous rappellent que le fantastique, dans sa richesse et sa diversit\u00e9, est bien plus qu\u2019un simple divertissement : c\u2019est un miroir critique de notre \u00e9poque.<br \/>\nEn 2025, plus que jamais, Court M\u00e9trange reste un espace de libert\u00e9, de d\u00e9couverte et d\u2019\u00e9change, port\u00e9 par l\u2019\u00e9nergie pr\u00e9cieuse des b\u00e9n\u00e9voles, des artistes et des technicien\u00b7nes qui font vivre ce festival ann\u00e9e apr\u00e8s ann\u00e9e.<\/p>\n<p>Retrouvez-nous pour inaugurer le lancement de la 21eme \u00e9dition du Festival Court M\u00e9trange en compagnie du jury et des invit\u00e9.es.<br \/>\nLes \u00e9l\u00e8ves du Conservatoire de Rennes en profiteront pour vous offrir un concert autour de la musique de films. Vous pourrez rester au Village M\u00e9trange pour une partie frissonnante de Myst\u00e9rium.<\/p>\n<p>Mercredi 01octobre &gt; 20h30<br \/>\nVillage M\u00e9trange<\/p>\n","protected":false},"excerpt":{"rendered":"<p>Dans un contexte \u00e9conomique particuli\u00e8rement difficile pour la culture, nous sommes fiers de pouvoir maintenir, une ann\u00e9e de plus, la comp\u00e9tition et de continuer \u00e0 d\u00e9fendre avec force le cin\u00e9ma [&hellip;]<\/p>\n","protected":false},"author":9,"featured_media":14583,"comment_status":"closed","ping_status":"closed","template":"","meta":{"_acf_changed":false,"_et_pb_use_builder":"","_et_pb_old_content":"","_et_gb_content_width":"","_tribe_events_status":"","_tribe_events_status_reason":"","footnotes":""},"tags":[],"tribe_events_cat":[126,85],"class_list":["post-14579","tribe_events","type-tribe_events","status-publish","has-post-thumbnail","hentry","tribe_events_cat-animations-soirees","tribe_events_cat-https-courtmetrange-eu-la-programmation","cat_animations-soirees","cat_https-courtmetrange-eu-la-programmation"],"acf":[],"yoast_head":"<!-- This site is optimized with the Yoast SEO plugin v24.5 - https:\/\/yoast.com\/wordpress\/plugins\/seo\/ -->\n<title>SOIR\u00c9E INAUGURALE - Court M\u00e9trange<\/title>\n<meta name=\"robots\" content=\"noindex, follow\" \/>\n<meta property=\"og:locale\" content=\"en_GB\" \/>\n<meta property=\"og:type\" content=\"article\" \/>\n<meta property=\"og:title\" content=\"SOIR\u00c9E INAUGURALE - Court M\u00e9trange\" \/>\n<meta property=\"og:description\" content=\"Dans un contexte \u00e9conomique particuli\u00e8rement difficile pour la culture, nous sommes fiers de pouvoir maintenir, une ann\u00e9e de plus, la comp\u00e9tition et de continuer \u00e0 d\u00e9fendre avec force le cin\u00e9ma [&hellip;]\" \/>\n<meta property=\"og:url\" content=\"https:\/\/courtmetrange.eu\/en\/agenda\/soiree-inaugurale\/\" \/>\n<meta property=\"og:site_name\" content=\"Court M\u00e9trange\" \/>\n<meta property=\"article:publisher\" content=\"https:\/\/www.facebook.com\/CourtMetrange\/\" \/>\n<meta property=\"article:modified_time\" content=\"2025-09-30T11:22:28+00:00\" \/>\n<meta property=\"og:image\" content=\"https:\/\/courtmetrange.eu\/wp-content\/uploads\/2025\/09\/Sans-titre-1-38.png\" \/>\n\t<meta property=\"og:image:width\" content=\"626\" \/>\n\t<meta property=\"og:image:height\" content=\"699\" \/>\n\t<meta property=\"og:image:type\" content=\"image\/png\" \/>\n<meta name=\"twitter:card\" content=\"summary_large_image\" \/>\n<meta name=\"twitter:site\" content=\"@courtmetrange\" \/>\n<meta name=\"twitter:label1\" content=\"Estimated reading time\" \/>\n\t<meta name=\"twitter:data1\" content=\"2 minutes\" \/>\n<script type=\"application\/ld+json\" class=\"yoast-schema-graph\">{\"@context\":\"https:\/\/schema.org\",\"@graph\":[{\"@type\":\"WebPage\",\"@id\":\"https:\/\/courtmetrange.eu\/agenda\/soiree-inaugurale\/\",\"url\":\"https:\/\/courtmetrange.eu\/agenda\/soiree-inaugurale\/\",\"name\":\"SOIR\u00c9E INAUGURALE - Court M\u00e9trange\",\"isPartOf\":{\"@id\":\"https:\/\/courtmetrange.eu\/en\/#website\"},\"primaryImageOfPage\":{\"@id\":\"https:\/\/courtmetrange.eu\/agenda\/soiree-inaugurale\/#primaryimage\"},\"image\":{\"@id\":\"https:\/\/courtmetrange.eu\/agenda\/soiree-inaugurale\/#primaryimage\"},\"thumbnailUrl\":\"https:\/\/courtmetrange.eu\/wp-content\/uploads\/2025\/09\/Sans-titre-1-38.png\",\"datePublished\":\"2025-09-30T11:22:11+00:00\",\"dateModified\":\"2025-09-30T11:22:28+00:00\",\"breadcrumb\":{\"@id\":\"https:\/\/courtmetrange.eu\/agenda\/soiree-inaugurale\/#breadcrumb\"},\"inLanguage\":\"en-GB\",\"potentialAction\":[{\"@type\":\"ReadAction\",\"target\":[\"https:\/\/courtmetrange.eu\/agenda\/soiree-inaugurale\/\"]}]},{\"@type\":\"ImageObject\",\"inLanguage\":\"en-GB\",\"@id\":\"https:\/\/courtmetrange.eu\/agenda\/soiree-inaugurale\/#primaryimage\",\"url\":\"https:\/\/courtmetrange.eu\/wp-content\/uploads\/2025\/09\/Sans-titre-1-38.png\",\"contentUrl\":\"https:\/\/courtmetrange.eu\/wp-content\/uploads\/2025\/09\/Sans-titre-1-38.png\",\"width\":626,\"height\":699},{\"@type\":\"BreadcrumbList\",\"@id\":\"https:\/\/courtmetrange.eu\/agenda\/soiree-inaugurale\/#breadcrumb\",\"itemListElement\":[{\"@type\":\"ListItem\",\"position\":1,\"name\":\"Accueil\",\"item\":\"https:\/\/courtmetrange.eu\/\"},{\"@type\":\"ListItem\",\"position\":2,\"name\":\"Events\",\"item\":\"https:\/\/courtmetrange.eu\/en\/agenda\/\"},{\"@type\":\"ListItem\",\"position\":3,\"name\":\"SOIR\u00c9E INAUGURALE\"}]},{\"@type\":\"WebSite\",\"@id\":\"https:\/\/courtmetrange.eu\/en\/#website\",\"url\":\"https:\/\/courtmetrange.eu\/en\/\",\"name\":\"Court M\u00e9trange\",\"description\":\"Festival International du court m\u00e9trage insolite et fantastique de Rennes\",\"publisher\":{\"@id\":\"https:\/\/courtmetrange.eu\/en\/#organization\"},\"potentialAction\":[{\"@type\":\"SearchAction\",\"target\":{\"@type\":\"EntryPoint\",\"urlTemplate\":\"https:\/\/courtmetrange.eu\/en\/?s={search_term_string}\"},\"query-input\":{\"@type\":\"PropertyValueSpecification\",\"valueRequired\":true,\"valueName\":\"search_term_string\"}}],\"inLanguage\":\"en-GB\"},{\"@type\":\"Organization\",\"@id\":\"https:\/\/courtmetrange.eu\/en\/#organization\",\"name\":\"Court M\u00e9trange\",\"url\":\"https:\/\/courtmetrange.eu\/en\/\",\"logo\":{\"@type\":\"ImageObject\",\"inLanguage\":\"en-GB\",\"@id\":\"https:\/\/courtmetrange.eu\/en\/#\/schema\/logo\/image\/\",\"url\":\"https:\/\/courtmetrange.eu\/wp-content\/uploads\/2020\/11\/Logo_CourtMetrange.svg\",\"contentUrl\":\"https:\/\/courtmetrange.eu\/wp-content\/uploads\/2020\/11\/Logo_CourtMetrange.svg\",\"width\":251,\"height\":127,\"caption\":\"Court M\u00e9trange\"},\"image\":{\"@id\":\"https:\/\/courtmetrange.eu\/en\/#\/schema\/logo\/image\/\"},\"sameAs\":[\"https:\/\/www.facebook.com\/CourtMetrange\/\",\"https:\/\/x.com\/courtmetrange\",\"https:\/\/www.instagram.com\/courtmetrange.rennes\/\",\"https:\/\/www.youtube.com\/channel\/UCbS9jcW3uiDQeGgZAT29Emw\/videos\"]}]}<\/script>\n<!-- \/ Yoast SEO plugin. -->","yoast_head_json":{"title":"SOIR\u00c9E INAUGURALE - Court M\u00e9trange","robots":{"index":"noindex","follow":"follow"},"og_locale":"en_GB","og_type":"article","og_title":"SOIR\u00c9E INAUGURALE - Court M\u00e9trange","og_description":"Dans un contexte \u00e9conomique particuli\u00e8rement difficile pour la culture, nous sommes fiers de pouvoir maintenir, une ann\u00e9e de plus, la comp\u00e9tition et de continuer \u00e0 d\u00e9fendre avec force le cin\u00e9ma [&hellip;]","og_url":"https:\/\/courtmetrange.eu\/en\/agenda\/soiree-inaugurale\/","og_site_name":"Court M\u00e9trange","article_publisher":"https:\/\/www.facebook.com\/CourtMetrange\/","article_modified_time":"2025-09-30T11:22:28+00:00","og_image":[{"width":626,"height":699,"url":"https:\/\/courtmetrange.eu\/wp-content\/uploads\/2025\/09\/Sans-titre-1-38.png","type":"image\/png"}],"twitter_card":"summary_large_image","twitter_site":"@courtmetrange","twitter_misc":{"Estimated reading time":"2 minutes"},"schema":{"@context":"https:\/\/schema.org","@graph":[{"@type":"WebPage","@id":"https:\/\/courtmetrange.eu\/agenda\/soiree-inaugurale\/","url":"https:\/\/courtmetrange.eu\/agenda\/soiree-inaugurale\/","name":"SOIR\u00c9E INAUGURALE - Court M\u00e9trange","isPartOf":{"@id":"https:\/\/courtmetrange.eu\/en\/#website"},"primaryImageOfPage":{"@id":"https:\/\/courtmetrange.eu\/agenda\/soiree-inaugurale\/#primaryimage"},"image":{"@id":"https:\/\/courtmetrange.eu\/agenda\/soiree-inaugurale\/#primaryimage"},"thumbnailUrl":"https:\/\/courtmetrange.eu\/wp-content\/uploads\/2025\/09\/Sans-titre-1-38.png","datePublished":"2025-09-30T11:22:11+00:00","dateModified":"2025-09-30T11:22:28+00:00","breadcrumb":{"@id":"https:\/\/courtmetrange.eu\/agenda\/soiree-inaugurale\/#breadcrumb"},"inLanguage":"en-GB","potentialAction":[{"@type":"ReadAction","target":["https:\/\/courtmetrange.eu\/agenda\/soiree-inaugurale\/"]}]},{"@type":"ImageObject","inLanguage":"en-GB","@id":"https:\/\/courtmetrange.eu\/agenda\/soiree-inaugurale\/#primaryimage","url":"https:\/\/courtmetrange.eu\/wp-content\/uploads\/2025\/09\/Sans-titre-1-38.png","contentUrl":"https:\/\/courtmetrange.eu\/wp-content\/uploads\/2025\/09\/Sans-titre-1-38.png","width":626,"height":699},{"@type":"BreadcrumbList","@id":"https:\/\/courtmetrange.eu\/agenda\/soiree-inaugurale\/#breadcrumb","itemListElement":[{"@type":"ListItem","position":1,"name":"Accueil","item":"https:\/\/courtmetrange.eu\/"},{"@type":"ListItem","position":2,"name":"Events","item":"https:\/\/courtmetrange.eu\/en\/agenda\/"},{"@type":"ListItem","position":3,"name":"SOIR\u00c9E INAUGURALE"}]},{"@type":"WebSite","@id":"https:\/\/courtmetrange.eu\/en\/#website","url":"https:\/\/courtmetrange.eu\/en\/","name":"Court M\u00e9trange","description":"Festival International du court m\u00e9trage insolite et fantastique de Rennes","publisher":{"@id":"https:\/\/courtmetrange.eu\/en\/#organization"},"potentialAction":[{"@type":"SearchAction","target":{"@type":"EntryPoint","urlTemplate":"https:\/\/courtmetrange.eu\/en\/?s={search_term_string}"},"query-input":{"@type":"PropertyValueSpecification","valueRequired":true,"valueName":"search_term_string"}}],"inLanguage":"en-GB"},{"@type":"Organization","@id":"https:\/\/courtmetrange.eu\/en\/#organization","name":"Court M\u00e9trange","url":"https:\/\/courtmetrange.eu\/en\/","logo":{"@type":"ImageObject","inLanguage":"en-GB","@id":"https:\/\/courtmetrange.eu\/en\/#\/schema\/logo\/image\/","url":"https:\/\/courtmetrange.eu\/wp-content\/uploads\/2020\/11\/Logo_CourtMetrange.svg","contentUrl":"https:\/\/courtmetrange.eu\/wp-content\/uploads\/2020\/11\/Logo_CourtMetrange.svg","width":251,"height":127,"caption":"Court M\u00e9trange"},"image":{"@id":"https:\/\/courtmetrange.eu\/en\/#\/schema\/logo\/image\/"},"sameAs":["https:\/\/www.facebook.com\/CourtMetrange\/","https:\/\/x.com\/courtmetrange","https:\/\/www.instagram.com\/courtmetrange.rennes\/","https:\/\/www.youtube.com\/channel\/UCbS9jcW3uiDQeGgZAT29Emw\/videos"]}]}},"_links":{"self":[{"href":"https:\/\/courtmetrange.eu\/en\/wp-json\/wp\/v2\/tribe_events\/14579","targetHints":{"allow":["GET"]}}],"collection":[{"href":"https:\/\/courtmetrange.eu\/en\/wp-json\/wp\/v2\/tribe_events"}],"about":[{"href":"https:\/\/courtmetrange.eu\/en\/wp-json\/wp\/v2\/types\/tribe_events"}],"author":[{"embeddable":true,"href":"https:\/\/courtmetrange.eu\/en\/wp-json\/wp\/v2\/users\/9"}],"replies":[{"embeddable":true,"href":"https:\/\/courtmetrange.eu\/en\/wp-json\/wp\/v2\/comments?post=14579"}],"version-history":[{"count":1,"href":"https:\/\/courtmetrange.eu\/en\/wp-json\/wp\/v2\/tribe_events\/14579\/revisions"}],"predecessor-version":[{"id":14586,"href":"https:\/\/courtmetrange.eu\/en\/wp-json\/wp\/v2\/tribe_events\/14579\/revisions\/14586"}],"wp:featuredmedia":[{"embeddable":true,"href":"https:\/\/courtmetrange.eu\/en\/wp-json\/wp\/v2\/media\/14583"}],"wp:attachment":[{"href":"https:\/\/courtmetrange.eu\/en\/wp-json\/wp\/v2\/media?parent=14579"}],"wp:term":[{"taxonomy":"post_tag","embeddable":true,"href":"https:\/\/courtmetrange.eu\/en\/wp-json\/wp\/v2\/tags?post=14579"},{"taxonomy":"tribe_events_cat","embeddable":true,"href":"https:\/\/courtmetrange.eu\/en\/wp-json\/wp\/v2\/tribe_events_cat?post=14579"}],"curies":[{"name":"wp","href":"https:\/\/api.w.org\/{rel}","templated":true}]}}